{"id":742,"date":"2022-06-13T11:16:44","date_gmt":"2022-06-13T11:16:44","guid":{"rendered":"https:\/\/festivalesdeloscastillos.es\/2024\/?page_id=742"},"modified":"2024-05-22T09:01:26","modified_gmt":"2024-05-22T09:01:26","slug":"san-agustin","status":"publish","type":"page","link":"https:\/\/festivalesdeloscastillos.es\/2024\/programacion\/san-agustin\/","title":{"rendered":"San Agust\u00edn"},"content":{"rendered":"<p>[vc_row css_animation=\u00bb\u00bb row_type=\u00bbrow\u00bb use_row_as_full_screen_section=\u00bbno\u00bb type=\u00bbgrid\u00bb angled_section=\u00bbno\u00bb text_align=\u00bbleft\u00bb background_image_as_pattern=\u00bbwithout_pattern\u00bb z_index=\u00bb\u00bb css=\u00bb.vc_custom_1716359754811{padding-top: 30px !important;padding-right: 15% !important;padding-bottom: -25% !important;padding-left: 15% !important;}\u00bb el_class=\u00bbno-bckg-img-ipad\u00bb][vc_column width=\u00bb1\/2&#8243;][vc_empty_space height=\u00bb100px\u00bb][vc_column_text]<\/p>\n<h3>25 agosto<\/h3>\n<p>[\/vc_column_text][vc_column_text]<\/p>\n<h1>San Agust\u00edn<\/h1>\n<p>[\/vc_column_text][vc_empty_space height=\u00bb40px\u00bb][vc_column_text]<\/p>\n<p class=\"p1\"><span style=\"color: #333333;\"><strong>Entradas:<\/strong> Gratuito<br \/>\n<\/span><\/p>\n<p>[\/vc_column_text][vc_empty_space height=\u00bb40px\u00bb]\n\n\t<a href=\"#\" target=\"_self\" style=\"color: #10181d;font-family: Vidaloka;font-size: 24px;font-weight: 400;text-transform: none;font-style: normal\" class=\"qode-btn qode-btn-medium qode-btn-simple qode-btn-custom-hover-color button-with-line qode-btn-default-hover\" data-hover-color=\"rgba(16,24,29,0.75)\" >\n\t    <span class=\"qode-btn-text\">Informaci\u00f3n tur\u00edstica<\/span>\t<\/a>\n\n[vc_empty_space height=\u00bb10px\u00bb]<a  itemprop=\"url\" href=\"https:\/\/festivalesdeloscastillos.es\/2024\/wp-content\/uploads\/2022\/06\/SAN-AGUSTI\u0301N.pdf\" target=\"_blank\" data-hover-background-color='#eae7da' data-hover-border-color='#eae7da' data-hover-color='#383838' class=\"qbutton  large center default\" style=\"color: #383838; border-color: #383838; margin: 10px 10px 10px 10px; background-color: rgba(0,0,0,0.01);\">VER INFORMACI\u00d3N<i class=\"qode_icon_font_awesome_5 fa5 fab fa-fort-awesome qode_button_icon_element\" style=\"color: #383838;\" ><\/i><\/a>[vc_empty_space height=\u00bb20px\u00bb][vc_empty_space height=\u00bb10px\u00bb][\/vc_column][vc_column width=\u00bb1\/2&#8243;][vc_single_image image=\u00bb1657&#8243; img_size=\u00bbfull\u00bb qode_css_animation=\u00bb\u00bb css=\u00bb.vc_custom_1716368482865{padding-top: 60px !important;}\u00bb][\/vc_column][\/vc_row][vc_row css_animation=\u00bbelement_from_left\u00bb row_type=\u00bbrow\u00bb use_row_as_full_screen_section=\u00bbno\u00bb type=\u00bbfull_width\u00bb angled_section=\u00bbno\u00bb text_align=\u00bbleft\u00bb background_image_as_pattern=\u00bbwithout_pattern\u00bb css=\u00bb.vc_custom_1716359770190{padding-top: 4% !important;padding-right: 14% !important;padding-bottom: 2% !important;padding-left: 14% !important;}\u00bb z_index=\u00bb\u00bb][vc_column width=\u00bb1\/2&#8243;]<div class='image_hover ' style='' data-transition-delay=''><div class='images_holder'><img itemprop='image' class='' src='https:\/\/festivalesdeloscastillos.es\/2024\/wp-content\/uploads\/2023\/07\/GRISEL_0002_ARIADNA-REDONDO.jpg' alt='' style='' \/><img itemprop='image' class='hover_image' src='' alt='' style='' \/><\/div><\/div>[\/vc_column][vc_column width=\u00bb1\/2&#8243;][vc_column_text css=\u00bb.vc_custom_1716359298509{padding-bottom: 10px !important;}\u00bb]<em>Domingo 25 de agosto | 13:00 h. Pl. Ayuntamiento <\/em>[\/vc_column_text][vc_column_text]<\/p>\n<h3 style=\"text-align: left;\"><strong>ARIADNA REDONDO<\/strong><\/h3>\n<p>[\/vc_column_text][vc_empty_space height=\u00bb20px\u00bb][vc_row_inner row_type=\u00bbrow\u00bb use_as_box=\u00bbuse_row_as_box\u00bb type=\u00bbfull_width\u00bb text_align=\u00bbleft\u00bb css_animation=\u00bb\u00bb][vc_column_inner width=\u00bb1\/2&#8243;]<div class=\"custom_font_holder\" style=\"font-family: Roboto; font-size: 15px; line-height: 24px; font-style: normal; font-weight: 300; color: #3f3f3f; text-decoration: none; text-align: left;\"><strong>Modalidad:<\/strong> M\u00fasica<br \/>\n<strong>Duraci\u00f3n:<\/strong> 65 min.<\/div>[\/vc_column_inner][vc_column_inner width=\u00bb1\/2&#8243;]<div class=\"custom_font_holder\" style=\"font-family: Roboto; font-size: 15px; line-height: 24px; font-style: normal; font-weight: 300; color: #3f3f3f; text-decoration: none; text-align: left;\"><strong>Autor:<\/strong> Varios<br \/>\n<strong>Tipo de p\u00fablico:<\/strong> Todos p\u00fablicos<\/div>[\/vc_column_inner][\/vc_row_inner][vc_empty_space height=\u00bb20px\u00bb][vc_column_text]Ariadna Redondo conocida por su paso en Got Talent presenta un n\u00famero muy original a piano y voz, con un amplio repertorio en ingles y espa\u00f1ol, basado en conocidas versiones o con canciones propias seg\u00fan los requerimientos y necesidades del espect\u00e1culo. La presencia de Ariadna Redondo llena el escenario gracias a la tecnologi\u0301a loop-station con la que construye en directo cada canci\u00f3n grabando efectos vocales y percusi\u00f3n. Lo cual hace part\u00edcipe al espectador de su proceso de creaci\u00f3n.<\/p>\n<p>Diversi\u00f3n e improvisaci\u00f3n siempre est\u00e1n presentes gracias al carisma y la simpat\u00eda de Ariadna, que siempre establece una conexi\u00f3n muy especial con el p\u00fablico.[\/vc_column_text][\/vc_column][\/vc_row][vc_row css_animation=\u00bbelement_from_right\u00bb row_type=\u00bbrow\u00bb use_row_as_full_screen_section=\u00bbno\u00bb type=\u00bbfull_width\u00bb angled_section=\u00bbno\u00bb text_align=\u00bbleft\u00bb background_image_as_pattern=\u00bbwithout_pattern\u00bb css=\u00bb.vc_custom_1716359777150{padding-top: 2% !important;padding-right: 14% !important;padding-bottom: 2% !important;padding-left: 14% !important;}\u00bb z_index=\u00bb\u00bb][vc_column width=\u00bb1\/2&#8243;][vc_column_text css=\u00bb.vc_custom_1716359367890{padding-bottom: 10px !important;}\u00bb]<\/p>\n<p style=\"text-align: right;\"><em>Domingo 25 de agosto | 19:30 h. Pl. del Ayuntamiento<\/em><\/p>\n<p>[\/vc_column_text][vc_column_text]<\/p>\n<h3 style=\"text-align: right;\"><strong>RUB\u00c9N D\u00cdAZ<\/strong>: Magia de sal\u00f3n<\/h3>\n<p>[\/vc_column_text][vc_empty_space height=\u00bb20px\u00bb][vc_row_inner row_type=\u00bbrow\u00bb use_as_box=\u00bbuse_row_as_box\u00bb type=\u00bbfull_width\u00bb text_align=\u00bbleft\u00bb css_animation=\u00bb\u00bb][vc_column_inner width=\u00bb1\/2&#8243;]<div class=\"custom_font_holder\" style=\"font-family: Roboto; font-size: 15px; line-height: 24px; font-style: normal; font-weight: 300; color: #3f3f3f; text-decoration: none; text-align: left;\">\n<p style=\"text-align: right;\"><strong>Modalidad:<\/strong> Magia<br \/>\n<strong>Duraci\u00f3n:<\/strong> 60 min.<\/p>\n<\/div>[\/vc_column_inner][vc_column_inner width=\u00bb1\/2&#8243;]<div class=\"custom_font_holder\" style=\"font-family: Roboto; font-size: 15px; line-height: 24px; font-style: normal; font-weight: 300; color: #3f3f3f; text-decoration: none; text-align: left;\">\n<p style=\"text-align: right;\"><strong>Autor e int\u00e9rprete:<\/strong> Rub\u00e9n D\u00edaz<br \/>\n<strong>Tipo de p\u00fablico:<\/strong> Todos los p\u00fablicos. A partir de 3 a\u00f1os<\/p>\n<\/div>[\/vc_column_inner][\/vc_row_inner][vc_empty_space height=\u00bb20px\u00bb][vc_column_text]<\/p>\n<p style=\"text-align: right;\">Rub\u00e9n D\u00edaz es un joven ilusionista con una gran proyecci\u00f3n en el ilusionismo actual.<\/p>\n<p style=\"text-align: right;\">A lo largo de su carrera ha llevado su magia a festivales, galas y lugares de toda Espa\u00f1a y Francia.<\/p>\n<p style=\"text-align: right;\">En sus espect\u00e1culos, el elemento clave es su forma de crear magia, donde la presentaci\u00f3n de los n\u00fameros, acompa\u00f1ado de una puesta en escena y est\u00e9tica muy cuidada, un humor elegante a la vez que canalla y un ritmo trepidante hacen la sorpresa y disfrute de todo el p\u00fablico Rub\u00e9n nos presenta en este espect\u00e1culo una magia moderna y novedosa repleta de efectos imposibles, originales y muy visuales,\u00a0acompa\u00f1ado de un gran ritmo y divertidas interacciones con el p\u00fablico.<\/p>\n<p style=\"text-align: right;\">Rub\u00e9n D\u00edaz os dejar\u00e1 sin palabras, vivir\u00e9is una experiencia inolvidable y alucinareis con su incre\u00edble forma de hacer magia.<\/p>\n<p>[\/vc_column_text][\/vc_column][vc_column width=\u00bb1\/2&#8243;]<div class='image_hover ' style='' data-transition-delay=''><div class='images_holder'><img itemprop='image' class='' src='https:\/\/festivalesdeloscastillos.es\/2024\/wp-content\/uploads\/2024\/05\/ARTISTAS-FESTIVAL-CASTILLOS_0004_12.-SAN-AGUSTIN-RUBEN-DIAZ.jpg' alt='' style='' \/><img itemprop='image' class='hover_image' src='' alt='' style='' \/><\/div><\/div>[\/vc_column][\/vc_row][vc_row css_animation=\u00bbelement_from_left\u00bb row_type=\u00bbrow\u00bb use_row_as_full_screen_section=\u00bbno\u00bb type=\u00bbfull_width\u00bb angled_section=\u00bbno\u00bb text_align=\u00bbleft\u00bb background_image_as_pattern=\u00bbwithout_pattern\u00bb css=\u00bb.vc_custom_1716359784229{padding-top: 2% !important;padding-right: 14% !important;padding-bottom: 2% !important;padding-left: 14% !important;}\u00bb z_index=\u00bb\u00bb][vc_column width=\u00bb1\/2&#8243;]<div class='image_hover ' style='' data-transition-delay=''><div class='images_holder'><img itemprop='image' class='' src='https:\/\/festivalesdeloscastillos.es\/2024\/wp-content\/uploads\/2024\/05\/ARTISTAS-FESTIVAL-CASTILLOS_0002_EL-BUENO-EL-FEO-Y-EL-MALO.jpg' alt='' style='' \/><img itemprop='image' class='hover_image' src='' alt='' style='' \/><\/div><\/div>[\/vc_column][vc_column width=\u00bb1\/2&#8243;][vc_column_text css=\u00bb.vc_custom_1716359474811{padding-bottom: 10px !important;}\u00bb]<\/p>\n<p style=\"text-align: left;\"><em>Domingo 25 de agosto | 19:30 h. Pl. del Ayuntamiento<\/em><\/p>\n<p>[\/vc_column_text][vc_column_text]<\/p>\n<h3 style=\"text-align: left;\"><strong>EL BUENO, EL FEO Y EL MALO<\/strong><\/h3>\n<p>[\/vc_column_text][vc_empty_space height=\u00bb20px\u00bb][vc_row_inner row_type=\u00bbrow\u00bb use_as_box=\u00bbuse_row_as_box\u00bb type=\u00bbfull_width\u00bb text_align=\u00bbleft\u00bb css_animation=\u00bb\u00bb][vc_column_inner width=\u00bb1\/2&#8243;]<div class=\"custom_font_holder\" style=\"font-family: Roboto; font-size: 15px; line-height: 24px; font-style: normal; font-weight: 300; color: #3f3f3f; text-decoration: none; text-align: left;\"><strong>Modalidad:<\/strong> M\u00fasica<br \/>\n<strong>Duraci\u00f3n:<\/strong> 70 min.<\/div>[\/vc_column_inner][vc_column_inner width=\u00bb1\/2&#8243;]<div class=\"custom_font_holder\" style=\"font-family: Roboto; font-size: 15px; line-height: 24px; font-style: normal; font-weight: 300; color: #3f3f3f; text-decoration: none; text-align: left;\"><strong>Autor:<\/strong> Varios<br \/>\n<strong>Tipo de p\u00fablico:<\/strong> Todos p\u00fablicos<br \/>\n<strong>Int\u00e9rpretes:<\/strong> Andr\u00e1s McMalo, Kike Larqu\u00e9, Alex Arr\u00e1ez<\/div>[\/vc_column_inner][\/vc_row_inner][vc_empty_space height=\u00bb20px\u00bb][vc_column_text]Una mirada a los grandes de la m\u00fasica de los 80, 90 y 2000 con una energ\u00eda din\u00e1mica, divertida y participativa, de ah\u00ed parte la propuesta musical de estos tres j\u00f3venes pero a la vez experimentados m\u00fasicos.<\/p>\n<p>A la guitarra y voz est\u00e1 Andr\u00e9s Mcmalo, puede que su apellido lo delate pero en el fondo no es un villano, sino que dirige el carruaje en la mejor direcci\u00f3n y hace que el sonido salga cargado de sensibilidad.<\/p>\n<p>Piano, bajo, teclado y voz, o lo que es lo mismo talento el de Kike Larqu\u00e9, encargado de acompa\u00f1ar este viaje musical y un gran improvisador.<\/p>\n<p>Alex Arr\u00e1iz dice que es el que mejor dispara, la verdad es que hace que todo lleve su ritmo, no falla y en los duelos siempre sale victorioso. Cuenta la leyenda que a veces se le oye cantar.[\/vc_column_text][\/vc_column][\/vc_row][vc_row css_animation=\u00bb\u00bb row_type=\u00bbrow\u00bb use_row_as_full_screen_section=\u00bbno\u00bb type=\u00bbfull_width\u00bb angled_section=\u00bbno\u00bb text_align=\u00bbleft\u00bb background_image_as_pattern=\u00bbwithout_pattern\u00bb css=\u00bb.vc_custom_1716359820961{padding-top: 100px !important;padding-right: 8% !important;padding-left: 8% !important;}\u00bb z_index=\u00bb\u00bb el_class=\u00bbno-bckg-img-ipad\u00bb][vc_column][vc_column_text css=\u00bb.vc_custom_1654939040389{padding-bottom: 18px !important;}\u00bb]<\/p>\n<h3 style=\"text-align: center;\">\u00bfConoces el resto de Castillos?<\/h3>\n<p>[\/vc_column_text]<div class='qode_carousels_holder clearfix'><div class='qode_carousels' data-number-of-visible-items=''><ul class='slides'><li class='item'><div class=\"carousel_item_holder\"><a itemprop='url' href='https:\/\/festivalesdeloscastillos.es\/2024\/programacion\/castillo-de-grisel\/' target='_self'><span class='first_image_holder has_hover_image'><img decoding=\"async\" itemprop=\"image\" src=\"https:\/\/festivalesdeloscastillos.es\/2024\/wp-content\/uploads\/2024\/05\/Carteles-Home-2024_0010_1-GRISEL.png\" alt=\"carousel image\" \/><\/span><span class='second_image_holder has_hover_image'><img decoding=\"async\" itemprop=\"image\" src=\"https:\/\/festivalesdeloscastillos.es\/2024\/wp-content\/uploads\/2024\/05\/Carteles-Home-2024_0010_1-GRISEL.png\" alt=\"carousel image\" \/><\/span><\/a><\/div><\/li><li class='item'><div class=\"carousel_item_holder\"><a itemprop='url' href='https:\/\/festivalesdeloscastillos.es\/2024\/programacion\/castillo-de-illueca\/' target='_self'><span class='first_image_holder has_hover_image'><img decoding=\"async\" itemprop=\"image\" src=\"https:\/\/festivalesdeloscastillos.es\/2024\/wp-content\/uploads\/2024\/05\/Carteles-Home-2024_0008_3-ILLUECA.png\" alt=\"carousel image\" \/><\/span><span class='second_image_holder has_hover_image'><img decoding=\"async\" itemprop=\"image\" src=\"https:\/\/festivalesdeloscastillos.es\/2024\/wp-content\/uploads\/2024\/05\/Carteles-Home-2024_0008_3-ILLUECA.png\" alt=\"carousel image\" \/><\/span><\/a><\/div><\/li><li class='item'><div class=\"carousel_item_holder\"><a itemprop='url' href='https:\/\/festivalesdeloscastillos.es\/2024\/programacion\/castillo-de-alfajarin\/' target='_self'><span class='first_image_holder has_hover_image'><img decoding=\"async\" itemprop=\"image\" src=\"https:\/\/festivalesdeloscastillos.es\/2024\/wp-content\/uploads\/2024\/05\/Carteles-Home-2024_0009_2-ALFAJARIN.png\" alt=\"carousel image\" \/><\/span><span class='second_image_holder has_hover_image'><img decoding=\"async\" itemprop=\"image\" src=\"https:\/\/festivalesdeloscastillos.es\/2024\/wp-content\/uploads\/2024\/05\/Carteles-Home-2024_0009_2-ALFAJARIN.png\" alt=\"carousel image\" \/><\/span><\/a><\/div><\/li><li class='item'><div class=\"carousel_item_holder\"><a itemprop='url' href='https:\/\/festivalesdeloscastillos.es\/2024\/programacion\/castillo-de-mesones-isuela\/' target='_self'><span class='first_image_holder has_hover_image'><img decoding=\"async\" itemprop=\"image\" src=\"https:\/\/festivalesdeloscastillos.es\/2024\/wp-content\/uploads\/2024\/06\/Carteles-Home-2024_0006_5-MESONES-DE-ISUELA.png\" alt=\"carousel image\" \/><\/span><span class='second_image_holder has_hover_image'><img decoding=\"async\" itemprop=\"image\" src=\"https:\/\/festivalesdeloscastillos.es\/2024\/wp-content\/uploads\/2024\/06\/Carteles-Home-2024_0006_5-MESONES-DE-ISUELA.png\" alt=\"carousel image\" \/><\/span><\/a><\/div><\/li><li class='item'><div class=\"carousel_item_holder\"><a itemprop='url' href='https:\/\/festivalesdeloscastillos.es\/2024\/programacion\/castillo-de-jarque\/' target='_self'><span class='first_image_holder has_hover_image'><img decoding=\"async\" itemprop=\"image\" src=\"https:\/\/festivalesdeloscastillos.es\/2024\/wp-content\/uploads\/2024\/07\/Carteles-Home-2024_0004_7-JARQUE-DE-MONCAYO-OK.png\" alt=\"carousel image\" \/><\/span><span class='second_image_holder has_hover_image'><img decoding=\"async\" itemprop=\"image\" src=\"https:\/\/festivalesdeloscastillos.es\/2024\/wp-content\/uploads\/2024\/07\/Carteles-Home-2024_0004_7-JARQUE-DE-MONCAYO-OK.png\" alt=\"carousel image\" \/><\/span><\/a><\/div><\/li><li class='item'><div class=\"carousel_item_holder\"><a itemprop='url' href='https:\/\/festivalesdeloscastillos.es\/2024\/programacion\/castillo-de-valderrobres\/' target='_self'><span class='first_image_holder has_hover_image'><img decoding=\"async\" itemprop=\"image\" src=\"https:\/\/festivalesdeloscastillos.es\/2024\/wp-content\/uploads\/2024\/05\/Carteles-Home-2024_0003_9-VALDERROBRES.png\" alt=\"carousel image\" \/><\/span><span class='second_image_holder has_hover_image'><img decoding=\"async\" itemprop=\"image\" src=\"https:\/\/festivalesdeloscastillos.es\/2024\/wp-content\/uploads\/2024\/05\/Carteles-Home-2024_0003_9-VALDERROBRES.png\" alt=\"carousel image\" \/><\/span><\/a><\/div><\/li><li class='item'><div class=\"carousel_item_holder\"><a itemprop='url' href='https:\/\/festivalesdeloscastillos.es\/2024\/programacion\/san-agustin\/' target='_self'><span class='first_image_holder has_hover_image'><img decoding=\"async\" itemprop=\"image\" src=\"https:\/\/festivalesdeloscastillos.es\/2024\/wp-content\/uploads\/2024\/05\/Carteles-Home-2024_0001_12-SAN-AGUSTIN-1.png\" alt=\"carousel image\" \/><\/span><span class='second_image_holder has_hover_image'><img decoding=\"async\" itemprop=\"image\" src=\"https:\/\/festivalesdeloscastillos.es\/2024\/wp-content\/uploads\/2024\/05\/Carteles-Home-2024_0001_12-SAN-AGUSTIN-1.png\" alt=\"carousel image\" \/><\/span><\/a><\/div><\/li><li class='item'><div class=\"carousel_item_holder\"><a itemprop='url' href='https:\/\/festivalesdeloscastillos.es\/2024\/programacion\/castillo-de-sadaba\/' target='_self'><span class='first_image_holder has_hover_image'><img decoding=\"async\" itemprop=\"image\" src=\"https:\/\/festivalesdeloscastillos.es\/2024\/wp-content\/uploads\/2024\/05\/Carteles-Home-2024_0002_10-SADABA.png\" alt=\"carousel image\" \/><\/span><span class='second_image_holder has_hover_image'><img decoding=\"async\" itemprop=\"image\" src=\"https:\/\/festivalesdeloscastillos.es\/2024\/wp-content\/uploads\/2024\/05\/Carteles-Home-2024_0002_10-SADABA.png\" alt=\"carousel image\" \/><\/span><\/a><\/div><\/li><li class='item'><div class=\"carousel_item_holder\"><a itemprop='url' href='https:\/\/festivalesdeloscastillos.es\/2024\/programacion\/festival-anon-de-moncayo\/' target='_self'><span class='first_image_holder has_hover_image'><img decoding=\"async\" itemprop=\"image\" src=\"https:\/\/festivalesdeloscastillos.es\/2024\/wp-content\/uploads\/2024\/07\/Carteles-Home-2024_0007_4-AN\u0303ON-DE-MONCAYO-OK.png\" alt=\"carousel image\" \/><\/span><span class='second_image_holder has_hover_image'><img decoding=\"async\" itemprop=\"image\" src=\"https:\/\/festivalesdeloscastillos.es\/2024\/wp-content\/uploads\/2024\/07\/Carteles-Home-2024_0007_4-AN\u0303ON-DE-MONCAYO-OK.png\" alt=\"carousel image\" \/><\/span><\/a><\/div><\/li><li class='item'><div class=\"carousel_item_holder\"><a itemprop='url' href='https:\/\/festivalesdeloscastillos.es\/2024\/programacion\/castillo-albalate-del-arzobispo\/' target='_self'><span class='first_image_holder has_hover_image'><img decoding=\"async\" itemprop=\"image\" src=\"https:\/\/festivalesdeloscastillos.es\/2024\/wp-content\/uploads\/2024\/05\/Carteles-Home-2024_0010_11-ALBALATE.png\" alt=\"carousel image\" \/><\/span><span class='second_image_holder has_hover_image'><img decoding=\"async\" itemprop=\"image\" src=\"https:\/\/festivalesdeloscastillos.es\/2024\/wp-content\/uploads\/2024\/05\/Carteles-Home-2024_0010_11-ALBALATE.png\" alt=\"carousel image\" \/><\/span><\/a><\/div><\/li><li class='item'><div class=\"carousel_item_holder\"><a itemprop='url' href='https:\/\/festivalesdeloscastillos.es\/2024\/programacion\/castillo-loarre' target='_self'><span class='first_image_holder has_hover_image'><img decoding=\"async\" itemprop=\"image\" src=\"https:\/\/festivalesdeloscastillos.es\/2024\/wp-content\/uploads\/2024\/07\/Carteles-Home-2024_LOARRE-OK.png\" alt=\"carousel image\" \/><\/span><span class='second_image_holder has_hover_image'><img decoding=\"async\" itemprop=\"image\" src=\"https:\/\/festivalesdeloscastillos.es\/2024\/wp-content\/uploads\/2024\/07\/Carteles-Home-2024_LOARRE-OK.png\" alt=\"carousel image\" \/><\/span><\/a><\/div><\/li><li class='item'><div class=\"carousel_item_holder\"><a itemprop='url' href='https:\/\/festivalesdeloscastillos.es\/2024\/programacion\/novallas' target='_self'><span class='first_image_holder has_hover_image'><img decoding=\"async\" itemprop=\"image\" src=\"https:\/\/festivalesdeloscastillos.es\/2024\/wp-content\/uploads\/2024\/05\/Carteles-Home-2024_0005_6-NOVALLAS.png\" alt=\"carousel image\" \/><\/span><span class='second_image_holder has_hover_image'><img decoding=\"async\" itemprop=\"image\" src=\"https:\/\/festivalesdeloscastillos.es\/2024\/wp-content\/uploads\/2024\/05\/Carteles-Home-2024_0005_6-NOVALLAS.png\" alt=\"carousel image\" \/><\/span><\/a><\/div><\/li><li class='item'><div class=\"carousel_item_holder\"><a itemprop='url' href='https:\/\/festivalesdeloscastillos.es\/2024\/programacion\/castillo-de-fraga\/' target='_self'><span class='first_image_holder has_hover_image'><img decoding=\"async\" itemprop=\"image\" src=\"https:\/\/festivalesdeloscastillos.es\/2024\/wp-content\/uploads\/2024\/08\/Carteles-Home-2024_13-FRAGA-FINAL.png\" alt=\"carousel image\" \/><\/span><span class='second_image_holder has_hover_image'><img decoding=\"async\" itemprop=\"image\" src=\"https:\/\/festivalesdeloscastillos.es\/2024\/wp-content\/uploads\/2024\/08\/Carteles-Home-2024_13-FRAGA-FINAL.png\" alt=\"carousel image\" \/><\/span><\/a><\/div><\/li><\/ul><\/div><\/div>[\/vc_column][\/vc_row][vc_row css_animation=\u00bb\u00bb row_type=\u00bbrow\u00bb use_row_as_full_screen_section=\u00bbno\u00bb type=\u00bbgrid\u00bb angled_section=\u00bbno\u00bb text_align=\u00bbleft\u00bb background_image_as_pattern=\u00bbwithout_pattern\u00bb z_index=\u00bb\u00bb css=\u00bb.vc_custom_1716368471033{margin-top: -10% !important;padding-top: 120px !important;padding-bottom: 80px !important;background-color: #e6e3dc !important;background-position: 0 0 !important;background-repeat: repeat !important;}\u00bb][vc_column width=\u00bb3\/5&#8243;][vc_empty_space height=\u00bb60px\u00bb][\/vc_column][vc_column width=\u00bb2\/5&#8243;][vc_empty_space height=\u00bb60px\u00bb][\/vc_column][\/vc_row]<\/p>\n","protected":false},"excerpt":{"rendered":"<p>[vc_row css_animation=\u00bb\u00bb row_type=\u00bbrow\u00bb use_row_as_full_screen_section=\u00bbno\u00bb type=\u00bbgrid\u00bb angled_section=\u00bbno\u00bb text_align=\u00bbleft\u00bb background_image_as_pattern=\u00bbwithout_pattern\u00bb z_index=\u00bb\u00bb css=\u00bb.vc_custom_1716359754811{padding-top: 30px !important;padding-right: 15% !important;padding-bottom: -25% !important;padding-left: 15% !important;}\u00bb el_class=\u00bbno-bckg-img-ipad\u00bb][vc_column width=\u00bb1\/2&#8243;][vc_empty_space height=\u00bb100px\u00bb][vc_column_text] 25 agosto [\/vc_column_text][vc_column_text] San Agust\u00edn [\/vc_column_text][vc_empty_space height=\u00bb40px\u00bb][vc_column_text] Entradas: Gratuito [\/vc_column_text][vc_empty_space height=\u00bb40px\u00bb][vc_empty_space height=\u00bb10px\u00bb][vc_empty_space height=\u00bb20px\u00bb][vc_empty_space height=\u00bb10px\u00bb][\/vc_column][vc_column width=\u00bb1\/2&#8243;][vc_single_image image=\u00bb1657&#8243; img_size=\u00bbfull\u00bb qode_css_animation=\u00bb\u00bb css=\u00bb.vc_custom_1716368482865{padding-top: 60px !important;}\u00bb][\/vc_column][\/vc_row][vc_row css_animation=\u00bbelement_from_left\u00bb row_type=\u00bbrow\u00bb use_row_as_full_screen_section=\u00bbno\u00bb&#8230;<\/p>\n","protected":false},"author":1,"featured_media":0,"parent":233,"menu_order":7,"comment_status":"closed","ping_status":"closed","template":"full_width.php","meta":{"footnotes":""},"class_list":["post-742","page","type-page","status-publish","hentry"],"yoast_head":"<!-- This site is optimized with the Yoast SEO plugin v25.1 - https:\/\/yoast.com\/wordpress\/plugins\/seo\/ -->\n<title>San Agust\u00edn - Festivales de los Castillos<\/title>\n<meta name=\"description\" content=\"Castillo de San Agust\u00edn: Festivales de los Castillos, festival de m\u00fasica, arte, teatro y danza con una amplia tradici\u00f3n y artistas.\" \/>\n<meta name=\"robots\" content=\"index, follow, max-snippet:-1, max-image-preview:large, max-video-preview:-1\" \/>\n<link rel=\"canonical\" href=\"https:\/\/festivalesdeloscastillos.es\/2024\/programacion\/san-agustin\/\" \/>\n<meta property=\"og:locale\" content=\"es_ES\" \/>\n<meta property=\"og:type\" content=\"article\" \/>\n<meta property=\"og:title\" content=\"San Agust\u00edn - Festivales de los Castillos\" \/>\n<meta property=\"og:description\" content=\"Castillo de San Agust\u00edn: Festivales de los Castillos, festival de m\u00fasica, arte, teatro y danza con una amplia tradici\u00f3n y artistas.\" \/>\n<meta property=\"og:url\" content=\"https:\/\/festivalesdeloscastillos.es\/2024\/programacion\/san-agustin\/\" \/>\n<meta property=\"og:site_name\" content=\"Festivales de los Castillos\" \/>\n<meta property=\"article:modified_time\" content=\"2024-05-22T09:01:26+00:00\" \/>\n<meta name=\"twitter:card\" content=\"summary_large_image\" \/>\n<meta name=\"twitter:label1\" content=\"Tiempo de lectura\" \/>\n\t<meta name=\"twitter:data1\" content=\"3 minutos\" \/>\n<script type=\"application\/ld+json\" class=\"yoast-schema-graph\">{\"@context\":\"https:\/\/schema.org\",\"@graph\":[{\"@type\":\"WebPage\",\"@id\":\"https:\/\/festivalesdeloscastillos.es\/2024\/programacion\/san-agustin\/\",\"url\":\"https:\/\/festivalesdeloscastillos.es\/2024\/programacion\/san-agustin\/\",\"name\":\"San Agust\u00edn - Festivales de los Castillos\",\"isPartOf\":{\"@id\":\"https:\/\/festivalesdeloscastillos.es\/2024\/#website\"},\"datePublished\":\"2022-06-13T11:16:44+00:00\",\"dateModified\":\"2024-05-22T09:01:26+00:00\",\"description\":\"Castillo de San Agust\u00edn: Festivales de los Castillos, festival de m\u00fasica, arte, teatro y danza con una amplia tradici\u00f3n y artistas.\",\"breadcrumb\":{\"@id\":\"https:\/\/festivalesdeloscastillos.es\/2024\/programacion\/san-agustin\/#breadcrumb\"},\"inLanguage\":\"es\",\"potentialAction\":[{\"@type\":\"ReadAction\",\"target\":[\"https:\/\/festivalesdeloscastillos.es\/2024\/programacion\/san-agustin\/\"]}]},{\"@type\":\"BreadcrumbList\",\"@id\":\"https:\/\/festivalesdeloscastillos.es\/2024\/programacion\/san-agustin\/#breadcrumb\",\"itemListElement\":[{\"@type\":\"ListItem\",\"position\":1,\"name\":\"Programaci\u00f3n\",\"item\":\"https:\/\/festivalesdeloscastillos.es\/2024\/programacion\/\"},{\"@type\":\"ListItem\",\"position\":2,\"name\":\"San Agust\u00edn\"}]},{\"@type\":\"WebSite\",\"@id\":\"https:\/\/festivalesdeloscastillos.es\/2024\/#website\",\"url\":\"https:\/\/festivalesdeloscastillos.es\/2024\/\",\"name\":\"Festivales de los Castillos\",\"description\":\"Festivales de los Castillos: artes esc\u00e9nicas y la m\u00fasica\",\"potentialAction\":[{\"@type\":\"SearchAction\",\"target\":{\"@type\":\"EntryPoint\",\"urlTemplate\":\"https:\/\/festivalesdeloscastillos.es\/2024\/?s={search_term_string}\"},\"query-input\":{\"@type\":\"PropertyValueSpecification\",\"valueRequired\":true,\"valueName\":\"search_term_string\"}}],\"inLanguage\":\"es\"}]}<\/script>\n<!-- \/ Yoast SEO plugin. -->","yoast_head_json":{"title":"San Agust\u00edn - Festivales de los Castillos","description":"Castillo de San Agust\u00edn: Festivales de los Castillos, festival de m\u00fasica, arte, teatro y danza con una amplia tradici\u00f3n y artistas.","robots":{"index":"index","follow":"follow","max-snippet":"max-snippet:-1","max-image-preview":"max-image-preview:large","max-video-preview":"max-video-preview:-1"},"canonical":"https:\/\/festivalesdeloscastillos.es\/2024\/programacion\/san-agustin\/","og_locale":"es_ES","og_type":"article","og_title":"San Agust\u00edn - Festivales de los Castillos","og_description":"Castillo de San Agust\u00edn: Festivales de los Castillos, festival de m\u00fasica, arte, teatro y danza con una amplia tradici\u00f3n y artistas.","og_url":"https:\/\/festivalesdeloscastillos.es\/2024\/programacion\/san-agustin\/","og_site_name":"Festivales de los Castillos","article_modified_time":"2024-05-22T09:01:26+00:00","twitter_card":"summary_large_image","twitter_misc":{"Tiempo de lectura":"3 minutos"},"schema":{"@context":"https:\/\/schema.org","@graph":[{"@type":"WebPage","@id":"https:\/\/festivalesdeloscastillos.es\/2024\/programacion\/san-agustin\/","url":"https:\/\/festivalesdeloscastillos.es\/2024\/programacion\/san-agustin\/","name":"San Agust\u00edn - Festivales de los Castillos","isPartOf":{"@id":"https:\/\/festivalesdeloscastillos.es\/2024\/#website"},"datePublished":"2022-06-13T11:16:44+00:00","dateModified":"2024-05-22T09:01:26+00:00","description":"Castillo de San Agust\u00edn: Festivales de los Castillos, festival de m\u00fasica, arte, teatro y danza con una amplia tradici\u00f3n y artistas.","breadcrumb":{"@id":"https:\/\/festivalesdeloscastillos.es\/2024\/programacion\/san-agustin\/#breadcrumb"},"inLanguage":"es","potentialAction":[{"@type":"ReadAction","target":["https:\/\/festivalesdeloscastillos.es\/2024\/programacion\/san-agustin\/"]}]},{"@type":"BreadcrumbList","@id":"https:\/\/festivalesdeloscastillos.es\/2024\/programacion\/san-agustin\/#breadcrumb","itemListElement":[{"@type":"ListItem","position":1,"name":"Programaci\u00f3n","item":"https:\/\/festivalesdeloscastillos.es\/2024\/programacion\/"},{"@type":"ListItem","position":2,"name":"San Agust\u00edn"}]},{"@type":"WebSite","@id":"https:\/\/festivalesdeloscastillos.es\/2024\/#website","url":"https:\/\/festivalesdeloscastillos.es\/2024\/","name":"Festivales de los Castillos","description":"Festivales de los Castillos: artes esc\u00e9nicas y la m\u00fasica","potentialAction":[{"@type":"SearchAction","target":{"@type":"EntryPoint","urlTemplate":"https:\/\/festivalesdeloscastillos.es\/2024\/?s={search_term_string}"},"query-input":{"@type":"PropertyValueSpecification","valueRequired":true,"valueName":"search_term_string"}}],"inLanguage":"es"}]}},"_links":{"self":[{"href":"https:\/\/festivalesdeloscastillos.es\/2024\/wp-json\/wp\/v2\/pages\/742","targetHints":{"allow":["GET"]}}],"collection":[{"href":"https:\/\/festivalesdeloscastillos.es\/2024\/wp-json\/wp\/v2\/pages"}],"about":[{"href":"https:\/\/festivalesdeloscastillos.es\/2024\/wp-json\/wp\/v2\/types\/page"}],"author":[{"embeddable":true,"href":"https:\/\/festivalesdeloscastillos.es\/2024\/wp-json\/wp\/v2\/users\/1"}],"replies":[{"embeddable":true,"href":"https:\/\/festivalesdeloscastillos.es\/2024\/wp-json\/wp\/v2\/comments?post=742"}],"version-history":[{"count":20,"href":"https:\/\/festivalesdeloscastillos.es\/2024\/wp-json\/wp\/v2\/pages\/742\/revisions"}],"predecessor-version":[{"id":1658,"href":"https:\/\/festivalesdeloscastillos.es\/2024\/wp-json\/wp\/v2\/pages\/742\/revisions\/1658"}],"up":[{"embeddable":true,"href":"https:\/\/festivalesdeloscastillos.es\/2024\/wp-json\/wp\/v2\/pages\/233"}],"wp:attachment":[{"href":"https:\/\/festivalesdeloscastillos.es\/2024\/wp-json\/wp\/v2\/media?parent=742"}],"curies":[{"name":"wp","href":"https:\/\/api.w.org\/{rel}","templated":true}]}}