{"id":740,"date":"2022-06-13T11:16:06","date_gmt":"2022-06-13T11:16:06","guid":{"rendered":"https:\/\/festivalesdeloscastillos.es\/2024\/?page_id=740"},"modified":"2024-07-12T08:34:20","modified_gmt":"2024-07-12T08:34:20","slug":"castillo-de-valderrobres","status":"publish","type":"page","link":"https:\/\/festivalesdeloscastillos.es\/2024\/programacion\/castillo-de-valderrobres\/","title":{"rendered":"Valderrobres"},"content":{"rendered":"<p>[vc_row css_animation=\u00bb\u00bb row_type=\u00bbrow\u00bb use_row_as_full_screen_section=\u00bbno\u00bb type=\u00bbgrid\u00bb angled_section=\u00bbno\u00bb text_align=\u00bbleft\u00bb background_image_as_pattern=\u00bbwithout_pattern\u00bb z_index=\u00bb\u00bb css=\u00bb.vc_custom_1690446924905{padding-top: 30px !important;padding-right: 15% !important;padding-bottom: -25% !important;padding-left: 15% !important;}\u00bb el_class=\u00bbno-bckg-img-ipad\u00bb][vc_column width=\u00bb1\/2&#8243;][vc_empty_space height=\u00bb100px\u00bb][vc_column_text]<\/p>\n<h3>2 &gt; 4 agosto<\/h3>\n<p>[\/vc_column_text][vc_column_text]<\/p>\n<h1>Valderrobres<\/h1>\n<p>[\/vc_column_text][vc_empty_space height=\u00bb40px\u00bb][vc_column_text]<\/p>\n<p class=\"p1\"><strong>D\u00edas 2 y 4:<\/strong> Anticipada 15 \u20ac \u00b7 Taquilla 18 \u20ac<br \/>\n<strong>D\u00eda 3:<\/strong> Anticipada 25 \u20ac \u00b7 Taquilla 28 \u20ac<br \/>\n<strong>Abono 3 funciones:<\/strong> 45 \u20ac<br \/>\n<strong>Menores de 14 a\u00f1os:<\/strong> 50 % dto.<\/p>\n<p><strong>Taquilla Castillo:<\/strong> Desde 1 hora antes de cada funci\u00f3n<\/p>\n<p>[\/vc_column_text][vc_empty_space height=\u00bb40px\u00bb]\n\n\t<a href=\"#\" target=\"_self\" style=\"color: #10181d;font-family: Vidaloka;font-size: 24px;font-weight: 400;text-transform: none;font-style: normal\" class=\"qode-btn qode-btn-medium qode-btn-simple qode-btn-custom-hover-color button-with-line qode-btn-default-hover\" data-hover-color=\"rgba(16,24,29,0.75)\" >\n\t    <span class=\"qode-btn-text\">Informaci\u00f3n tur\u00edstica<\/span>\t<\/a>\n\n[vc_empty_space height=\u00bb10px\u00bb]<a  itemprop=\"url\" href=\"https:\/\/festivalesdeloscastillos.es\/2024\/wp-content\/uploads\/2024\/07\/Programa-movil-Valderrobres.pdf\" target=\"_blank\" data-hover-background-color='#eae7da' data-hover-border-color='#eae7da' data-hover-color='#383838' class=\"qbutton  large center default\" style=\"color: #383838; border-color: #383838; margin: 10px 10px 10px 10px; background-color: rgba(0,0,0,0.01);\">VER INFORMACI\u00d3N<i class=\"qode_icon_font_awesome_5 fa5 fab fa-fort-awesome qode_button_icon_element\" style=\"color: #383838;\" ><\/i><\/a>[vc_empty_space height=\u00bb20px\u00bb]\n\n\t<a href=\"#\" target=\"_self\" style=\"color: #10181d;font-family: Vidaloka;font-size: 24px;font-weight: 400;text-transform: none;font-style: normal\" class=\"qode-btn qode-btn-medium qode-btn-simple qode-btn-custom-hover-color button-with-line qode-btn-default-hover\" data-hover-color=\"rgba(16,24,29,0.75)\" >\n\t    <span class=\"qode-btn-text\">Venta de entradas y abonos:<\/span>\t<\/a>\n\n[vc_empty_space height=\u00bb10px\u00bb]<a  itemprop=\"url\" href=\"https:\/\/aragontickets.com\/es\/#festivalesdeloscastillos\" target=\"_blank\" data-hover-background-color='#eae7da' data-hover-border-color='#eae7da' data-hover-color='#383838' class=\"qbutton  large center default\" style=\"color: #383838; border-color: #383838; margin: 10px 10px 10px 10px; background-color: rgba(0,0,0,0.01);\">ARAGON TICKETS<i class=\"qode_icon_font_awesome_5 fa5 fa fa-ticket qode_button_icon_element\" style=\"color: #383838;\" ><\/i><\/a>[vc_empty_space height=\u00bb10px\u00bb][\/vc_column][vc_column width=\u00bb1\/2&#8243;][vc_single_image image=\u00bb1523&#8243; img_size=\u00bbfull\u00bb qode_css_animation=\u00bb\u00bb css=\u00bb.vc_custom_1716358473376{padding-top: 60px !important;}\u00bb][\/vc_column][\/vc_row][vc_row css_animation=\u00bbelement_from_left\u00bb row_type=\u00bbrow\u00bb use_row_as_full_screen_section=\u00bbno\u00bb type=\u00bbfull_width\u00bb angled_section=\u00bbno\u00bb text_align=\u00bbleft\u00bb background_image_as_pattern=\u00bbwithout_pattern\u00bb css=\u00bb.vc_custom_1690446930576{padding-top: 4% !important;padding-right: 14% !important;padding-bottom: 2% !important;padding-left: 14% !important;}\u00bb z_index=\u00bb\u00bb][vc_column width=\u00bb1\/2&#8243;]<div class='image_hover ' style='' data-transition-delay=''><div class='images_holder'><img itemprop='image' class='' src='https:\/\/festivalesdeloscastillos.es\/2024\/wp-content\/uploads\/2024\/05\/ARTISTAS-FESTIVAL-CASTILLOS_0001_EN-MITAD-DE-TANTO-FUEGO.jpg' alt='' style='' \/><img itemprop='image' class='hover_image' src='' alt='' style='' \/><\/div><\/div>[\/vc_column][vc_column width=\u00bb1\/2&#8243;][vc_column_text css=\u00bb.vc_custom_1716358586537{padding-bottom: 10px !important;}\u00bb]<em>Viernes 2 de agosto | 23:00 h. Patio de armas del Castillo<\/em>[\/vc_column_text][vc_column_text]<\/p>\n<h3><strong>MIRAMEDIA UNIVERSE<\/strong> : En mitad de tanto fuego<\/h3>\n<p>[\/vc_column_text][vc_empty_space height=\u00bb20px\u00bb][vc_row_inner row_type=\u00bbrow\u00bb use_as_box=\u00bbuse_row_as_box\u00bb type=\u00bbfull_width\u00bb text_align=\u00bbleft\u00bb css_animation=\u00bb\u00bb][vc_column_inner width=\u00bb1\/2&#8243;]<div class=\"custom_font_holder\" style=\"font-family: Roboto; font-size: 15px; line-height: 24px; font-style: normal; font-weight: 300; color: #3f3f3f; text-decoration: none; text-align: left;\"><strong>Modalidad:<\/strong> Teatro<br \/>\n<strong>Duraci\u00f3n:<\/strong> 90 min.<br \/>\n<strong>Tipo de p\u00fablico:<\/strong> A partir de 16 a\u00f1os<\/div>[\/vc_column_inner][vc_column_inner width=\u00bb1\/2&#8243;]<div class=\"custom_font_holder\" style=\"font-family: Roboto; font-size: 15px; line-height: 24px; font-style: normal; font-weight: 300; color: #3f3f3f; text-decoration: none; text-align: left;\"><strong>Autor:<\/strong> Alberto Conejero<br \/>\n<strong>Direcci\u00f3n:<\/strong> Xavier Albert\u00ed<br \/>\n<strong>Int\u00e9rprete:<\/strong> Rub\u00e9n de Egu\u00eda<\/div>[\/vc_column_inner][\/vc_row_inner][vc_empty_space height=\u00bb20px\u00bb][vc_column_text]Deseo, guerra, deserci\u00f3n, poder, violencia, patria\u2026 Alberto Conejero comparte con el p\u00fablico la belleza, el misterio y la oscuridad de un poema \u00e9pico a trav\u00e9s del cual dialoga con la condici\u00f3n humana y enlaza \u00e9pocas diversas. Combina voces del pasado y del presente. Lo hace a partir del personaje de Patroclo, compa\u00f1ero de armas de Aquiles. Un montaje a partir de la Il\u00edada de Homero y otros textos, que nos acerca a una obra fundamental de la literatura cl\u00e1sica griega.<\/p>\n<p>Int\u00e9rprete, dramaturgo y director. Tres grandes talentos presentan un espect\u00e1culo que es tanto una canci\u00f3n de guerra como un oratorio por las v\u00edctimas; un mon\u00f3logo sobre lo que hacen en los cuerpos palabras e ideas como \u201cgloria\u201d, \u201chonor\u201d o \u201cpatria\u201d; un poema oscuro en el cual se habla de la violencia del campo de batalla, pero tambi\u00e9n de la violencia del deseo. Porque la Il\u00edada empieza con las deserciones de dos hombres que se aman y que abandonan el campo de batalla diez a\u00f1os despu\u00e9s de que la guerra haya empezado. Seguimos hablando de la guerra de Troya porque todav\u00eda sigue ardiendo.[\/vc_column_text][\/vc_column][\/vc_row][vc_row css_animation=\u00bbelement_from_right\u00bb row_type=\u00bbrow\u00bb use_row_as_full_screen_section=\u00bbno\u00bb type=\u00bbfull_width\u00bb angled_section=\u00bbno\u00bb text_align=\u00bbleft\u00bb background_image_as_pattern=\u00bbwithout_pattern\u00bb css=\u00bb.vc_custom_1690446936281{padding-top: 2% !important;padding-right: 14% !important;padding-bottom: 2% !important;padding-left: 14% !important;}\u00bb z_index=\u00bb\u00bb][vc_column width=\u00bb1\/2&#8243;][vc_column_text css=\u00bb.vc_custom_1716358805565{padding-bottom: 10px !important;}\u00bb]<\/p>\n<p style=\"text-align: right;\"><em>S\u00e1bado 3 de agosto | 23:00 h. Patio de armas del Castillo<\/em><\/p>\n<p>[\/vc_column_text][vc_column_text]<\/p>\n<h3 style=\"text-align: right;\">PASI\u00d3N VEGA: Lorca sonoro<\/h3>\n<p>[\/vc_column_text][vc_empty_space height=\u00bb20px\u00bb][vc_row_inner row_type=\u00bbrow\u00bb use_as_box=\u00bbuse_row_as_box\u00bb type=\u00bbfull_width\u00bb text_align=\u00bbleft\u00bb css_animation=\u00bb\u00bb][vc_column_inner width=\u00bb1\/2&#8243;]<div class=\"custom_font_holder\" style=\"font-family: Roboto; font-size: 15px; line-height: 24px; font-style: normal; font-weight: 300; color: #3f3f3f; text-decoration: none; text-align: left;\">\n<p style=\"text-align: right;\"><strong>Modalidad:<\/strong> Teatro<br \/>\n<strong>Duraci\u00f3n:<\/strong> 90 min.<br \/>\n<strong>Tipo de p\u00fablico:<\/strong> Todos p\u00fablicos<\/p>\n<\/div>[\/vc_column_inner][vc_column_inner width=\u00bb1\/2&#8243;]<div class=\"custom_font_holder\" style=\"font-family: Roboto; font-size: 15px; line-height: 24px; font-style: normal; font-weight: 300; color: #3f3f3f; text-decoration: none; text-align: left;\">\n<p style=\"text-align: right;\"><strong>Autor:<\/strong> Federico Garc\u00eda Lorca<br \/>\n<strong>Direcci\u00f3n:<\/strong> Ana L\u00f3pez Segovia<br \/>\n<strong>Direcci\u00f3n musical:<\/strong> Jacob Sureda<br \/>\n<strong>Int\u00e9rpretes:<\/strong> Pasi\u00f3n Vega, V\u00edctor Clavijo, Jos\u00e9 Vera, Manuel Masaedo<\/p>\n<\/div>[\/vc_column_inner][\/vc_row_inner][vc_empty_space height=\u00bb20px\u00bb][vc_column_text]<\/p>\n<p style=\"text-align: right;\">Pasi\u00f3n Vega recorre el mapa sonoro de Federico Garc\u00eda Lorca por los caminos de la m\u00fasica y la palabra<\/p>\n<p style=\"text-align: right;\">En este espect\u00e1culo conviven desde \u201cEl Peque\u00f1o Vals Vien\u00e9s\u201d, que empez\u00f3 siendo una canci\u00f3n de Leonard Cohen en ingl\u00e9s, transformada en cante por Enrique Morente, o \u201cLa Leyenda del Tiempo\u201d, aquel poema incluido en \u201cAs\u00ed que pasen cinco a\u00f1os\u201d y que Ricardo Pach\u00f3n music\u00f3 para la voz eterna de Jos\u00e9 Monge, \u201cCamar\u00f3n de la Isla\u201d.<\/p>\n<p style=\"text-align: right;\">Sobre un repertorio transitado por las voces y cuerdas de Carlos Cano, Paco Ib\u00e1\u00f1ez, Jorge Marazu, Javier Ruibal y Fito P\u00e1ez, Pasi\u00f3n Vega no s\u00f3lo recoge aquellas canciones que impresionara la voz de La Argentinita, en un registro tan respetuoso como personal, desde el \u201cCaf\u00e9 de Chinitas\u201d al \u201cAnda jaleo\u201d y \u201cNana de Sevilla\u201d\u2026 tambi\u00e9n, se atreve a evocar a Manuel de Falla o a entrecruzar \u201cEl Romance Son\u00e1mbulo\u201d de Federico con \u201cOjos verdes\u201d, la c\u00e9lebre copla a la que puso m\u00fasica Manuel Quiroga, sobre versos originales de Rafael de Le\u00f3n y de Salvador Valverde, tan injustamente olvidado.<\/p>\n<p>[\/vc_column_text][\/vc_column][vc_column width=\u00bb1\/2&#8243;]<div class='image_hover ' style='' data-transition-delay=''><div class='images_holder'><img itemprop='image' class='' src='https:\/\/festivalesdeloscastillos.es\/2024\/wp-content\/uploads\/2024\/05\/ARTISTAS-FESTIVAL-CASTILLOS-2024_0002_PASIO-VEGA.jpg' alt='' style='' \/><img itemprop='image' class='hover_image' src='' alt='' style='' \/><\/div><\/div>[\/vc_column][\/vc_row][vc_row css_animation=\u00bbelement_from_left\u00bb row_type=\u00bbrow\u00bb use_row_as_full_screen_section=\u00bbno\u00bb type=\u00bbfull_width\u00bb angled_section=\u00bbno\u00bb text_align=\u00bbleft\u00bb background_image_as_pattern=\u00bbwithout_pattern\u00bb css=\u00bb.vc_custom_1690446941502{padding-top: 2% !important;padding-right: 14% !important;padding-bottom: 2% !important;padding-left: 14% !important;}\u00bb z_index=\u00bb\u00bb][vc_column width=\u00bb1\/2&#8243;]<div class='image_hover ' style='' data-transition-delay=''><div class='images_holder'><img itemprop='image' class='' src='https:\/\/festivalesdeloscastillos.es\/2024\/wp-content\/uploads\/2024\/05\/ARTISTAS-FESTIVAL-CASTILLOS-2024_0003_baluarte.jpg' alt='' style='' \/><img itemprop='image' class='hover_image' src='' alt='' style='' \/><\/div><\/div>[\/vc_column][vc_column width=\u00bb1\/2&#8243;][vc_column_text css=\u00bb.vc_custom_1716358925626{padding-bottom: 10px !important;}\u00bb]<em>Domingo 4 de agosto | 23:00 h. Patio de armas del Castillo<\/em>[\/vc_column_text][vc_column_text]<\/p>\n<h3><strong>BALUARTE ARAGON\u00c9S<\/strong>: Los Sitios 1808<\/h3>\n<p>[\/vc_column_text][vc_empty_space height=\u00bb20px\u00bb][vc_row_inner row_type=\u00bbrow\u00bb use_as_box=\u00bbuse_row_as_box\u00bb type=\u00bbfull_width\u00bb text_align=\u00bbleft\u00bb css_animation=\u00bb\u00bb][vc_column_inner width=\u00bb1\/2&#8243;]<div class=\"custom_font_holder\" style=\"font-family: Roboto; font-size: 15px; line-height: 24px; font-style: normal; font-weight: 300; color: #3f3f3f; text-decoration: none; text-align: left;\"><strong>Modalidad: <\/strong>M\u00fasica y danza<br \/>\n<strong>Duraci\u00f3n:<\/strong> 90 min.<br \/>\n<strong>Tipo de p\u00fablico:<\/strong> Todos p\u00fablicos<\/div>[\/vc_column_inner][vc_column_inner width=\u00bb1\/2&#8243;]<div class=\"custom_font_holder\" style=\"font-family: Roboto; font-size: 15px; line-height: 24px; font-style: normal; font-weight: 300; color: #3f3f3f; text-decoration: none; text-align: left;\"><strong>Autor:<\/strong> Jos\u00e9 Miguel Pamplona<br \/>\n<strong>Direcci\u00f3n:<\/strong> Luis Enrique Langarita<br \/>\n<strong>Int\u00e9rpretes:<\/strong> \u00c1ngela Aured, Juan Carlos Aguayo, Susana Gil, Juan J Valencia, Alberto Remiro, Sonia Mart\u00edn, Guillermo Olivares, \u00c1ngeles Blancas, Adri\u00e1n Tom\u00e1s, Paula Mart\u00ednez, Rub\u00e9n Bonilla.<\/div>[\/vc_column_inner][\/vc_row_inner][vc_empty_space height=\u00bb20px\u00bb][vc_column_text]Los sitios de Zaragoza fueron uno de los m\u00e1s m\u00edticos acontecimientos de la Guerra de Independencia, dejando un gran n\u00famero de h\u00e9roes y leyendas a la tradici\u00f3n popular, y siendo fuente de inspiraci\u00f3n para escritores y compositores.<\/p>\n<p>Baluarte Aragon\u00e9s hace un homenaje a los protagonistas de tan cruel acontecimiento, a un pueblo que defendi\u00f3, aguant\u00f3, lucho y protegi\u00f3 lo que les un\u00eda, su tierra, su futuro.<\/p>\n<p>Benito P\u00e9rez Gald\u00f3s, dedic\u00f3 uno de sus Episodios Nacionales a Zaragoza y sus Sitios, inmortalizando as\u00ed esta heroica resistencia frases como: <em>Zaragoza no se rinde. La reducir\u00e1n a polvo: de sus hist\u00f3ricas casas no quedar\u00e1 ladrillo sobre ladrillo; Caer\u00e1n sus cien templos; su suelo se abrir\u00e1 vomitando llamas; y lanzados al aire los cimientos, caer\u00e1n las tejas al fondo de los pozos; \u2026 pero entre los escombros y entre los muertos habr\u00e1 siempre una lengua viva para decir que Zaragoza no se rinde.<\/em>[\/vc_column_text][\/vc_column][\/vc_row][vc_row css_animation=\u00bb\u00bb row_type=\u00bbrow\u00bb use_row_as_full_screen_section=\u00bbno\u00bb type=\u00bbfull_width\u00bb angled_section=\u00bbno\u00bb text_align=\u00bbleft\u00bb background_image_as_pattern=\u00bbwithout_pattern\u00bb css=\u00bb.vc_custom_1690447091194{padding-top: 100px !important;padding-right: 8% !important;padding-left: 8% !important;}\u00bb z_index=\u00bb\u00bb el_class=\u00bbno-bckg-img-ipad\u00bb][vc_column][vc_column_text css=\u00bb.vc_custom_1654939040389{padding-bottom: 18px !important;}\u00bb]<\/p>\n<h3 style=\"text-align: center;\">\u00bfConoces el resto de Castillos?<\/h3>\n<p>[\/vc_column_text]<div class='qode_carousels_holder clearfix'><div class='qode_carousels' data-number-of-visible-items=''><ul class='slides'><li class='item'><div class=\"carousel_item_holder\"><a itemprop='url' href='https:\/\/festivalesdeloscastillos.es\/2024\/programacion\/castillo-de-grisel\/' target='_self'><span class='first_image_holder has_hover_image'><img decoding=\"async\" itemprop=\"image\" src=\"https:\/\/festivalesdeloscastillos.es\/2024\/wp-content\/uploads\/2024\/05\/Carteles-Home-2024_0010_1-GRISEL.png\" alt=\"carousel image\" \/><\/span><span class='second_image_holder has_hover_image'><img decoding=\"async\" itemprop=\"image\" src=\"https:\/\/festivalesdeloscastillos.es\/2024\/wp-content\/uploads\/2024\/05\/Carteles-Home-2024_0010_1-GRISEL.png\" alt=\"carousel image\" \/><\/span><\/a><\/div><\/li><li class='item'><div class=\"carousel_item_holder\"><a itemprop='url' href='https:\/\/festivalesdeloscastillos.es\/2024\/programacion\/castillo-de-illueca\/' target='_self'><span class='first_image_holder has_hover_image'><img decoding=\"async\" itemprop=\"image\" src=\"https:\/\/festivalesdeloscastillos.es\/2024\/wp-content\/uploads\/2024\/05\/Carteles-Home-2024_0008_3-ILLUECA.png\" alt=\"carousel image\" \/><\/span><span class='second_image_holder has_hover_image'><img decoding=\"async\" itemprop=\"image\" src=\"https:\/\/festivalesdeloscastillos.es\/2024\/wp-content\/uploads\/2024\/05\/Carteles-Home-2024_0008_3-ILLUECA.png\" alt=\"carousel image\" \/><\/span><\/a><\/div><\/li><li class='item'><div class=\"carousel_item_holder\"><a itemprop='url' href='https:\/\/festivalesdeloscastillos.es\/2024\/programacion\/castillo-de-alfajarin\/' target='_self'><span class='first_image_holder has_hover_image'><img decoding=\"async\" itemprop=\"image\" src=\"https:\/\/festivalesdeloscastillos.es\/2024\/wp-content\/uploads\/2024\/05\/Carteles-Home-2024_0009_2-ALFAJARIN.png\" alt=\"carousel image\" \/><\/span><span class='second_image_holder has_hover_image'><img decoding=\"async\" itemprop=\"image\" src=\"https:\/\/festivalesdeloscastillos.es\/2024\/wp-content\/uploads\/2024\/05\/Carteles-Home-2024_0009_2-ALFAJARIN.png\" alt=\"carousel image\" \/><\/span><\/a><\/div><\/li><li class='item'><div class=\"carousel_item_holder\"><a itemprop='url' href='https:\/\/festivalesdeloscastillos.es\/2024\/programacion\/castillo-de-mesones-isuela\/' target='_self'><span class='first_image_holder has_hover_image'><img decoding=\"async\" itemprop=\"image\" src=\"https:\/\/festivalesdeloscastillos.es\/2024\/wp-content\/uploads\/2024\/06\/Carteles-Home-2024_0006_5-MESONES-DE-ISUELA.png\" alt=\"carousel image\" \/><\/span><span class='second_image_holder has_hover_image'><img decoding=\"async\" itemprop=\"image\" src=\"https:\/\/festivalesdeloscastillos.es\/2024\/wp-content\/uploads\/2024\/06\/Carteles-Home-2024_0006_5-MESONES-DE-ISUELA.png\" alt=\"carousel image\" \/><\/span><\/a><\/div><\/li><li class='item'><div class=\"carousel_item_holder\"><a itemprop='url' href='https:\/\/festivalesdeloscastillos.es\/2024\/programacion\/castillo-de-jarque\/' target='_self'><span class='first_image_holder has_hover_image'><img decoding=\"async\" itemprop=\"image\" src=\"https:\/\/festivalesdeloscastillos.es\/2024\/wp-content\/uploads\/2024\/07\/Carteles-Home-2024_0004_7-JARQUE-DE-MONCAYO-OK.png\" alt=\"carousel image\" \/><\/span><span class='second_image_holder has_hover_image'><img decoding=\"async\" itemprop=\"image\" src=\"https:\/\/festivalesdeloscastillos.es\/2024\/wp-content\/uploads\/2024\/07\/Carteles-Home-2024_0004_7-JARQUE-DE-MONCAYO-OK.png\" alt=\"carousel image\" \/><\/span><\/a><\/div><\/li><li class='item'><div class=\"carousel_item_holder\"><a itemprop='url' href='https:\/\/festivalesdeloscastillos.es\/2024\/programacion\/castillo-de-valderrobres\/' target='_self'><span class='first_image_holder has_hover_image'><img decoding=\"async\" itemprop=\"image\" src=\"https:\/\/festivalesdeloscastillos.es\/2024\/wp-content\/uploads\/2024\/05\/Carteles-Home-2024_0003_9-VALDERROBRES.png\" alt=\"carousel image\" \/><\/span><span class='second_image_holder has_hover_image'><img decoding=\"async\" itemprop=\"image\" src=\"https:\/\/festivalesdeloscastillos.es\/2024\/wp-content\/uploads\/2024\/05\/Carteles-Home-2024_0003_9-VALDERROBRES.png\" alt=\"carousel image\" \/><\/span><\/a><\/div><\/li><li class='item'><div class=\"carousel_item_holder\"><a itemprop='url' href='https:\/\/festivalesdeloscastillos.es\/2024\/programacion\/san-agustin\/' target='_self'><span class='first_image_holder has_hover_image'><img decoding=\"async\" itemprop=\"image\" src=\"https:\/\/festivalesdeloscastillos.es\/2024\/wp-content\/uploads\/2024\/05\/Carteles-Home-2024_0001_12-SAN-AGUSTIN-1.png\" alt=\"carousel image\" \/><\/span><span class='second_image_holder has_hover_image'><img decoding=\"async\" itemprop=\"image\" src=\"https:\/\/festivalesdeloscastillos.es\/2024\/wp-content\/uploads\/2024\/05\/Carteles-Home-2024_0001_12-SAN-AGUSTIN-1.png\" alt=\"carousel image\" \/><\/span><\/a><\/div><\/li><li class='item'><div class=\"carousel_item_holder\"><a itemprop='url' href='https:\/\/festivalesdeloscastillos.es\/2024\/programacion\/castillo-de-sadaba\/' target='_self'><span class='first_image_holder has_hover_image'><img decoding=\"async\" itemprop=\"image\" src=\"https:\/\/festivalesdeloscastillos.es\/2024\/wp-content\/uploads\/2024\/05\/Carteles-Home-2024_0002_10-SADABA.png\" alt=\"carousel image\" \/><\/span><span class='second_image_holder has_hover_image'><img decoding=\"async\" itemprop=\"image\" src=\"https:\/\/festivalesdeloscastillos.es\/2024\/wp-content\/uploads\/2024\/05\/Carteles-Home-2024_0002_10-SADABA.png\" alt=\"carousel image\" \/><\/span><\/a><\/div><\/li><li class='item'><div class=\"carousel_item_holder\"><a itemprop='url' href='https:\/\/festivalesdeloscastillos.es\/2024\/programacion\/festival-anon-de-moncayo\/' target='_self'><span class='first_image_holder has_hover_image'><img decoding=\"async\" itemprop=\"image\" src=\"https:\/\/festivalesdeloscastillos.es\/2024\/wp-content\/uploads\/2024\/07\/Carteles-Home-2024_0007_4-AN\u0303ON-DE-MONCAYO-OK.png\" alt=\"carousel image\" \/><\/span><span class='second_image_holder has_hover_image'><img decoding=\"async\" itemprop=\"image\" src=\"https:\/\/festivalesdeloscastillos.es\/2024\/wp-content\/uploads\/2024\/07\/Carteles-Home-2024_0007_4-AN\u0303ON-DE-MONCAYO-OK.png\" alt=\"carousel image\" \/><\/span><\/a><\/div><\/li><li class='item'><div class=\"carousel_item_holder\"><a itemprop='url' href='https:\/\/festivalesdeloscastillos.es\/2024\/programacion\/castillo-albalate-del-arzobispo\/' target='_self'><span class='first_image_holder has_hover_image'><img decoding=\"async\" itemprop=\"image\" src=\"https:\/\/festivalesdeloscastillos.es\/2024\/wp-content\/uploads\/2024\/05\/Carteles-Home-2024_0010_11-ALBALATE.png\" alt=\"carousel image\" \/><\/span><span class='second_image_holder has_hover_image'><img decoding=\"async\" itemprop=\"image\" src=\"https:\/\/festivalesdeloscastillos.es\/2024\/wp-content\/uploads\/2024\/05\/Carteles-Home-2024_0010_11-ALBALATE.png\" alt=\"carousel image\" \/><\/span><\/a><\/div><\/li><li class='item'><div class=\"carousel_item_holder\"><a itemprop='url' href='https:\/\/festivalesdeloscastillos.es\/2024\/programacion\/castillo-loarre' target='_self'><span class='first_image_holder has_hover_image'><img decoding=\"async\" itemprop=\"image\" src=\"https:\/\/festivalesdeloscastillos.es\/2024\/wp-content\/uploads\/2024\/07\/Carteles-Home-2024_LOARRE-OK.png\" alt=\"carousel image\" \/><\/span><span class='second_image_holder has_hover_image'><img decoding=\"async\" itemprop=\"image\" src=\"https:\/\/festivalesdeloscastillos.es\/2024\/wp-content\/uploads\/2024\/07\/Carteles-Home-2024_LOARRE-OK.png\" alt=\"carousel image\" \/><\/span><\/a><\/div><\/li><li class='item'><div class=\"carousel_item_holder\"><a itemprop='url' href='https:\/\/festivalesdeloscastillos.es\/2024\/programacion\/novallas' target='_self'><span class='first_image_holder has_hover_image'><img decoding=\"async\" itemprop=\"image\" src=\"https:\/\/festivalesdeloscastillos.es\/2024\/wp-content\/uploads\/2024\/05\/Carteles-Home-2024_0005_6-NOVALLAS.png\" alt=\"carousel image\" \/><\/span><span class='second_image_holder has_hover_image'><img decoding=\"async\" itemprop=\"image\" src=\"https:\/\/festivalesdeloscastillos.es\/2024\/wp-content\/uploads\/2024\/05\/Carteles-Home-2024_0005_6-NOVALLAS.png\" alt=\"carousel image\" \/><\/span><\/a><\/div><\/li><li class='item'><div class=\"carousel_item_holder\"><a itemprop='url' href='https:\/\/festivalesdeloscastillos.es\/2024\/programacion\/castillo-de-fraga\/' target='_self'><span class='first_image_holder has_hover_image'><img decoding=\"async\" itemprop=\"image\" src=\"https:\/\/festivalesdeloscastillos.es\/2024\/wp-content\/uploads\/2024\/08\/Carteles-Home-2024_13-FRAGA-FINAL.png\" alt=\"carousel image\" \/><\/span><span class='second_image_holder has_hover_image'><img decoding=\"async\" itemprop=\"image\" src=\"https:\/\/festivalesdeloscastillos.es\/2024\/wp-content\/uploads\/2024\/08\/Carteles-Home-2024_13-FRAGA-FINAL.png\" alt=\"carousel image\" \/><\/span><\/a><\/div><\/li><\/ul><\/div><\/div>[\/vc_column][\/vc_row][vc_row css_animation=\u00bb\u00bb row_type=\u00bbrow\u00bb use_row_as_full_screen_section=\u00bbno\u00bb type=\u00bbgrid\u00bb angled_section=\u00bbno\u00bb text_align=\u00bbleft\u00bb background_image_as_pattern=\u00bbwithout_pattern\u00bb z_index=\u00bb\u00bb css=\u00bb.vc_custom_1716368301018{margin-top: -10% !important;padding-top: 120px !important;padding-bottom: 80px !important;background-color: #e6e3dc !important;background-position: 0 0 !important;background-repeat: repeat !important;}\u00bb][vc_column width=\u00bb3\/5&#8243;][vc_empty_space height=\u00bb60px\u00bb][\/vc_column][vc_column width=\u00bb2\/5&#8243;][vc_empty_space height=\u00bb60px\u00bb][\/vc_column][\/vc_row]<\/p>\n","protected":false},"excerpt":{"rendered":"<p>[vc_row css_animation=\u00bb\u00bb row_type=\u00bbrow\u00bb use_row_as_full_screen_section=\u00bbno\u00bb type=\u00bbgrid\u00bb angled_section=\u00bbno\u00bb text_align=\u00bbleft\u00bb background_image_as_pattern=\u00bbwithout_pattern\u00bb z_index=\u00bb\u00bb css=\u00bb.vc_custom_1690446924905{padding-top: 30px !important;padding-right: 15% !important;padding-bottom: -25% !important;padding-left: 15% !important;}\u00bb el_class=\u00bbno-bckg-img-ipad\u00bb][vc_column width=\u00bb1\/2&#8243;][vc_empty_space height=\u00bb100px\u00bb][vc_column_text] 2 &gt; 4 agosto [\/vc_column_text][vc_column_text] Valderrobres [\/vc_column_text][vc_empty_space height=\u00bb40px\u00bb][vc_column_text] D\u00edas 2 y 4: Anticipada 15 \u20ac \u00b7 Taquilla 18 \u20ac D\u00eda 3: Anticipada 25 \u20ac&#8230;<\/p>\n","protected":false},"author":1,"featured_media":0,"parent":233,"menu_order":6,"comment_status":"closed","ping_status":"closed","template":"full_width.php","meta":{"footnotes":""},"class_list":["post-740","page","type-page","status-publish","hentry"],"yoast_head":"<!-- This site is optimized with the Yoast SEO plugin v25.1 - https:\/\/yoast.com\/wordpress\/plugins\/seo\/ -->\n<title>Valderrobres - Festivales de los Castillos<\/title>\n<meta name=\"description\" content=\"Castillo Castillo de Valderrobres: Festivales de los Castillos, festival de m\u00fasica, arte, teatro y danza con una amplia tradici\u00f3n y artistas.\" \/>\n<meta name=\"robots\" content=\"index, follow, max-snippet:-1, max-image-preview:large, max-video-preview:-1\" \/>\n<link rel=\"canonical\" href=\"https:\/\/festivalesdeloscastillos.es\/2024\/programacion\/castillo-de-valderrobres\/\" \/>\n<meta property=\"og:locale\" content=\"es_ES\" \/>\n<meta property=\"og:type\" content=\"article\" \/>\n<meta property=\"og:title\" content=\"Valderrobres - Festivales de los Castillos\" \/>\n<meta property=\"og:description\" content=\"Castillo Castillo de Valderrobres: Festivales de los Castillos, festival de m\u00fasica, arte, teatro y danza con una amplia tradici\u00f3n y artistas.\" \/>\n<meta property=\"og:url\" content=\"https:\/\/festivalesdeloscastillos.es\/2024\/programacion\/castillo-de-valderrobres\/\" \/>\n<meta property=\"og:site_name\" content=\"Festivales de los Castillos\" \/>\n<meta property=\"article:modified_time\" content=\"2024-07-12T08:34:20+00:00\" \/>\n<meta name=\"twitter:card\" content=\"summary_large_image\" \/>\n<meta name=\"twitter:label1\" content=\"Tiempo de lectura\" \/>\n\t<meta name=\"twitter:data1\" content=\"5 minutos\" \/>\n<script type=\"application\/ld+json\" class=\"yoast-schema-graph\">{\"@context\":\"https:\/\/schema.org\",\"@graph\":[{\"@type\":\"WebPage\",\"@id\":\"https:\/\/festivalesdeloscastillos.es\/2024\/programacion\/castillo-de-valderrobres\/\",\"url\":\"https:\/\/festivalesdeloscastillos.es\/2024\/programacion\/castillo-de-valderrobres\/\",\"name\":\"Valderrobres - Festivales de los Castillos\",\"isPartOf\":{\"@id\":\"https:\/\/festivalesdeloscastillos.es\/2024\/#website\"},\"datePublished\":\"2022-06-13T11:16:06+00:00\",\"dateModified\":\"2024-07-12T08:34:20+00:00\",\"description\":\"Castillo Castillo de Valderrobres: Festivales de los Castillos, festival de m\u00fasica, arte, teatro y danza con una amplia tradici\u00f3n y artistas.\",\"breadcrumb\":{\"@id\":\"https:\/\/festivalesdeloscastillos.es\/2024\/programacion\/castillo-de-valderrobres\/#breadcrumb\"},\"inLanguage\":\"es\",\"potentialAction\":[{\"@type\":\"ReadAction\",\"target\":[\"https:\/\/festivalesdeloscastillos.es\/2024\/programacion\/castillo-de-valderrobres\/\"]}]},{\"@type\":\"BreadcrumbList\",\"@id\":\"https:\/\/festivalesdeloscastillos.es\/2024\/programacion\/castillo-de-valderrobres\/#breadcrumb\",\"itemListElement\":[{\"@type\":\"ListItem\",\"position\":1,\"name\":\"Programaci\u00f3n\",\"item\":\"https:\/\/festivalesdeloscastillos.es\/2024\/programacion\/\"},{\"@type\":\"ListItem\",\"position\":2,\"name\":\"Valderrobres\"}]},{\"@type\":\"WebSite\",\"@id\":\"https:\/\/festivalesdeloscastillos.es\/2024\/#website\",\"url\":\"https:\/\/festivalesdeloscastillos.es\/2024\/\",\"name\":\"Festivales de los Castillos\",\"description\":\"Festivales de los Castillos: artes esc\u00e9nicas y la m\u00fasica\",\"potentialAction\":[{\"@type\":\"SearchAction\",\"target\":{\"@type\":\"EntryPoint\",\"urlTemplate\":\"https:\/\/festivalesdeloscastillos.es\/2024\/?s={search_term_string}\"},\"query-input\":{\"@type\":\"PropertyValueSpecification\",\"valueRequired\":true,\"valueName\":\"search_term_string\"}}],\"inLanguage\":\"es\"}]}<\/script>\n<!-- \/ Yoast SEO plugin. -->","yoast_head_json":{"title":"Valderrobres - Festivales de los Castillos","description":"Castillo Castillo de Valderrobres: Festivales de los Castillos, festival de m\u00fasica, arte, teatro y danza con una amplia tradici\u00f3n y artistas.","robots":{"index":"index","follow":"follow","max-snippet":"max-snippet:-1","max-image-preview":"max-image-preview:large","max-video-preview":"max-video-preview:-1"},"canonical":"https:\/\/festivalesdeloscastillos.es\/2024\/programacion\/castillo-de-valderrobres\/","og_locale":"es_ES","og_type":"article","og_title":"Valderrobres - Festivales de los Castillos","og_description":"Castillo Castillo de Valderrobres: Festivales de los Castillos, festival de m\u00fasica, arte, teatro y danza con una amplia tradici\u00f3n y artistas.","og_url":"https:\/\/festivalesdeloscastillos.es\/2024\/programacion\/castillo-de-valderrobres\/","og_site_name":"Festivales de los Castillos","article_modified_time":"2024-07-12T08:34:20+00:00","twitter_card":"summary_large_image","twitter_misc":{"Tiempo de lectura":"5 minutos"},"schema":{"@context":"https:\/\/schema.org","@graph":[{"@type":"WebPage","@id":"https:\/\/festivalesdeloscastillos.es\/2024\/programacion\/castillo-de-valderrobres\/","url":"https:\/\/festivalesdeloscastillos.es\/2024\/programacion\/castillo-de-valderrobres\/","name":"Valderrobres - Festivales de los Castillos","isPartOf":{"@id":"https:\/\/festivalesdeloscastillos.es\/2024\/#website"},"datePublished":"2022-06-13T11:16:06+00:00","dateModified":"2024-07-12T08:34:20+00:00","description":"Castillo Castillo de Valderrobres: Festivales de los Castillos, festival de m\u00fasica, arte, teatro y danza con una amplia tradici\u00f3n y artistas.","breadcrumb":{"@id":"https:\/\/festivalesdeloscastillos.es\/2024\/programacion\/castillo-de-valderrobres\/#breadcrumb"},"inLanguage":"es","potentialAction":[{"@type":"ReadAction","target":["https:\/\/festivalesdeloscastillos.es\/2024\/programacion\/castillo-de-valderrobres\/"]}]},{"@type":"BreadcrumbList","@id":"https:\/\/festivalesdeloscastillos.es\/2024\/programacion\/castillo-de-valderrobres\/#breadcrumb","itemListElement":[{"@type":"ListItem","position":1,"name":"Programaci\u00f3n","item":"https:\/\/festivalesdeloscastillos.es\/2024\/programacion\/"},{"@type":"ListItem","position":2,"name":"Valderrobres"}]},{"@type":"WebSite","@id":"https:\/\/festivalesdeloscastillos.es\/2024\/#website","url":"https:\/\/festivalesdeloscastillos.es\/2024\/","name":"Festivales de los Castillos","description":"Festivales de los Castillos: artes esc\u00e9nicas y la m\u00fasica","potentialAction":[{"@type":"SearchAction","target":{"@type":"EntryPoint","urlTemplate":"https:\/\/festivalesdeloscastillos.es\/2024\/?s={search_term_string}"},"query-input":{"@type":"PropertyValueSpecification","valueRequired":true,"valueName":"search_term_string"}}],"inLanguage":"es"}]}},"_links":{"self":[{"href":"https:\/\/festivalesdeloscastillos.es\/2024\/wp-json\/wp\/v2\/pages\/740","targetHints":{"allow":["GET"]}}],"collection":[{"href":"https:\/\/festivalesdeloscastillos.es\/2024\/wp-json\/wp\/v2\/pages"}],"about":[{"href":"https:\/\/festivalesdeloscastillos.es\/2024\/wp-json\/wp\/v2\/types\/page"}],"author":[{"embeddable":true,"href":"https:\/\/festivalesdeloscastillos.es\/2024\/wp-json\/wp\/v2\/users\/1"}],"replies":[{"embeddable":true,"href":"https:\/\/festivalesdeloscastillos.es\/2024\/wp-json\/wp\/v2\/comments?post=740"}],"version-history":[{"count":22,"href":"https:\/\/festivalesdeloscastillos.es\/2024\/wp-json\/wp\/v2\/pages\/740\/revisions"}],"predecessor-version":[{"id":1719,"href":"https:\/\/festivalesdeloscastillos.es\/2024\/wp-json\/wp\/v2\/pages\/740\/revisions\/1719"}],"up":[{"embeddable":true,"href":"https:\/\/festivalesdeloscastillos.es\/2024\/wp-json\/wp\/v2\/pages\/233"}],"wp:attachment":[{"href":"https:\/\/festivalesdeloscastillos.es\/2024\/wp-json\/wp\/v2\/media?parent=740"}],"curies":[{"name":"wp","href":"https:\/\/api.w.org\/{rel}","templated":true}]}}