{"id":725,"date":"2022-06-13T11:11:58","date_gmt":"2022-06-13T11:11:58","guid":{"rendered":"https:\/\/festivalesdeloscastillos.es\/2024\/?page_id=725"},"modified":"2024-08-14T21:46:42","modified_gmt":"2024-08-14T21:46:42","slug":"castillo-de-fraga","status":"publish","type":"page","link":"https:\/\/festivalesdeloscastillos.es\/2024\/programacion\/castillo-de-fraga\/","title":{"rendered":"Fraga"},"content":{"rendered":"<p>[vc_row css_animation=\u00bb\u00bb row_type=\u00bbrow\u00bb use_row_as_full_screen_section=\u00bbno\u00bb type=\u00bbgrid\u00bb angled_section=\u00bbno\u00bb text_align=\u00bbleft\u00bb background_image_as_pattern=\u00bbwithout_pattern\u00bb z_index=\u00bb\u00bb css=\u00bb.vc_custom_1690446085584{padding-top: 30px !important;padding-right: 15% !important;padding-bottom: -25% !important;padding-left: 15% !important;}\u00bb el_class=\u00bbno-bckg-img-ipad\u00bb][vc_column width=\u00bb1\/2&#8243;][vc_empty_space height=\u00bb100px\u00bb][vc_column_text]<\/p>\n<h3>30 agosto &gt; 1 sept.<\/h3>\n<p>[\/vc_column_text][vc_column_text]<\/p>\n<h1>Fraga<\/h1>\n<p>[\/vc_column_text][vc_empty_space height=\u00bb40px\u00bb][vc_column_text]<\/p>\n<p class=\"p1\"><span style=\"color: #333333;\"><strong>Entradas:<\/strong> Gratuito<\/span><\/p>\n<p>[\/vc_column_text][vc_empty_space height=\u00bb40px\u00bb]\n\n\t<a href=\"#\" target=\"_self\" style=\"color: #10181d;font-family: Vidaloka;font-size: 24px;font-weight: 400;text-transform: none;font-style: normal\" class=\"qode-btn qode-btn-medium qode-btn-simple qode-btn-custom-hover-color button-with-line qode-btn-default-hover\" data-hover-color=\"rgba(16,24,29,0.75)\" >\n\t    <span class=\"qode-btn-text\">Informaci\u00f3n tur\u00edstica<\/span>\t<\/a>\n\n[vc_empty_space height=\u00bb10px\u00bb]<a  itemprop=\"url\" href=\"https:\/\/festivalesdeloscastillos.es\/2024\/wp-content\/uploads\/2024\/08\/Programa-movil-Fraga.pdf\" target=\"_blank\" data-hover-background-color='#eae7da' data-hover-border-color='#eae7da' data-hover-color='#383838' class=\"qbutton  large center default\" style=\"color: #383838; border-color: #383838; margin: 10px 10px 10px 10px; background-color: rgba(0,0,0,0.01);\">VER INFORMACI\u00d3N<i class=\"qode_icon_font_awesome_5 fa5 fab fa-fort-awesome qode_button_icon_element\" style=\"color: #383838;\" ><\/i><\/a>[vc_empty_space height=\u00bb20px\u00bb][\/vc_column][vc_column width=\u00bb1\/2&#8243;][vc_single_image image=\u00bb1773&#8243; img_size=\u00bbfull\u00bb qode_css_animation=\u00bb\u00bb css=\u00bb.vc_custom_1723671834003{padding-top: 60px !important;}\u00bb][\/vc_column][\/vc_row][vc_row css_animation=\u00bbelement_from_left\u00bb row_type=\u00bbrow\u00bb use_row_as_full_screen_section=\u00bbno\u00bb type=\u00bbfull_width\u00bb angled_section=\u00bbno\u00bb text_align=\u00bbleft\u00bb background_image_as_pattern=\u00bbwithout_pattern\u00bb css=\u00bb.vc_custom_1690446092923{padding-top: 4% !important;padding-right: 14% !important;padding-bottom: 2% !important;padding-left: 14% !important;}\u00bb z_index=\u00bb\u00bb][vc_column width=\u00bb1\/2&#8243;][vc_column_text css=\u00bb.vc_custom_1723671974017{padding-bottom: 10px !important;}\u00bb]<\/p>\n<p style=\"text-align: right;\"><em>Viernes 30 de agosto | <\/em><em>20:30 h. Lo Castell<\/em><\/p>\n<p>[\/vc_column_text][vc_column_text]<\/p>\n<h3 style=\"text-align: right;\">ALPACA COLECTIVO DANZA: Que no ven<\/h3>\n<p>[\/vc_column_text][vc_empty_space height=\u00bb20px\u00bb][vc_row_inner row_type=\u00bbrow\u00bb use_as_box=\u00bbuse_row_as_box\u00bb type=\u00bbfull_width\u00bb text_align=\u00bbleft\u00bb css_animation=\u00bb\u00bb][vc_column_inner width=\u00bb1\/2&#8243;]<div class=\"custom_font_holder\" style=\"font-family: Roboto; font-size: 15px; line-height: 24px; font-style: normal; font-weight: 300; color: #3f3f3f; text-decoration: none; text-align: left;\">\n<p style=\"text-align: right;\"><strong>Modalidad:<\/strong> Danza<br \/>\n<strong>Duraci\u00f3n:<\/strong> 15 min.<br \/>\n<strong>Tipo de p\u00fablico:<\/strong> Todos p\u00fablicos<\/p>\n<\/div>[\/vc_column_inner][vc_column_inner width=\u00bb1\/2&#8243;]<div class=\"custom_font_holder\" style=\"font-family: Roboto; font-size: 15px; line-height: 24px; font-style: normal; font-weight: 300; color: #3f3f3f; text-decoration: none; text-align: left;\">\n<p style=\"text-align: right;\"><strong>Autor:<\/strong> Alejandro A. Longines<br \/>\n<strong>Int\u00e9rpretes:<\/strong> Carlos Campo, Francisco S\u00e1nchez, Alejandro A. Longines<\/p>\n<\/div>[\/vc_column_inner][\/vc_row_inner][vc_empty_space height=\u00bb20px\u00bb][vc_column_text]<\/p>\n<p style=\"text-align: right;\">\u00bfQu\u00e9 pasa cuando no vemos? \u00bfQu\u00e9 ocurre cuando no miramos?<\/p>\n<p style=\"text-align: right;\">Los ojos se desvanecen, pero la belleza permanece porque la piel alimenta el sentido de ver y el mundo se descubre ante la mirada ignorada.<\/p>\n<p style=\"text-align: right;\">A trav\u00e9s de esta pieza en la cual los bailarines bailan vendados descubrimos c\u00f3mo es posible bailar sin ver, sentir con la piel, querer con los o\u00eddos y abrazar con el olfato.<\/p>\n<p>[\/vc_column_text][\/vc_column][vc_column width=\u00bb1\/2&#8243;]<div class='image_hover ' style='' data-transition-delay=''><div class='images_holder'><img itemprop='image' class='' src='https:\/\/festivalesdeloscastillos.es\/2024\/wp-content\/uploads\/2024\/05\/ARTISTAS-FESTIVAL-CASTILLOS_0003_13.-FRAGA-ALPACA-DC-3.jpg' alt='' style='' \/><img itemprop='image' class='hover_image' src='' alt='' style='' \/><\/div><\/div>[\/vc_column][\/vc_row][vc_row css_animation=\u00bbelement_from_left\u00bb row_type=\u00bbrow\u00bb use_row_as_full_screen_section=\u00bbno\u00bb type=\u00bbfull_width\u00bb angled_section=\u00bbno\u00bb text_align=\u00bbleft\u00bb background_image_as_pattern=\u00bbwithout_pattern\u00bb css=\u00bb.vc_custom_1690446099379{padding-top: 2% !important;padding-right: 14% !important;padding-bottom: 2% !important;padding-left: 14% !important;}\u00bb z_index=\u00bb\u00bb][vc_column width=\u00bb1\/2&#8243;]<div class='image_hover ' style='' data-transition-delay=''><div class='images_holder'><img itemprop='image' class='' src='https:\/\/festivalesdeloscastillos.es\/2024\/wp-content\/uploads\/2024\/08\/ARTISTAS-FESTIVAL-CASTILLOS_FRAGA-DSeik.jpg' alt='' style='' \/><img itemprop='image' class='hover_image' src='' alt='' style='' \/><\/div><\/div>[\/vc_column][vc_column width=\u00bb1\/2&#8243;][vc_column_text css=\u00bb.vc_custom_1723671182958{padding-bottom: 10px !important;}\u00bb]<\/p>\n<p style=\"text-align: left;\">Viernes 30 de agosto | 21 y 24h. Lo Castell<\/p>\n<p>[\/vc_column_text][vc_column_text]<\/p>\n<h3 style=\"text-align: left;\">DJ D\u2019SEIK<\/h3>\n<p>[\/vc_column_text][vc_empty_space height=\u00bb20px\u00bb][vc_column_text]<\/p>\n<p style=\"text-align: left;\">La tarde y la noche del viernes las dejamos en manos de Sergio Artigas, capaz de tomar el pulso al p\u00fablico y llevarlo donde la m\u00fasica mande.<br \/>\nHabitual del tardeo en Zaragoza, ha pinchado en infinidad de eventos y salas.<br \/>\nSomos muy fans de \u00e9l y de su manera de entender el ritmo y damos fe que har\u00e1 que todo el mundo d\u00e9 lo mejor en la zona food trucks de Lo Castell.<\/p>\n<p>[\/vc_column_text][\/vc_column][\/vc_row][vc_row css_animation=\u00bbelement_from_left\u00bb row_type=\u00bbrow\u00bb use_row_as_full_screen_section=\u00bbno\u00bb type=\u00bbfull_width\u00bb angled_section=\u00bbno\u00bb text_align=\u00bbleft\u00bb background_image_as_pattern=\u00bbwithout_pattern\u00bb css=\u00bb.vc_custom_1690446099379{padding-top: 2% !important;padding-right: 14% !important;padding-bottom: 2% !important;padding-left: 14% !important;}\u00bb z_index=\u00bb\u00bb][vc_column width=\u00bb1\/2&#8243;][vc_column_text css=\u00bb.vc_custom_1723670534237{padding-bottom: 10px !important;}\u00bb]<\/p>\n<p style=\"text-align: right;\">Viernes 30 de agosto | 22:30 h. Lo Castell<\/p>\n<p>[\/vc_column_text][vc_column_text]<\/p>\n<h3 style=\"text-align: right;\"><strong>CARMEN BOZA: Concierto<\/strong><\/h3>\n<p>[\/vc_column_text][vc_empty_space height=\u00bb20px\u00bb][vc_row_inner row_type=\u00bbrow\u00bb use_as_box=\u00bbuse_row_as_box\u00bb type=\u00bbfull_width\u00bb text_align=\u00bbleft\u00bb css_animation=\u00bb\u00bb][vc_column_inner width=\u00bb1\/2&#8243;]<div class=\"custom_font_holder\" style=\"font-family: Roboto; font-size: 15px; line-height: 24px; font-style: normal; font-weight: 300; color: #3f3f3f; text-decoration: none; text-align: left;\">\n<p style=\"text-align: right;\"><strong>Modalidad:<\/strong> M\u00fasica<br \/>\n<strong>Duraci\u00f3n:<\/strong> 70 min.<\/p>\n<\/div>[\/vc_column_inner][vc_column_inner width=\u00bb1\/2&#8243;]<div class=\"custom_font_holder\" style=\"font-family: Roboto; font-size: 15px; line-height: 24px; font-style: normal; font-weight: 300; color: #3f3f3f; text-decoration: none; text-align: left;\">\n<p style=\"text-align: right;\"><strong>Autor:<\/strong> Carmen Boza<br \/>\n<strong>Tipo de p\u00fablico:<\/strong> Todos p\u00fablicos<\/p>\n<\/div>[\/vc_column_inner][\/vc_row_inner][vc_empty_space height=\u00bb20px\u00bb][vc_column_text]<\/p>\n<p style=\"text-align: right;\">Carmen Boza es una cantante y compositora espa\u00f1ola que empez\u00f3 su carrera subiendo videos a <em>Youtube<\/em>. Pero la fama le sorprendi\u00f3 cuando subi\u00f3 a <em>Tuenti <\/em>un v\u00eddeo con su canci\u00f3n <em>\u201cCartas desde el c\u00edrculo polar\u201d<\/em>. A partir de aqu\u00ed fue actuando en peque\u00f1os locales del pa\u00eds como la <em>Sala Galileo Galilei <\/em>o las salas de diversos <em>Fnac<\/em>. En 2012 publica su primer EP, <strong>\u201cLapislazuli\u201d, <\/strong>compuesto de cinco canciones y producido por <strong>Rom\u00e1n M\u00e9n-dez <\/strong>(bater\u00eda de <strong>Miss Caffeina<\/strong>) y abri\u00f3 un <em>crowfunding <\/em>para poder pagar su primer LP. En 2015 public\u00f3 <strong>\u201cLa Mansi\u00f3n de los Espejos\u201d <\/strong>(WMG).<\/p>\n<p style=\"text-align: right;\">Fuera del circuito de multinacionales public\u00f3 <strong>\u201cLa Caja Negra\u201d <\/strong>(2018), d\u00f3nde Carmen se desnudaba y lanzaba lo que es su mejor disco hasta la fecha y da el salto al gran p\u00fablico.<\/p>\n<p style=\"text-align: right;\">Este a\u00f1o ha publicado dos nuevos singles, de los que cuenta la artista, que forman parte de una nueva era. Con <em>\u201cUn golpe de suerte\u201d <\/em>y <em>\u201cLa grieta\u201d<\/em>, Carmen Boza nos presenta la nueva vertiente de su m\u00fasica indie-pop-rock que no dejar\u00e1 indiferente a nadie. En estos momentos ha vuelto a los escenarios para deleitarnos con todo su repertorio.<\/p>\n<p>[\/vc_column_text][\/vc_column][vc_column width=\u00bb1\/2&#8243;]<div class='image_hover ' style='' data-transition-delay=''><div class='images_holder'><img itemprop='image' class='' src='https:\/\/festivalesdeloscastillos.es\/2024\/wp-content\/uploads\/2024\/05\/ARTISTAS-FESTIVAL-CASTILLOS-2024_CARMEN-BOZA.jpg' alt='' style='' \/><img itemprop='image' class='hover_image' src='' alt='' style='' \/><\/div><\/div>[\/vc_column][\/vc_row][vc_row css_animation=\u00bbelement_from_right\u00bb row_type=\u00bbrow\u00bb use_row_as_full_screen_section=\u00bbno\u00bb type=\u00bbfull_width\u00bb angled_section=\u00bbno\u00bb text_align=\u00bbleft\u00bb background_image_as_pattern=\u00bbwithout_pattern\u00bb css=\u00bb.vc_custom_1690446117143{padding-top: 2% !important;padding-right: 14% !important;padding-bottom: 2% !important;padding-left: 14% !important;}\u00bb z_index=\u00bb\u00bb][vc_column width=\u00bb1\/2&#8243;]<div class='image_hover ' style='' data-transition-delay=''><div class='images_holder'><img itemprop='image' class='' src='https:\/\/festivalesdeloscastillos.es\/2024\/wp-content\/uploads\/2024\/08\/ARTISTAS-FESTIVAL-CASTILLOS_FRAGA-JornadasSgae.jpg' alt='' style='' \/><img itemprop='image' class='hover_image' src='' alt='' style='' \/><\/div><\/div>[\/vc_column][vc_column width=\u00bb1\/2&#8243;][vc_column_text css=\u00bb.vc_custom_1723670837981{padding-bottom: 10px !important;}\u00bb]<\/p>\n<p style=\"text-align: left;\"><em>S\u00e1bado 31 de agosto | 11:30 h. Palacio Montcada<\/em><\/p>\n<p>[\/vc_column_text][vc_column_text]<\/p>\n<h3>JORNADAS FUNDACI\u00d3N SGAE<br \/>\nLA M\u00daSICA Y SU PAPEL TRANSFORMADOR EN EL TERRITORIO<\/h3>\n<p>[\/vc_column_text][vc_empty_space height=\u00bb20px\u00bb][vc_empty_space height=\u00bb20px\u00bb][vc_column_text]La m\u00fasica desempe\u00f1a un papel fundamental en la vida de las comunidades rurales, es una forma de expresi\u00f3n cultural, un medio para preservar tradiciones y un veh\u00edculo para la conexi\u00f3n social. En muchos casos, la m\u00fasica en el medio rural refleja la identidad y la historia de la comunidad, transmitiendo valores y creencias a trav\u00e9s de sus letras y melod\u00edas.<br \/>\nLa pr\u00e1ctica tiene un impacto significativo en el bienestar emocional de sus habitantes, proporcionando un escape creativo y una forma de expresar emociones y fomenta la cohesi\u00f3n social, al reunir a las personas en eventos musicales y celebraciones comunitarias.<br \/>\nEn t\u00e9rminos econ\u00f3micos, puede ser un motor de desarrollo, atrayendo turismo y generando oportunidades de empleo en sectores como la organizaci\u00f3n de eventos, la producci\u00f3n musical y la ense\u00f1anza de m\u00fasica.<br \/>\nEn resumen, tiene el poder de transformar comunidades, fortalecer la identidad cultural, promover el bienestar y estimular el desarrollo econ\u00f3mico. Es un recurso valioso que merece ser valorado y apoyado.[\/vc_column_text][\/vc_column][\/vc_row][vc_row css_animation=\u00bbelement_from_right\u00bb row_type=\u00bbrow\u00bb use_row_as_full_screen_section=\u00bbno\u00bb type=\u00bbfull_width\u00bb angled_section=\u00bbno\u00bb text_align=\u00bbleft\u00bb background_image_as_pattern=\u00bbwithout_pattern\u00bb css=\u00bb.vc_custom_1690446117143{padding-top: 2% !important;padding-right: 14% !important;padding-bottom: 2% !important;padding-left: 14% !important;}\u00bb z_index=\u00bb\u00bb][vc_column width=\u00bb1\/2&#8243;][vc_column_text css=\u00bb.vc_custom_1723671332740{padding-bottom: 10px !important;}\u00bb]<\/p>\n<p style=\"text-align: right;\"><em>S\u00e1bado 31 de agosto | 20:30 h. Lo Castell<\/em><\/p>\n<p>[\/vc_column_text][vc_column_text]<\/p>\n<h3 style=\"text-align: right;\"><strong>PABLO P. ALONSO &amp; LAURA L. MU\u00d1OZ: Bailaban las perolas<\/strong><\/h3>\n<p>[\/vc_column_text][vc_empty_space height=\u00bb20px\u00bb][vc_row_inner row_type=\u00bbrow\u00bb use_as_box=\u00bbuse_row_as_box\u00bb type=\u00bbfull_width\u00bb text_align=\u00bbleft\u00bb css_animation=\u00bb\u00bb][vc_column_inner width=\u00bb1\/2&#8243;]<div class=\"custom_font_holder\" style=\"font-family: Roboto; font-size: 15px; line-height: 24px; font-style: normal; font-weight: 300; color: #3f3f3f; text-decoration: none; text-align: left;\">\n<p style=\"text-align: right;\"><strong>Modalidad:<\/strong> Danza<br \/>\n<strong>Duraci\u00f3n:<\/strong> 20 min.<\/p>\n<\/div>[\/vc_column_inner][vc_column_inner width=\u00bb1\/2&#8243;]<div class=\"custom_font_holder\" style=\"font-family: Roboto; font-size: 15px; line-height: 24px; font-style: normal; font-weight: 300; color: #3f3f3f; text-decoration: none; text-align: left;\">\n<p style=\"text-align: right;\"><strong>Int\u00e9rpretes:<\/strong> Laura L\u00f3pez y Pablo P\u00e9rez<br \/>\n<strong>Tipo de p\u00fablico:<\/strong> Todos p\u00fablicos<\/p>\n<\/div>[\/vc_column_inner][\/vc_row_inner][vc_empty_space height=\u00bb20px\u00bb][vc_column_text]<\/p>\n<p style=\"text-align: right;\">\u00bfQu\u00e9 nos queda de aquello que contaba el abuelo?<\/p>\n<p style=\"text-align: right;\"><em>Bailaban las perolas <\/em>[ollas en aragon\u00e9s] es una historia que se trasmite de boca en boca. Recoge las dualidades de una generaci\u00f3n, en ocasiones olvidada, y nos habla de lo cerca que pueden estar dos emociones antag\u00f3nicas, el miedo y el gozo, y como uno existe dentro del otro.<\/p>\n<p style=\"text-align: right;\">El abuelo nos dej\u00f3 una herencia sobre la que reflexionar, aquella casa donde por las noches atemorizaba el ruido de perolas y las sombras, escond\u00eda el baile clandestino que hac\u00eda que la casa cobrara vida. De la oscuridad emerg\u00eda la fiesta.<\/p>\n<p style=\"text-align: right;\">Hoy queda en pie la pared que la sostuvo y ecos de aquellas historias, pero \u00bfqu\u00e9 quedar\u00e1 ma\u00f1ana? \u00bfQu\u00e9 nos trae el presente si del pasado no qued\u00f3 nada?<\/p>\n<p>[\/vc_column_text][\/vc_column][vc_column width=\u00bb1\/2&#8243;]<div class='image_hover ' style='' data-transition-delay=''><div class='images_holder'><img itemprop='image' class='' src='https:\/\/festivalesdeloscastillos.es\/2024\/wp-content\/uploads\/2024\/05\/ARTISTAS-FESTIVAL-CASTILLOS_0001_13.-FRAGA-PABLO-P-2.jpg' alt='' style='' \/><img itemprop='image' class='hover_image' src='' alt='' style='' \/><\/div><\/div>[\/vc_column][\/vc_row][vc_row css_animation=\u00bbelement_from_left\u00bb row_type=\u00bbrow\u00bb use_row_as_full_screen_section=\u00bbno\u00bb type=\u00bbfull_width\u00bb angled_section=\u00bbno\u00bb text_align=\u00bbleft\u00bb background_image_as_pattern=\u00bbwithout_pattern\u00bb css=\u00bb.vc_custom_1690446123014{padding-top: 4% !important;padding-right: 14% !important;padding-bottom: 2% !important;padding-left: 14% !important;}\u00bb z_index=\u00bb\u00bb][vc_column width=\u00bb1\/2&#8243;]<div class='image_hover ' style='' data-transition-delay=''><div class='images_holder'><img itemprop='image' class='' src='https:\/\/festivalesdeloscastillos.es\/2024\/wp-content\/uploads\/2024\/08\/ARTISTAS-FESTIVAL-CASTILLOS_FRAGA-Barbara.jpg' alt='' style='' \/><img itemprop='image' class='hover_image' src='' alt='' style='' \/><\/div><\/div>[\/vc_column][vc_column width=\u00bb1\/2&#8243;][vc_column_text css=\u00bb.vc_custom_1723671384891{padding-bottom: 10px !important;}\u00bb]<\/p>\n<p style=\"text-align: left;\"><em>S\u00e1bado 31 de agosto | 21 y 24 h. Lo Castell<\/em><\/p>\n<p>[\/vc_column_text][vc_column_text]<\/p>\n<h3 style=\"text-align: left;\"><strong>BARBARA GARTLAND DJ<\/strong><\/h3>\n<p>[\/vc_column_text][vc_empty_space height=\u00bb20px\u00bb][vc_column_text]<\/p>\n<p style=\"text-align: left;\">Eclecticismo contempor\u00e1neo + veneno tropical<\/p>\n<p style=\"text-align: left;\">Este ser\u00eda el resumen del concepto de la sesi\u00f3n que propone la imparable B\u00e1rbara Gartland para cerrar la noche en esta extensa jornada en el parque. Su nombre se ha convertido en habitual de carteles de las nuevas sesiones de tarde y de los eventos de moda en Zaragoza y Arag\u00f3n.<\/p>\n<p style=\"text-align: left;\">Detr\u00e1s de B\u00e1rbara Gartland se esconde la artista y creativa bilbilitana Aurora Ver\u00f3n.<\/p>\n<p>[\/vc_column_text][vc_empty_space height=\u00bb20px\u00bb][\/vc_column][\/vc_row][vc_row css_animation=\u00bbelement_from_left\u00bb row_type=\u00bbrow\u00bb use_row_as_full_screen_section=\u00bbno\u00bb type=\u00bbfull_width\u00bb angled_section=\u00bbno\u00bb text_align=\u00bbleft\u00bb background_image_as_pattern=\u00bbwithout_pattern\u00bb css=\u00bb.vc_custom_1690446123014{padding-top: 4% !important;padding-right: 14% !important;padding-bottom: 2% !important;padding-left: 14% !important;}\u00bb z_index=\u00bb\u00bb][vc_column width=\u00bb1\/2&#8243;][vc_column_text css=\u00bb.vc_custom_1723671108680{padding-bottom: 10px !important;}\u00bb]<\/p>\n<p style=\"text-align: right;\"><em>S\u00e1bado 31 de agosto | 22:30 h. Lo Castell<\/em><\/p>\n<p>[\/vc_column_text][vc_column_text]<\/p>\n<h3 style=\"text-align: right;\"><strong>SANCHO &amp; SWING<\/strong><\/h3>\n<p>[\/vc_column_text][vc_empty_space height=\u00bb20px\u00bb][vc_row_inner row_type=\u00bbrow\u00bb use_as_box=\u00bbuse_row_as_box\u00bb type=\u00bbfull_width\u00bb text_align=\u00bbleft\u00bb css_animation=\u00bb\u00bb][vc_column_inner width=\u00bb1\/2&#8243;]<div class=\"custom_font_holder\" style=\"font-family: Roboto; font-size: 15px; line-height: 24px; font-style: normal; font-weight: 300; color: #3f3f3f; text-decoration: none; text-align: left;\">\n<p style=\"text-align: right;\"><strong>Modalidad:<\/strong> M\u00fasica<br \/>\n<strong>Duraci\u00f3n:<\/strong> 75 min.<\/p>\n<\/div>[\/vc_column_inner][vc_column_inner width=\u00bb1\/2&#8243;]<div class=\"custom_font_holder\" style=\"font-family: Roboto; font-size: 15px; line-height: 24px; font-style: normal; font-weight: 300; color: #3f3f3f; text-decoration: none; text-align: left;\">\n<p style=\"text-align: right;\"><strong>Autores:<\/strong> Varios<br \/>\n<strong>Tipo de p\u00fablico:<\/strong> Todos p\u00fablicos<\/p>\n<\/div>[\/vc_column_inner][\/vc_row_inner][vc_empty_space height=\u00bb20px\u00bb][vc_column_text]<\/p>\n<p style=\"text-align: right;\">Ya desde la cuna, su padre, m\u00fasico saxofonista, le introdujo en el mundo de la m\u00fasica. Fue su participaci\u00f3n en el programa televisivo \u201cDestino eurovisi\u00f3n\u201c para representar a Espa\u00f1a en el festival de Eurovisi\u00f3n, donde lleg\u00f3 hasta la fase final, clasific\u00e1ndose en 4\u00ba lugar del total de los artistas, y en 2\u00ba seg\u00fan el n\u00famero de votos recibidos por SMS. Todo ello deriv\u00f3 en el actual proyecto, Sancho &amp; Swing,<\/p>\n<p style=\"text-align: right;\">David formado tambi\u00e9n como actor ha trabajado en televisi\u00f3n y le hemos visto en series como \u00abTierra de Lobos\u201d, \u201cAida\u00bb, \u201c\u00c1guila roja\u201d, \u00ab90-60-90 Diario de una adolescente\u00bb, o \u00abAmar en tiempos revueltos\u00bb. Tambi\u00e9n en cine en el reciente largometraje \u201cNovatos\u201d a\u00fan por estrenar e igualmente son habituales sus apariciones en spots televisivos como el actual de Sanidad en la comunidad de Madrid.<\/p>\n<p>[\/vc_column_text][vc_empty_space height=\u00bb20px\u00bb][\/vc_column][vc_column width=\u00bb1\/2&#8243;]<div class='image_hover ' style='' data-transition-delay=''><div class='images_holder'><img itemprop='image' class='' src='https:\/\/festivalesdeloscastillos.es\/2024\/wp-content\/uploads\/2024\/05\/ARTISTAS-FESTIVAL-CASTILLOS_0000_13.-FRAGA-SANCHO-SWING.jpg' alt='' style='' \/><img itemprop='image' class='hover_image' src='' alt='' style='' \/><\/div><\/div>[\/vc_column][\/vc_row][vc_row css_animation=\u00bbelement_from_left\u00bb row_type=\u00bbrow\u00bb use_row_as_full_screen_section=\u00bbno\u00bb type=\u00bbfull_width\u00bb angled_section=\u00bbno\u00bb text_align=\u00bbleft\u00bb background_image_as_pattern=\u00bbwithout_pattern\u00bb css=\u00bb.vc_custom_1690446123014{padding-top: 4% !important;padding-right: 14% !important;padding-bottom: 2% !important;padding-left: 14% !important;}\u00bb z_index=\u00bb\u00bb][vc_column width=\u00bb1\/2&#8243;]<div class='image_hover ' style='' data-transition-delay=''><div class='images_holder'><img itemprop='image' class='' src='https:\/\/festivalesdeloscastillos.es\/2024\/wp-content\/uploads\/2024\/05\/ARTISTAS-FESTIVAL-CASTILLOS-2024_0000_ALBERTO-VELASCO.jpg' alt='' style='' \/><img itemprop='image' class='hover_image' src='' alt='' style='' \/><\/div><\/div>[\/vc_column][vc_column width=\u00bb1\/2&#8243;][vc_column_text css=\u00bb.vc_custom_1723670970517{padding-bottom: 10px !important;}\u00bb]<\/p>\n<p style=\"text-align: left;\"><em>Domingo 1 de septiembre | 20:30 h. Lo Castell<\/em><\/p>\n<p>[\/vc_column_text][vc_column_text]<\/p>\n<h3 style=\"text-align: left;\"><strong>ALBERTO VELASCO: Mover monta\u00f1as<\/strong><\/h3>\n<p>[\/vc_column_text][vc_empty_space height=\u00bb20px\u00bb][vc_row_inner row_type=\u00bbrow\u00bb use_as_box=\u00bbuse_row_as_box\u00bb type=\u00bbfull_width\u00bb text_align=\u00bbleft\u00bb css_animation=\u00bb\u00bb][vc_column_inner width=\u00bb1\/2&#8243;]<div class=\"custom_font_holder\" style=\"font-family: Roboto; font-size: 15px; line-height: 24px; font-style: normal; font-weight: 300; color: #3f3f3f; text-decoration: none; text-align: left;\">\n<p style=\"text-align: left;\"><strong>Modalidad:<\/strong> Danza<br \/>\n<strong>Duraci\u00f3n:<\/strong> 50 min.<\/p>\n<\/div>[\/vc_column_inner][vc_column_inner width=\u00bb1\/2&#8243;]<div class=\"custom_font_holder\" style=\"font-family: Roboto; font-size: 15px; line-height: 24px; font-style: normal; font-weight: 300; color: #3f3f3f; text-decoration: none; text-align: left;\">\n<p style=\"text-align: left;\"><strong>Autor e int\u00e9rprete:<\/strong> Alberto Velasco<br \/>\n<strong>Tipo de p\u00fablico:<\/strong> A partir de 13 a\u00f1os<\/p>\n<\/div>[\/vc_column_inner][\/vc_row_inner][vc_column_text]<\/p>\n<p style=\"text-align: left;\">Un terremoto de carne que abra grietas en lo inm\u00f3vil mi cuerpo es una monta\u00f1a \u00e1gil y libre vamos a moverla para que los profetas vengan a profanarla<\/p>\n<p style=\"text-align: left;\">Nazco fruto del encuentro de castellanos y de emigrantes andaluces y extreme\u00f1os. Soy hijo de Castilla. Soy cuerpo de su ra\u00edz, de su estepa, de su cielo levantado, los hombros encogidos, las heladas de frio, el an\u00eds, las dulzainas, los quintos, el futbol, las enaguas, las flores en las cruces, las im\u00e1genes en hombros, las arrugas y el horizonte. Pero tambi\u00e9n soy hijo del quej\u00edo, del pasodoble, de las verbenas, de lo ib\u00e9rico, de los gritos en la plaza, del silencio, las leyendas de los bosques, de escopetas y vaho blanco. Soy la vibraci\u00f3n soterrada de un folclore que atraviesa nuestra identidad mestiza. Siento mi identidad como un volc\u00e1n lleno de lavas muy distintas, de diferentes procedencias que me hacen vibrar, sacudir y expandir. Las abrazo todas. No dejo que mi ideolog\u00eda cuestione nada. Sonidos milenarios y sonidos que a\u00fan est\u00e1n por escuchar. No entiendo la transmisi\u00f3n de la tradici\u00f3n sin evoluci\u00f3n. Este no es un trabajo de arqueolog\u00eda ni un rescate muse\u00edstico de tradiciones, es una canci\u00f3n libre, gozosa y bella de lo que la tradici\u00f3n significa en m\u00ed. Por eso voy a mover las monta\u00f1as. Por eso voy a danzar. Por eso voy a llamar a los dioses con mi danza.<\/p>\n<p>[\/vc_column_text][vc_empty_space height=\u00bb20px\u00bb][\/vc_column][\/vc_row][vc_row css_animation=\u00bb\u00bb row_type=\u00bbrow\u00bb use_row_as_full_screen_section=\u00bbno\u00bb type=\u00bbfull_width\u00bb angled_section=\u00bbno\u00bb text_align=\u00bbleft\u00bb background_image_as_pattern=\u00bbwithout_pattern\u00bb css=\u00bb.vc_custom_1690449381853{padding-top: 100px !important;padding-right: 8% !important;padding-left: 8% !important;}\u00bb z_index=\u00bb\u00bb el_class=\u00bbno-bckg-img-ipad\u00bb][vc_column][vc_column_text css=\u00bb.vc_custom_1654939040389{padding-bottom: 18px !important;}\u00bb]<\/p>\n<h3 style=\"text-align: center;\">\u00bfConoces el resto de Castillos?<\/h3>\n<p>[\/vc_column_text]<div class='qode_carousels_holder clearfix'><div class='qode_carousels' data-number-of-visible-items=''><ul class='slides'><li class='item'><div class=\"carousel_item_holder\"><a itemprop='url' href='https:\/\/festivalesdeloscastillos.es\/2024\/programacion\/castillo-de-grisel\/' target='_self'><span class='first_image_holder has_hover_image'><img decoding=\"async\" itemprop=\"image\" src=\"https:\/\/festivalesdeloscastillos.es\/2024\/wp-content\/uploads\/2024\/05\/Carteles-Home-2024_0010_1-GRISEL.png\" alt=\"carousel image\" \/><\/span><span class='second_image_holder has_hover_image'><img decoding=\"async\" itemprop=\"image\" src=\"https:\/\/festivalesdeloscastillos.es\/2024\/wp-content\/uploads\/2024\/05\/Carteles-Home-2024_0010_1-GRISEL.png\" alt=\"carousel image\" \/><\/span><\/a><\/div><\/li><li class='item'><div class=\"carousel_item_holder\"><a itemprop='url' href='https:\/\/festivalesdeloscastillos.es\/2024\/programacion\/castillo-de-illueca\/' target='_self'><span class='first_image_holder has_hover_image'><img decoding=\"async\" itemprop=\"image\" src=\"https:\/\/festivalesdeloscastillos.es\/2024\/wp-content\/uploads\/2024\/05\/Carteles-Home-2024_0008_3-ILLUECA.png\" alt=\"carousel image\" \/><\/span><span class='second_image_holder has_hover_image'><img decoding=\"async\" itemprop=\"image\" src=\"https:\/\/festivalesdeloscastillos.es\/2024\/wp-content\/uploads\/2024\/05\/Carteles-Home-2024_0008_3-ILLUECA.png\" alt=\"carousel image\" \/><\/span><\/a><\/div><\/li><li class='item'><div class=\"carousel_item_holder\"><a itemprop='url' href='https:\/\/festivalesdeloscastillos.es\/2024\/programacion\/castillo-de-alfajarin\/' target='_self'><span class='first_image_holder has_hover_image'><img decoding=\"async\" itemprop=\"image\" src=\"https:\/\/festivalesdeloscastillos.es\/2024\/wp-content\/uploads\/2024\/05\/Carteles-Home-2024_0009_2-ALFAJARIN.png\" alt=\"carousel image\" \/><\/span><span class='second_image_holder has_hover_image'><img decoding=\"async\" itemprop=\"image\" src=\"https:\/\/festivalesdeloscastillos.es\/2024\/wp-content\/uploads\/2024\/05\/Carteles-Home-2024_0009_2-ALFAJARIN.png\" alt=\"carousel image\" \/><\/span><\/a><\/div><\/li><li class='item'><div class=\"carousel_item_holder\"><a itemprop='url' href='https:\/\/festivalesdeloscastillos.es\/2024\/programacion\/castillo-de-mesones-isuela\/' target='_self'><span class='first_image_holder has_hover_image'><img decoding=\"async\" itemprop=\"image\" src=\"https:\/\/festivalesdeloscastillos.es\/2024\/wp-content\/uploads\/2024\/06\/Carteles-Home-2024_0006_5-MESONES-DE-ISUELA.png\" alt=\"carousel image\" \/><\/span><span class='second_image_holder has_hover_image'><img decoding=\"async\" itemprop=\"image\" src=\"https:\/\/festivalesdeloscastillos.es\/2024\/wp-content\/uploads\/2024\/06\/Carteles-Home-2024_0006_5-MESONES-DE-ISUELA.png\" alt=\"carousel image\" \/><\/span><\/a><\/div><\/li><li class='item'><div class=\"carousel_item_holder\"><a itemprop='url' href='https:\/\/festivalesdeloscastillos.es\/2024\/programacion\/castillo-de-jarque\/' target='_self'><span class='first_image_holder has_hover_image'><img decoding=\"async\" itemprop=\"image\" src=\"https:\/\/festivalesdeloscastillos.es\/2024\/wp-content\/uploads\/2024\/07\/Carteles-Home-2024_0004_7-JARQUE-DE-MONCAYO-OK.png\" alt=\"carousel image\" \/><\/span><span class='second_image_holder has_hover_image'><img decoding=\"async\" itemprop=\"image\" src=\"https:\/\/festivalesdeloscastillos.es\/2024\/wp-content\/uploads\/2024\/07\/Carteles-Home-2024_0004_7-JARQUE-DE-MONCAYO-OK.png\" alt=\"carousel image\" \/><\/span><\/a><\/div><\/li><li class='item'><div class=\"carousel_item_holder\"><a itemprop='url' href='https:\/\/festivalesdeloscastillos.es\/2024\/programacion\/castillo-de-valderrobres\/' target='_self'><span class='first_image_holder has_hover_image'><img decoding=\"async\" itemprop=\"image\" src=\"https:\/\/festivalesdeloscastillos.es\/2024\/wp-content\/uploads\/2024\/05\/Carteles-Home-2024_0003_9-VALDERROBRES.png\" alt=\"carousel image\" \/><\/span><span class='second_image_holder has_hover_image'><img decoding=\"async\" itemprop=\"image\" src=\"https:\/\/festivalesdeloscastillos.es\/2024\/wp-content\/uploads\/2024\/05\/Carteles-Home-2024_0003_9-VALDERROBRES.png\" alt=\"carousel image\" \/><\/span><\/a><\/div><\/li><li class='item'><div class=\"carousel_item_holder\"><a itemprop='url' href='https:\/\/festivalesdeloscastillos.es\/2024\/programacion\/san-agustin\/' target='_self'><span class='first_image_holder has_hover_image'><img decoding=\"async\" itemprop=\"image\" src=\"https:\/\/festivalesdeloscastillos.es\/2024\/wp-content\/uploads\/2024\/05\/Carteles-Home-2024_0001_12-SAN-AGUSTIN-1.png\" alt=\"carousel image\" \/><\/span><span class='second_image_holder has_hover_image'><img decoding=\"async\" itemprop=\"image\" src=\"https:\/\/festivalesdeloscastillos.es\/2024\/wp-content\/uploads\/2024\/05\/Carteles-Home-2024_0001_12-SAN-AGUSTIN-1.png\" alt=\"carousel image\" \/><\/span><\/a><\/div><\/li><li class='item'><div class=\"carousel_item_holder\"><a itemprop='url' href='https:\/\/festivalesdeloscastillos.es\/2024\/programacion\/castillo-de-sadaba\/' target='_self'><span class='first_image_holder has_hover_image'><img decoding=\"async\" itemprop=\"image\" src=\"https:\/\/festivalesdeloscastillos.es\/2024\/wp-content\/uploads\/2024\/05\/Carteles-Home-2024_0002_10-SADABA.png\" alt=\"carousel image\" \/><\/span><span class='second_image_holder has_hover_image'><img decoding=\"async\" itemprop=\"image\" src=\"https:\/\/festivalesdeloscastillos.es\/2024\/wp-content\/uploads\/2024\/05\/Carteles-Home-2024_0002_10-SADABA.png\" alt=\"carousel image\" \/><\/span><\/a><\/div><\/li><li class='item'><div class=\"carousel_item_holder\"><a itemprop='url' href='https:\/\/festivalesdeloscastillos.es\/2024\/programacion\/festival-anon-de-moncayo\/' target='_self'><span class='first_image_holder has_hover_image'><img decoding=\"async\" itemprop=\"image\" src=\"https:\/\/festivalesdeloscastillos.es\/2024\/wp-content\/uploads\/2024\/07\/Carteles-Home-2024_0007_4-AN\u0303ON-DE-MONCAYO-OK.png\" alt=\"carousel image\" \/><\/span><span class='second_image_holder has_hover_image'><img decoding=\"async\" itemprop=\"image\" src=\"https:\/\/festivalesdeloscastillos.es\/2024\/wp-content\/uploads\/2024\/07\/Carteles-Home-2024_0007_4-AN\u0303ON-DE-MONCAYO-OK.png\" alt=\"carousel image\" \/><\/span><\/a><\/div><\/li><li class='item'><div class=\"carousel_item_holder\"><a itemprop='url' href='https:\/\/festivalesdeloscastillos.es\/2024\/programacion\/castillo-albalate-del-arzobispo\/' target='_self'><span class='first_image_holder has_hover_image'><img decoding=\"async\" itemprop=\"image\" src=\"https:\/\/festivalesdeloscastillos.es\/2024\/wp-content\/uploads\/2024\/05\/Carteles-Home-2024_0010_11-ALBALATE.png\" alt=\"carousel image\" \/><\/span><span class='second_image_holder has_hover_image'><img decoding=\"async\" itemprop=\"image\" src=\"https:\/\/festivalesdeloscastillos.es\/2024\/wp-content\/uploads\/2024\/05\/Carteles-Home-2024_0010_11-ALBALATE.png\" alt=\"carousel image\" \/><\/span><\/a><\/div><\/li><li class='item'><div class=\"carousel_item_holder\"><a itemprop='url' href='https:\/\/festivalesdeloscastillos.es\/2024\/programacion\/castillo-loarre' target='_self'><span class='first_image_holder has_hover_image'><img decoding=\"async\" itemprop=\"image\" src=\"https:\/\/festivalesdeloscastillos.es\/2024\/wp-content\/uploads\/2024\/07\/Carteles-Home-2024_LOARRE-OK.png\" alt=\"carousel image\" \/><\/span><span class='second_image_holder has_hover_image'><img decoding=\"async\" itemprop=\"image\" src=\"https:\/\/festivalesdeloscastillos.es\/2024\/wp-content\/uploads\/2024\/07\/Carteles-Home-2024_LOARRE-OK.png\" alt=\"carousel image\" \/><\/span><\/a><\/div><\/li><li class='item'><div class=\"carousel_item_holder\"><a itemprop='url' href='https:\/\/festivalesdeloscastillos.es\/2024\/programacion\/novallas' target='_self'><span class='first_image_holder has_hover_image'><img decoding=\"async\" itemprop=\"image\" src=\"https:\/\/festivalesdeloscastillos.es\/2024\/wp-content\/uploads\/2024\/05\/Carteles-Home-2024_0005_6-NOVALLAS.png\" alt=\"carousel image\" \/><\/span><span class='second_image_holder has_hover_image'><img decoding=\"async\" itemprop=\"image\" src=\"https:\/\/festivalesdeloscastillos.es\/2024\/wp-content\/uploads\/2024\/05\/Carteles-Home-2024_0005_6-NOVALLAS.png\" alt=\"carousel image\" \/><\/span><\/a><\/div><\/li><li class='item'><div class=\"carousel_item_holder\"><a itemprop='url' href='https:\/\/festivalesdeloscastillos.es\/2024\/programacion\/castillo-de-fraga\/' target='_self'><span class='first_image_holder has_hover_image'><img decoding=\"async\" itemprop=\"image\" src=\"https:\/\/festivalesdeloscastillos.es\/2024\/wp-content\/uploads\/2024\/08\/Carteles-Home-2024_13-FRAGA-FINAL.png\" alt=\"carousel image\" \/><\/span><span class='second_image_holder has_hover_image'><img decoding=\"async\" itemprop=\"image\" src=\"https:\/\/festivalesdeloscastillos.es\/2024\/wp-content\/uploads\/2024\/08\/Carteles-Home-2024_13-FRAGA-FINAL.png\" alt=\"carousel image\" \/><\/span><\/a><\/div><\/li><\/ul><\/div><\/div>[\/vc_column][\/vc_row][vc_row css_animation=\u00bb\u00bb row_type=\u00bbrow\u00bb use_row_as_full_screen_section=\u00bbno\u00bb type=\u00bbgrid\u00bb angled_section=\u00bbno\u00bb text_align=\u00bbleft\u00bb background_image_as_pattern=\u00bbwithout_pattern\u00bb z_index=\u00bb\u00bb css=\u00bb.vc_custom_1716368689330{margin-top: -10% !important;padding-top: 120px !important;padding-bottom: 80px !important;background-color: #e6e3dc !important;background-position: 0 0 !important;background-repeat: repeat !important;}\u00bb][vc_column width=\u00bb3\/5&#8243;][vc_empty_space height=\u00bb60px\u00bb][\/vc_column][vc_column width=\u00bb2\/5&#8243;][vc_empty_space height=\u00bb60px\u00bb][\/vc_column][\/vc_row]<\/p>\n","protected":false},"excerpt":{"rendered":"<p>[vc_row css_animation=\u00bb\u00bb row_type=\u00bbrow\u00bb use_row_as_full_screen_section=\u00bbno\u00bb type=\u00bbgrid\u00bb angled_section=\u00bbno\u00bb text_align=\u00bbleft\u00bb background_image_as_pattern=\u00bbwithout_pattern\u00bb z_index=\u00bb\u00bb css=\u00bb.vc_custom_1690446085584{padding-top: 30px !important;padding-right: 15% !important;padding-bottom: -25% !important;padding-left: 15% !important;}\u00bb el_class=\u00bbno-bckg-img-ipad\u00bb][vc_column width=\u00bb1\/2&#8243;][vc_empty_space height=\u00bb100px\u00bb][vc_column_text] 30 agosto &gt; 1 sept. [\/vc_column_text][vc_column_text] Fraga [\/vc_column_text][vc_empty_space height=\u00bb40px\u00bb][vc_column_text] Entradas: Gratuito [\/vc_column_text][vc_empty_space height=\u00bb40px\u00bb][vc_empty_space height=\u00bb10px\u00bb][vc_empty_space height=\u00bb20px\u00bb][\/vc_column][vc_column width=\u00bb1\/2&#8243;][vc_single_image image=\u00bb1773&#8243; img_size=\u00bbfull\u00bb qode_css_animation=\u00bb\u00bb css=\u00bb.vc_custom_1723671834003{padding-top: 60px !important;}\u00bb][\/vc_column][\/vc_row][vc_row css_animation=\u00bbelement_from_left\u00bb row_type=\u00bbrow\u00bb&#8230;<\/p>\n","protected":false},"author":1,"featured_media":0,"parent":233,"menu_order":12,"comment_status":"closed","ping_status":"closed","template":"full_width.php","meta":{"footnotes":""},"class_list":["post-725","page","type-page","status-publish","hentry"],"yoast_head":"<!-- This site is optimized with the Yoast SEO plugin v25.1 - https:\/\/yoast.com\/wordpress\/plugins\/seo\/ -->\n<title>Fraga - Festivales de los Castillos<\/title>\n<meta name=\"description\" content=\"Castillo de Fraga: Festivales de los Castillos, festival de m\u00fasica, arte, teatro y danza con una amplia tradici\u00f3n y artistas.\" \/>\n<meta name=\"robots\" content=\"index, follow, max-snippet:-1, max-image-preview:large, max-video-preview:-1\" \/>\n<link rel=\"canonical\" href=\"https:\/\/festivalesdeloscastillos.es\/2024\/programacion\/castillo-de-fraga\/\" \/>\n<meta property=\"og:locale\" content=\"es_ES\" \/>\n<meta property=\"og:type\" content=\"article\" \/>\n<meta property=\"og:title\" content=\"Fraga - Festivales de los Castillos\" \/>\n<meta property=\"og:description\" content=\"Castillo de Fraga: Festivales de los Castillos, festival de m\u00fasica, arte, teatro y danza con una amplia tradici\u00f3n y artistas.\" \/>\n<meta property=\"og:url\" content=\"https:\/\/festivalesdeloscastillos.es\/2024\/programacion\/castillo-de-fraga\/\" \/>\n<meta property=\"og:site_name\" content=\"Festivales de los Castillos\" \/>\n<meta property=\"article:modified_time\" content=\"2024-08-14T21:46:42+00:00\" \/>\n<meta name=\"twitter:card\" content=\"summary_large_image\" \/>\n<meta name=\"twitter:label1\" content=\"Tiempo de lectura\" \/>\n\t<meta name=\"twitter:data1\" content=\"7 minutos\" \/>\n<script type=\"application\/ld+json\" class=\"yoast-schema-graph\">{\"@context\":\"https:\/\/schema.org\",\"@graph\":[{\"@type\":\"WebPage\",\"@id\":\"https:\/\/festivalesdeloscastillos.es\/2024\/programacion\/castillo-de-fraga\/\",\"url\":\"https:\/\/festivalesdeloscastillos.es\/2024\/programacion\/castillo-de-fraga\/\",\"name\":\"Fraga - Festivales de los Castillos\",\"isPartOf\":{\"@id\":\"https:\/\/festivalesdeloscastillos.es\/2024\/#website\"},\"datePublished\":\"2022-06-13T11:11:58+00:00\",\"dateModified\":\"2024-08-14T21:46:42+00:00\",\"description\":\"Castillo de Fraga: Festivales de los Castillos, festival de m\u00fasica, arte, teatro y danza con una amplia tradici\u00f3n y artistas.\",\"breadcrumb\":{\"@id\":\"https:\/\/festivalesdeloscastillos.es\/2024\/programacion\/castillo-de-fraga\/#breadcrumb\"},\"inLanguage\":\"es\",\"potentialAction\":[{\"@type\":\"ReadAction\",\"target\":[\"https:\/\/festivalesdeloscastillos.es\/2024\/programacion\/castillo-de-fraga\/\"]}]},{\"@type\":\"BreadcrumbList\",\"@id\":\"https:\/\/festivalesdeloscastillos.es\/2024\/programacion\/castillo-de-fraga\/#breadcrumb\",\"itemListElement\":[{\"@type\":\"ListItem\",\"position\":1,\"name\":\"Programaci\u00f3n\",\"item\":\"https:\/\/festivalesdeloscastillos.es\/2024\/programacion\/\"},{\"@type\":\"ListItem\",\"position\":2,\"name\":\"Fraga\"}]},{\"@type\":\"WebSite\",\"@id\":\"https:\/\/festivalesdeloscastillos.es\/2024\/#website\",\"url\":\"https:\/\/festivalesdeloscastillos.es\/2024\/\",\"name\":\"Festivales de los Castillos\",\"description\":\"Festivales de los Castillos: artes esc\u00e9nicas y la m\u00fasica\",\"potentialAction\":[{\"@type\":\"SearchAction\",\"target\":{\"@type\":\"EntryPoint\",\"urlTemplate\":\"https:\/\/festivalesdeloscastillos.es\/2024\/?s={search_term_string}\"},\"query-input\":{\"@type\":\"PropertyValueSpecification\",\"valueRequired\":true,\"valueName\":\"search_term_string\"}}],\"inLanguage\":\"es\"}]}<\/script>\n<!-- \/ Yoast SEO plugin. -->","yoast_head_json":{"title":"Fraga - Festivales de los Castillos","description":"Castillo de Fraga: Festivales de los Castillos, festival de m\u00fasica, arte, teatro y danza con una amplia tradici\u00f3n y artistas.","robots":{"index":"index","follow":"follow","max-snippet":"max-snippet:-1","max-image-preview":"max-image-preview:large","max-video-preview":"max-video-preview:-1"},"canonical":"https:\/\/festivalesdeloscastillos.es\/2024\/programacion\/castillo-de-fraga\/","og_locale":"es_ES","og_type":"article","og_title":"Fraga - Festivales de los Castillos","og_description":"Castillo de Fraga: Festivales de los Castillos, festival de m\u00fasica, arte, teatro y danza con una amplia tradici\u00f3n y artistas.","og_url":"https:\/\/festivalesdeloscastillos.es\/2024\/programacion\/castillo-de-fraga\/","og_site_name":"Festivales de los Castillos","article_modified_time":"2024-08-14T21:46:42+00:00","twitter_card":"summary_large_image","twitter_misc":{"Tiempo de lectura":"7 minutos"},"schema":{"@context":"https:\/\/schema.org","@graph":[{"@type":"WebPage","@id":"https:\/\/festivalesdeloscastillos.es\/2024\/programacion\/castillo-de-fraga\/","url":"https:\/\/festivalesdeloscastillos.es\/2024\/programacion\/castillo-de-fraga\/","name":"Fraga - Festivales de los Castillos","isPartOf":{"@id":"https:\/\/festivalesdeloscastillos.es\/2024\/#website"},"datePublished":"2022-06-13T11:11:58+00:00","dateModified":"2024-08-14T21:46:42+00:00","description":"Castillo de Fraga: Festivales de los Castillos, festival de m\u00fasica, arte, teatro y danza con una amplia tradici\u00f3n y artistas.","breadcrumb":{"@id":"https:\/\/festivalesdeloscastillos.es\/2024\/programacion\/castillo-de-fraga\/#breadcrumb"},"inLanguage":"es","potentialAction":[{"@type":"ReadAction","target":["https:\/\/festivalesdeloscastillos.es\/2024\/programacion\/castillo-de-fraga\/"]}]},{"@type":"BreadcrumbList","@id":"https:\/\/festivalesdeloscastillos.es\/2024\/programacion\/castillo-de-fraga\/#breadcrumb","itemListElement":[{"@type":"ListItem","position":1,"name":"Programaci\u00f3n","item":"https:\/\/festivalesdeloscastillos.es\/2024\/programacion\/"},{"@type":"ListItem","position":2,"name":"Fraga"}]},{"@type":"WebSite","@id":"https:\/\/festivalesdeloscastillos.es\/2024\/#website","url":"https:\/\/festivalesdeloscastillos.es\/2024\/","name":"Festivales de los Castillos","description":"Festivales de los Castillos: artes esc\u00e9nicas y la m\u00fasica","potentialAction":[{"@type":"SearchAction","target":{"@type":"EntryPoint","urlTemplate":"https:\/\/festivalesdeloscastillos.es\/2024\/?s={search_term_string}"},"query-input":{"@type":"PropertyValueSpecification","valueRequired":true,"valueName":"search_term_string"}}],"inLanguage":"es"}]}},"_links":{"self":[{"href":"https:\/\/festivalesdeloscastillos.es\/2024\/wp-json\/wp\/v2\/pages\/725","targetHints":{"allow":["GET"]}}],"collection":[{"href":"https:\/\/festivalesdeloscastillos.es\/2024\/wp-json\/wp\/v2\/pages"}],"about":[{"href":"https:\/\/festivalesdeloscastillos.es\/2024\/wp-json\/wp\/v2\/types\/page"}],"author":[{"embeddable":true,"href":"https:\/\/festivalesdeloscastillos.es\/2024\/wp-json\/wp\/v2\/users\/1"}],"replies":[{"embeddable":true,"href":"https:\/\/festivalesdeloscastillos.es\/2024\/wp-json\/wp\/v2\/comments?post=725"}],"version-history":[{"count":29,"href":"https:\/\/festivalesdeloscastillos.es\/2024\/wp-json\/wp\/v2\/pages\/725\/revisions"}],"predecessor-version":[{"id":1775,"href":"https:\/\/festivalesdeloscastillos.es\/2024\/wp-json\/wp\/v2\/pages\/725\/revisions\/1775"}],"up":[{"embeddable":true,"href":"https:\/\/festivalesdeloscastillos.es\/2024\/wp-json\/wp\/v2\/pages\/233"}],"wp:attachment":[{"href":"https:\/\/festivalesdeloscastillos.es\/2024\/wp-json\/wp\/v2\/media?parent=725"}],"curies":[{"name":"wp","href":"https:\/\/api.w.org\/{rel}","templated":true}]}}