{"id":287,"date":"2022-06-07T09:11:24","date_gmt":"2022-06-07T09:11:24","guid":{"rendered":"http:\/\/bridge131.qodeinteractive.com\/?page_id=6"},"modified":"2024-08-14T21:53:38","modified_gmt":"2024-08-14T21:53:38","slug":"home","status":"publish","type":"page","link":"https:\/\/festivalesdeloscastillos.es\/2024\/","title":{"rendered":"Home"},"content":{"rendered":"<p>[vc_row css_animation=\u00bb\u00bb row_type=\u00bbrow\u00bb use_row_as_full_screen_section=\u00bbno\u00bb type=\u00bbfull_width\u00bb angled_section=\u00bbno\u00bb text_align=\u00bbleft\u00bb background_image_as_pattern=\u00bbwithout_pattern\u00bb css=\u00bb.vc_custom_1689609101384{padding-top: 6% !important;padding-right: 8% !important;padding-bottom: 3% !important;padding-left: 10% !important;}\u00bb z_index=\u00bb\u00bb el_class=\u00bbno-bckg-img-ipad\u00bb][vc_column width=\u00bb1\/2&#8243; css=\u00bb.vc_custom_1720777790021{padding-right: 4% !important;}\u00bb][vc_column_text]<\/p>\n<h1>El Festival<\/h1>\n<p>[\/vc_column_text][vc_empty_space height=\u00bb24px\u00bb][vc_column_text]Tras seis ediciones en estos escenarios de marco incomparable que han acogido a infinidad de artistas nacionales y aragoneses, mantenemos una apuesta importante por la reversi\u00f3n del trabajo y la econom\u00eda en el tejido art\u00edstico y empresarial del territorio, ofreciendo una programaci\u00f3n cultural diversa, en su mayor\u00eda musical sin dejar atr\u00e1s a las nuevas y nuevos artistas y creadores y que se adapta a todos los perfiles de p\u00fablicos, que facilita el intercambio de espectadores y que fomenta otras iniciativas culturales y sociales que suceden por s\u00ed mismas en cada uno de los pueblos participantes.<\/p>\n<p>&nbsp;<\/p>\n<p>En esta s\u00e9ptima edici\u00f3n reforzamos el equipo de coordinaci\u00f3n y las distintas direcciones con el apoyo de <strong>Factory producciones <\/strong>junto a<strong> Hacedor de proyectos <\/strong>en la coordinaci\u00f3n y<strong> Haiku Comunicaci\u00f3n <\/strong>al frente del gabinete de prensa, <strong>Miguel Iguacen<\/strong> en la imagen y <strong>Fernando S\u00e1nchez <\/strong>en el desarrollo web, un camino ya comenzado en la pasada edici\u00f3n a modo de experiencia piloto, incorporamos dos nuevas fortalezas a las faldas del Moncayo en la provincia de Zaragoza, los <strong>Castillos de A\u00f1\u00f3n de Moncayo y Novallas<\/strong> y recuperamos un lugar tan especial como el <strong>Castillo de Loarre.<\/strong>[\/vc_column_text][vc_column_text]El proyecto presta especial inter\u00e9s en ampliar la oferta cultural de los <strong>espacios patrimoniales ubicados en el medio rural<\/strong>. A las visitas guiadas, exposiciones y actividades desarrolladas en pueblos y castillos, el Festival introduce iniciativas musicales y esc\u00e9nicas que favorecen la creaci\u00f3n de un tejido cultural comprometido en el que las entidades p\u00fablicas y las peque\u00f1as empresas participan en t\u00e9rminos econ\u00f3micos, log\u00edsticos y de promoci\u00f3n en la consecuci\u00f3n de los conciertos y espect\u00e1culos, contribuyendo entre todos a la conservaci\u00f3n del patrimonio hist\u00f3rico en el que tienen lugar las actuaciones.<\/p>\n<p>Desde la organizaci\u00f3n tratamos de <strong>aprovechar al m\u00e1ximo las infraestructuras <\/strong>de cada uno de los espacios, poniendo en valor su potencial art\u00edstico y favoreciendo su correcto mantenimiento y conservaci\u00f3n.<\/p>\n<p>La <strong>Programaci\u00f3n <\/strong>se adapta a cada uno de los castillos, tanto en cuestiones t\u00e9cnicas y de log\u00edstica como en los tipos de p\u00fablico, para ello trabajamos en colaboraci\u00f3n con todos los ayuntamientos participantes y distintos agentes a lo largo del territorio.[\/vc_column_text][vc_empty_space height=\u00bb14px\u00bb]\n\n\t<a href=\"#\" target=\"_self\" style=\"color: rgba(16,24,29,0.75);font-family: Vidaloka;font-size: 24px;font-weight: 400;text-transform: none;font-style: normal\" class=\"qode-btn qode-btn-medium qode-btn-simple qode-btn-custom-hover-color button-with-line qode-btn-default-hover\" data-hover-color=\"#10181d\" >\n\t    <span class=\"qode-btn-text\">\u00a1Te esperamos!<\/span>\t<\/a>\n\n[\/vc_column][vc_column width=\u00bb1\/2&#8243;][vc_empty_space height=\u00bb40px\u00bb][vc_single_image image=\u00bb1534&#8243; img_size=\u00bbfull\u00bb qode_css_animation=\u00bb\u00bb css=\u00bb.vc_custom_1716286112767{border-left-width: 2% !important;}\u00bb][\/vc_column][\/vc_row][vc_row css_animation=\u00bb\u00bb row_type=\u00bbrow\u00bb use_row_as_full_screen_section=\u00bbno\u00bb type=\u00bbfull_width\u00bb angled_section=\u00bbno\u00bb text_align=\u00bbcenter\u00bb background_image_as_pattern=\u00bbwithout_pattern\u00bb css=\u00bb.vc_custom_1716369206307{padding-top: 3% !important;padding-right: 12% !important;padding-bottom: 3% !important;padding-left: 6% !important;background-color: #3a3a3a !important;}\u00bb z_index=\u00bb\u00bb][vc_column width=\u00bb2\/3&#8243;][vc_column_text]<\/p>\n<h3 style=\"text-align: right;\"><span style=\"color: #eae7da;\">Compra de abonos y entradas en:<\/span><\/h3>\n<p>[\/vc_column_text][\/vc_column][vc_column width=\u00bb1\/3&#8243; css=\u00bb.vc_custom_1655889810034{margin-right: 8% !important;}\u00bb]<a  itemprop=\"url\" href=\"https:\/\/aragontickets.com\/es\/search\/#festivalesdeloscastillos\" target=\"_blank\" data-hover-background-color='#e6e3dc' data-hover-border-color='#e6e3dc' data-hover-color='#443e3e' class=\"qbutton  large center default\" style=\"color: #e6e3dc; border-color: #e6e3dc; background-color: rgba(0,0,0,0.01);\">ARAG\u00d3N TICKETS<i class=\"qode_icon_font_awesome_5 fa5 fa fa-ticket qode_button_icon_element\" style=\"color: #e6e3dc;\" ><\/i><\/a>[\/vc_column][\/vc_row][vc_row css_animation=\u00bb\u00bb row_type=\u00bbrow\u00bb use_row_as_full_screen_section=\u00bbno\u00bb type=\u00bbgrid\u00bb angled_section=\u00bbno\u00bb text_align=\u00bbright\u00bb background_image_as_pattern=\u00bbwithout_pattern\u00bb z_index=\u00bb\u00bb css=\u00bb.vc_custom_1689608801198{padding-top: 20px !important;}\u00bb el_class=\u00bbno-bckg-img-ipad\u00bb][vc_column][vc_column_text css=\u00bb.vc_custom_1716289524955{margin-top: 2% !important;margin-right: 22% !important;margin-bottom: -3% !important;}\u00bb]<\/p>\n<h1 style=\"text-align: right;\">Programaci\u00f3n 2024<\/h1>\n<p>[\/vc_column_text][\/vc_column][\/vc_row][vc_row css_animation=\u00bb\u00bb row_type=\u00bbrow\u00bb use_row_as_full_screen_section=\u00bbno\u00bb type=\u00bbgrid\u00bb angled_section=\u00bbno\u00bb text_align=\u00bbleft\u00bb background_image_as_pattern=\u00bbwithout_pattern\u00bb z_index=\u00bb\u00bb css=\u00bb.vc_custom_1689608794231{padding-top: 3% !important;padding-bottom: 2% !important;}\u00bb el_class=\u00bbno-bckg-img-ipad\u00bb][vc_column][qode_content_slider enable_drag=\u00bbyes\u00bb direction_nav=\u00bbyes\u00bb control_nav=\u00bbno\u00bb pause_on_hover=\u00bbno\u00bb][qode_content_slider_item][qode_elements_holder number_of_columns=\u00bbtwo_columns\u00bb][qode_elements_holder_item advanced_animations=\u00bbno\u00bb item_padding=\u00bb0 0 0 0&#8243;][vc_single_image image=\u00bb1530&#8243; img_size=\u00bbfull\u00bb qode_css_animation=\u00bb\u00bb][\/qode_elements_holder_item][qode_elements_holder_item advanced_animations=\u00bbno\u00bb item_padding=\u00bb0 148px 69px 0&#8243; item_padding_1024_1280=\u00bb0 113px 69px 0&#8243; item_padding_600_768=\u00bb0 98px 69px 67px\u00bb item_padding_480=\u00bb0 0 0 0&#8243;][vc_column_text]<\/p>\n<h1>Castillo de Grisel<\/h1>\n<p>[\/vc_column_text][vc_empty_space height=\u00bb23px\u00bb][vc_column_text]<span style=\"color: #333333;\"><strong>06 julio &gt; 03 agosto<\/strong><\/span>[\/vc_column_text][vc_empty_space height=\u00bb14px\u00bb][vc_empty_space height=\u00bb62px\u00bb]\n\n\t<a href=\"https:\/\/festivalesdeloscastillos.es\/2024\/programacion\/castillo-de-grisel\/\" target=\"_self\" style=\"color: #10181d;font-family: Vidaloka;font-size: 26px;font-weight: 400;text-transform: none;font-style: normal\" class=\"qode-btn qode-btn-medium qode-btn-simple qode-btn-custom-hover-color button-with-line qode-btn-default-hover\" data-hover-color=\"rgba(16,24,29,0.75)\" >\n\t    <span class=\"qode-btn-text\">Ver Castillo<\/span>\t<\/a>\n\n[\/qode_elements_holder_item][\/qode_elements_holder][\/qode_content_slider_item][qode_content_slider_item][qode_elements_holder number_of_columns=\u00bbtwo_columns\u00bb][qode_elements_holder_item advanced_animations=\u00bbno\u00bb item_padding=\u00bb0 0 0 0&#8243;][vc_single_image image=\u00bb1529&#8243; img_size=\u00bbfull\u00bb qode_css_animation=\u00bb\u00bb][\/qode_elements_holder_item][qode_elements_holder_item advanced_animations=\u00bbno\u00bb item_padding=\u00bb0 148px 69px 0&#8243; item_padding_1024_1280=\u00bb0 113px 69px 0&#8243; item_padding_600_768=\u00bb0 98px 69px 67px\u00bb item_padding_480=\u00bb0 0 0 0&#8243;][vc_column_text]<\/p>\n<h1>Alfajar\u00edn<\/h1>\n<p>[\/vc_column_text][vc_empty_space height=\u00bb23px\u00bb][vc_column_text]<span style=\"color: #333333;\"><strong>12 julio &gt; 13 julio<\/strong><\/span>[\/vc_column_text][vc_empty_space height=\u00bb14px\u00bb][vc_empty_space height=\u00bb62px\u00bb]\n\n\t<a href=\"https:\/\/festivalesdeloscastillos.es\/2024\/programacion\/castillo-de-alfajarin\/\" target=\"_self\" style=\"color: #10181d;font-family: Vidaloka;font-size: 26px;font-weight: 400;text-transform: none;font-style: normal\" class=\"qode-btn qode-btn-medium qode-btn-simple qode-btn-custom-hover-color button-with-line qode-btn-default-hover\" data-hover-color=\"rgba(16,24,29,0.75)\" >\n\t    <span class=\"qode-btn-text\">Ver Castillo<\/span>\t<\/a>\n\n[\/qode_elements_holder_item][\/qode_elements_holder][\/qode_content_slider_item][qode_content_slider_item][qode_elements_holder number_of_columns=\u00bbtwo_columns\u00bb][qode_elements_holder_item advanced_animations=\u00bbno\u00bb item_padding=\u00bb0 0 0 0&#8243;][vc_single_image image=\u00bb1528&#8243; img_size=\u00bbfull\u00bb qode_css_animation=\u00bb\u00bb][\/qode_elements_holder_item][qode_elements_holder_item advanced_animations=\u00bbno\u00bb item_padding=\u00bb0 148px 69px 0&#8243; item_padding_1024_1280=\u00bb0 113px 69px 0&#8243; item_padding_600_768=\u00bb0 98px 69px 67px\u00bb item_padding_480=\u00bb0 0 0 0&#8243;][vc_column_text]<\/p>\n<h1>Illueca<\/h1>\n<p>[\/vc_column_text][vc_empty_space height=\u00bb23px\u00bb][vc_column_text]<span style=\"color: #333333;\"><strong>12 julio &gt; 13 julio<\/strong><\/span>[\/vc_column_text][vc_empty_space height=\u00bb14px\u00bb][vc_empty_space height=\u00bb62px\u00bb]\n\n\t<a href=\"https:\/\/festivalesdeloscastillos.es\/2024\/programacion\/castillo-de-illueca\/\" target=\"_self\" style=\"color: #10181d;font-family: Vidaloka;font-size: 26px;font-weight: 400;text-transform: none;font-style: normal\" class=\"qode-btn qode-btn-medium qode-btn-simple qode-btn-custom-hover-color button-with-line qode-btn-default-hover\" data-hover-color=\"rgba(16,24,29,0.75)\" >\n\t    <span class=\"qode-btn-text\">Ver Castillo<\/span>\t<\/a>\n\n[\/qode_elements_holder_item][\/qode_elements_holder][\/qode_content_slider_item][qode_content_slider_item][qode_elements_holder number_of_columns=\u00bbtwo_columns\u00bb][qode_elements_holder_item advanced_animations=\u00bbno\u00bb item_padding=\u00bb0 0 0 0&#8243;][vc_single_image image=\u00bb1754&#8243; img_size=\u00bbfull\u00bb qode_css_animation=\u00bb\u00bb][\/qode_elements_holder_item][qode_elements_holder_item advanced_animations=\u00bbno\u00bb item_padding=\u00bb0 148px 69px 0&#8243; item_padding_1024_1280=\u00bb0 113px 69px 0&#8243; item_padding_600_768=\u00bb0 98px 69px 67px\u00bb item_padding_480=\u00bb0 0 0 0&#8243;][vc_column_text]<\/p>\n<h1>A\u00f1\u00f3n de Moncayo<\/h1>\n<p>[\/vc_column_text][vc_empty_space height=\u00bb23px\u00bb][vc_column_text]<span style=\"color: #333333;\"><strong>12 julio &gt; 13 julio<\/strong><\/span>[\/vc_column_text][vc_empty_space height=\u00bb14px\u00bb][vc_empty_space height=\u00bb62px\u00bb]\n\n\t<a href=\"https:\/\/festivalesdeloscastillos.es\/2024\/programacion\/festival-anon-de-moncayo\/\" target=\"_self\" style=\"color: #10181d;font-family: Vidaloka;font-size: 26px;font-weight: 400;text-transform: none;font-style: normal\" class=\"qode-btn qode-btn-medium qode-btn-simple qode-btn-custom-hover-color button-with-line qode-btn-default-hover\" data-hover-color=\"rgba(16,24,29,0.75)\" >\n\t    <span class=\"qode-btn-text\">Ver Castillo<\/span>\t<\/a>\n\n[\/qode_elements_holder_item][\/qode_elements_holder][\/qode_content_slider_item][qode_content_slider_item][qode_elements_holder number_of_columns=\u00bbtwo_columns\u00bb][qode_elements_holder_item advanced_animations=\u00bbno\u00bb item_padding=\u00bb0 0 0 0&#8243;][vc_single_image image=\u00bb1676&#8243; img_size=\u00bbfull\u00bb qode_css_animation=\u00bb\u00bb][\/qode_elements_holder_item][qode_elements_holder_item advanced_animations=\u00bbno\u00bb item_padding=\u00bb0 148px 69px 0&#8243; item_padding_1024_1280=\u00bb0 113px 69px 0&#8243; item_padding_600_768=\u00bb0 98px 69px 67px\u00bb item_padding_480=\u00bb0 0 0 0&#8243;][vc_column_text]<\/p>\n<h1>Mesones de Isuela<\/h1>\n<p>[\/vc_column_text][vc_empty_space height=\u00bb23px\u00bb][vc_column_text]<span style=\"color: #333333;\"><strong>19 julio &gt; 20 julio<\/strong><\/span>[\/vc_column_text][vc_empty_space height=\u00bb14px\u00bb][vc_empty_space height=\u00bb62px\u00bb]\n\n\t<a href=\"https:\/\/festivalesdeloscastillos.es\/2024\/programacion\/castillo-de-mesones-isuela\/\" target=\"_self\" style=\"color: #10181d;font-family: Vidaloka;font-size: 26px;font-weight: 400;text-transform: none;font-style: normal\" class=\"qode-btn qode-btn-medium qode-btn-simple qode-btn-custom-hover-color button-with-line qode-btn-default-hover\" data-hover-color=\"rgba(16,24,29,0.75)\" >\n\t    <span class=\"qode-btn-text\">Ver Castillo<\/span>\t<\/a>\n\n[\/qode_elements_holder_item][\/qode_elements_holder][\/qode_content_slider_item][qode_content_slider_item][qode_elements_holder number_of_columns=\u00bbtwo_columns\u00bb][qode_elements_holder_item advanced_animations=\u00bbno\u00bb item_padding=\u00bb0 0 0 0&#8243;][vc_single_image image=\u00bb1525&#8243; img_size=\u00bbfull\u00bb qode_css_animation=\u00bb\u00bb][\/qode_elements_holder_item][qode_elements_holder_item advanced_animations=\u00bbno\u00bb item_padding=\u00bb0 148px 69px 0&#8243; item_padding_1024_1280=\u00bb0 113px 69px 0&#8243; item_padding_600_768=\u00bb0 98px 69px 67px\u00bb item_padding_480=\u00bb0 0 0 0&#8243;][vc_column_text]<\/p>\n<h1>Novallas<\/h1>\n<p>[\/vc_column_text][vc_empty_space height=\u00bb23px\u00bb][vc_column_text]<span style=\"color: #333333;\"><strong>20 julio &gt; 21 julio<\/strong><\/span>[\/vc_column_text][vc_empty_space height=\u00bb14px\u00bb][vc_empty_space height=\u00bb62px\u00bb]\n\n\t<a href=\"https:\/\/festivalesdeloscastillos.es\/2024\/programacion\/novallas\/\" target=\"_self\" style=\"color: #10181d;font-family: Vidaloka;font-size: 26px;font-weight: 400;text-transform: none;font-style: normal\" class=\"qode-btn qode-btn-medium qode-btn-simple qode-btn-custom-hover-color button-with-line qode-btn-default-hover\" data-hover-color=\"rgba(16,24,29,0.75)\" >\n\t    <span class=\"qode-btn-text\">Ver Castillo<\/span>\t<\/a>\n\n[\/qode_elements_holder_item][\/qode_elements_holder][\/qode_content_slider_item][qode_content_slider_item][qode_elements_holder number_of_columns=\u00bbtwo_columns\u00bb][qode_elements_holder_item advanced_animations=\u00bbno\u00bb item_padding=\u00bb0 0 0 0&#8243;][vc_single_image image=\u00bb1524&#8243; img_size=\u00bbfull\u00bb qode_css_animation=\u00bb\u00bb][\/qode_elements_holder_item][qode_elements_holder_item advanced_animations=\u00bbno\u00bb item_padding=\u00bb0 148px 69px 0&#8243; item_padding_1024_1280=\u00bb0 113px 69px 0&#8243; item_padding_600_768=\u00bb0 98px 69px 67px\u00bb item_padding_480=\u00bb0 0 0 0&#8243;][vc_column_text]<\/p>\n<h1>Jarque de Moncayo<\/h1>\n<p>[\/vc_column_text][vc_empty_space height=\u00bb23px\u00bb][vc_column_text]<span style=\"color: #333333;\"><strong>26 julio &gt; 28 julio<\/strong><\/span>[\/vc_column_text][vc_empty_space height=\u00bb14px\u00bb][vc_empty_space height=\u00bb62px\u00bb]\n\n\t<a href=\"https:\/\/festivalesdeloscastillos.es\/2024\/programacion\/castillo-de-jarque\/\" target=\"_self\" style=\"color: #10181d;font-family: Vidaloka;font-size: 26px;font-weight: 400;text-transform: none;font-style: normal\" class=\"qode-btn qode-btn-medium qode-btn-simple qode-btn-custom-hover-color button-with-line qode-btn-default-hover\" data-hover-color=\"rgba(16,24,29,0.75)\" >\n\t    <span class=\"qode-btn-text\">Ver Castillo<\/span>\t<\/a>\n\n[\/qode_elements_holder_item][\/qode_elements_holder][\/qode_content_slider_item][qode_content_slider_item][qode_elements_holder number_of_columns=\u00bbtwo_columns\u00bb][qode_elements_holder_item advanced_animations=\u00bbno\u00bb item_padding=\u00bb0 0 0 0&#8243;][vc_single_image image=\u00bb1523&#8243; img_size=\u00bbfull\u00bb qode_css_animation=\u00bb\u00bb][\/qode_elements_holder_item][qode_elements_holder_item advanced_animations=\u00bbno\u00bb item_padding=\u00bb0 148px 69px 0&#8243; item_padding_1024_1280=\u00bb0 113px 69px 0&#8243; item_padding_600_768=\u00bb0 98px 69px 67px\u00bb item_padding_480=\u00bb0 0 0 0&#8243;][vc_column_text]<\/p>\n<h1>Valderrobres<\/h1>\n<p>[\/vc_column_text][vc_empty_space height=\u00bb23px\u00bb][vc_column_text]<strong>02 agosto &gt; 04 agosto<\/strong>[\/vc_column_text][vc_empty_space height=\u00bb14px\u00bb][vc_empty_space height=\u00bb62px\u00bb]\n\n\t<a href=\"https:\/\/festivalesdeloscastillos.es\/2024\/programacion\/castillo-de-valderrobres\/\" target=\"_self\" style=\"color: #10181d;font-family: Vidaloka;font-size: 26px;font-weight: 400;text-transform: none;font-style: normal\" class=\"qode-btn qode-btn-medium qode-btn-simple qode-btn-custom-hover-color button-with-line qode-btn-default-hover\" data-hover-color=\"rgba(16,24,29,0.75)\" >\n\t    <span class=\"qode-btn-text\">Ver Castillo<\/span>\t<\/a>\n\n[\/qode_elements_holder_item][\/qode_elements_holder][\/qode_content_slider_item][qode_content_slider_item][qode_elements_holder number_of_columns=\u00bbtwo_columns\u00bb][qode_elements_holder_item advanced_animations=\u00bbno\u00bb item_padding=\u00bb0 0 0 0&#8243;][vc_single_image image=\u00bb1522&#8243; img_size=\u00bbfull\u00bb qode_css_animation=\u00bb\u00bb][\/qode_elements_holder_item][qode_elements_holder_item advanced_animations=\u00bbno\u00bb item_padding=\u00bb0 148px 69px 0&#8243; item_padding_1024_1280=\u00bb0 113px 69px 0&#8243; item_padding_600_768=\u00bb0 98px 69px 67px\u00bb item_padding_480=\u00bb0 0 0 0&#8243;][vc_column_text]<\/p>\n<h1>S\u00e1daba<\/h1>\n<p>[\/vc_column_text][vc_empty_space height=\u00bb23px\u00bb][vc_column_text]<span style=\"color: #333333;\"><strong>09 agosto<\/strong><\/span>[\/vc_column_text][vc_empty_space height=\u00bb14px\u00bb][vc_empty_space height=\u00bb62px\u00bb]\n\n\t<a href=\"https:\/\/festivalesdeloscastillos.es\/2024\/programacion\/castillo-de-sadaba\/\" target=\"_self\" style=\"color: #10181d;font-family: Vidaloka;font-size: 26px;font-weight: 400;text-transform: none;font-style: normal\" class=\"qode-btn qode-btn-medium qode-btn-simple qode-btn-custom-hover-color button-with-line qode-btn-default-hover\" data-hover-color=\"rgba(16,24,29,0.75)\" >\n\t    <span class=\"qode-btn-text\">Ver Castillo<\/span>\t<\/a>\n\n[\/qode_elements_holder_item][\/qode_elements_holder][\/qode_content_slider_item][qode_content_slider_item][qode_elements_holder number_of_columns=\u00bbtwo_columns\u00bb][qode_elements_holder_item advanced_animations=\u00bbno\u00bb item_padding=\u00bb0 0 0 0&#8243;][vc_single_image image=\u00bb1657&#8243; img_size=\u00bbfull\u00bb qode_css_animation=\u00bb\u00bb][\/qode_elements_holder_item][qode_elements_holder_item advanced_animations=\u00bbno\u00bb item_padding=\u00bb0 148px 69px 0&#8243; item_padding_1024_1280=\u00bb0 113px 69px 0&#8243; item_padding_600_768=\u00bb0 98px 69px 67px\u00bb item_padding_480=\u00bb0 0 0 0&#8243;][vc_column_text]<\/p>\n<h1>San Agust\u00edn<\/h1>\n<p>[\/vc_column_text][vc_empty_space height=\u00bb23px\u00bb][vc_column_text]<span style=\"color: #333333;\"><strong>25 agosto<\/strong><\/span>[\/vc_column_text][vc_empty_space height=\u00bb14px\u00bb][vc_empty_space height=\u00bb62px\u00bb]\n\n\t<a href=\"https:\/\/festivalesdeloscastillos.es\/2024\/programacion\/san-agustin\/\" target=\"_self\" style=\"color: #10181d;font-family: Vidaloka;font-size: 26px;font-weight: 400;text-transform: none;font-style: normal\" class=\"qode-btn qode-btn-medium qode-btn-simple qode-btn-custom-hover-color button-with-line qode-btn-default-hover\" data-hover-color=\"rgba(16,24,29,0.75)\" >\n\t    <span class=\"qode-btn-text\">Ver Castillo<\/span>\t<\/a>\n\n[\/qode_elements_holder_item][\/qode_elements_holder][\/qode_content_slider_item][qode_content_slider_item][qode_elements_holder number_of_columns=\u00bbtwo_columns\u00bb][qode_elements_holder_item advanced_animations=\u00bbno\u00bb item_padding=\u00bb0 0 0 0&#8243;][vc_single_image image=\u00bb1773&#8243; img_size=\u00bbfull\u00bb qode_css_animation=\u00bb\u00bb][\/qode_elements_holder_item][qode_elements_holder_item advanced_animations=\u00bbno\u00bb item_padding=\u00bb0 148px 69px 0&#8243; item_padding_1024_1280=\u00bb0 113px 69px 0&#8243; item_padding_600_768=\u00bb0 98px 69px 67px\u00bb item_padding_480=\u00bb0 0 0 0&#8243;][vc_column_text]<\/p>\n<h1>Fraga<\/h1>\n<p>[\/vc_column_text][vc_empty_space height=\u00bb23px\u00bb][vc_column_text]<span style=\"color: #333333;\"><strong>30 agosto &gt; 01 sept.<\/strong><\/span>[\/vc_column_text][vc_empty_space height=\u00bb14px\u00bb][vc_empty_space height=\u00bb62px\u00bb]\n\n\t<a href=\"https:\/\/festivalesdeloscastillos.es\/2024\/programacion\/castillo-de-fraga\/\" target=\"_self\" style=\"color: #10181d;font-family: Vidaloka;font-size: 26px;font-weight: 400;text-transform: none;font-style: normal\" class=\"qode-btn qode-btn-medium qode-btn-simple qode-btn-custom-hover-color button-with-line qode-btn-default-hover\" data-hover-color=\"rgba(16,24,29,0.75)\" >\n\t    <span class=\"qode-btn-text\">Ver Castillo<\/span>\t<\/a>\n\n[\/qode_elements_holder_item][\/qode_elements_holder][\/qode_content_slider_item][qode_content_slider_item][qode_elements_holder number_of_columns=\u00bbtwo_columns\u00bb][qode_elements_holder_item advanced_animations=\u00bbno\u00bb item_padding=\u00bb0 0 0 0&#8243;][vc_single_image image=\u00bb1587&#8243; img_size=\u00bbfull\u00bb qode_css_animation=\u00bb\u00bb][\/qode_elements_holder_item][qode_elements_holder_item advanced_animations=\u00bbno\u00bb item_padding=\u00bb0 148px 69px 0&#8243; item_padding_1024_1280=\u00bb0 113px 69px 0&#8243; item_padding_600_768=\u00bb0 98px 69px 67px\u00bb item_padding_480=\u00bb0 0 0 0&#8243;][vc_column_text]<\/p>\n<h1>Albalate del Arzobispo<\/h1>\n<p>[\/vc_column_text][vc_empty_space height=\u00bb23px\u00bb][vc_column_text]<span style=\"color: #333333;\"><strong>15 &gt; 17 agosto<\/strong><\/span>[\/vc_column_text][vc_empty_space height=\u00bb14px\u00bb][vc_empty_space height=\u00bb62px\u00bb]\n\n\t<a href=\"https:\/\/festivalesdeloscastillos.es\/2024\/programacion\/albalate-del-arzobispo\/\" target=\"_self\" style=\"color: #10181d;font-family: Vidaloka;font-size: 26px;font-weight: 400;text-transform: none;font-style: normal\" class=\"qode-btn qode-btn-medium qode-btn-simple qode-btn-custom-hover-color button-with-line qode-btn-default-hover\" data-hover-color=\"rgba(16,24,29,0.75)\" >\n\t    <span class=\"qode-btn-text\">Ver Castillo<\/span>\t<\/a>\n\n[\/qode_elements_holder_item][\/qode_elements_holder][\/qode_content_slider_item][qode_content_slider_item][qode_elements_holder number_of_columns=\u00bbtwo_columns\u00bb][qode_elements_holder_item advanced_animations=\u00bbno\u00bb item_padding=\u00bb0 0 0 0&#8243;][vc_single_image image=\u00bb1726&#8243; img_size=\u00bbfull\u00bb qode_css_animation=\u00bb\u00bb][\/qode_elements_holder_item][qode_elements_holder_item advanced_animations=\u00bbno\u00bb item_padding=\u00bb0 148px 69px 0&#8243; item_padding_1024_1280=\u00bb0 113px 69px 0&#8243; item_padding_600_768=\u00bb0 98px 69px 67px\u00bb item_padding_480=\u00bb0 0 0 0&#8243;][vc_column_text]<\/p>\n<h1>Loarre<\/h1>\n<p>[\/vc_column_text][vc_empty_space height=\u00bb23px\u00bb][vc_column_text]<span style=\"color: #333333;\"><strong>13 &gt; 14\u00a0 julio<\/strong><\/span>[\/vc_column_text][vc_empty_space height=\u00bb14px\u00bb][vc_empty_space height=\u00bb62px\u00bb]\n\n\t<a href=\"https:\/\/festivalesdeloscastillos.es\/2024\/programacion\/castillo-loarre\/\" target=\"_self\" style=\"color: #10181d;font-family: Vidaloka;font-size: 26px;font-weight: 400;text-transform: none;font-style: normal\" class=\"qode-btn qode-btn-medium qode-btn-simple qode-btn-custom-hover-color button-with-line qode-btn-default-hover\" data-hover-color=\"rgba(16,24,29,0.75)\" >\n\t    <span class=\"qode-btn-text\">Ver Castillo<\/span>\t<\/a>\n\n[\/qode_elements_holder_item][\/qode_elements_holder][\/qode_content_slider_item][\/qode_content_slider][\/vc_column][\/vc_row][vc_row css_animation=\u00bb\u00bb row_type=\u00bbrow\u00bb use_row_as_full_screen_section=\u00bbno\u00bb type=\u00bbgrid\u00bb angled_section=\u00bbno\u00bb text_align=\u00bbleft\u00bb background_image_as_pattern=\u00bbwithout_pattern\u00bb z_index=\u00bb\u00bb css=\u00bb.vc_custom_1689608828946{padding-top: 40px !important;}\u00bb el_class=\u00bbno-bckg-img-ipad\u00bb][vc_column][vc_column_text]<\/p>\n<h1 style=\"text-align: center;\">Artistas destacados del 2024<\/h1>\n<p>[\/vc_column_text][\/vc_column][\/vc_row][vc_row css_animation=\u00bb\u00bb row_type=\u00bbrow\u00bb use_row_as_full_screen_section=\u00bbno\u00bb type=\u00bbgrid\u00bb angled_section=\u00bbno\u00bb text_align=\u00bbleft\u00bb background_image_as_pattern=\u00bbwithout_pattern\u00bb z_index=\u00bb\u00bb css=\u00bb.vc_custom_1689608834831{padding-top: 30px !important;padding-bottom: 40px !important;}\u00bb el_class=\u00bbimages-hover no-bckg-img-ipad\u00bb][vc_column width=\u00bb1\/2&#8243; offset=\u00bbvc_col-lg-3 vc_col-md-6&#8243;][vc_single_image image=\u00bb1556&#8243; img_size=\u00bbfull\u00bb qode_css_animation=\u00bb\u00bb][vc_empty_space height=\u00bb30px\u00bb][vc_column_text]<\/p>\n<h3 style=\"text-align: left;\">IDOIPE<\/h3>\n<p>[\/vc_column_text][vc_empty_space height=\u00bb10px\u00bb][qode_elements_holder number_of_columns=\u00bbone_column\u00bb][qode_elements_holder_item advanced_animations=\u00bbno\u00bb item_padding=\u00bb0 70px 0 0&#8243;][vc_column_text]<\/p>\n<p style=\"text-align: left;\">En 2021\u00a0Idoipe\u00a0public\u00f3 su primer trabajo largo,\u00a0\u2018Cierzo lento\u2019, un \u00e1lbum en el que mezcla su bagaje como m\u00fasico y sus influencias electr\u00f3nicas, con el amor por su tierra, Arag\u00f3n.<\/p>\n<p>[\/vc_column_text][\/qode_elements_holder_item][\/qode_elements_holder][vc_empty_space height=\u00bb50px\u00bb][\/vc_column][vc_column width=\u00bb1\/2&#8243; offset=\u00bbvc_col-lg-3 vc_col-md-6&#8243;][vc_single_image image=\u00bb1547&#8243; img_size=\u00bbfull\u00bb qode_css_animation=\u00bb\u00bb][vc_empty_space height=\u00bb30px\u00bb][vc_column_text]<\/p>\n<h3 style=\"text-align: left;\">PASI\u00d3N VEGA<span style=\"color: #333333;\"><br \/>\n<\/span><\/h3>\n<p>[\/vc_column_text][vc_empty_space height=\u00bb10px\u00bb][qode_elements_holder number_of_columns=\u00bbone_column\u00bb][qode_elements_holder_item advanced_animations=\u00bbno\u00bb item_padding=\u00bb0 70px 0 0&#8243;][vc_column_text]<\/p>\n<p style=\"text-align: left;\">Pasi\u00f3n Vega es el nombre art\u00edstico de Ana Mar\u00eda Al\u00edas Vega, \u00a0cantante espa\u00f1ola de m\u00fasica popular. Pasi\u00f3n Vega recorre el mapa sonoro de Federico Garc\u00eda Lorca por los caminos de la m\u00fasica y la palabra<\/p>\n<p>[\/vc_column_text][\/qode_elements_holder_item][\/qode_elements_holder][vc_empty_space height=\u00bb50px\u00bb][\/vc_column][vc_column width=\u00bb1\/2&#8243; offset=\u00bbvc_col-lg-3 vc_col-md-6&#8243;][vc_single_image image=\u00bb1545&#8243; img_size=\u00bbfull\u00bb qode_css_animation=\u00bb\u00bb][vc_empty_space height=\u00bb30px\u00bb][vc_column_text]<\/p>\n<h3 style=\"text-align: left;\">ALBERTO VELASCO<\/h3>\n<p>[\/vc_column_text][vc_empty_space height=\u00bb10px\u00bb][qode_elements_holder number_of_columns=\u00bbone_column\u00bb][qode_elements_holder_item advanced_animations=\u00bbno\u00bb item_padding=\u00bb0 70px 0 0&#8243;][vc_column_text]Un terremoto de carne que abra grietas en lo inm\u00f3vil mi cuerpo es una monta\u00f1a \u00e1gil y libre vamos a moverla para que los profetas vengan a profanarla[\/vc_column_text][\/qode_elements_holder_item][\/qode_elements_holder][vc_empty_space height=\u00bb50px\u00bb][\/vc_column][vc_column width=\u00bb1\/2&#8243; offset=\u00bbvc_col-lg-3 vc_col-md-6&#8243;][vc_single_image image=\u00bb1555&#8243; img_size=\u00bbfull\u00bb qode_css_animation=\u00bb\u00bb][vc_empty_space height=\u00bb30px\u00bb][vc_column_text]<\/p>\n<h3 style=\"text-align: left;\">CARMEN BOZA<\/h3>\n<p>[\/vc_column_text][vc_empty_space height=\u00bb10px\u00bb][qode_elements_holder number_of_columns=\u00bbone_column\u00bb][qode_elements_holder_item advanced_animations=\u00bbno\u00bb item_padding=\u00bb0 70px 0 0&#8243;][vc_column_text]<\/p>\n<p style=\"text-align: left;\">Carmen Boza es una cantante y compositora espa\u00f1ola que empez\u00f3 su carrera subiendo videos a <em>Youtube<\/em>. Pero la fama le sorprendi\u00f3 cuando subi\u00f3 a <em>Tuenti <\/em>un v\u00eddeo con su canci\u00f3n <em>\u201cCartas desde el c\u00edrculo polar\u201d<\/em>.<\/p>\n<p>[\/vc_column_text][\/qode_elements_holder_item][\/qode_elements_holder][vc_empty_space height=\u00bb50px\u00bb][\/vc_column][\/vc_row][vc_row css_animation=\u00bb\u00bb row_type=\u00bbrow\u00bb use_row_as_full_screen_section=\u00bbno\u00bb type=\u00bbgrid\u00bb angled_section=\u00bbno\u00bb text_align=\u00bbright\u00bb background_image_as_pattern=\u00bbwithout_pattern\u00bb z_index=\u00bb\u00bb css=\u00bb.vc_custom_1689608844764{padding-top: 1% !important;padding-bottom: 2% !important;}\u00bb el_class=\u00bbno-bckg-img-ipad\u00bb][vc_column][vc_column_text css=\u00bb.vc_custom_1716363123736{margin-right: 6% !important;}\u00bb][\/vc_column_text][\/vc_column][\/vc_row][vc_row css_animation=\u00bb\u00bb row_type=\u00bbrow\u00bb use_row_as_full_screen_section=\u00bbno\u00bb type=\u00bbfull_width\u00bb angled_section=\u00bbno\u00bb text_align=\u00bbleft\u00bb background_image_as_pattern=\u00bbwithout_pattern\u00bb css=\u00bb.vc_custom_1690399829922{padding-top: 2% !important;padding-bottom: 2% !important;}\u00bb z_index=\u00bb\u00bb][vc_column css=\u00bb.vc_custom_1654758920860{padding-top: 2% !important;padding-bottom: 2% !important;}\u00bb][vc_single_image image=\u00bb1699&#8243; img_size=\u00bbfull\u00bb alignment=\u00bbcenter\u00bb qode_css_animation=\u00bb\u00bb][\/vc_column][\/vc_row]<\/p>\n","protected":false},"excerpt":{"rendered":"<p>[vc_row css_animation=\u00bb\u00bb row_type=\u00bbrow\u00bb use_row_as_full_screen_section=\u00bbno\u00bb type=\u00bbfull_width\u00bb angled_section=\u00bbno\u00bb text_align=\u00bbleft\u00bb background_image_as_pattern=\u00bbwithout_pattern\u00bb css=\u00bb.vc_custom_1689609101384{padding-top: 6% !important;padding-right: 8% !important;padding-bottom: 3% !important;padding-left: 10% !important;}\u00bb z_index=\u00bb\u00bb el_class=\u00bbno-bckg-img-ipad\u00bb][vc_column width=\u00bb1\/2&#8243; css=\u00bb.vc_custom_1720777790021{padding-right: 4% !important;}\u00bb][vc_column_text] El Festival [\/vc_column_text][vc_empty_space height=\u00bb24px\u00bb][vc_column_text]Tras seis ediciones en estos escenarios de marco incomparable que han acogido a infinidad de artistas nacionales y aragoneses,&#8230;<\/p>\n","protected":false},"author":1,"featured_media":0,"parent":0,"menu_order":0,"comment_status":"closed","ping_status":"closed","template":"full_width.php","meta":{"footnotes":""},"class_list":["post-287","page","type-page","status-publish","hentry"],"yoast_head":"<!-- This site is optimized with the Yoast SEO plugin v25.1 - https:\/\/yoast.com\/wordpress\/plugins\/seo\/ -->\n<title>Home - Festivales de los Castillos<\/title>\n<meta name=\"description\" content=\"P\u00e1gina de inicio de la web de Festival de los Castillos 2024 con la programaci\u00f3n de los festivales, artistas, escenarios y pueblos.\" \/>\n<meta name=\"robots\" content=\"index, follow, max-snippet:-1, max-image-preview:large, max-video-preview:-1\" \/>\n<link rel=\"canonical\" href=\"https:\/\/festivalesdeloscastillos.es\/2024\/\" \/>\n<meta property=\"og:locale\" content=\"es_ES\" \/>\n<meta property=\"og:type\" content=\"article\" \/>\n<meta property=\"og:title\" content=\"Home - Festivales de los Castillos\" \/>\n<meta property=\"og:description\" content=\"P\u00e1gina de inicio de la web de Festival de los Castillos 2024 con la programaci\u00f3n de los festivales, artistas, escenarios y pueblos.\" \/>\n<meta property=\"og:url\" content=\"https:\/\/festivalesdeloscastillos.es\/2024\/\" \/>\n<meta property=\"og:site_name\" content=\"Festivales de los Castillos\" \/>\n<meta property=\"article:modified_time\" content=\"2024-08-14T21:53:38+00:00\" \/>\n<meta name=\"twitter:card\" content=\"summary_large_image\" \/>\n<meta name=\"twitter:label1\" content=\"Tiempo de lectura\" \/>\n\t<meta name=\"twitter:data1\" content=\"7 minutos\" \/>\n<script type=\"application\/ld+json\" class=\"yoast-schema-graph\">{\"@context\":\"https:\/\/schema.org\",\"@graph\":[{\"@type\":\"WebPage\",\"@id\":\"https:\/\/festivalesdeloscastillos.es\/2024\/\",\"url\":\"https:\/\/festivalesdeloscastillos.es\/2024\/\",\"name\":\"Home - Festivales de los Castillos\",\"isPartOf\":{\"@id\":\"https:\/\/festivalesdeloscastillos.es\/2024\/#website\"},\"datePublished\":\"2022-06-07T09:11:24+00:00\",\"dateModified\":\"2024-08-14T21:53:38+00:00\",\"description\":\"P\u00e1gina de inicio de la web de Festival de los Castillos 2024 con la programaci\u00f3n de los festivales, artistas, escenarios y pueblos.\",\"inLanguage\":\"es\",\"potentialAction\":[{\"@type\":\"ReadAction\",\"target\":[\"https:\/\/festivalesdeloscastillos.es\/2024\/\"]}]},{\"@type\":\"WebSite\",\"@id\":\"https:\/\/festivalesdeloscastillos.es\/2024\/#website\",\"url\":\"https:\/\/festivalesdeloscastillos.es\/2024\/\",\"name\":\"Festivales de los Castillos\",\"description\":\"Festivales de los Castillos: artes esc\u00e9nicas y la m\u00fasica\",\"potentialAction\":[{\"@type\":\"SearchAction\",\"target\":{\"@type\":\"EntryPoint\",\"urlTemplate\":\"https:\/\/festivalesdeloscastillos.es\/2024\/?s={search_term_string}\"},\"query-input\":{\"@type\":\"PropertyValueSpecification\",\"valueRequired\":true,\"valueName\":\"search_term_string\"}}],\"inLanguage\":\"es\"}]}<\/script>\n<!-- \/ Yoast SEO plugin. -->","yoast_head_json":{"title":"Home - Festivales de los Castillos","description":"P\u00e1gina de inicio de la web de Festival de los Castillos 2024 con la programaci\u00f3n de los festivales, artistas, escenarios y pueblos.","robots":{"index":"index","follow":"follow","max-snippet":"max-snippet:-1","max-image-preview":"max-image-preview:large","max-video-preview":"max-video-preview:-1"},"canonical":"https:\/\/festivalesdeloscastillos.es\/2024\/","og_locale":"es_ES","og_type":"article","og_title":"Home - Festivales de los Castillos","og_description":"P\u00e1gina de inicio de la web de Festival de los Castillos 2024 con la programaci\u00f3n de los festivales, artistas, escenarios y pueblos.","og_url":"https:\/\/festivalesdeloscastillos.es\/2024\/","og_site_name":"Festivales de los Castillos","article_modified_time":"2024-08-14T21:53:38+00:00","twitter_card":"summary_large_image","twitter_misc":{"Tiempo de lectura":"7 minutos"},"schema":{"@context":"https:\/\/schema.org","@graph":[{"@type":"WebPage","@id":"https:\/\/festivalesdeloscastillos.es\/2024\/","url":"https:\/\/festivalesdeloscastillos.es\/2024\/","name":"Home - Festivales de los Castillos","isPartOf":{"@id":"https:\/\/festivalesdeloscastillos.es\/2024\/#website"},"datePublished":"2022-06-07T09:11:24+00:00","dateModified":"2024-08-14T21:53:38+00:00","description":"P\u00e1gina de inicio de la web de Festival de los Castillos 2024 con la programaci\u00f3n de los festivales, artistas, escenarios y pueblos.","inLanguage":"es","potentialAction":[{"@type":"ReadAction","target":["https:\/\/festivalesdeloscastillos.es\/2024\/"]}]},{"@type":"WebSite","@id":"https:\/\/festivalesdeloscastillos.es\/2024\/#website","url":"https:\/\/festivalesdeloscastillos.es\/2024\/","name":"Festivales de los Castillos","description":"Festivales de los Castillos: artes esc\u00e9nicas y la m\u00fasica","potentialAction":[{"@type":"SearchAction","target":{"@type":"EntryPoint","urlTemplate":"https:\/\/festivalesdeloscastillos.es\/2024\/?s={search_term_string}"},"query-input":{"@type":"PropertyValueSpecification","valueRequired":true,"valueName":"search_term_string"}}],"inLanguage":"es"}]}},"_links":{"self":[{"href":"https:\/\/festivalesdeloscastillos.es\/2024\/wp-json\/wp\/v2\/pages\/287","targetHints":{"allow":["GET"]}}],"collection":[{"href":"https:\/\/festivalesdeloscastillos.es\/2024\/wp-json\/wp\/v2\/pages"}],"about":[{"href":"https:\/\/festivalesdeloscastillos.es\/2024\/wp-json\/wp\/v2\/types\/page"}],"author":[{"embeddable":true,"href":"https:\/\/festivalesdeloscastillos.es\/2024\/wp-json\/wp\/v2\/users\/1"}],"replies":[{"embeddable":true,"href":"https:\/\/festivalesdeloscastillos.es\/2024\/wp-json\/wp\/v2\/comments?post=287"}],"version-history":[{"count":163,"href":"https:\/\/festivalesdeloscastillos.es\/2024\/wp-json\/wp\/v2\/pages\/287\/revisions"}],"predecessor-version":[{"id":1778,"href":"https:\/\/festivalesdeloscastillos.es\/2024\/wp-json\/wp\/v2\/pages\/287\/revisions\/1778"}],"wp:attachment":[{"href":"https:\/\/festivalesdeloscastillos.es\/2024\/wp-json\/wp\/v2\/media?parent=287"}],"curies":[{"name":"wp","href":"https:\/\/api.w.org\/{rel}","templated":true}]}}