{"id":271,"date":"2022-06-07T16:27:56","date_gmt":"2022-06-07T16:27:56","guid":{"rendered":"http:\/\/bridge131.qodeinteractive.com\/?page_id=271"},"modified":"2024-07-12T08:41:43","modified_gmt":"2024-07-12T08:41:43","slug":"media","status":"publish","type":"page","link":"https:\/\/festivalesdeloscastillos.es\/2024\/media\/","title":{"rendered":"Media"},"content":{"rendered":"<p>[vc_row css_animation=\u00bb\u00bb row_type=\u00bbrow\u00bb use_row_as_full_screen_section=\u00bbno\u00bb type=\u00bbgrid\u00bb angled_section=\u00bbno\u00bb text_align=\u00bbleft\u00bb background_image_as_pattern=\u00bbwithout_pattern\u00bb z_index=\u00bb\u00bb css=\u00bb.vc_custom_1654859740315{padding-top: 80px !important;padding-bottom: 40px !important;background-position: 0 0 !important;background-repeat: repeat !important;}\u00bb][vc_column][vc_column_text css=\u00bb.vc_custom_1716299291909{padding-right: 15% !important;padding-left: 15% !important;}\u00bb]<\/p>\n<h2 style=\"text-align: center;\"><span style=\"color: #333333;\">Galer\u00eda de fotograf\u00edas de los artistas de esta edici\u00f3n de <strong>Festival de los Castillos 2024<\/strong><\/span><\/h2>\n<p>[\/vc_column_text][\/vc_column][\/vc_row][vc_row css_animation=\u00bb\u00bb row_type=\u00bbrow\u00bb use_row_as_full_screen_section=\u00bbno\u00bb type=\u00bbgrid\u00bb angled_section=\u00bbno\u00bb text_align=\u00bbleft\u00bb background_image_as_pattern=\u00bbwithout_pattern\u00bb z_index=\u00bb\u00bb css=\u00bb.vc_custom_1655185335289{padding-top: 20px !important;padding-bottom: 100px !important;background-position: 0 0 !important;background-repeat: repeat !important;}\u00bb][vc_column]<div class=\"qode-advanced-image-gallery  qode-aig-masonry-type qode-tiny-space qode-has-shadow qode-image-behavior-lightbox \">\n\t<div class=\"qode-aig-inner qode-outer-space qode-aig-masonry qode-aig-four-columns\">\n\t\t<div class=\"qode-aig-grid-sizer\"><\/div>\n\t\t<div class=\"qode-aig-grid-gutter\"><\/div>\n\t\t\t\t\t\t\t\t<div class=\"qode-aig-image qode-item-space qode-aig-default-masonry-item\">\n\t\t\t\t<div class=\"qode-aig-image-inner\">\n\t\t\t\t\t\t\t\t\t\t\t<a itemprop=\"image\" class=\"qode-aig-lightbox\" href=\"https:\/\/festivalesdeloscastillos.es\/2024\/wp-content\/uploads\/2022\/06\/Atistas-600x600-LogoCastillos.jpg\" data-rel=\"prettyPhoto[image_gallery_pretty_photo-286]\" title=\"Artistas-600&#215;600-LogoCastillos\">\n\t\t\t\t\t\t\t\t\t\t\t<img fetchpriority=\"high\" decoding=\"async\" width=\"600\" height=\"600\" src=\"https:\/\/festivalesdeloscastillos.es\/2024\/wp-content\/uploads\/2022\/06\/Atistas-600x600-LogoCastillos.jpg\" class=\"attachment-full size-full\" alt=\"\" srcset=\"https:\/\/festivalesdeloscastillos.es\/2024\/wp-content\/uploads\/2022\/06\/Atistas-600x600-LogoCastillos.jpg 600w, https:\/\/festivalesdeloscastillos.es\/2024\/wp-content\/uploads\/2022\/06\/Atistas-600x600-LogoCastillos-300x300.jpg 300w, https:\/\/festivalesdeloscastillos.es\/2024\/wp-content\/uploads\/2022\/06\/Atistas-600x600-LogoCastillos-150x150.jpg 150w, https:\/\/festivalesdeloscastillos.es\/2024\/wp-content\/uploads\/2022\/06\/Atistas-600x600-LogoCastillos-570x570.jpg 570w, https:\/\/festivalesdeloscastillos.es\/2024\/wp-content\/uploads\/2022\/06\/Atistas-600x600-LogoCastillos-500x500.jpg 500w\" sizes=\"(max-width: 600px) 100vw, 600px\" \/>\t\t\t\t\t\t<span class=\"aig-gallery-hover\">\n\t\t\t\t\t\t\t\t\t\t\t\t\t<\/span>\n\t\t\t\t\t\t\t\t\t\t\t<\/a>\n\t\t\t\t\t\t\t\t\t<\/div>\n\t\t\t<\/div>\n\t\t\t\t\t\t\t\t<div class=\"qode-aig-image qode-item-space qode-aig-default-masonry-item\">\n\t\t\t\t<div class=\"qode-aig-image-inner\">\n\t\t\t\t\t\t\t\t\t\t\t<a itemprop=\"image\" class=\"qode-aig-lightbox\" href=\"https:\/\/festivalesdeloscastillos.es\/2024\/wp-content\/uploads\/2024\/05\/ARTISTAS-FESTIVAL-CASTILLOS-IDOIPE.jpg\" data-rel=\"prettyPhoto[image_gallery_pretty_photo-286]\" title=\"ARTISTAS-FESTIVAL-CASTILLOS-IDOIPE\">\n\t\t\t\t\t\t\t\t\t\t\t<img decoding=\"async\" width=\"600\" height=\"600\" src=\"https:\/\/festivalesdeloscastillos.es\/2024\/wp-content\/uploads\/2024\/05\/ARTISTAS-FESTIVAL-CASTILLOS-IDOIPE.jpg\" class=\"attachment-full size-full\" alt=\"IDOIPE FESTIVAL DE LOS CASTILLOS 2024\" srcset=\"https:\/\/festivalesdeloscastillos.es\/2024\/wp-content\/uploads\/2024\/05\/ARTISTAS-FESTIVAL-CASTILLOS-IDOIPE.jpg 600w, https:\/\/festivalesdeloscastillos.es\/2024\/wp-content\/uploads\/2024\/05\/ARTISTAS-FESTIVAL-CASTILLOS-IDOIPE-300x300.jpg 300w, https:\/\/festivalesdeloscastillos.es\/2024\/wp-content\/uploads\/2024\/05\/ARTISTAS-FESTIVAL-CASTILLOS-IDOIPE-150x150.jpg 150w, https:\/\/festivalesdeloscastillos.es\/2024\/wp-content\/uploads\/2024\/05\/ARTISTAS-FESTIVAL-CASTILLOS-IDOIPE-570x570.jpg 570w, https:\/\/festivalesdeloscastillos.es\/2024\/wp-content\/uploads\/2024\/05\/ARTISTAS-FESTIVAL-CASTILLOS-IDOIPE-500x500.jpg 500w\" sizes=\"(max-width: 600px) 100vw, 600px\" \/>\t\t\t\t\t\t<span class=\"aig-gallery-hover\">\n\t\t\t\t\t\t\t\t\t\t\t\t\t<\/span>\n\t\t\t\t\t\t\t\t\t\t\t<\/a>\n\t\t\t\t\t\t\t\t\t<\/div>\n\t\t\t<\/div>\n\t\t\t\t\t\t\t\t<div class=\"qode-aig-image qode-item-space qode-aig-default-masonry-item\">\n\t\t\t\t<div class=\"qode-aig-image-inner\">\n\t\t\t\t\t\t\t\t\t\t\t<a itemprop=\"image\" class=\"qode-aig-lightbox\" href=\"https:\/\/festivalesdeloscastillos.es\/2024\/wp-content\/uploads\/2024\/05\/ARTISTAS-FESTIVAL-CASTILLOS-2024_CARMEN-BOZA.jpg\" data-rel=\"prettyPhoto[image_gallery_pretty_photo-286]\" title=\"ARTISTAS-FESTIVAL-CASTILLOS-2024_CARMEN-BOZA\">\n\t\t\t\t\t\t\t\t\t\t\t<img decoding=\"async\" width=\"600\" height=\"600\" src=\"https:\/\/festivalesdeloscastillos.es\/2024\/wp-content\/uploads\/2024\/05\/ARTISTAS-FESTIVAL-CASTILLOS-2024_CARMEN-BOZA.jpg\" class=\"attachment-full size-full\" alt=\"Carmen Boza FESTIVAL DE LOS CASTILLOS 2024\" srcset=\"https:\/\/festivalesdeloscastillos.es\/2024\/wp-content\/uploads\/2024\/05\/ARTISTAS-FESTIVAL-CASTILLOS-2024_CARMEN-BOZA.jpg 600w, https:\/\/festivalesdeloscastillos.es\/2024\/wp-content\/uploads\/2024\/05\/ARTISTAS-FESTIVAL-CASTILLOS-2024_CARMEN-BOZA-300x300.jpg 300w, https:\/\/festivalesdeloscastillos.es\/2024\/wp-content\/uploads\/2024\/05\/ARTISTAS-FESTIVAL-CASTILLOS-2024_CARMEN-BOZA-150x150.jpg 150w, https:\/\/festivalesdeloscastillos.es\/2024\/wp-content\/uploads\/2024\/05\/ARTISTAS-FESTIVAL-CASTILLOS-2024_CARMEN-BOZA-570x570.jpg 570w, https:\/\/festivalesdeloscastillos.es\/2024\/wp-content\/uploads\/2024\/05\/ARTISTAS-FESTIVAL-CASTILLOS-2024_CARMEN-BOZA-500x500.jpg 500w\" sizes=\"(max-width: 600px) 100vw, 600px\" \/>\t\t\t\t\t\t<span class=\"aig-gallery-hover\">\n\t\t\t\t\t\t\t\t\t\t\t\t\t<\/span>\n\t\t\t\t\t\t\t\t\t\t\t<\/a>\n\t\t\t\t\t\t\t\t\t<\/div>\n\t\t\t<\/div>\n\t\t\t\t\t\t\t\t<div class=\"qode-aig-image qode-item-space qode-aig-default-masonry-item\">\n\t\t\t\t<div class=\"qode-aig-image-inner\">\n\t\t\t\t\t\t\t\t\t\t\t<a itemprop=\"image\" class=\"qode-aig-lightbox\" href=\"https:\/\/festivalesdeloscastillos.es\/2024\/wp-content\/uploads\/2024\/05\/ARTISTAS-FESTIVAL-CASTILLOS-2024_0004_SANTIAGO-CAMPILLO.jpg\" data-rel=\"prettyPhoto[image_gallery_pretty_photo-286]\" title=\"ARTISTAS-FESTIVAL-CASTILLOS-2024_0004_SANTIAGO-CAMPILLO\">\n\t\t\t\t\t\t\t\t\t\t\t<img loading=\"lazy\" decoding=\"async\" width=\"600\" height=\"600\" src=\"https:\/\/festivalesdeloscastillos.es\/2024\/wp-content\/uploads\/2024\/05\/ARTISTAS-FESTIVAL-CASTILLOS-2024_0004_SANTIAGO-CAMPILLO.jpg\" class=\"attachment-full size-full\" alt=\"SANTIAGO CAMPILLO FESTIVAL DE LOS CASTILLOS 2024\" srcset=\"https:\/\/festivalesdeloscastillos.es\/2024\/wp-content\/uploads\/2024\/05\/ARTISTAS-FESTIVAL-CASTILLOS-2024_0004_SANTIAGO-CAMPILLO.jpg 600w, https:\/\/festivalesdeloscastillos.es\/2024\/wp-content\/uploads\/2024\/05\/ARTISTAS-FESTIVAL-CASTILLOS-2024_0004_SANTIAGO-CAMPILLO-300x300.jpg 300w, https:\/\/festivalesdeloscastillos.es\/2024\/wp-content\/uploads\/2024\/05\/ARTISTAS-FESTIVAL-CASTILLOS-2024_0004_SANTIAGO-CAMPILLO-150x150.jpg 150w, https:\/\/festivalesdeloscastillos.es\/2024\/wp-content\/uploads\/2024\/05\/ARTISTAS-FESTIVAL-CASTILLOS-2024_0004_SANTIAGO-CAMPILLO-570x570.jpg 570w, https:\/\/festivalesdeloscastillos.es\/2024\/wp-content\/uploads\/2024\/05\/ARTISTAS-FESTIVAL-CASTILLOS-2024_0004_SANTIAGO-CAMPILLO-500x500.jpg 500w\" sizes=\"(max-width: 600px) 100vw, 600px\" \/>\t\t\t\t\t\t<span class=\"aig-gallery-hover\">\n\t\t\t\t\t\t\t\t\t\t\t\t\t<\/span>\n\t\t\t\t\t\t\t\t\t\t\t<\/a>\n\t\t\t\t\t\t\t\t\t<\/div>\n\t\t\t<\/div>\n\t\t\t\t\t\t\t\t<div class=\"qode-aig-image qode-item-space qode-aig-default-masonry-item\">\n\t\t\t\t<div class=\"qode-aig-image-inner\">\n\t\t\t\t\t\t\t\t\t\t\t<a itemprop=\"image\" class=\"qode-aig-lightbox\" href=\"https:\/\/festivalesdeloscastillos.es\/2024\/wp-content\/uploads\/2024\/05\/ARTISTAS-FESTIVAL-CASTILLOS-2024_0003_baluarte.jpg\" data-rel=\"prettyPhoto[image_gallery_pretty_photo-286]\" title=\"ARTISTAS-FESTIVAL-CASTILLOS-2024_0003_baluarte\">\n\t\t\t\t\t\t\t\t\t\t\t<img loading=\"lazy\" decoding=\"async\" width=\"600\" height=\"600\" src=\"https:\/\/festivalesdeloscastillos.es\/2024\/wp-content\/uploads\/2024\/05\/ARTISTAS-FESTIVAL-CASTILLOS-2024_0003_baluarte.jpg\" class=\"attachment-full size-full\" alt=\"BALUARTE FESTIVAL DE LOS CASTILLOS 2024\" srcset=\"https:\/\/festivalesdeloscastillos.es\/2024\/wp-content\/uploads\/2024\/05\/ARTISTAS-FESTIVAL-CASTILLOS-2024_0003_baluarte.jpg 600w, https:\/\/festivalesdeloscastillos.es\/2024\/wp-content\/uploads\/2024\/05\/ARTISTAS-FESTIVAL-CASTILLOS-2024_0003_baluarte-300x300.jpg 300w, https:\/\/festivalesdeloscastillos.es\/2024\/wp-content\/uploads\/2024\/05\/ARTISTAS-FESTIVAL-CASTILLOS-2024_0003_baluarte-150x150.jpg 150w, https:\/\/festivalesdeloscastillos.es\/2024\/wp-content\/uploads\/2024\/05\/ARTISTAS-FESTIVAL-CASTILLOS-2024_0003_baluarte-570x570.jpg 570w, https:\/\/festivalesdeloscastillos.es\/2024\/wp-content\/uploads\/2024\/05\/ARTISTAS-FESTIVAL-CASTILLOS-2024_0003_baluarte-500x500.jpg 500w\" sizes=\"(max-width: 600px) 100vw, 600px\" \/>\t\t\t\t\t\t<span class=\"aig-gallery-hover\">\n\t\t\t\t\t\t\t\t\t\t\t\t\t<\/span>\n\t\t\t\t\t\t\t\t\t\t\t<\/a>\n\t\t\t\t\t\t\t\t\t<\/div>\n\t\t\t<\/div>\n\t\t\t\t\t\t\t\t<div class=\"qode-aig-image qode-item-space qode-aig-default-masonry-item\">\n\t\t\t\t<div class=\"qode-aig-image-inner\">\n\t\t\t\t\t\t\t\t\t\t\t<a itemprop=\"image\" class=\"qode-aig-lightbox\" href=\"https:\/\/festivalesdeloscastillos.es\/2024\/wp-content\/uploads\/2024\/05\/ARTISTAS-FESTIVAL-CASTILLOS-2024_0002_PASIO-VEGA.jpg\" data-rel=\"prettyPhoto[image_gallery_pretty_photo-286]\" title=\"ARTISTAS-FESTIVAL-CASTILLOS-2024_0002_PASION-VEGA\">\n\t\t\t\t\t\t\t\t\t\t\t<img loading=\"lazy\" decoding=\"async\" width=\"600\" height=\"600\" src=\"https:\/\/festivalesdeloscastillos.es\/2024\/wp-content\/uploads\/2024\/05\/ARTISTAS-FESTIVAL-CASTILLOS-2024_0002_PASIO-VEGA.jpg\" class=\"attachment-full size-full\" alt=\"PASION VEGA FESTIVAL DE LOS CASTILLOS 2024\" srcset=\"https:\/\/festivalesdeloscastillos.es\/2024\/wp-content\/uploads\/2024\/05\/ARTISTAS-FESTIVAL-CASTILLOS-2024_0002_PASIO-VEGA.jpg 600w, https:\/\/festivalesdeloscastillos.es\/2024\/wp-content\/uploads\/2024\/05\/ARTISTAS-FESTIVAL-CASTILLOS-2024_0002_PASIO-VEGA-300x300.jpg 300w, https:\/\/festivalesdeloscastillos.es\/2024\/wp-content\/uploads\/2024\/05\/ARTISTAS-FESTIVAL-CASTILLOS-2024_0002_PASIO-VEGA-150x150.jpg 150w, https:\/\/festivalesdeloscastillos.es\/2024\/wp-content\/uploads\/2024\/05\/ARTISTAS-FESTIVAL-CASTILLOS-2024_0002_PASIO-VEGA-570x570.jpg 570w, https:\/\/festivalesdeloscastillos.es\/2024\/wp-content\/uploads\/2024\/05\/ARTISTAS-FESTIVAL-CASTILLOS-2024_0002_PASIO-VEGA-500x500.jpg 500w\" sizes=\"(max-width: 600px) 100vw, 600px\" \/>\t\t\t\t\t\t<span class=\"aig-gallery-hover\">\n\t\t\t\t\t\t\t\t\t\t\t\t\t<\/span>\n\t\t\t\t\t\t\t\t\t\t\t<\/a>\n\t\t\t\t\t\t\t\t\t<\/div>\n\t\t\t<\/div>\n\t\t\t\t\t\t\t\t<div class=\"qode-aig-image qode-item-space qode-aig-default-masonry-item\">\n\t\t\t\t<div class=\"qode-aig-image-inner\">\n\t\t\t\t\t\t\t\t\t\t\t<a itemprop=\"image\" class=\"qode-aig-lightbox\" href=\"https:\/\/festivalesdeloscastillos.es\/2024\/wp-content\/uploads\/2024\/05\/ARTISTAS-FESTIVAL-CASTILLOS-2024_0001_BERNA.jpg\" data-rel=\"prettyPhoto[image_gallery_pretty_photo-286]\" title=\"ARTISTAS-FESTIVAL-CASTILLOS-2024_0001_BERNA\">\n\t\t\t\t\t\t\t\t\t\t\t<img loading=\"lazy\" decoding=\"async\" width=\"600\" height=\"600\" src=\"https:\/\/festivalesdeloscastillos.es\/2024\/wp-content\/uploads\/2024\/05\/ARTISTAS-FESTIVAL-CASTILLOS-2024_0001_BERNA.jpg\" class=\"attachment-full size-full\" alt=\"BERNA FESTIVAL DE LOS CASTILLOS 2024\" srcset=\"https:\/\/festivalesdeloscastillos.es\/2024\/wp-content\/uploads\/2024\/05\/ARTISTAS-FESTIVAL-CASTILLOS-2024_0001_BERNA.jpg 600w, https:\/\/festivalesdeloscastillos.es\/2024\/wp-content\/uploads\/2024\/05\/ARTISTAS-FESTIVAL-CASTILLOS-2024_0001_BERNA-300x300.jpg 300w, https:\/\/festivalesdeloscastillos.es\/2024\/wp-content\/uploads\/2024\/05\/ARTISTAS-FESTIVAL-CASTILLOS-2024_0001_BERNA-150x150.jpg 150w, https:\/\/festivalesdeloscastillos.es\/2024\/wp-content\/uploads\/2024\/05\/ARTISTAS-FESTIVAL-CASTILLOS-2024_0001_BERNA-570x570.jpg 570w, https:\/\/festivalesdeloscastillos.es\/2024\/wp-content\/uploads\/2024\/05\/ARTISTAS-FESTIVAL-CASTILLOS-2024_0001_BERNA-500x500.jpg 500w\" sizes=\"(max-width: 600px) 100vw, 600px\" \/>\t\t\t\t\t\t<span class=\"aig-gallery-hover\">\n\t\t\t\t\t\t\t\t\t\t\t\t\t<\/span>\n\t\t\t\t\t\t\t\t\t\t\t<\/a>\n\t\t\t\t\t\t\t\t\t<\/div>\n\t\t\t<\/div>\n\t\t\t\t\t\t\t\t<div class=\"qode-aig-image qode-item-space qode-aig-default-masonry-item\">\n\t\t\t\t<div class=\"qode-aig-image-inner\">\n\t\t\t\t\t\t\t\t\t\t\t<a itemprop=\"image\" class=\"qode-aig-lightbox\" href=\"https:\/\/festivalesdeloscastillos.es\/2024\/wp-content\/uploads\/2024\/05\/ARTISTAS-FESTIVAL-CASTILLOS-2024_0000_ALBERTO-VELASCO.jpg\" data-rel=\"prettyPhoto[image_gallery_pretty_photo-286]\" title=\"ARTISTAS-FESTIVAL-CASTILLOS-2024_0000_ALBERTO-VELASCO\">\n\t\t\t\t\t\t\t\t\t\t\t<img loading=\"lazy\" decoding=\"async\" width=\"600\" height=\"600\" src=\"https:\/\/festivalesdeloscastillos.es\/2024\/wp-content\/uploads\/2024\/05\/ARTISTAS-FESTIVAL-CASTILLOS-2024_0000_ALBERTO-VELASCO.jpg\" class=\"attachment-full size-full\" alt=\"ALBERTO VELASCO FESTIVAL DE LOS CASTILLOS 2024\" srcset=\"https:\/\/festivalesdeloscastillos.es\/2024\/wp-content\/uploads\/2024\/05\/ARTISTAS-FESTIVAL-CASTILLOS-2024_0000_ALBERTO-VELASCO.jpg 600w, https:\/\/festivalesdeloscastillos.es\/2024\/wp-content\/uploads\/2024\/05\/ARTISTAS-FESTIVAL-CASTILLOS-2024_0000_ALBERTO-VELASCO-300x300.jpg 300w, https:\/\/festivalesdeloscastillos.es\/2024\/wp-content\/uploads\/2024\/05\/ARTISTAS-FESTIVAL-CASTILLOS-2024_0000_ALBERTO-VELASCO-150x150.jpg 150w, https:\/\/festivalesdeloscastillos.es\/2024\/wp-content\/uploads\/2024\/05\/ARTISTAS-FESTIVAL-CASTILLOS-2024_0000_ALBERTO-VELASCO-570x570.jpg 570w, https:\/\/festivalesdeloscastillos.es\/2024\/wp-content\/uploads\/2024\/05\/ARTISTAS-FESTIVAL-CASTILLOS-2024_0000_ALBERTO-VELASCO-500x500.jpg 500w\" sizes=\"(max-width: 600px) 100vw, 600px\" \/>\t\t\t\t\t\t<span class=\"aig-gallery-hover\">\n\t\t\t\t\t\t\t\t\t\t\t\t\t<\/span>\n\t\t\t\t\t\t\t\t\t\t\t<\/a>\n\t\t\t\t\t\t\t\t\t<\/div>\n\t\t\t<\/div>\n\t\t\t\t\t\t\t\t<div class=\"qode-aig-image qode-item-space qode-aig-default-masonry-item\">\n\t\t\t\t<div class=\"qode-aig-image-inner\">\n\t\t\t\t\t\t\t\t\t\t\t<a itemprop=\"image\" class=\"qode-aig-lightbox\" href=\"https:\/\/festivalesdeloscastillos.es\/2024\/wp-content\/uploads\/2024\/05\/ARTISTAS-FESTIVAL-CASTILLOS_0000_SLEEPING-OFELIA.jpg\" data-rel=\"prettyPhoto[image_gallery_pretty_photo-286]\" title=\"ARTISTAS-FESTIVAL-CASTILLOS_0000_SLEEPING OFELIA\">\n\t\t\t\t\t\t\t\t\t\t\t<img loading=\"lazy\" decoding=\"async\" width=\"600\" height=\"600\" src=\"https:\/\/festivalesdeloscastillos.es\/2024\/wp-content\/uploads\/2024\/05\/ARTISTAS-FESTIVAL-CASTILLOS_0000_SLEEPING-OFELIA.jpg\" class=\"attachment-full size-full\" alt=\"\" srcset=\"https:\/\/festivalesdeloscastillos.es\/2024\/wp-content\/uploads\/2024\/05\/ARTISTAS-FESTIVAL-CASTILLOS_0000_SLEEPING-OFELIA.jpg 600w, https:\/\/festivalesdeloscastillos.es\/2024\/wp-content\/uploads\/2024\/05\/ARTISTAS-FESTIVAL-CASTILLOS_0000_SLEEPING-OFELIA-300x300.jpg 300w, https:\/\/festivalesdeloscastillos.es\/2024\/wp-content\/uploads\/2024\/05\/ARTISTAS-FESTIVAL-CASTILLOS_0000_SLEEPING-OFELIA-150x150.jpg 150w, https:\/\/festivalesdeloscastillos.es\/2024\/wp-content\/uploads\/2024\/05\/ARTISTAS-FESTIVAL-CASTILLOS_0000_SLEEPING-OFELIA-570x570.jpg 570w, https:\/\/festivalesdeloscastillos.es\/2024\/wp-content\/uploads\/2024\/05\/ARTISTAS-FESTIVAL-CASTILLOS_0000_SLEEPING-OFELIA-500x500.jpg 500w\" sizes=\"(max-width: 600px) 100vw, 600px\" \/>\t\t\t\t\t\t<span class=\"aig-gallery-hover\">\n\t\t\t\t\t\t\t\t\t\t\t\t\t<\/span>\n\t\t\t\t\t\t\t\t\t\t\t<\/a>\n\t\t\t\t\t\t\t\t\t<\/div>\n\t\t\t<\/div>\n\t\t\t\t\t\t\t\t<div class=\"qode-aig-image qode-item-space qode-aig-default-masonry-item\">\n\t\t\t\t<div class=\"qode-aig-image-inner\">\n\t\t\t\t\t\t\t\t\t\t\t<a itemprop=\"image\" class=\"qode-aig-lightbox\" href=\"https:\/\/festivalesdeloscastillos.es\/2024\/wp-content\/uploads\/2024\/05\/ARTISTAS-FESTIVAL-CASTILLOS_0001_EN-MITAD-DE-TANTO-FUEGO.jpg\" data-rel=\"prettyPhoto[image_gallery_pretty_photo-286]\" title=\"ARTISTAS-FESTIVAL-CASTILLOS_0001_EN MITAD DE TANTO FUEGO\">\n\t\t\t\t\t\t\t\t\t\t\t<img loading=\"lazy\" decoding=\"async\" width=\"600\" height=\"600\" src=\"https:\/\/festivalesdeloscastillos.es\/2024\/wp-content\/uploads\/2024\/05\/ARTISTAS-FESTIVAL-CASTILLOS_0001_EN-MITAD-DE-TANTO-FUEGO.jpg\" class=\"attachment-full size-full\" alt=\"\" srcset=\"https:\/\/festivalesdeloscastillos.es\/2024\/wp-content\/uploads\/2024\/05\/ARTISTAS-FESTIVAL-CASTILLOS_0001_EN-MITAD-DE-TANTO-FUEGO.jpg 600w, https:\/\/festivalesdeloscastillos.es\/2024\/wp-content\/uploads\/2024\/05\/ARTISTAS-FESTIVAL-CASTILLOS_0001_EN-MITAD-DE-TANTO-FUEGO-300x300.jpg 300w, https:\/\/festivalesdeloscastillos.es\/2024\/wp-content\/uploads\/2024\/05\/ARTISTAS-FESTIVAL-CASTILLOS_0001_EN-MITAD-DE-TANTO-FUEGO-150x150.jpg 150w, https:\/\/festivalesdeloscastillos.es\/2024\/wp-content\/uploads\/2024\/05\/ARTISTAS-FESTIVAL-CASTILLOS_0001_EN-MITAD-DE-TANTO-FUEGO-570x570.jpg 570w, https:\/\/festivalesdeloscastillos.es\/2024\/wp-content\/uploads\/2024\/05\/ARTISTAS-FESTIVAL-CASTILLOS_0001_EN-MITAD-DE-TANTO-FUEGO-500x500.jpg 500w\" sizes=\"(max-width: 600px) 100vw, 600px\" \/>\t\t\t\t\t\t<span class=\"aig-gallery-hover\">\n\t\t\t\t\t\t\t\t\t\t\t\t\t<\/span>\n\t\t\t\t\t\t\t\t\t\t\t<\/a>\n\t\t\t\t\t\t\t\t\t<\/div>\n\t\t\t<\/div>\n\t\t\t\t\t\t\t\t<div class=\"qode-aig-image qode-item-space qode-aig-default-masonry-item\">\n\t\t\t\t<div class=\"qode-aig-image-inner\">\n\t\t\t\t\t\t\t\t\t\t\t<a itemprop=\"image\" class=\"qode-aig-lightbox\" href=\"https:\/\/festivalesdeloscastillos.es\/2024\/wp-content\/uploads\/2024\/05\/ARTISTAS-FESTIVAL-CASTILLOS_0010_En-clave-de-Luna.jpg\" data-rel=\"prettyPhoto[image_gallery_pretty_photo-286]\" title=\"ARTISTAS-FESTIVAL-CASTILLOS_0010_En clave de Luna\">\n\t\t\t\t\t\t\t\t\t\t\t<img loading=\"lazy\" decoding=\"async\" width=\"600\" height=\"600\" src=\"https:\/\/festivalesdeloscastillos.es\/2024\/wp-content\/uploads\/2024\/05\/ARTISTAS-FESTIVAL-CASTILLOS_0010_En-clave-de-Luna.jpg\" class=\"attachment-full size-full\" alt=\"\" srcset=\"https:\/\/festivalesdeloscastillos.es\/2024\/wp-content\/uploads\/2024\/05\/ARTISTAS-FESTIVAL-CASTILLOS_0010_En-clave-de-Luna.jpg 600w, https:\/\/festivalesdeloscastillos.es\/2024\/wp-content\/uploads\/2024\/05\/ARTISTAS-FESTIVAL-CASTILLOS_0010_En-clave-de-Luna-300x300.jpg 300w, https:\/\/festivalesdeloscastillos.es\/2024\/wp-content\/uploads\/2024\/05\/ARTISTAS-FESTIVAL-CASTILLOS_0010_En-clave-de-Luna-150x150.jpg 150w, https:\/\/festivalesdeloscastillos.es\/2024\/wp-content\/uploads\/2024\/05\/ARTISTAS-FESTIVAL-CASTILLOS_0010_En-clave-de-Luna-570x570.jpg 570w, https:\/\/festivalesdeloscastillos.es\/2024\/wp-content\/uploads\/2024\/05\/ARTISTAS-FESTIVAL-CASTILLOS_0010_En-clave-de-Luna-500x500.jpg 500w\" sizes=\"(max-width: 600px) 100vw, 600px\" \/>\t\t\t\t\t\t<span class=\"aig-gallery-hover\">\n\t\t\t\t\t\t\t\t\t\t\t\t\t<\/span>\n\t\t\t\t\t\t\t\t\t\t\t<\/a>\n\t\t\t\t\t\t\t\t\t<\/div>\n\t\t\t<\/div>\n\t\t\t\t\t\t\t\t<div class=\"qode-aig-image qode-item-space qode-aig-default-masonry-item\">\n\t\t\t\t<div class=\"qode-aig-image-inner\">\n\t\t\t\t\t\t\t\t\t\t\t<a itemprop=\"image\" class=\"qode-aig-lightbox\" href=\"https:\/\/festivalesdeloscastillos.es\/2024\/wp-content\/uploads\/2024\/05\/ARTISTAS-FESTIVAL-CASTILLOS_0009_VIKI-LAFUENTE.jpg\" data-rel=\"prettyPhoto[image_gallery_pretty_photo-286]\" title=\"ARTISTAS-FESTIVAL-CASTILLOS_0009_VIKI LAFUENTE\">\n\t\t\t\t\t\t\t\t\t\t\t<img loading=\"lazy\" decoding=\"async\" width=\"600\" height=\"600\" src=\"https:\/\/festivalesdeloscastillos.es\/2024\/wp-content\/uploads\/2024\/05\/ARTISTAS-FESTIVAL-CASTILLOS_0009_VIKI-LAFUENTE.jpg\" class=\"attachment-full size-full\" alt=\"\" srcset=\"https:\/\/festivalesdeloscastillos.es\/2024\/wp-content\/uploads\/2024\/05\/ARTISTAS-FESTIVAL-CASTILLOS_0009_VIKI-LAFUENTE.jpg 600w, https:\/\/festivalesdeloscastillos.es\/2024\/wp-content\/uploads\/2024\/05\/ARTISTAS-FESTIVAL-CASTILLOS_0009_VIKI-LAFUENTE-300x300.jpg 300w, https:\/\/festivalesdeloscastillos.es\/2024\/wp-content\/uploads\/2024\/05\/ARTISTAS-FESTIVAL-CASTILLOS_0009_VIKI-LAFUENTE-150x150.jpg 150w, https:\/\/festivalesdeloscastillos.es\/2024\/wp-content\/uploads\/2024\/05\/ARTISTAS-FESTIVAL-CASTILLOS_0009_VIKI-LAFUENTE-570x570.jpg 570w, https:\/\/festivalesdeloscastillos.es\/2024\/wp-content\/uploads\/2024\/05\/ARTISTAS-FESTIVAL-CASTILLOS_0009_VIKI-LAFUENTE-500x500.jpg 500w\" sizes=\"(max-width: 600px) 100vw, 600px\" \/>\t\t\t\t\t\t<span class=\"aig-gallery-hover\">\n\t\t\t\t\t\t\t\t\t\t\t\t\t<\/span>\n\t\t\t\t\t\t\t\t\t\t\t<\/a>\n\t\t\t\t\t\t\t\t\t<\/div>\n\t\t\t<\/div>\n\t\t\t\t\t\t\t\t<div class=\"qode-aig-image qode-item-space qode-aig-default-masonry-item\">\n\t\t\t\t<div class=\"qode-aig-image-inner\">\n\t\t\t\t\t\t\t\t\t\t\t<a itemprop=\"image\" class=\"qode-aig-lightbox\" href=\"https:\/\/festivalesdeloscastillos.es\/2024\/wp-content\/uploads\/2024\/05\/ARTISTAS-FESTIVAL-CASTILLOS_0008_YHAEL-y-CRISTINA.jpg\" data-rel=\"prettyPhoto[image_gallery_pretty_photo-286]\" title=\"ARTISTAS-FESTIVAL-CASTILLOS_0008_YHAEL y CRISTINA\">\n\t\t\t\t\t\t\t\t\t\t\t<img loading=\"lazy\" decoding=\"async\" width=\"600\" height=\"600\" src=\"https:\/\/festivalesdeloscastillos.es\/2024\/wp-content\/uploads\/2024\/05\/ARTISTAS-FESTIVAL-CASTILLOS_0008_YHAEL-y-CRISTINA.jpg\" class=\"attachment-full size-full\" alt=\"\" srcset=\"https:\/\/festivalesdeloscastillos.es\/2024\/wp-content\/uploads\/2024\/05\/ARTISTAS-FESTIVAL-CASTILLOS_0008_YHAEL-y-CRISTINA.jpg 600w, https:\/\/festivalesdeloscastillos.es\/2024\/wp-content\/uploads\/2024\/05\/ARTISTAS-FESTIVAL-CASTILLOS_0008_YHAEL-y-CRISTINA-300x300.jpg 300w, https:\/\/festivalesdeloscastillos.es\/2024\/wp-content\/uploads\/2024\/05\/ARTISTAS-FESTIVAL-CASTILLOS_0008_YHAEL-y-CRISTINA-150x150.jpg 150w, https:\/\/festivalesdeloscastillos.es\/2024\/wp-content\/uploads\/2024\/05\/ARTISTAS-FESTIVAL-CASTILLOS_0008_YHAEL-y-CRISTINA-570x570.jpg 570w, https:\/\/festivalesdeloscastillos.es\/2024\/wp-content\/uploads\/2024\/05\/ARTISTAS-FESTIVAL-CASTILLOS_0008_YHAEL-y-CRISTINA-500x500.jpg 500w\" sizes=\"(max-width: 600px) 100vw, 600px\" \/>\t\t\t\t\t\t<span class=\"aig-gallery-hover\">\n\t\t\t\t\t\t\t\t\t\t\t\t\t<\/span>\n\t\t\t\t\t\t\t\t\t\t\t<\/a>\n\t\t\t\t\t\t\t\t\t<\/div>\n\t\t\t<\/div>\n\t\t\t\t\t\t\t\t<div class=\"qode-aig-image qode-item-space qode-aig-default-masonry-item\">\n\t\t\t\t<div class=\"qode-aig-image-inner\">\n\t\t\t\t\t\t\t\t\t\t\t<a itemprop=\"image\" class=\"qode-aig-lightbox\" href=\"https:\/\/festivalesdeloscastillos.es\/2024\/wp-content\/uploads\/2024\/05\/ARTISTAS-FESTIVAL-CASTILLOS_0007_VIVA-LA-ZARZUELA.jpg\" data-rel=\"prettyPhoto[image_gallery_pretty_photo-286]\" title=\"ARTISTAS-FESTIVAL-CASTILLOS_0007_VIVA LA ZARZUELA\">\n\t\t\t\t\t\t\t\t\t\t\t<img loading=\"lazy\" decoding=\"async\" width=\"600\" height=\"600\" src=\"https:\/\/festivalesdeloscastillos.es\/2024\/wp-content\/uploads\/2024\/05\/ARTISTAS-FESTIVAL-CASTILLOS_0007_VIVA-LA-ZARZUELA.jpg\" class=\"attachment-full size-full\" alt=\"\" srcset=\"https:\/\/festivalesdeloscastillos.es\/2024\/wp-content\/uploads\/2024\/05\/ARTISTAS-FESTIVAL-CASTILLOS_0007_VIVA-LA-ZARZUELA.jpg 600w, https:\/\/festivalesdeloscastillos.es\/2024\/wp-content\/uploads\/2024\/05\/ARTISTAS-FESTIVAL-CASTILLOS_0007_VIVA-LA-ZARZUELA-300x300.jpg 300w, https:\/\/festivalesdeloscastillos.es\/2024\/wp-content\/uploads\/2024\/05\/ARTISTAS-FESTIVAL-CASTILLOS_0007_VIVA-LA-ZARZUELA-150x150.jpg 150w, https:\/\/festivalesdeloscastillos.es\/2024\/wp-content\/uploads\/2024\/05\/ARTISTAS-FESTIVAL-CASTILLOS_0007_VIVA-LA-ZARZUELA-570x570.jpg 570w, https:\/\/festivalesdeloscastillos.es\/2024\/wp-content\/uploads\/2024\/05\/ARTISTAS-FESTIVAL-CASTILLOS_0007_VIVA-LA-ZARZUELA-500x500.jpg 500w\" sizes=\"(max-width: 600px) 100vw, 600px\" \/>\t\t\t\t\t\t<span class=\"aig-gallery-hover\">\n\t\t\t\t\t\t\t\t\t\t\t\t\t<\/span>\n\t\t\t\t\t\t\t\t\t\t\t<\/a>\n\t\t\t\t\t\t\t\t\t<\/div>\n\t\t\t<\/div>\n\t\t\t\t\t\t\t\t<div class=\"qode-aig-image qode-item-space qode-aig-default-masonry-item\">\n\t\t\t\t<div class=\"qode-aig-image-inner\">\n\t\t\t\t\t\t\t\t\t\t\t<a itemprop=\"image\" class=\"qode-aig-lightbox\" href=\"https:\/\/festivalesdeloscastillos.es\/2024\/wp-content\/uploads\/2024\/05\/ARTISTAS-FESTIVAL-CASTILLOS_0006_EDU-MANAZAS.jpg\" data-rel=\"prettyPhoto[image_gallery_pretty_photo-286]\" title=\"ARTISTAS-FESTIVAL-CASTILLOS_0006_EDU MANAZAS\">\n\t\t\t\t\t\t\t\t\t\t\t<img loading=\"lazy\" decoding=\"async\" width=\"600\" height=\"600\" src=\"https:\/\/festivalesdeloscastillos.es\/2024\/wp-content\/uploads\/2024\/05\/ARTISTAS-FESTIVAL-CASTILLOS_0006_EDU-MANAZAS.jpg\" class=\"attachment-full size-full\" alt=\"\" srcset=\"https:\/\/festivalesdeloscastillos.es\/2024\/wp-content\/uploads\/2024\/05\/ARTISTAS-FESTIVAL-CASTILLOS_0006_EDU-MANAZAS.jpg 600w, https:\/\/festivalesdeloscastillos.es\/2024\/wp-content\/uploads\/2024\/05\/ARTISTAS-FESTIVAL-CASTILLOS_0006_EDU-MANAZAS-300x300.jpg 300w, https:\/\/festivalesdeloscastillos.es\/2024\/wp-content\/uploads\/2024\/05\/ARTISTAS-FESTIVAL-CASTILLOS_0006_EDU-MANAZAS-150x150.jpg 150w, https:\/\/festivalesdeloscastillos.es\/2024\/wp-content\/uploads\/2024\/05\/ARTISTAS-FESTIVAL-CASTILLOS_0006_EDU-MANAZAS-570x570.jpg 570w, https:\/\/festivalesdeloscastillos.es\/2024\/wp-content\/uploads\/2024\/05\/ARTISTAS-FESTIVAL-CASTILLOS_0006_EDU-MANAZAS-500x500.jpg 500w\" sizes=\"(max-width: 600px) 100vw, 600px\" \/>\t\t\t\t\t\t<span class=\"aig-gallery-hover\">\n\t\t\t\t\t\t\t\t\t\t\t\t\t<\/span>\n\t\t\t\t\t\t\t\t\t\t\t<\/a>\n\t\t\t\t\t\t\t\t\t<\/div>\n\t\t\t<\/div>\n\t\t\t\t\t\t\t\t<div class=\"qode-aig-image qode-item-space qode-aig-default-masonry-item\">\n\t\t\t\t<div class=\"qode-aig-image-inner\">\n\t\t\t\t\t\t\t\t\t\t\t<a itemprop=\"image\" class=\"qode-aig-lightbox\" href=\"https:\/\/festivalesdeloscastillos.es\/2024\/wp-content\/uploads\/2024\/05\/ARTISTAS-FESTIVAL-CASTILLOS_0005_TEATRO-CHE-Y-MOCHE.jpg\" data-rel=\"prettyPhoto[image_gallery_pretty_photo-286]\" title=\"ARTISTAS-FESTIVAL-CASTILLOS_0005_TEATRO CHE Y MOCHE\">\n\t\t\t\t\t\t\t\t\t\t\t<img loading=\"lazy\" decoding=\"async\" width=\"600\" height=\"600\" src=\"https:\/\/festivalesdeloscastillos.es\/2024\/wp-content\/uploads\/2024\/05\/ARTISTAS-FESTIVAL-CASTILLOS_0005_TEATRO-CHE-Y-MOCHE.jpg\" class=\"attachment-full size-full\" alt=\"\" srcset=\"https:\/\/festivalesdeloscastillos.es\/2024\/wp-content\/uploads\/2024\/05\/ARTISTAS-FESTIVAL-CASTILLOS_0005_TEATRO-CHE-Y-MOCHE.jpg 600w, https:\/\/festivalesdeloscastillos.es\/2024\/wp-content\/uploads\/2024\/05\/ARTISTAS-FESTIVAL-CASTILLOS_0005_TEATRO-CHE-Y-MOCHE-300x300.jpg 300w, https:\/\/festivalesdeloscastillos.es\/2024\/wp-content\/uploads\/2024\/05\/ARTISTAS-FESTIVAL-CASTILLOS_0005_TEATRO-CHE-Y-MOCHE-150x150.jpg 150w, https:\/\/festivalesdeloscastillos.es\/2024\/wp-content\/uploads\/2024\/05\/ARTISTAS-FESTIVAL-CASTILLOS_0005_TEATRO-CHE-Y-MOCHE-570x570.jpg 570w, https:\/\/festivalesdeloscastillos.es\/2024\/wp-content\/uploads\/2024\/05\/ARTISTAS-FESTIVAL-CASTILLOS_0005_TEATRO-CHE-Y-MOCHE-500x500.jpg 500w\" sizes=\"(max-width: 600px) 100vw, 600px\" \/>\t\t\t\t\t\t<span class=\"aig-gallery-hover\">\n\t\t\t\t\t\t\t\t\t\t\t\t\t<\/span>\n\t\t\t\t\t\t\t\t\t\t\t<\/a>\n\t\t\t\t\t\t\t\t\t<\/div>\n\t\t\t<\/div>\n\t\t\t\t\t\t\t\t<div class=\"qode-aig-image qode-item-space qode-aig-default-masonry-item\">\n\t\t\t\t<div class=\"qode-aig-image-inner\">\n\t\t\t\t\t\t\t\t\t\t\t<a itemprop=\"image\" class=\"qode-aig-lightbox\" href=\"https:\/\/festivalesdeloscastillos.es\/2024\/wp-content\/uploads\/2024\/05\/ARTISTAS-FESTIVAL-CASTILLOS_0004_SOLANAS.jpg\" data-rel=\"prettyPhoto[image_gallery_pretty_photo-286]\" title=\"ARTISTAS-FESTIVAL-CASTILLOS_0004_SOLANAS\">\n\t\t\t\t\t\t\t\t\t\t\t<img loading=\"lazy\" decoding=\"async\" width=\"600\" height=\"600\" src=\"https:\/\/festivalesdeloscastillos.es\/2024\/wp-content\/uploads\/2024\/05\/ARTISTAS-FESTIVAL-CASTILLOS_0004_SOLANAS.jpg\" class=\"attachment-full size-full\" alt=\"\" srcset=\"https:\/\/festivalesdeloscastillos.es\/2024\/wp-content\/uploads\/2024\/05\/ARTISTAS-FESTIVAL-CASTILLOS_0004_SOLANAS.jpg 600w, https:\/\/festivalesdeloscastillos.es\/2024\/wp-content\/uploads\/2024\/05\/ARTISTAS-FESTIVAL-CASTILLOS_0004_SOLANAS-300x300.jpg 300w, https:\/\/festivalesdeloscastillos.es\/2024\/wp-content\/uploads\/2024\/05\/ARTISTAS-FESTIVAL-CASTILLOS_0004_SOLANAS-150x150.jpg 150w, https:\/\/festivalesdeloscastillos.es\/2024\/wp-content\/uploads\/2024\/05\/ARTISTAS-FESTIVAL-CASTILLOS_0004_SOLANAS-570x570.jpg 570w, https:\/\/festivalesdeloscastillos.es\/2024\/wp-content\/uploads\/2024\/05\/ARTISTAS-FESTIVAL-CASTILLOS_0004_SOLANAS-500x500.jpg 500w\" sizes=\"(max-width: 600px) 100vw, 600px\" \/>\t\t\t\t\t\t<span class=\"aig-gallery-hover\">\n\t\t\t\t\t\t\t\t\t\t\t\t\t<\/span>\n\t\t\t\t\t\t\t\t\t\t\t<\/a>\n\t\t\t\t\t\t\t\t\t<\/div>\n\t\t\t<\/div>\n\t\t\t\t\t\t\t\t<div class=\"qode-aig-image qode-item-space qode-aig-default-masonry-item\">\n\t\t\t\t<div class=\"qode-aig-image-inner\">\n\t\t\t\t\t\t\t\t\t\t\t<a itemprop=\"image\" class=\"qode-aig-lightbox\" href=\"https:\/\/festivalesdeloscastillos.es\/2024\/wp-content\/uploads\/2024\/05\/ARTISTAS-FESTIVAL-CASTILLOS_0003_RAUL-MARQUEZ.jpg\" data-rel=\"prettyPhoto[image_gallery_pretty_photo-286]\" title=\"ARTISTAS-FESTIVAL-CASTILLOS_0003_RAUL MARQUEZ\">\n\t\t\t\t\t\t\t\t\t\t\t<img loading=\"lazy\" decoding=\"async\" width=\"600\" height=\"600\" src=\"https:\/\/festivalesdeloscastillos.es\/2024\/wp-content\/uploads\/2024\/05\/ARTISTAS-FESTIVAL-CASTILLOS_0003_RAUL-MARQUEZ.jpg\" class=\"attachment-full size-full\" alt=\"\" srcset=\"https:\/\/festivalesdeloscastillos.es\/2024\/wp-content\/uploads\/2024\/05\/ARTISTAS-FESTIVAL-CASTILLOS_0003_RAUL-MARQUEZ.jpg 600w, https:\/\/festivalesdeloscastillos.es\/2024\/wp-content\/uploads\/2024\/05\/ARTISTAS-FESTIVAL-CASTILLOS_0003_RAUL-MARQUEZ-300x300.jpg 300w, https:\/\/festivalesdeloscastillos.es\/2024\/wp-content\/uploads\/2024\/05\/ARTISTAS-FESTIVAL-CASTILLOS_0003_RAUL-MARQUEZ-150x150.jpg 150w, https:\/\/festivalesdeloscastillos.es\/2024\/wp-content\/uploads\/2024\/05\/ARTISTAS-FESTIVAL-CASTILLOS_0003_RAUL-MARQUEZ-570x570.jpg 570w, https:\/\/festivalesdeloscastillos.es\/2024\/wp-content\/uploads\/2024\/05\/ARTISTAS-FESTIVAL-CASTILLOS_0003_RAUL-MARQUEZ-500x500.jpg 500w\" sizes=\"(max-width: 600px) 100vw, 600px\" \/>\t\t\t\t\t\t<span class=\"aig-gallery-hover\">\n\t\t\t\t\t\t\t\t\t\t\t\t\t<\/span>\n\t\t\t\t\t\t\t\t\t\t\t<\/a>\n\t\t\t\t\t\t\t\t\t<\/div>\n\t\t\t<\/div>\n\t\t\t\t\t\t\t\t<div class=\"qode-aig-image qode-item-space qode-aig-default-masonry-item\">\n\t\t\t\t<div class=\"qode-aig-image-inner\">\n\t\t\t\t\t\t\t\t\t\t\t<a itemprop=\"image\" class=\"qode-aig-lightbox\" href=\"https:\/\/festivalesdeloscastillos.es\/2024\/wp-content\/uploads\/2024\/05\/ARTISTAS-FESTIVAL-CASTILLOS_0002_EL-BUENO-EL-FEO-Y-EL-MALO.jpg\" data-rel=\"prettyPhoto[image_gallery_pretty_photo-286]\" title=\"ARTISTAS-FESTIVAL-CASTILLOS_0002_EL BUENO EL FEO Y EL MALO\">\n\t\t\t\t\t\t\t\t\t\t\t<img loading=\"lazy\" decoding=\"async\" width=\"600\" height=\"600\" src=\"https:\/\/festivalesdeloscastillos.es\/2024\/wp-content\/uploads\/2024\/05\/ARTISTAS-FESTIVAL-CASTILLOS_0002_EL-BUENO-EL-FEO-Y-EL-MALO.jpg\" class=\"attachment-full size-full\" alt=\"\" srcset=\"https:\/\/festivalesdeloscastillos.es\/2024\/wp-content\/uploads\/2024\/05\/ARTISTAS-FESTIVAL-CASTILLOS_0002_EL-BUENO-EL-FEO-Y-EL-MALO.jpg 600w, https:\/\/festivalesdeloscastillos.es\/2024\/wp-content\/uploads\/2024\/05\/ARTISTAS-FESTIVAL-CASTILLOS_0002_EL-BUENO-EL-FEO-Y-EL-MALO-300x300.jpg 300w, https:\/\/festivalesdeloscastillos.es\/2024\/wp-content\/uploads\/2024\/05\/ARTISTAS-FESTIVAL-CASTILLOS_0002_EL-BUENO-EL-FEO-Y-EL-MALO-150x150.jpg 150w, https:\/\/festivalesdeloscastillos.es\/2024\/wp-content\/uploads\/2024\/05\/ARTISTAS-FESTIVAL-CASTILLOS_0002_EL-BUENO-EL-FEO-Y-EL-MALO-570x570.jpg 570w, https:\/\/festivalesdeloscastillos.es\/2024\/wp-content\/uploads\/2024\/05\/ARTISTAS-FESTIVAL-CASTILLOS_0002_EL-BUENO-EL-FEO-Y-EL-MALO-500x500.jpg 500w\" sizes=\"(max-width: 600px) 100vw, 600px\" \/>\t\t\t\t\t\t<span class=\"aig-gallery-hover\">\n\t\t\t\t\t\t\t\t\t\t\t\t\t<\/span>\n\t\t\t\t\t\t\t\t\t\t\t<\/a>\n\t\t\t\t\t\t\t\t\t<\/div>\n\t\t\t<\/div>\n\t\t\t\t\t\t\t\t<div class=\"qode-aig-image qode-item-space qode-aig-default-masonry-item\">\n\t\t\t\t<div class=\"qode-aig-image-inner\">\n\t\t\t\t\t\t\t\t\t\t\t<a itemprop=\"image\" class=\"qode-aig-lightbox\" href=\"https:\/\/festivalesdeloscastillos.es\/2024\/wp-content\/uploads\/2023\/07\/SADABA_0002_ELEM.jpg\" data-rel=\"prettyPhoto[image_gallery_pretty_photo-286]\" title=\"SADABA_0002_ELEM\">\n\t\t\t\t\t\t\t\t\t\t\t<img loading=\"lazy\" decoding=\"async\" width=\"600\" height=\"600\" src=\"https:\/\/festivalesdeloscastillos.es\/2024\/wp-content\/uploads\/2023\/07\/SADABA_0002_ELEM.jpg\" class=\"attachment-full size-full\" alt=\"\" srcset=\"https:\/\/festivalesdeloscastillos.es\/2024\/wp-content\/uploads\/2023\/07\/SADABA_0002_ELEM.jpg 600w, https:\/\/festivalesdeloscastillos.es\/2024\/wp-content\/uploads\/2023\/07\/SADABA_0002_ELEM-300x300.jpg 300w, https:\/\/festivalesdeloscastillos.es\/2024\/wp-content\/uploads\/2023\/07\/SADABA_0002_ELEM-150x150.jpg 150w, https:\/\/festivalesdeloscastillos.es\/2024\/wp-content\/uploads\/2023\/07\/SADABA_0002_ELEM-570x570.jpg 570w, https:\/\/festivalesdeloscastillos.es\/2024\/wp-content\/uploads\/2023\/07\/SADABA_0002_ELEM-500x500.jpg 500w\" sizes=\"(max-width: 600px) 100vw, 600px\" \/>\t\t\t\t\t\t<span class=\"aig-gallery-hover\">\n\t\t\t\t\t\t\t\t\t\t\t\t\t<\/span>\n\t\t\t\t\t\t\t\t\t\t\t<\/a>\n\t\t\t\t\t\t\t\t\t<\/div>\n\t\t\t<\/div>\n\t\t\t<\/div>\n<\/div>[\/vc_column][\/vc_row][vc_row css_animation=\u00bb\u00bb row_type=\u00bbrow\u00bb use_row_as_full_screen_section=\u00bbno\u00bb type=\u00bbfull_width\u00bb angled_section=\u00bbno\u00bb text_align=\u00bbleft\u00bb background_image_as_pattern=\u00bbwithout_pattern\u00bb css=\u00bb.vc_custom_1655188283144{margin-top: -12% !important;padding-top: 200px !important;padding-right: 10% !important;padding-bottom: 5% !important;padding-left: 10% !important;background-color: #3a3a3a !important;}\u00bb z_index=\u00bb\u00bb][vc_column width=\u00bb2\/3&#8243;][vc_column_text]<\/p>\n<h3 style=\"text-align: right;\"><span style=\"color: #eae7da;\">Compra de abonos y entradas en:<\/span><\/h3>\n<p>[\/vc_column_text][\/vc_column][vc_column width=\u00bb1\/3&#8243;]<a  itemprop=\"url\" href=\"https:\/\/festivalesdeloscastillos.es\/2024\/contacto\" target=\"_blank\" data-hover-background-color='#eae7da' data-hover-border-color='#f9f9f9' data-hover-color='#443e3e' class=\"qbutton  large center default\" style=\"color: #eae7da; border-color: #eae7da; background-color: rgba(0,0,0,0.01);\">ARAG\u00d3N TICKETS<i class=\"qode_icon_font_awesome_5 fa5 fa fa-ticket qode_button_icon_element\" style=\"color: #eae7da;\" ><\/i><\/a>[\/vc_column][\/vc_row]<\/p>\n","protected":false},"excerpt":{"rendered":"<p>[vc_row css_animation=\u00bb\u00bb row_type=\u00bbrow\u00bb use_row_as_full_screen_section=\u00bbno\u00bb type=\u00bbgrid\u00bb angled_section=\u00bbno\u00bb text_align=\u00bbleft\u00bb background_image_as_pattern=\u00bbwithout_pattern\u00bb z_index=\u00bb\u00bb css=\u00bb.vc_custom_1654859740315{padding-top: 80px !important;padding-bottom: 40px !important;background-position: 0 0 !important;background-repeat: repeat !important;}\u00bb][vc_column][vc_column_text css=\u00bb.vc_custom_1716299291909{padding-right: 15% !important;padding-left: 15% !important;}\u00bb] Galer\u00eda de fotograf\u00edas de los artistas de esta edici\u00f3n de Festival de los Castillos 2024 [\/vc_column_text][\/vc_column][\/vc_row][vc_row css_animation=\u00bb\u00bb row_type=\u00bbrow\u00bb use_row_as_full_screen_section=\u00bbno\u00bb type=\u00bbgrid\u00bb angled_section=\u00bbno\u00bb&#8230;<\/p>\n","protected":false},"author":1,"featured_media":0,"parent":0,"menu_order":0,"comment_status":"closed","ping_status":"closed","template":"full_width.php","meta":{"footnotes":""},"class_list":["post-271","page","type-page","status-publish","hentry"],"yoast_head":"<!-- This site is optimized with the Yoast SEO plugin v25.1 - https:\/\/yoast.com\/wordpress\/plugins\/seo\/ -->\n<title>Media - Festivales de los Castillos<\/title>\n<meta name=\"description\" content=\"Secci\u00f3n de Media y Prensa de Festivales de los castillos con fotograf\u00edas, videos e informaci\u00f3n completa en el Dossier de Prensa 2023.\" \/>\n<meta name=\"robots\" content=\"index, follow, max-snippet:-1, max-image-preview:large, max-video-preview:-1\" \/>\n<link rel=\"canonical\" href=\"https:\/\/festivalesdeloscastillos.es\/2024\/media\/\" \/>\n<meta property=\"og:locale\" content=\"es_ES\" \/>\n<meta property=\"og:type\" content=\"article\" \/>\n<meta property=\"og:title\" content=\"Media - Festivales de los Castillos\" \/>\n<meta property=\"og:description\" content=\"Secci\u00f3n de Media y Prensa de Festivales de los castillos con fotograf\u00edas, videos e informaci\u00f3n completa en el Dossier de Prensa 2023.\" \/>\n<meta property=\"og:url\" content=\"https:\/\/festivalesdeloscastillos.es\/2024\/media\/\" \/>\n<meta property=\"og:site_name\" content=\"Festivales de los Castillos\" \/>\n<meta property=\"article:modified_time\" content=\"2024-07-12T08:41:43+00:00\" \/>\n<meta name=\"twitter:card\" content=\"summary_large_image\" \/>\n<meta name=\"twitter:label1\" content=\"Tiempo de lectura\" \/>\n\t<meta name=\"twitter:data1\" content=\"1 minuto\" \/>\n<script type=\"application\/ld+json\" class=\"yoast-schema-graph\">{\"@context\":\"https:\/\/schema.org\",\"@graph\":[{\"@type\":\"WebPage\",\"@id\":\"https:\/\/festivalesdeloscastillos.es\/2024\/media\/\",\"url\":\"https:\/\/festivalesdeloscastillos.es\/2024\/media\/\",\"name\":\"Media - Festivales de los Castillos\",\"isPartOf\":{\"@id\":\"https:\/\/festivalesdeloscastillos.es\/2024\/#website\"},\"datePublished\":\"2022-06-07T16:27:56+00:00\",\"dateModified\":\"2024-07-12T08:41:43+00:00\",\"description\":\"Secci\u00f3n de Media y Prensa de Festivales de los castillos con fotograf\u00edas, videos e informaci\u00f3n completa en el Dossier de Prensa 2023.\",\"inLanguage\":\"es\",\"potentialAction\":[{\"@type\":\"ReadAction\",\"target\":[\"https:\/\/festivalesdeloscastillos.es\/2024\/media\/\"]}]},{\"@type\":\"WebSite\",\"@id\":\"https:\/\/festivalesdeloscastillos.es\/2024\/#website\",\"url\":\"https:\/\/festivalesdeloscastillos.es\/2024\/\",\"name\":\"Festivales de los Castillos\",\"description\":\"Festivales de los Castillos: artes esc\u00e9nicas y la m\u00fasica\",\"potentialAction\":[{\"@type\":\"SearchAction\",\"target\":{\"@type\":\"EntryPoint\",\"urlTemplate\":\"https:\/\/festivalesdeloscastillos.es\/2024\/?s={search_term_string}\"},\"query-input\":{\"@type\":\"PropertyValueSpecification\",\"valueRequired\":true,\"valueName\":\"search_term_string\"}}],\"inLanguage\":\"es\"}]}<\/script>\n<!-- \/ Yoast SEO plugin. -->","yoast_head_json":{"title":"Media - Festivales de los Castillos","description":"Secci\u00f3n de Media y Prensa de Festivales de los castillos con fotograf\u00edas, videos e informaci\u00f3n completa en el Dossier de Prensa 2023.","robots":{"index":"index","follow":"follow","max-snippet":"max-snippet:-1","max-image-preview":"max-image-preview:large","max-video-preview":"max-video-preview:-1"},"canonical":"https:\/\/festivalesdeloscastillos.es\/2024\/media\/","og_locale":"es_ES","og_type":"article","og_title":"Media - Festivales de los Castillos","og_description":"Secci\u00f3n de Media y Prensa de Festivales de los castillos con fotograf\u00edas, videos e informaci\u00f3n completa en el Dossier de Prensa 2023.","og_url":"https:\/\/festivalesdeloscastillos.es\/2024\/media\/","og_site_name":"Festivales de los Castillos","article_modified_time":"2024-07-12T08:41:43+00:00","twitter_card":"summary_large_image","twitter_misc":{"Tiempo de lectura":"1 minuto"},"schema":{"@context":"https:\/\/schema.org","@graph":[{"@type":"WebPage","@id":"https:\/\/festivalesdeloscastillos.es\/2024\/media\/","url":"https:\/\/festivalesdeloscastillos.es\/2024\/media\/","name":"Media - Festivales de los Castillos","isPartOf":{"@id":"https:\/\/festivalesdeloscastillos.es\/2024\/#website"},"datePublished":"2022-06-07T16:27:56+00:00","dateModified":"2024-07-12T08:41:43+00:00","description":"Secci\u00f3n de Media y Prensa de Festivales de los castillos con fotograf\u00edas, videos e informaci\u00f3n completa en el Dossier de Prensa 2023.","inLanguage":"es","potentialAction":[{"@type":"ReadAction","target":["https:\/\/festivalesdeloscastillos.es\/2024\/media\/"]}]},{"@type":"WebSite","@id":"https:\/\/festivalesdeloscastillos.es\/2024\/#website","url":"https:\/\/festivalesdeloscastillos.es\/2024\/","name":"Festivales de los Castillos","description":"Festivales de los Castillos: artes esc\u00e9nicas y la m\u00fasica","potentialAction":[{"@type":"SearchAction","target":{"@type":"EntryPoint","urlTemplate":"https:\/\/festivalesdeloscastillos.es\/2024\/?s={search_term_string}"},"query-input":{"@type":"PropertyValueSpecification","valueRequired":true,"valueName":"search_term_string"}}],"inLanguage":"es"}]}},"_links":{"self":[{"href":"https:\/\/festivalesdeloscastillos.es\/2024\/wp-json\/wp\/v2\/pages\/271","targetHints":{"allow":["GET"]}}],"collection":[{"href":"https:\/\/festivalesdeloscastillos.es\/2024\/wp-json\/wp\/v2\/pages"}],"about":[{"href":"https:\/\/festivalesdeloscastillos.es\/2024\/wp-json\/wp\/v2\/types\/page"}],"author":[{"embeddable":true,"href":"https:\/\/festivalesdeloscastillos.es\/2024\/wp-json\/wp\/v2\/users\/1"}],"replies":[{"embeddable":true,"href":"https:\/\/festivalesdeloscastillos.es\/2024\/wp-json\/wp\/v2\/comments?post=271"}],"version-history":[{"count":49,"href":"https:\/\/festivalesdeloscastillos.es\/2024\/wp-json\/wp\/v2\/pages\/271\/revisions"}],"predecessor-version":[{"id":1592,"href":"https:\/\/festivalesdeloscastillos.es\/2024\/wp-json\/wp\/v2\/pages\/271\/revisions\/1592"}],"wp:attachment":[{"href":"https:\/\/festivalesdeloscastillos.es\/2024\/wp-json\/wp\/v2\/media?parent=271"}],"curies":[{"name":"wp","href":"https:\/\/api.w.org\/{rel}","templated":true}]}}