{"id":214,"date":"2022-06-09T15:20:42","date_gmt":"2022-06-09T15:20:42","guid":{"rendered":"http:\/\/bridge131.qodeinteractive.com\/?page_id=214"},"modified":"2024-05-22T09:03:48","modified_gmt":"2024-05-22T09:03:48","slug":"novallas","status":"publish","type":"page","link":"https:\/\/festivalesdeloscastillos.es\/2024\/programacion\/novallas\/","title":{"rendered":"Novallas"},"content":{"rendered":"<p>[vc_row css_animation=\u00bb\u00bb row_type=\u00bbrow\u00bb use_row_as_full_screen_section=\u00bbno\u00bb type=\u00bbgrid\u00bb angled_section=\u00bbno\u00bb text_align=\u00bbleft\u00bb background_image_as_pattern=\u00bbwithout_pattern\u00bb z_index=\u00bb\u00bb css=\u00bb.vc_custom_1690449322972{padding-top: 30px !important;padding-right: 15% !important;padding-bottom: -25% !important;padding-left: 15% !important;}\u00bb el_class=\u00bbno-bckg-img-ipad\u00bb][vc_column width=\u00bb1\/2&#8243;][vc_empty_space height=\u00bb100px\u00bb][vc_column_text]<\/p>\n<h3>20 &gt; 21 julio<\/h3>\n<p>[\/vc_column_text][vc_column_text]<\/p>\n<h1>Novallas<\/h1>\n<p>[\/vc_column_text][vc_empty_space height=\u00bb40px\u00bb][vc_empty_space height=\u00bb40px\u00bb][vc_empty_space height=\u00bb10px\u00bb][vc_empty_space height=\u00bb20px\u00bb][vc_empty_space height=\u00bb10px\u00bb][\/vc_column][vc_column width=\u00bb1\/2&#8243;][vc_single_image image=\u00bb1525&#8243; img_size=\u00bbfull\u00bb qode_css_animation=\u00bb\u00bb css=\u00bb.vc_custom_1716360652587{padding-top: 60px !important;}\u00bb][\/vc_column][\/vc_row][vc_row css_animation=\u00bbelement_from_left\u00bb row_type=\u00bbrow\u00bb use_row_as_full_screen_section=\u00bbno\u00bb type=\u00bbfull_width\u00bb angled_section=\u00bbno\u00bb text_align=\u00bbleft\u00bb background_image_as_pattern=\u00bbwithout_pattern\u00bb css=\u00bb.vc_custom_1690449330809{padding-top: 4% !important;padding-right: 14% !important;padding-bottom: 2% !important;padding-left: 14% !important;}\u00bb z_index=\u00bb\u00bb][vc_column width=\u00bb1\/2&#8243;]<div class='image_hover ' style='' data-transition-delay=''><div class='images_holder'><img itemprop='image' class='' src='https:\/\/festivalesdeloscastillos.es\/2024\/wp-content\/uploads\/2024\/05\/ARTISTAS-FESTIVAL-CASTILLOS_0007_6-NOVALLAS-BEA-FABREGAT.jpg' alt='' style='' \/><img itemprop='image' class='hover_image' src='' alt='' style='' \/><\/div><\/div>[\/vc_column][vc_column width=\u00bb1\/2&#8243;][vc_column_text css=\u00bb.vc_custom_1716360794008{padding-bottom: 10px !important;}\u00bb]<em>Viernes 19 de julio | 20:00 y 22:00 h. Castillo <\/em>[\/vc_column_text][vc_column_text]<\/p>\n<h3 style=\"text-align: left;\"><strong>BEA FABREGAT: Solanas\u00a0<\/strong><\/h3>\n<p>[\/vc_column_text][vc_empty_space height=\u00bb20px\u00bb][vc_row_inner row_type=\u00bbrow\u00bb use_as_box=\u00bbuse_row_as_box\u00bb type=\u00bbfull_width\u00bb text_align=\u00bbleft\u00bb css_animation=\u00bb\u00bb][vc_column_inner width=\u00bb1\/2&#8243;]<div class=\"custom_font_holder\" style=\"font-family: Roboto; font-size: 15px; line-height: 24px; font-style: normal; font-weight: 300; color: #3f3f3f; text-decoration: none; text-align: left;\"><strong>Modalidad:<\/strong> Teatro<br \/>\n<strong>Duraci\u00f3n:<\/strong> 35 min.<br \/>\n<strong>Tipo de p\u00fablico:<\/strong> Todos p\u00fablicos. Joven<\/div>[\/vc_column_inner][vc_column_inner width=\u00bb1\/2&#8243;]<div class=\"custom_font_holder\" style=\"font-family: Roboto; font-size: 15px; line-height: 24px; font-style: normal; font-weight: 300; color: #3f3f3f; text-decoration: none; text-align: left;\"><strong>Autora:<\/strong> Beatriz Fabregat<br \/>\n<strong>Direcci\u00f3n:<\/strong> Beatriz Fabregat<br \/>\n<strong>Int\u00e9rpretes:<\/strong> Alberto Mart\u00edn, Luc\u00eda Navarro, Paula Mart\u00ednez, Bea Fabregat<\/div>[\/vc_column_inner][\/vc_row_inner][vc_empty_space height=\u00bb20px\u00bb][vc_column_text]SOLANAS es un espect\u00e1culo que ficciona el momento en el que Valerie Solanas dispar\u00f3 a Andy Warhol; d\u00e1ndole as\u00ed una oportunidad a Solanas de expresar todo aquello que no dijo y de desenmascarar a Warhol.<\/p>\n<p>Es una pieza con la acci\u00f3n entiempo real; el p\u00fablico es part\u00edcipe de este hecho, ya que ellos son los artistas m\u00e1s importantes de Nueva York, a los que Andy invita a su performance \u201cEl trazo de mi mano es solo una acci\u00f3n\u201d. Valerie irrumpe la performance como si de un secuestro se tratara. Andy busca estrategias para salir ileso y Valerie se arma de valor para dispararle por la miseria que Warhol le ha hecho vivir y para desenmascararlo delante de la factor\u00eda.<\/p>\n<p>Solanas nos habla del abuso de poder, la manipulaci\u00f3n, la corrupci\u00f3n, las apariencias, la riqueza y sobre todo de feminismo.[\/vc_column_text][\/vc_column][\/vc_row][vc_row css_animation=\u00bbelement_from_right\u00bb row_type=\u00bbrow\u00bb use_row_as_full_screen_section=\u00bbno\u00bb type=\u00bbfull_width\u00bb angled_section=\u00bbno\u00bb text_align=\u00bbleft\u00bb background_image_as_pattern=\u00bbwithout_pattern\u00bb css=\u00bb.vc_custom_1690449336664{padding-top: 2% !important;padding-right: 14% !important;padding-bottom: 2% !important;padding-left: 14% !important;}\u00bb z_index=\u00bb\u00bb][vc_column width=\u00bb1\/2&#8243;][vc_column_text css=\u00bb.vc_custom_1716360892250{padding-bottom: 10px !important;}\u00bb]<\/p>\n<p style=\"text-align: right;\"><em>S\u00e1bado 20 de julio | 22:00 h. Pl. de San Ant\u00f3n <\/em><\/p>\n<p>[\/vc_column_text][vc_column_text]<\/p>\n<h3 style=\"text-align: right;\">ELEM<\/h3>\n<p>[\/vc_column_text][vc_empty_space height=\u00bb20px\u00bb][vc_row_inner row_type=\u00bbrow\u00bb use_as_box=\u00bbuse_row_as_box\u00bb type=\u00bbfull_width\u00bb text_align=\u00bbleft\u00bb css_animation=\u00bb\u00bb][vc_column_inner width=\u00bb1\/2&#8243;]<div class=\"custom_font_holder\" style=\"font-family: Roboto; font-size: 15px; line-height: 24px; font-style: normal; font-weight: 300; color: #3f3f3f; text-decoration: none; text-align: left;\">\n<p style=\"text-align: right;\"><strong>Modalidad:<\/strong> M\u00fasica<br \/>\n<strong>Duraci\u00f3n:<\/strong> 70 min.<\/p>\n<\/div>[\/vc_column_inner][vc_column_inner width=\u00bb1\/2&#8243;]<div class=\"custom_font_holder\" style=\"font-family: Roboto; font-size: 15px; line-height: 24px; font-style: normal; font-weight: 300; color: #3f3f3f; text-decoration: none; text-align: left;\">\n<p style=\"text-align: right;\"><strong>Autora:<\/strong> : Laura Cebri\u00e1n<br \/>\n<strong>Tipo de p\u00fablico:<\/strong> Todos p\u00fablicos<\/p>\n<\/div>[\/vc_column_inner][\/vc_row_inner][vc_empty_space height=\u00bb20px\u00bb][vc_column_text]<\/p>\n<p style=\"text-align: right;\">Elem es una explosi\u00f3n pop, baile y desahogo. Tras publicar su \u00faltimo disco, &#8216;Planeta de cristal&#8217; (premiado como Mejor EP de Arag\u00f3n), actualmente, la artista aragonesa est\u00e1 dando a conocer sus nuevos temas que se adentran en sonidos electr\u00f3nicos y dance.<\/p>\n<p style=\"text-align: right;\">Con apenas ocho a\u00f1os, comenz\u00f3 a interpretar sus primeras canciones a piano y su formaci\u00f3n en danza cl\u00e1sica. A partir de los diecis\u00e9is, la compositora, cantante y pianista desarroll\u00f3 sus estudios en el Conservatorio de M\u00fasica de Zaragoza. Tras este periodo, Elem decidi\u00f3 cambiar el rumbo de su carrera y apostar por su proyecto personal, componiendo y cantando sus propios temas que, en una primera etapa, se mov\u00edan entre el pop, el folk y la canci\u00f3n de autor. Poco despu\u00e9s, compuso las canciones que dieron forma a su LP de debut (&#8216;Si t\u00fa supieras&#8217;, 2021). El pop de Elem ha caminado hacia un sonido con mayor carga electr\u00f3nica, como se aprecia en sus singles m\u00e1s recientes, y hacia un show fren\u00e9tico donde el baile tiene un protagonismo destacado como v\u00ednculo con el p\u00fablico.<\/p>\n<p>[\/vc_column_text][\/vc_column][vc_column width=\u00bb1\/2&#8243;]<div class='image_hover ' style='' data-transition-delay=''><div class='images_holder'><img itemprop='image' class='' src='https:\/\/festivalesdeloscastillos.es\/2024\/wp-content\/uploads\/2024\/05\/ARTISTAS-FESTIVAL-CASTILLOS_0006_6-NOVALLAS-ELEM-2.jpg' alt='' style='' \/><img itemprop='image' class='hover_image' src='' alt='' style='' \/><\/div><\/div>[\/vc_column][\/vc_row][vc_row css_animation=\u00bb\u00bb row_type=\u00bbrow\u00bb use_row_as_full_screen_section=\u00bbno\u00bb type=\u00bbfull_width\u00bb angled_section=\u00bbno\u00bb text_align=\u00bbleft\u00bb background_image_as_pattern=\u00bbwithout_pattern\u00bb css=\u00bb.vc_custom_1690449360869{padding-top: 100px !important;padding-right: 8% !important;padding-left: 8% !important;}\u00bb z_index=\u00bb\u00bb el_class=\u00bbno-bckg-img-ipad\u00bb][vc_column][vc_column_text css=\u00bb.vc_custom_1654939040389{padding-bottom: 18px !important;}\u00bb]<\/p>\n<h3 style=\"text-align: center;\">\u00bfConoces el resto de Castillos?<\/h3>\n<p>[\/vc_column_text]<div class='qode_carousels_holder clearfix'><div class='qode_carousels' data-number-of-visible-items=''><ul class='slides'><li class='item'><div class=\"carousel_item_holder\"><a itemprop='url' href='https:\/\/festivalesdeloscastillos.es\/2024\/programacion\/castillo-de-grisel\/' target='_self'><span class='first_image_holder has_hover_image'><img decoding=\"async\" itemprop=\"image\" src=\"https:\/\/festivalesdeloscastillos.es\/2024\/wp-content\/uploads\/2024\/05\/Carteles-Home-2024_0010_1-GRISEL.png\" alt=\"carousel image\" \/><\/span><span class='second_image_holder has_hover_image'><img decoding=\"async\" itemprop=\"image\" src=\"https:\/\/festivalesdeloscastillos.es\/2024\/wp-content\/uploads\/2024\/05\/Carteles-Home-2024_0010_1-GRISEL.png\" alt=\"carousel image\" \/><\/span><\/a><\/div><\/li><li class='item'><div class=\"carousel_item_holder\"><a itemprop='url' href='https:\/\/festivalesdeloscastillos.es\/2024\/programacion\/castillo-de-illueca\/' target='_self'><span class='first_image_holder has_hover_image'><img decoding=\"async\" itemprop=\"image\" src=\"https:\/\/festivalesdeloscastillos.es\/2024\/wp-content\/uploads\/2024\/05\/Carteles-Home-2024_0008_3-ILLUECA.png\" alt=\"carousel image\" \/><\/span><span class='second_image_holder has_hover_image'><img decoding=\"async\" itemprop=\"image\" src=\"https:\/\/festivalesdeloscastillos.es\/2024\/wp-content\/uploads\/2024\/05\/Carteles-Home-2024_0008_3-ILLUECA.png\" alt=\"carousel image\" \/><\/span><\/a><\/div><\/li><li class='item'><div class=\"carousel_item_holder\"><a itemprop='url' href='https:\/\/festivalesdeloscastillos.es\/2024\/programacion\/castillo-de-alfajarin\/' target='_self'><span class='first_image_holder has_hover_image'><img decoding=\"async\" itemprop=\"image\" src=\"https:\/\/festivalesdeloscastillos.es\/2024\/wp-content\/uploads\/2024\/05\/Carteles-Home-2024_0009_2-ALFAJARIN.png\" alt=\"carousel image\" \/><\/span><span class='second_image_holder has_hover_image'><img decoding=\"async\" itemprop=\"image\" src=\"https:\/\/festivalesdeloscastillos.es\/2024\/wp-content\/uploads\/2024\/05\/Carteles-Home-2024_0009_2-ALFAJARIN.png\" alt=\"carousel image\" \/><\/span><\/a><\/div><\/li><li class='item'><div class=\"carousel_item_holder\"><a itemprop='url' href='https:\/\/festivalesdeloscastillos.es\/2024\/programacion\/castillo-de-mesones-isuela\/' target='_self'><span class='first_image_holder has_hover_image'><img decoding=\"async\" itemprop=\"image\" src=\"https:\/\/festivalesdeloscastillos.es\/2024\/wp-content\/uploads\/2024\/06\/Carteles-Home-2024_0006_5-MESONES-DE-ISUELA.png\" alt=\"carousel image\" \/><\/span><span class='second_image_holder has_hover_image'><img decoding=\"async\" itemprop=\"image\" src=\"https:\/\/festivalesdeloscastillos.es\/2024\/wp-content\/uploads\/2024\/06\/Carteles-Home-2024_0006_5-MESONES-DE-ISUELA.png\" alt=\"carousel image\" \/><\/span><\/a><\/div><\/li><li class='item'><div class=\"carousel_item_holder\"><a itemprop='url' href='https:\/\/festivalesdeloscastillos.es\/2024\/programacion\/castillo-de-jarque\/' target='_self'><span class='first_image_holder has_hover_image'><img decoding=\"async\" itemprop=\"image\" src=\"https:\/\/festivalesdeloscastillos.es\/2024\/wp-content\/uploads\/2024\/07\/Carteles-Home-2024_0004_7-JARQUE-DE-MONCAYO-OK.png\" alt=\"carousel image\" \/><\/span><span class='second_image_holder has_hover_image'><img decoding=\"async\" itemprop=\"image\" src=\"https:\/\/festivalesdeloscastillos.es\/2024\/wp-content\/uploads\/2024\/07\/Carteles-Home-2024_0004_7-JARQUE-DE-MONCAYO-OK.png\" alt=\"carousel image\" \/><\/span><\/a><\/div><\/li><li class='item'><div class=\"carousel_item_holder\"><a itemprop='url' href='https:\/\/festivalesdeloscastillos.es\/2024\/programacion\/castillo-de-valderrobres\/' target='_self'><span class='first_image_holder has_hover_image'><img decoding=\"async\" itemprop=\"image\" src=\"https:\/\/festivalesdeloscastillos.es\/2024\/wp-content\/uploads\/2024\/05\/Carteles-Home-2024_0003_9-VALDERROBRES.png\" alt=\"carousel image\" \/><\/span><span class='second_image_holder has_hover_image'><img decoding=\"async\" itemprop=\"image\" src=\"https:\/\/festivalesdeloscastillos.es\/2024\/wp-content\/uploads\/2024\/05\/Carteles-Home-2024_0003_9-VALDERROBRES.png\" alt=\"carousel image\" \/><\/span><\/a><\/div><\/li><li class='item'><div class=\"carousel_item_holder\"><a itemprop='url' href='https:\/\/festivalesdeloscastillos.es\/2024\/programacion\/san-agustin\/' target='_self'><span class='first_image_holder has_hover_image'><img decoding=\"async\" itemprop=\"image\" src=\"https:\/\/festivalesdeloscastillos.es\/2024\/wp-content\/uploads\/2024\/05\/Carteles-Home-2024_0001_12-SAN-AGUSTIN-1.png\" alt=\"carousel image\" \/><\/span><span class='second_image_holder has_hover_image'><img decoding=\"async\" itemprop=\"image\" src=\"https:\/\/festivalesdeloscastillos.es\/2024\/wp-content\/uploads\/2024\/05\/Carteles-Home-2024_0001_12-SAN-AGUSTIN-1.png\" alt=\"carousel image\" \/><\/span><\/a><\/div><\/li><li class='item'><div class=\"carousel_item_holder\"><a itemprop='url' href='https:\/\/festivalesdeloscastillos.es\/2024\/programacion\/castillo-de-sadaba\/' target='_self'><span class='first_image_holder has_hover_image'><img decoding=\"async\" itemprop=\"image\" src=\"https:\/\/festivalesdeloscastillos.es\/2024\/wp-content\/uploads\/2024\/05\/Carteles-Home-2024_0002_10-SADABA.png\" alt=\"carousel image\" \/><\/span><span class='second_image_holder has_hover_image'><img decoding=\"async\" itemprop=\"image\" src=\"https:\/\/festivalesdeloscastillos.es\/2024\/wp-content\/uploads\/2024\/05\/Carteles-Home-2024_0002_10-SADABA.png\" alt=\"carousel image\" \/><\/span><\/a><\/div><\/li><li class='item'><div class=\"carousel_item_holder\"><a itemprop='url' href='https:\/\/festivalesdeloscastillos.es\/2024\/programacion\/festival-anon-de-moncayo\/' target='_self'><span class='first_image_holder has_hover_image'><img decoding=\"async\" itemprop=\"image\" src=\"https:\/\/festivalesdeloscastillos.es\/2024\/wp-content\/uploads\/2024\/07\/Carteles-Home-2024_0007_4-AN\u0303ON-DE-MONCAYO-OK.png\" alt=\"carousel image\" \/><\/span><span class='second_image_holder has_hover_image'><img decoding=\"async\" itemprop=\"image\" src=\"https:\/\/festivalesdeloscastillos.es\/2024\/wp-content\/uploads\/2024\/07\/Carteles-Home-2024_0007_4-AN\u0303ON-DE-MONCAYO-OK.png\" alt=\"carousel image\" \/><\/span><\/a><\/div><\/li><li class='item'><div class=\"carousel_item_holder\"><a itemprop='url' href='https:\/\/festivalesdeloscastillos.es\/2024\/programacion\/castillo-albalate-del-arzobispo\/' target='_self'><span class='first_image_holder has_hover_image'><img decoding=\"async\" itemprop=\"image\" src=\"https:\/\/festivalesdeloscastillos.es\/2024\/wp-content\/uploads\/2024\/05\/Carteles-Home-2024_0010_11-ALBALATE.png\" alt=\"carousel image\" \/><\/span><span class='second_image_holder has_hover_image'><img decoding=\"async\" itemprop=\"image\" src=\"https:\/\/festivalesdeloscastillos.es\/2024\/wp-content\/uploads\/2024\/05\/Carteles-Home-2024_0010_11-ALBALATE.png\" alt=\"carousel image\" \/><\/span><\/a><\/div><\/li><li class='item'><div class=\"carousel_item_holder\"><a itemprop='url' href='https:\/\/festivalesdeloscastillos.es\/2024\/programacion\/castillo-loarre' target='_self'><span class='first_image_holder has_hover_image'><img decoding=\"async\" itemprop=\"image\" src=\"https:\/\/festivalesdeloscastillos.es\/2024\/wp-content\/uploads\/2024\/07\/Carteles-Home-2024_LOARRE-OK.png\" alt=\"carousel image\" \/><\/span><span class='second_image_holder has_hover_image'><img decoding=\"async\" itemprop=\"image\" src=\"https:\/\/festivalesdeloscastillos.es\/2024\/wp-content\/uploads\/2024\/07\/Carteles-Home-2024_LOARRE-OK.png\" alt=\"carousel image\" \/><\/span><\/a><\/div><\/li><li class='item'><div class=\"carousel_item_holder\"><a itemprop='url' href='https:\/\/festivalesdeloscastillos.es\/2024\/programacion\/novallas' target='_self'><span class='first_image_holder has_hover_image'><img decoding=\"async\" itemprop=\"image\" src=\"https:\/\/festivalesdeloscastillos.es\/2024\/wp-content\/uploads\/2024\/05\/Carteles-Home-2024_0005_6-NOVALLAS.png\" alt=\"carousel image\" \/><\/span><span class='second_image_holder has_hover_image'><img decoding=\"async\" itemprop=\"image\" src=\"https:\/\/festivalesdeloscastillos.es\/2024\/wp-content\/uploads\/2024\/05\/Carteles-Home-2024_0005_6-NOVALLAS.png\" alt=\"carousel image\" \/><\/span><\/a><\/div><\/li><li class='item'><div class=\"carousel_item_holder\"><a itemprop='url' href='https:\/\/festivalesdeloscastillos.es\/2024\/programacion\/castillo-de-fraga\/' target='_self'><span class='first_image_holder has_hover_image'><img decoding=\"async\" itemprop=\"image\" src=\"https:\/\/festivalesdeloscastillos.es\/2024\/wp-content\/uploads\/2024\/08\/Carteles-Home-2024_13-FRAGA-FINAL.png\" alt=\"carousel image\" \/><\/span><span class='second_image_holder has_hover_image'><img decoding=\"async\" itemprop=\"image\" src=\"https:\/\/festivalesdeloscastillos.es\/2024\/wp-content\/uploads\/2024\/08\/Carteles-Home-2024_13-FRAGA-FINAL.png\" alt=\"carousel image\" \/><\/span><\/a><\/div><\/li><\/ul><\/div><\/div>[\/vc_column][\/vc_row][vc_row css_animation=\u00bb\u00bb row_type=\u00bbrow\u00bb use_row_as_full_screen_section=\u00bbno\u00bb type=\u00bbgrid\u00bb angled_section=\u00bbno\u00bb text_align=\u00bbleft\u00bb background_image_as_pattern=\u00bbwithout_pattern\u00bb z_index=\u00bb\u00bb css=\u00bb.vc_custom_1716368624776{margin-top: -10% !important;padding-top: 120px !important;padding-bottom: 80px !important;background-color: #e6e3dc !important;background-position: 0 0 !important;background-repeat: repeat !important;}\u00bb][vc_column width=\u00bb3\/5&#8243;][vc_empty_space height=\u00bb60px\u00bb][\/vc_column][vc_column width=\u00bb2\/5&#8243;][vc_empty_space height=\u00bb60px\u00bb][\/vc_column][\/vc_row]<\/p>\n","protected":false},"excerpt":{"rendered":"<p>[vc_row css_animation=\u00bb\u00bb row_type=\u00bbrow\u00bb use_row_as_full_screen_section=\u00bbno\u00bb type=\u00bbgrid\u00bb angled_section=\u00bbno\u00bb text_align=\u00bbleft\u00bb background_image_as_pattern=\u00bbwithout_pattern\u00bb z_index=\u00bb\u00bb css=\u00bb.vc_custom_1690449322972{padding-top: 30px !important;padding-right: 15% !important;padding-bottom: -25% !important;padding-left: 15% !important;}\u00bb el_class=\u00bbno-bckg-img-ipad\u00bb][vc_column width=\u00bb1\/2&#8243;][vc_empty_space height=\u00bb100px\u00bb][vc_column_text] 20 &gt; 21 julio [\/vc_column_text][vc_column_text] Novallas [\/vc_column_text][vc_empty_space height=\u00bb40px\u00bb][vc_empty_space height=\u00bb40px\u00bb][vc_empty_space height=\u00bb10px\u00bb][vc_empty_space height=\u00bb20px\u00bb][vc_empty_space height=\u00bb10px\u00bb][\/vc_column][vc_column width=\u00bb1\/2&#8243;][vc_single_image image=\u00bb1525&#8243; img_size=\u00bbfull\u00bb qode_css_animation=\u00bb\u00bb css=\u00bb.vc_custom_1716360652587{padding-top: 60px !important;}\u00bb][\/vc_column][\/vc_row][vc_row css_animation=\u00bbelement_from_left\u00bb row_type=\u00bbrow\u00bb use_row_as_full_screen_section=\u00bbno\u00bb type=\u00bbfull_width\u00bb angled_section=\u00bbno\u00bb&#8230;<\/p>\n","protected":false},"author":1,"featured_media":0,"parent":233,"menu_order":10,"comment_status":"closed","ping_status":"closed","template":"full_width.php","meta":{"footnotes":""},"class_list":["post-214","page","type-page","status-publish","hentry"],"yoast_head":"<!-- This site is optimized with the Yoast SEO plugin v25.1 - https:\/\/yoast.com\/wordpress\/plugins\/seo\/ -->\n<title>Novallas - Festivales de los Castillos<\/title>\n<meta name=\"description\" content=\"Novallas: Festivales de los Castillos, festival de m\u00fasica, arte, teatro y danza con una amplia tradici\u00f3n y artistas.\" \/>\n<meta name=\"robots\" content=\"index, follow, max-snippet:-1, max-image-preview:large, max-video-preview:-1\" \/>\n<link rel=\"canonical\" href=\"https:\/\/festivalesdeloscastillos.es\/2024\/programacion\/novallas\/\" \/>\n<meta property=\"og:locale\" content=\"es_ES\" \/>\n<meta property=\"og:type\" content=\"article\" \/>\n<meta property=\"og:title\" content=\"Novallas - Festivales de los Castillos\" \/>\n<meta property=\"og:description\" content=\"Novallas: Festivales de los Castillos, festival de m\u00fasica, arte, teatro y danza con una amplia tradici\u00f3n y artistas.\" \/>\n<meta property=\"og:url\" content=\"https:\/\/festivalesdeloscastillos.es\/2024\/programacion\/novallas\/\" \/>\n<meta property=\"og:site_name\" content=\"Festivales de los Castillos\" \/>\n<meta property=\"article:modified_time\" content=\"2024-05-22T09:03:48+00:00\" \/>\n<meta name=\"twitter:card\" content=\"summary_large_image\" \/>\n<meta name=\"twitter:label1\" content=\"Tiempo de lectura\" \/>\n\t<meta name=\"twitter:data1\" content=\"5 minutos\" \/>\n<script type=\"application\/ld+json\" class=\"yoast-schema-graph\">{\"@context\":\"https:\/\/schema.org\",\"@graph\":[{\"@type\":\"WebPage\",\"@id\":\"https:\/\/festivalesdeloscastillos.es\/2024\/programacion\/novallas\/\",\"url\":\"https:\/\/festivalesdeloscastillos.es\/2024\/programacion\/novallas\/\",\"name\":\"Novallas - Festivales de los Castillos\",\"isPartOf\":{\"@id\":\"https:\/\/festivalesdeloscastillos.es\/2024\/#website\"},\"datePublished\":\"2022-06-09T15:20:42+00:00\",\"dateModified\":\"2024-05-22T09:03:48+00:00\",\"description\":\"Novallas: Festivales de los Castillos, festival de m\u00fasica, arte, teatro y danza con una amplia tradici\u00f3n y artistas.\",\"breadcrumb\":{\"@id\":\"https:\/\/festivalesdeloscastillos.es\/2024\/programacion\/novallas\/#breadcrumb\"},\"inLanguage\":\"es\",\"potentialAction\":[{\"@type\":\"ReadAction\",\"target\":[\"https:\/\/festivalesdeloscastillos.es\/2024\/programacion\/novallas\/\"]}]},{\"@type\":\"BreadcrumbList\",\"@id\":\"https:\/\/festivalesdeloscastillos.es\/2024\/programacion\/novallas\/#breadcrumb\",\"itemListElement\":[{\"@type\":\"ListItem\",\"position\":1,\"name\":\"Programaci\u00f3n\",\"item\":\"https:\/\/festivalesdeloscastillos.es\/2024\/programacion\/\"},{\"@type\":\"ListItem\",\"position\":2,\"name\":\"Novallas\"}]},{\"@type\":\"WebSite\",\"@id\":\"https:\/\/festivalesdeloscastillos.es\/2024\/#website\",\"url\":\"https:\/\/festivalesdeloscastillos.es\/2024\/\",\"name\":\"Festivales de los Castillos\",\"description\":\"Festivales de los Castillos: artes esc\u00e9nicas y la m\u00fasica\",\"potentialAction\":[{\"@type\":\"SearchAction\",\"target\":{\"@type\":\"EntryPoint\",\"urlTemplate\":\"https:\/\/festivalesdeloscastillos.es\/2024\/?s={search_term_string}\"},\"query-input\":{\"@type\":\"PropertyValueSpecification\",\"valueRequired\":true,\"valueName\":\"search_term_string\"}}],\"inLanguage\":\"es\"}]}<\/script>\n<!-- \/ Yoast SEO plugin. -->","yoast_head_json":{"title":"Novallas - Festivales de los Castillos","description":"Novallas: Festivales de los Castillos, festival de m\u00fasica, arte, teatro y danza con una amplia tradici\u00f3n y artistas.","robots":{"index":"index","follow":"follow","max-snippet":"max-snippet:-1","max-image-preview":"max-image-preview:large","max-video-preview":"max-video-preview:-1"},"canonical":"https:\/\/festivalesdeloscastillos.es\/2024\/programacion\/novallas\/","og_locale":"es_ES","og_type":"article","og_title":"Novallas - Festivales de los Castillos","og_description":"Novallas: Festivales de los Castillos, festival de m\u00fasica, arte, teatro y danza con una amplia tradici\u00f3n y artistas.","og_url":"https:\/\/festivalesdeloscastillos.es\/2024\/programacion\/novallas\/","og_site_name":"Festivales de los Castillos","article_modified_time":"2024-05-22T09:03:48+00:00","twitter_card":"summary_large_image","twitter_misc":{"Tiempo de lectura":"5 minutos"},"schema":{"@context":"https:\/\/schema.org","@graph":[{"@type":"WebPage","@id":"https:\/\/festivalesdeloscastillos.es\/2024\/programacion\/novallas\/","url":"https:\/\/festivalesdeloscastillos.es\/2024\/programacion\/novallas\/","name":"Novallas - Festivales de los Castillos","isPartOf":{"@id":"https:\/\/festivalesdeloscastillos.es\/2024\/#website"},"datePublished":"2022-06-09T15:20:42+00:00","dateModified":"2024-05-22T09:03:48+00:00","description":"Novallas: Festivales de los Castillos, festival de m\u00fasica, arte, teatro y danza con una amplia tradici\u00f3n y artistas.","breadcrumb":{"@id":"https:\/\/festivalesdeloscastillos.es\/2024\/programacion\/novallas\/#breadcrumb"},"inLanguage":"es","potentialAction":[{"@type":"ReadAction","target":["https:\/\/festivalesdeloscastillos.es\/2024\/programacion\/novallas\/"]}]},{"@type":"BreadcrumbList","@id":"https:\/\/festivalesdeloscastillos.es\/2024\/programacion\/novallas\/#breadcrumb","itemListElement":[{"@type":"ListItem","position":1,"name":"Programaci\u00f3n","item":"https:\/\/festivalesdeloscastillos.es\/2024\/programacion\/"},{"@type":"ListItem","position":2,"name":"Novallas"}]},{"@type":"WebSite","@id":"https:\/\/festivalesdeloscastillos.es\/2024\/#website","url":"https:\/\/festivalesdeloscastillos.es\/2024\/","name":"Festivales de los Castillos","description":"Festivales de los Castillos: artes esc\u00e9nicas y la m\u00fasica","potentialAction":[{"@type":"SearchAction","target":{"@type":"EntryPoint","urlTemplate":"https:\/\/festivalesdeloscastillos.es\/2024\/?s={search_term_string}"},"query-input":{"@type":"PropertyValueSpecification","valueRequired":true,"valueName":"search_term_string"}}],"inLanguage":"es"}]}},"_links":{"self":[{"href":"https:\/\/festivalesdeloscastillos.es\/2024\/wp-json\/wp\/v2\/pages\/214","targetHints":{"allow":["GET"]}}],"collection":[{"href":"https:\/\/festivalesdeloscastillos.es\/2024\/wp-json\/wp\/v2\/pages"}],"about":[{"href":"https:\/\/festivalesdeloscastillos.es\/2024\/wp-json\/wp\/v2\/types\/page"}],"author":[{"embeddable":true,"href":"https:\/\/festivalesdeloscastillos.es\/2024\/wp-json\/wp\/v2\/users\/1"}],"replies":[{"embeddable":true,"href":"https:\/\/festivalesdeloscastillos.es\/2024\/wp-json\/wp\/v2\/comments?post=214"}],"version-history":[{"count":107,"href":"https:\/\/festivalesdeloscastillos.es\/2024\/wp-json\/wp\/v2\/pages\/214\/revisions"}],"predecessor-version":[{"id":1661,"href":"https:\/\/festivalesdeloscastillos.es\/2024\/wp-json\/wp\/v2\/pages\/214\/revisions\/1661"}],"up":[{"embeddable":true,"href":"https:\/\/festivalesdeloscastillos.es\/2024\/wp-json\/wp\/v2\/pages\/233"}],"wp:attachment":[{"href":"https:\/\/festivalesdeloscastillos.es\/2024\/wp-json\/wp\/v2\/media?parent=214"}],"curies":[{"name":"wp","href":"https:\/\/api.w.org\/{rel}","templated":true}]}}