{"id":287,"date":"2022-06-07T09:11:24","date_gmt":"2022-06-07T09:11:24","guid":{"rendered":"http:\/\/bridge131.qodeinteractive.com\/?page_id=6"},"modified":"2023-07-30T07:42:14","modified_gmt":"2023-07-30T07:42:14","slug":"home","status":"publish","type":"page","link":"https:\/\/festivalesdeloscastillos.es\/2023\/","title":{"rendered":"Home"},"content":{"rendered":"<p>[vc_row css_animation=\u00bb\u00bb row_type=\u00bbrow\u00bb use_row_as_full_screen_section=\u00bbno\u00bb type=\u00bbfull_width\u00bb angled_section=\u00bbno\u00bb text_align=\u00bbleft\u00bb background_image_as_pattern=\u00bbwithout_pattern\u00bb css=\u00bb.vc_custom_1689609101384{padding-top: 6% !important;padding-right: 8% !important;padding-bottom: 3% !important;padding-left: 10% !important;}\u00bb z_index=\u00bb\u00bb el_class=\u00bbno-bckg-img-ipad\u00bb][vc_column width=\u00bb2\/5&#8243;][vc_column_text]<\/p>\n<h1>El Festival<\/h1>\n<p>[\/vc_column_text][vc_empty_space height=\u00bb24px\u00bb][vc_column_text]El <strong>Festival de los Castillos<\/strong> coge el impulso del festival <strong>Puerta al Mediterr\u00e1neo<\/strong>, un proyecto que surge en 1987 en el Castillo de Mora de Rubielos (Teruel) con el fin de ser un reactivo cultural en el turismo de zonas despobladas como la Sierra de G\u00fadar-Javalambre.<\/p>\n<p>El \u00e9xito del festival nos anim\u00f3 a trasladar la experiencia a otros castillos en las tres provincias aragonesas, incorporando cada a\u00f1o m\u00e1s castillos en la programaci\u00f3n. <strong>A lo largo de estos a\u00f1os, han pisado nuestras tablas grandes artistas.<\/strong><\/p>\n<p>El Festival apuesta por impulsar y visibilizar el trabajo de artistas emergentes de la escena nacional ofreciendo as\u00ed una programaci\u00f3n cultural diversa que se adapta a todos los perfiles de p\u00fablicos y que facilita el intercambio de espectadores y fomenta otras iniciativas culturales y sociales.[\/vc_column_text][vc_empty_space height=\u00bb14px\u00bb]\n\n\t<a href=\"#\" target=\"_self\" style=\"color: rgba(16,24,29,0.75);font-family: Vidaloka;font-size: 24px;font-weight: 400;text-transform: none;font-style: normal\" class=\"qode-btn qode-btn-medium qode-btn-simple qode-btn-custom-hover-color button-with-line qode-btn-default-hover\" data-hover-color=\"#10181d\" >\n\t    <span class=\"qode-btn-text\">\u00a1Te esperamos!<\/span>\t<\/a>\n\n[\/vc_column][vc_column width=\u00bb3\/5&#8243;][vc_single_image image=\u00bb1386&#8243; img_size=\u00bbfull\u00bb qode_css_animation=\u00bb\u00bb css=\u00bb.vc_custom_1690442981033{border-left-width: 2% !important;}\u00bb][\/vc_column][\/vc_row][vc_row css_animation=\u00bb\u00bb row_type=\u00bbrow\u00bb use_row_as_full_screen_section=\u00bbno\u00bb type=\u00bbfull_width\u00bb angled_section=\u00bbno\u00bb text_align=\u00bbcenter\u00bb background_image_as_pattern=\u00bbwithout_pattern\u00bb css=\u00bb.vc_custom_1690449998371{padding-top: 3% !important;padding-right: 12% !important;padding-bottom: 3% !important;padding-left: 6% !important;background-color: #f3f1e9 !important;}\u00bb z_index=\u00bb\u00bb][vc_column width=\u00bb3\/5&#8243;][vc_column_text]<\/p>\n<h2 style=\"text-align: center;\">Tus entradas online:<\/h2>\n<p>[\/vc_column_text][\/vc_column][vc_column width=\u00bb1\/5&#8243; css=\u00bb.vc_custom_1655889810034{margin-right: 8% !important;}\u00bb]<a  itemprop=\"url\" href=\"https:\/\/aragontickets.com\/es\/search\/#festivalesdeloscastillos\" target=\"_blank\" data-hover-background-color='#443e3e' data-hover-color='#f7f7f7' class=\"qbutton  large center default\" style=\"color: #443e3e; border-color: #443e3e; background-color: rgba(0,0,0,0.01);\">ARAG\u00d3N TICKETS<i class=\"qode_icon_font_awesome_5 fa5 fa fa-ticket qode_button_icon_element\" style=\"color: #2b2424;\" ><\/i><\/a>[\/vc_column][vc_column width=\u00bb1\/5&#8243;]<a  itemprop=\"url\" href=\"https:\/\/entradas.ibercaja.es\/eventos\/#festivalesdeloscastillos\" target=\"_blank\" data-hover-background-color='#443e3e' data-hover-color='#f7f7f7' class=\"qbutton  large center default\" style=\"color: #443e3e; border-color: #443e3e; background-color: rgba(0,0,0,0.01);\">ENTRADAS IBERCAJA<i class=\"qode_icon_font_awesome_5 fa5 fa fa-ticket qode_button_icon_element\" style=\"color: #2b2424;\" ><\/i><\/a>[\/vc_column][\/vc_row][vc_row css_animation=\u00bb\u00bb row_type=\u00bbrow\u00bb use_row_as_full_screen_section=\u00bbno\u00bb type=\u00bbgrid\u00bb angled_section=\u00bbno\u00bb text_align=\u00bbright\u00bb background_image_as_pattern=\u00bbwithout_pattern\u00bb z_index=\u00bb\u00bb css=\u00bb.vc_custom_1689608801198{padding-top: 20px !important;}\u00bb el_class=\u00bbno-bckg-img-ipad\u00bb][vc_column][vc_column_text css=\u00bb.vc_custom_1654758598649{margin-top: 2% !important;margin-right: 22% !important;margin-bottom: -3% !important;}\u00bb]<\/p>\n<h1 style=\"text-align: right;\">Programaci\u00f3n<\/h1>\n<p>[\/vc_column_text][\/vc_column][\/vc_row][vc_row css_animation=\u00bb\u00bb row_type=\u00bbrow\u00bb use_row_as_full_screen_section=\u00bbno\u00bb type=\u00bbgrid\u00bb angled_section=\u00bbno\u00bb text_align=\u00bbleft\u00bb background_image_as_pattern=\u00bbwithout_pattern\u00bb z_index=\u00bb\u00bb css=\u00bb.vc_custom_1689608794231{padding-top: 3% !important;padding-bottom: 2% !important;}\u00bb el_class=\u00bbno-bckg-img-ipad\u00bb][vc_column][qode_content_slider enable_drag=\u00bbyes\u00bb direction_nav=\u00bbyes\u00bb control_nav=\u00bbno\u00bb pause_on_hover=\u00bbno\u00bb][qode_content_slider_item][qode_elements_holder number_of_columns=\u00bbtwo_columns\u00bb][qode_elements_holder_item advanced_animations=\u00bbno\u00bb item_padding=\u00bb0 0 0 0&#8243;][vc_single_image image=\u00bb1452&#8243; img_size=\u00bbfull\u00bb qode_css_animation=\u00bb\u00bb][\/qode_elements_holder_item][qode_elements_holder_item advanced_animations=\u00bbno\u00bb item_padding=\u00bb0 148px 69px 0&#8243; item_padding_1024_1280=\u00bb0 113px 69px 0&#8243; item_padding_600_768=\u00bb0 98px 69px 67px\u00bb item_padding_480=\u00bb0 0 0 0&#8243;][vc_column_text]<\/p>\n<h1>Castillo de Grisel<\/h1>\n<p>[\/vc_column_text][vc_empty_space height=\u00bb23px\u00bb][vc_column_text]<span style=\"color: #333333;\"><strong>1 julio al 5 agosto de 2023<\/strong><\/span>[\/vc_column_text][vc_empty_space height=\u00bb14px\u00bb][vc_column_text]<strong>Entradas:<\/strong> pr\u00f3ximamente[\/vc_column_text][vc_empty_space height=\u00bb62px\u00bb]\n\n\t<a href=\"https:\/\/festivalesdeloscastillos.es\/2023\/\" target=\"_self\" style=\"color: #10181d;font-family: Vidaloka;font-size: 26px;font-weight: 400;text-transform: none;font-style: normal\" class=\"qode-btn qode-btn-medium qode-btn-simple qode-btn-custom-hover-color button-with-line qode-btn-default-hover\" data-hover-color=\"rgba(16,24,29,0.75)\" >\n\t    <span class=\"qode-btn-text\"><\/span>\t<\/a>\n\n[\/qode_elements_holder_item][\/qode_elements_holder][\/qode_content_slider_item][qode_content_slider_item][qode_elements_holder number_of_columns=\u00bbtwo_columns\u00bb][qode_elements_holder_item advanced_animations=\u00bbno\u00bb item_padding=\u00bb0 0 0 0&#8243;][vc_single_image image=\u00bb1453&#8243; img_size=\u00bbfull\u00bb qode_css_animation=\u00bb\u00bb][\/qode_elements_holder_item][qode_elements_holder_item advanced_animations=\u00bbno\u00bb item_padding=\u00bb0 148px 69px 0&#8243; item_padding_1024_1280=\u00bb0 113px 69px 0&#8243; item_padding_600_768=\u00bb0 98px 69px 67px\u00bb item_padding_480=\u00bb0 0 0 0&#8243;][vc_column_text]<\/p>\n<h1>Castillo de Illueca<\/h1>\n<p>[\/vc_column_text][vc_empty_space height=\u00bb23px\u00bb][vc_column_text]<span style=\"color: #333333;\"><strong>Del 15 y 22 de julio de 2023<\/strong><\/span>[\/vc_column_text][vc_empty_space height=\u00bb14px\u00bb][vc_column_text]<\/p>\n<div class=\"wpb_text_column wpb_content_element \">\n<div class=\"wpb_wrapper\">\n<p class=\"p1\"><strong>Entradas:<\/strong> pr\u00f3ximamente<\/p>\n<\/div>\n<\/div>\n<p>[\/vc_column_text][vc_empty_space height=\u00bb62px\u00bb]\n\n\t<a href=\"https:\/\/festivalesdeloscastillos.es\/2023\/\" target=\"_self\" style=\"color: #10181d;font-family: Vidaloka;font-size: 26px;font-weight: 400;text-transform: none;font-style: normal\" class=\"qode-btn qode-btn-medium qode-btn-simple qode-btn-custom-hover-color button-with-line qode-btn-default-hover\" data-hover-color=\"rgba(16,24,29,0.75)\" >\n\t    <span class=\"qode-btn-text\">Ver Castill<\/span>\t<\/a>\n\n[\/qode_elements_holder_item][\/qode_elements_holder][\/qode_content_slider_item][qode_content_slider_item][qode_elements_holder number_of_columns=\u00bbtwo_columns\u00bb][qode_elements_holder_item advanced_animations=\u00bbno\u00bb item_padding=\u00bb0 0 0 0&#8243;][vc_single_image image=\u00bb1454&#8243; img_size=\u00bbfull\u00bb qode_css_animation=\u00bb\u00bb][\/qode_elements_holder_item][qode_elements_holder_item advanced_animations=\u00bbno\u00bb item_padding=\u00bb0 148px 69px 0&#8243; item_padding_1024_1280=\u00bb0 113px 69px 0&#8243; item_padding_600_768=\u00bb0 98px 69px 67px\u00bb item_padding_480=\u00bb0 0 0 0&#8243;][vc_column_text]<\/p>\n<h1>Castillo de Alfajar\u00edn<\/h1>\n<p>[\/vc_column_text][vc_empty_space height=\u00bb23px\u00bb][vc_column_text]<span style=\"color: #333333;\"><strong>14 y 15 julio de 2023<\/strong><\/span>[\/vc_column_text][vc_empty_space height=\u00bb14px\u00bb][vc_column_text]<\/p>\n<div class=\"wpb_text_column wpb_content_element \">\n<div class=\"wpb_wrapper\">\n<p class=\"p1\"><strong>Entradas:<\/strong> pr\u00f3ximamente<\/p>\n<\/div>\n<\/div>\n<p>[\/vc_column_text][vc_empty_space height=\u00bb62px\u00bb]\n\n\t<a href=\"https:\/\/festivalesdeloscastillos.es\/2023\/\" target=\"_self\" style=\"color: #10181d;font-family: Vidaloka;font-size: 26px;font-weight: 400;text-transform: none;font-style: normal\" class=\"qode-btn qode-btn-medium qode-btn-simple qode-btn-custom-hover-color button-with-line qode-btn-default-hover\" data-hover-color=\"rgba(16,24,29,0.75)\" >\n\t    <span class=\"qode-btn-text\">Ver Castill<\/span>\t<\/a>\n\n[\/qode_elements_holder_item][\/qode_elements_holder][\/qode_content_slider_item][qode_content_slider_item][qode_elements_holder number_of_columns=\u00bbtwo_columns\u00bb][qode_elements_holder_item advanced_animations=\u00bbno\u00bb item_padding=\u00bb0 0 0 0&#8243;][vc_single_image image=\u00bb1455&#8243; img_size=\u00bbfull\u00bb qode_css_animation=\u00bb\u00bb][\/qode_elements_holder_item][qode_elements_holder_item advanced_animations=\u00bbno\u00bb item_padding=\u00bb0 148px 69px 0&#8243; item_padding_1024_1280=\u00bb0 113px 69px 0&#8243; item_padding_600_768=\u00bb0 98px 69px 67px\u00bb item_padding_480=\u00bb0 0 0 0&#8243;][vc_column_text]<\/p>\n<h1>Castillo de Mesones de Isuela<\/h1>\n<p>[\/vc_column_text][vc_empty_space height=\u00bb23px\u00bb][vc_column_text]<span style=\"color: #333333;\"><strong>21 al 22 julio de 2023<\/strong><\/span>[\/vc_column_text][vc_empty_space height=\u00bb14px\u00bb][vc_column_text]<strong>Entradas:<\/strong> pr\u00f3ximamente[\/vc_column_text][vc_empty_space height=\u00bb62px\u00bb]\n\n\t<a href=\"https:\/\/festivalesdeloscastillos.es\/2023\/\" target=\"_self\" style=\"color: #10181d;font-family: Vidaloka;font-size: 26px;font-weight: 400;text-transform: none;font-style: normal\" class=\"qode-btn qode-btn-medium qode-btn-simple qode-btn-custom-hover-color button-with-line qode-btn-default-hover\" data-hover-color=\"rgba(16,24,29,0.75)\" >\n\t    <span class=\"qode-btn-text\"><\/span>\t<\/a>\n\n[\/qode_elements_holder_item][\/qode_elements_holder][\/qode_content_slider_item][qode_content_slider_item][qode_elements_holder number_of_columns=\u00bbtwo_columns\u00bb][qode_elements_holder_item advanced_animations=\u00bbno\u00bb item_padding=\u00bb0 0 0 0&#8243;][vc_single_image image=\u00bb1456&#8243; img_size=\u00bbfull\u00bb qode_css_animation=\u00bb\u00bb][\/qode_elements_holder_item][qode_elements_holder_item advanced_animations=\u00bbno\u00bb item_padding=\u00bb0 148px 69px 0&#8243; item_padding_1024_1280=\u00bb0 113px 69px 0&#8243; item_padding_600_768=\u00bb0 98px 69px 67px\u00bb item_padding_480=\u00bb0 0 0 0&#8243;][vc_column_text]<\/p>\n<h1>Castillo de Jarque<\/h1>\n<p>[\/vc_column_text][vc_empty_space height=\u00bb23px\u00bb][vc_column_text]<span style=\"color: #333333;\"><strong>28 al 30 julio de 2023<\/strong><\/span>[\/vc_column_text][vc_empty_space height=\u00bb14px\u00bb][vc_column_text]<strong>Entradas:<\/strong> pr\u00f3ximamente[\/vc_column_text][vc_empty_space height=\u00bb62px\u00bb]\n\n\t<a href=\"https:\/\/festivalesdeloscastillos.es\/2023\/\" target=\"_self\" style=\"color: #10181d;font-family: Vidaloka;font-size: 26px;font-weight: 400;text-transform: none;font-style: normal\" class=\"qode-btn qode-btn-medium qode-btn-simple qode-btn-custom-hover-color button-with-line qode-btn-default-hover\" data-hover-color=\"rgba(16,24,29,0.75)\" >\n\t    <span class=\"qode-btn-text\"><\/span>\t<\/a>\n\n[\/qode_elements_holder_item][\/qode_elements_holder][\/qode_content_slider_item][qode_content_slider_item][qode_elements_holder number_of_columns=\u00bbtwo_columns\u00bb][qode_elements_holder_item advanced_animations=\u00bbno\u00bb item_padding=\u00bb0 0 0 0&#8243;][vc_single_image image=\u00bb1457&#8243; img_size=\u00bbfull\u00bb qode_css_animation=\u00bb\u00bb][\/qode_elements_holder_item][qode_elements_holder_item advanced_animations=\u00bbno\u00bb item_padding=\u00bb0 148px 69px 0&#8243; item_padding_1024_1280=\u00bb0 113px 69px 0&#8243; item_padding_600_768=\u00bb0 98px 69px 67px\u00bb item_padding_480=\u00bb0 0 0 0&#8243;][vc_column_text]<\/p>\n<h1>Castillo de Valderrobres<\/h1>\n<p>[\/vc_column_text][vc_empty_space height=\u00bb23px\u00bb][vc_column_text]<span style=\"color: #333333;\"><strong>3 al 6 agosto de 2023<\/strong><\/span>[\/vc_column_text][vc_empty_space height=\u00bb14px\u00bb][vc_column_text]<\/p>\n<div class=\"wpb_text_column wpb_content_element \">\n<div class=\"wpb_wrapper\">\n<p class=\"p1\"><span style=\"color: #333333;\"><strong>Entradas:<\/strong> pr\u00f3ximamente<\/span><\/p>\n<\/div>\n<\/div>\n<p>[\/vc_column_text][vc_empty_space height=\u00bb62px\u00bb]\n\n\t<a href=\"https:\/\/festivalesdeloscastillos.es\/2023\/\" target=\"_self\" style=\"color: #10181d;font-family: Vidaloka;font-size: 26px;font-weight: 400;text-transform: none;font-style: normal\" class=\"qode-btn qode-btn-medium qode-btn-simple qode-btn-custom-hover-color button-with-line qode-btn-default-hover\" data-hover-color=\"rgba(16,24,29,0.75)\" >\n\t    <span class=\"qode-btn-text\"><\/span>\t<\/a>\n\n[\/qode_elements_holder_item][\/qode_elements_holder][\/qode_content_slider_item][qode_content_slider_item][qode_elements_holder number_of_columns=\u00bbtwo_columns\u00bb][qode_elements_holder_item advanced_animations=\u00bbno\u00bb item_padding=\u00bb0 0 0 0&#8243;][vc_single_image image=\u00bb1458&#8243; img_size=\u00bbfull\u00bb qode_css_animation=\u00bb\u00bb][\/qode_elements_holder_item][qode_elements_holder_item advanced_animations=\u00bbno\u00bb item_padding=\u00bb0 148px 69px 0&#8243; item_padding_1024_1280=\u00bb0 113px 69px 0&#8243; item_padding_600_768=\u00bb0 98px 69px 67px\u00bb item_padding_480=\u00bb0 0 0 0&#8243;][vc_column_text]<\/p>\n<h1>Castillo de S\u00e1daba<\/h1>\n<p>[\/vc_column_text][vc_empty_space height=\u00bb23px\u00bb][vc_column_text]<span style=\"color: #333333;\"><strong>10 al 13 agosto de 2023<\/strong><\/span>[\/vc_column_text][vc_empty_space height=\u00bb14px\u00bb][vc_column_text]<\/p>\n<div><strong>Entradas:<\/strong> pr\u00f3ximamente<\/div>\n<p>[\/vc_column_text][vc_empty_space height=\u00bb62px\u00bb]\n\n\t<a href=\"https:\/\/festivalesdeloscastillos.es\/2023\/\" target=\"_self\" style=\"color: #10181d;font-family: Vidaloka;font-size: 26px;font-weight: 400;text-transform: none;font-style: normal\" class=\"qode-btn qode-btn-medium qode-btn-simple qode-btn-custom-hover-color button-with-line qode-btn-default-hover\" data-hover-color=\"rgba(16,24,29,0.75)\" >\n\t    <span class=\"qode-btn-text\"><\/span>\t<\/a>\n\n[\/qode_elements_holder_item][\/qode_elements_holder][\/qode_content_slider_item][qode_content_slider_item][qode_elements_holder number_of_columns=\u00bbtwo_columns\u00bb][qode_elements_holder_item advanced_animations=\u00bbno\u00bb item_padding=\u00bb0 0 0 0&#8243;][vc_single_image image=\u00bb1459&#8243; img_size=\u00bbfull\u00bb qode_css_animation=\u00bb\u00bb][\/qode_elements_holder_item][qode_elements_holder_item advanced_animations=\u00bbno\u00bb item_padding=\u00bb0 148px 69px 0&#8243; item_padding_1024_1280=\u00bb0 113px 69px 0&#8243; item_padding_600_768=\u00bb0 98px 69px 67px\u00bb item_padding_480=\u00bb0 0 0 0&#8243;][vc_column_text]<\/p>\n<h1>Puerta al Mediterr\u00e1neo<\/h1>\n<p>[\/vc_column_text][vc_empty_space height=\u00bb23px\u00bb][vc_column_text]<strong>Del 9 al 20 de agosto<\/strong>[\/vc_column_text][vc_empty_space height=\u00bb14px\u00bb][vc_empty_space height=\u00bb62px\u00bb]\n\n\t<a href=\"https:\/\/festivalesdeloscastillos.es\/2023\/\" target=\"_self\" style=\"color: #10181d;font-family: Vidaloka;font-size: 26px;font-weight: 400;text-transform: none;font-style: normal\" class=\"qode-btn qode-btn-medium qode-btn-simple qode-btn-custom-hover-color button-with-line qode-btn-default-hover\" data-hover-color=\"rgba(16,24,29,0.75)\" >\n\t    <span class=\"qode-btn-text\"><\/span>\t<\/a>\n\n[\/qode_elements_holder_item][\/qode_elements_holder][\/qode_content_slider_item][qode_content_slider_item][qode_elements_holder number_of_columns=\u00bbtwo_columns\u00bb][qode_elements_holder_item advanced_animations=\u00bbno\u00bb item_padding=\u00bb0 0 0 0&#8243;][vc_single_image image=\u00bb1460&#8243; img_size=\u00bbfull\u00bb qode_css_animation=\u00bb\u00bb][\/qode_elements_holder_item][qode_elements_holder_item advanced_animations=\u00bbno\u00bb item_padding=\u00bb0 148px 69px 0&#8243; item_padding_1024_1280=\u00bb0 113px 69px 0&#8243; item_padding_600_768=\u00bb0 98px 69px 67px\u00bb item_padding_480=\u00bb0 0 0 0&#8243;][vc_column_text]<\/p>\n<h1>Castillo de Albalate del Arzobispo<\/h1>\n<p>[\/vc_column_text][vc_empty_space height=\u00bb23px\u00bb][vc_column_text]<span style=\"color: #333333;\"><strong>4 al 6 agosto de 2023<\/strong><\/span>[\/vc_column_text][vc_empty_space height=\u00bb14px\u00bb][vc_column_text]<strong>Entradas:<\/strong> pr\u00f3ximamente[\/vc_column_text][vc_empty_space height=\u00bb62px\u00bb]\n\n\t<a href=\"https:\/\/festivalesdeloscastillos.es\/2023\/\" target=\"_self\" style=\"color: #10181d;font-family: Vidaloka;font-size: 26px;font-weight: 400;text-transform: none;font-style: normal\" class=\"qode-btn qode-btn-medium qode-btn-simple qode-btn-custom-hover-color button-with-line qode-btn-default-hover\" data-hover-color=\"rgba(16,24,29,0.75)\" >\n\t    <span class=\"qode-btn-text\"><\/span>\t<\/a>\n\n[\/qode_elements_holder_item][\/qode_elements_holder][\/qode_content_slider_item][qode_content_slider_item][qode_elements_holder number_of_columns=\u00bbtwo_columns\u00bb][qode_elements_holder_item advanced_animations=\u00bbno\u00bb item_padding=\u00bb0 0 0 0&#8243;][vc_single_image image=\u00bb1461&#8243; img_size=\u00bbfull\u00bb qode_css_animation=\u00bb\u00bb][\/qode_elements_holder_item][qode_elements_holder_item advanced_animations=\u00bbno\u00bb item_padding=\u00bb0 148px 69px 0&#8243; item_padding_1024_1280=\u00bb0 113px 69px 0&#8243; item_padding_600_768=\u00bb0 98px 69px 67px\u00bb item_padding_480=\u00bb0 0 0 0&#8243;][vc_column_text]<\/p>\n<h1>Castillo de Fraga<\/h1>\n<p>[\/vc_column_text][vc_empty_space height=\u00bb23px\u00bb][vc_column_text]<span style=\"color: #333333;\"><strong>31agosto al 3 sept. de 2023<\/strong><\/span>[\/vc_column_text][vc_empty_space height=\u00bb14px\u00bb][vc_column_text]<strong>Entradas:<\/strong> pr\u00f3ximamente[\/vc_column_text][vc_empty_space height=\u00bb62px\u00bb]\n\n\t<a href=\"https:\/\/festivalesdeloscastillos.es\/2023\" target=\"_self\" style=\"color: #10181d;font-family: Vidaloka;font-size: 26px;font-weight: 400;text-transform: none;font-style: normal\" class=\"qode-btn qode-btn-medium qode-btn-simple qode-btn-custom-hover-color button-with-line qode-btn-default-hover\" data-hover-color=\"rgba(16,24,29,0.75)\" >\n\t    <span class=\"qode-btn-text\"><\/span>\t<\/a>\n\n[\/qode_elements_holder_item][\/qode_elements_holder][\/qode_content_slider_item][\/qode_content_slider][\/vc_column][\/vc_row][vc_row css_animation=\u00bb\u00bb row_type=\u00bbrow\u00bb use_row_as_full_screen_section=\u00bbno\u00bb type=\u00bbgrid\u00bb angled_section=\u00bbno\u00bb text_align=\u00bbleft\u00bb background_image_as_pattern=\u00bbwithout_pattern\u00bb z_index=\u00bb\u00bb css=\u00bb.vc_custom_1689608828946{padding-top: 40px !important;}\u00bb el_class=\u00bbno-bckg-img-ipad\u00bb][vc_column][vc_column_text]<\/p>\n<h1 style=\"text-align: center;\">Artistas destacados del 2023<\/h1>\n<p>[\/vc_column_text][\/vc_column][\/vc_row][vc_row css_animation=\u00bb\u00bb row_type=\u00bbrow\u00bb use_row_as_full_screen_section=\u00bbno\u00bb type=\u00bbgrid\u00bb angled_section=\u00bbno\u00bb text_align=\u00bbleft\u00bb background_image_as_pattern=\u00bbwithout_pattern\u00bb z_index=\u00bb\u00bb css=\u00bb.vc_custom_1689608834831{padding-top: 30px !important;padding-bottom: 40px !important;}\u00bb el_class=\u00bbimages-hover no-bckg-img-ipad\u00bb][vc_column width=\u00bb1\/2&#8243; offset=\u00bbvc_col-lg-3 vc_col-md-6&#8243;][vc_single_image image=\u00bb1307&#8243; img_size=\u00bbfull\u00bb qode_css_animation=\u00bb\u00bb][vc_empty_space height=\u00bb30px\u00bb][vc_column_text]<\/p>\n<h3 style=\"text-align: left;\"><span style=\"color: #333333;\">ARIADNA <\/span><br \/>\n<span style=\"color: #333333;\">REDONDO<\/span><\/h3>\n<p>[\/vc_column_text][vc_empty_space height=\u00bb10px\u00bb][qode_elements_holder number_of_columns=\u00bbone_column\u00bb][qode_elements_holder_item advanced_animations=\u00bbno\u00bb item_padding=\u00bb0 70px 0 0&#8243;][vc_column_text]<\/p>\n<p style=\"text-align: left;\">Ariadna Redondo conocida por su paso en Got Talent presenta un n\u00famero muy original a piano y voz, con un amplio repertorio en ingles y espa\u00f1ol.<\/p>\n<p>[\/vc_column_text][\/qode_elements_holder_item][\/qode_elements_holder][vc_empty_space height=\u00bb50px\u00bb][\/vc_column][vc_column width=\u00bb1\/2&#8243; offset=\u00bbvc_col-lg-3 vc_col-md-6&#8243;][vc_single_image image=\u00bb1371&#8243; img_size=\u00bbfull\u00bb qode_css_animation=\u00bb\u00bb][vc_empty_space height=\u00bb30px\u00bb][vc_column_text]<\/p>\n<h3 style=\"text-align: left;\"><span style=\"color: #333333;\">ELEM<br \/>\n<\/span><\/h3>\n<p>[\/vc_column_text][vc_empty_space height=\u00bb10px\u00bb][qode_elements_holder number_of_columns=\u00bbone_column\u00bb][qode_elements_holder_item advanced_animations=\u00bbno\u00bb item_padding=\u00bb0 70px 0 0&#8243;][vc_column_text]<\/p>\n<p style=\"text-align: left;\">Compositora, cantante y pianista. Tras su formaci\u00f3n en el Conservatorio, decidi\u00f3 apostar por su proyecto personal enfocado al pop. Presenta su nuevo trabajo con una producci\u00f3n m\u00e1s cuidada y una banda de primer nivel.<\/p>\n<p>[\/vc_column_text][\/qode_elements_holder_item][\/qode_elements_holder][vc_empty_space height=\u00bb50px\u00bb][\/vc_column][vc_column width=\u00bb1\/2&#8243; offset=\u00bbvc_col-lg-3 vc_col-md-6&#8243;][vc_single_image image=\u00bb1369&#8243; img_size=\u00bbfull\u00bb qode_css_animation=\u00bb\u00bb][vc_empty_space height=\u00bb30px\u00bb][vc_column_text]<\/p>\n<h3 style=\"text-align: left;\"><span style=\"color: #333333;\">ALEX HYDE<\/span><\/h3>\n<p>[\/vc_column_text][vc_empty_space height=\u00bb10px\u00bb][qode_elements_holder number_of_columns=\u00bbone_column\u00bb][qode_elements_holder_item advanced_animations=\u00bbno\u00bb item_padding=\u00bb0 70px 0 0&#8243;][vc_column_text]<\/p>\n<p style=\"text-align: left;\">El exl\u00edder de la disuelta banda aragonesa Mister Hyde, tiene ese punto reivindicativo del \u00abyo\u00bb que poseen \u2013casi\u2013 todos los primeros \u00e1lbumes de los artistas que dejan atr\u00e1s un grupo y que corren el riesgo de reinventarse y comenzar una nueva etapa en solitario.<\/p>\n<p>[\/vc_column_text][\/qode_elements_holder_item][\/qode_elements_holder][vc_empty_space height=\u00bb50px\u00bb][\/vc_column][vc_column width=\u00bb1\/2&#8243; offset=\u00bbvc_col-lg-3 vc_col-md-6&#8243;][vc_single_image image=\u00bb1337&#8243; img_size=\u00bbfull\u00bb qode_css_animation=\u00bb\u00bb][vc_empty_space height=\u00bb30px\u00bb][vc_column_text]<\/p>\n<h3 style=\"text-align: left;\"><span style=\"color: #333333;\">CARMEN<br \/>\nPARIS<\/span><\/h3>\n<p>[\/vc_column_text][vc_empty_space height=\u00bb10px\u00bb][qode_elements_holder number_of_columns=\u00bbone_column\u00bb][qode_elements_holder_item advanced_animations=\u00bbno\u00bb item_padding=\u00bb0 70px 0 0&#8243;][vc_column_text]<\/p>\n<p style=\"text-align: left;\">\u201cPAR\u00cdS AL PIANO\u201d es un espect\u00e1culo \u00edntimo, cercano, donde Carmen Par\u00eds no esconde ni guarda nada. Es un momento de sinceridad y de conexi\u00f3n con el p\u00fablico.<\/p>\n<p>[\/vc_column_text][\/qode_elements_holder_item][\/qode_elements_holder][vc_empty_space height=\u00bb50px\u00bb][\/vc_column][\/vc_row][vc_row css_animation=\u00bb\u00bb row_type=\u00bbrow\u00bb use_row_as_full_screen_section=\u00bbno\u00bb type=\u00bbgrid\u00bb angled_section=\u00bbno\u00bb text_align=\u00bbright\u00bb background_image_as_pattern=\u00bbwithout_pattern\u00bb z_index=\u00bb\u00bb css=\u00bb.vc_custom_1689608844764{padding-top: 1% !important;padding-bottom: 2% !important;}\u00bb el_class=\u00bbno-bckg-img-ipad\u00bb][vc_column][vc_column_text css=\u00bb.vc_custom_1689609046785{margin-right: 6% !important;}\u00bb]<\/p>\n<h1 style=\"text-align: center;\">Organizadores y colaboradores<\/h1>\n<p>[\/vc_column_text][\/vc_column][\/vc_row][vc_row css_animation=\u00bb\u00bb row_type=\u00bbrow\u00bb use_row_as_full_screen_section=\u00bbno\u00bb type=\u00bbfull_width\u00bb angled_section=\u00bbno\u00bb text_align=\u00bbleft\u00bb background_image_as_pattern=\u00bbwithout_pattern\u00bb css=\u00bb.vc_custom_1690399829922{padding-top: 2% !important;padding-bottom: 2% !important;}\u00bb z_index=\u00bb\u00bb][vc_column css=\u00bb.vc_custom_1654758920860{padding-top: 2% !important;padding-bottom: 2% !important;}\u00bb][vc_single_image image=\u00bb1447&#8243; img_size=\u00bbfull\u00bb alignment=\u00bbcenter\u00bb qode_css_animation=\u00bb\u00bb][\/vc_column][\/vc_row]<\/p>\n","protected":false},"excerpt":{"rendered":"<p>[vc_row css_animation=\u00bb\u00bb row_type=\u00bbrow\u00bb use_row_as_full_screen_section=\u00bbno\u00bb type=\u00bbfull_width\u00bb angled_section=\u00bbno\u00bb text_align=\u00bbleft\u00bb background_image_as_pattern=\u00bbwithout_pattern\u00bb css=\u00bb.vc_custom_1689609101384{padding-top: 6% !important;padding-right: 8% !important;padding-bottom: 3% !important;padding-left: 10% !important;}\u00bb z_index=\u00bb\u00bb el_class=\u00bbno-bckg-img-ipad\u00bb][vc_column width=\u00bb2\/5&#8243;][vc_column_text] El Festival [\/vc_column_text][vc_empty_space height=\u00bb24px\u00bb][vc_column_text]El Festival de los Castillos coge el impulso del festival Puerta al Mediterr\u00e1neo, un proyecto que surge en 1987 en el Castillo&#8230;<\/p>\n","protected":false},"author":1,"featured_media":0,"parent":0,"menu_order":0,"comment_status":"closed","ping_status":"closed","template":"","meta":{"footnotes":""},"yoast_head":"<!-- This site is optimized with the Yoast SEO plugin v22.7 - https:\/\/yoast.com\/wordpress\/plugins\/seo\/ -->\n<title>Home - Festivales de los Castillos<\/title>\n<meta name=\"description\" content=\"P\u00e1gina de inicio de la web de Festivales de los Castillos con la programaci\u00f3n de los festivales, artistas, escenarios y pueblos.\" \/>\n<meta name=\"robots\" content=\"index, follow, max-snippet:-1, max-image-preview:large, max-video-preview:-1\" \/>\n<link rel=\"canonical\" href=\"https:\/\/festivalesdeloscastillos.es\/2023\/\" \/>\n<meta property=\"og:locale\" content=\"es_ES\" \/>\n<meta property=\"og:type\" content=\"article\" \/>\n<meta property=\"og:title\" content=\"Home - Festivales de los Castillos\" \/>\n<meta property=\"og:description\" content=\"P\u00e1gina de inicio de la web de Festivales de los Castillos con la programaci\u00f3n de los festivales, artistas, escenarios y pueblos.\" \/>\n<meta property=\"og:url\" content=\"https:\/\/festivalesdeloscastillos.es\/2023\/\" \/>\n<meta property=\"og:site_name\" content=\"Festivales de los Castillos\" \/>\n<meta property=\"article:modified_time\" content=\"2023-07-30T07:42:14+00:00\" \/>\n<meta name=\"twitter:card\" content=\"summary_large_image\" \/>\n<meta name=\"twitter:label1\" content=\"Tiempo de lectura\" \/>\n\t<meta name=\"twitter:data1\" content=\"7 minutos\" \/>\n<script type=\"application\/ld+json\" class=\"yoast-schema-graph\">{\"@context\":\"https:\/\/schema.org\",\"@graph\":[{\"@type\":\"WebPage\",\"@id\":\"https:\/\/festivalesdeloscastillos.es\/2023\/\",\"url\":\"https:\/\/festivalesdeloscastillos.es\/2023\/\",\"name\":\"Home - Festivales de los Castillos\",\"isPartOf\":{\"@id\":\"https:\/\/festivalesdeloscastillos.es\/2023\/#website\"},\"datePublished\":\"2022-06-07T09:11:24+00:00\",\"dateModified\":\"2023-07-30T07:42:14+00:00\",\"description\":\"P\u00e1gina de inicio de la web de Festivales de los Castillos con la programaci\u00f3n de los festivales, artistas, escenarios y pueblos.\",\"inLanguage\":\"es\",\"potentialAction\":[{\"@type\":\"ReadAction\",\"target\":[\"https:\/\/festivalesdeloscastillos.es\/2023\/\"]}]},{\"@type\":\"WebSite\",\"@id\":\"https:\/\/festivalesdeloscastillos.es\/2023\/#website\",\"url\":\"https:\/\/festivalesdeloscastillos.es\/2023\/\",\"name\":\"Festivales de los Castillos\",\"description\":\"Festivales de los Castillos: artes esc\u00e9nicas y la m\u00fasica\",\"potentialAction\":[{\"@type\":\"SearchAction\",\"target\":{\"@type\":\"EntryPoint\",\"urlTemplate\":\"https:\/\/festivalesdeloscastillos.es\/2023\/?s={search_term_string}\"},\"query-input\":\"required name=search_term_string\"}],\"inLanguage\":\"es\"}]}<\/script>\n<!-- \/ Yoast SEO plugin. -->","yoast_head_json":{"title":"Home - Festivales de los Castillos","description":"P\u00e1gina de inicio de la web de Festivales de los Castillos con la programaci\u00f3n de los festivales, artistas, escenarios y pueblos.","robots":{"index":"index","follow":"follow","max-snippet":"max-snippet:-1","max-image-preview":"max-image-preview:large","max-video-preview":"max-video-preview:-1"},"canonical":"https:\/\/festivalesdeloscastillos.es\/2023\/","og_locale":"es_ES","og_type":"article","og_title":"Home - Festivales de los Castillos","og_description":"P\u00e1gina de inicio de la web de Festivales de los Castillos con la programaci\u00f3n de los festivales, artistas, escenarios y pueblos.","og_url":"https:\/\/festivalesdeloscastillos.es\/2023\/","og_site_name":"Festivales de los Castillos","article_modified_time":"2023-07-30T07:42:14+00:00","twitter_card":"summary_large_image","twitter_misc":{"Tiempo de lectura":"7 minutos"},"schema":{"@context":"https:\/\/schema.org","@graph":[{"@type":"WebPage","@id":"https:\/\/festivalesdeloscastillos.es\/2023\/","url":"https:\/\/festivalesdeloscastillos.es\/2023\/","name":"Home - Festivales de los Castillos","isPartOf":{"@id":"https:\/\/festivalesdeloscastillos.es\/2023\/#website"},"datePublished":"2022-06-07T09:11:24+00:00","dateModified":"2023-07-30T07:42:14+00:00","description":"P\u00e1gina de inicio de la web de Festivales de los Castillos con la programaci\u00f3n de los festivales, artistas, escenarios y pueblos.","inLanguage":"es","potentialAction":[{"@type":"ReadAction","target":["https:\/\/festivalesdeloscastillos.es\/2023\/"]}]},{"@type":"WebSite","@id":"https:\/\/festivalesdeloscastillos.es\/2023\/#website","url":"https:\/\/festivalesdeloscastillos.es\/2023\/","name":"Festivales de los Castillos","description":"Festivales de los Castillos: artes esc\u00e9nicas y la m\u00fasica","potentialAction":[{"@type":"SearchAction","target":{"@type":"EntryPoint","urlTemplate":"https:\/\/festivalesdeloscastillos.es\/2023\/?s={search_term_string}"},"query-input":"required name=search_term_string"}],"inLanguage":"es"}]}},"jetpack_sharing_enabled":true,"_links":{"self":[{"href":"https:\/\/festivalesdeloscastillos.es\/2023\/wp-json\/wp\/v2\/pages\/287"}],"collection":[{"href":"https:\/\/festivalesdeloscastillos.es\/2023\/wp-json\/wp\/v2\/pages"}],"about":[{"href":"https:\/\/festivalesdeloscastillos.es\/2023\/wp-json\/wp\/v2\/types\/page"}],"author":[{"embeddable":true,"href":"https:\/\/festivalesdeloscastillos.es\/2023\/wp-json\/wp\/v2\/users\/1"}],"replies":[{"embeddable":true,"href":"https:\/\/festivalesdeloscastillos.es\/2023\/wp-json\/wp\/v2\/comments?post=287"}],"version-history":[{"count":133,"href":"https:\/\/festivalesdeloscastillos.es\/2023\/wp-json\/wp\/v2\/pages\/287\/revisions"}],"predecessor-version":[{"id":1466,"href":"https:\/\/festivalesdeloscastillos.es\/2023\/wp-json\/wp\/v2\/pages\/287\/revisions\/1466"}],"wp:attachment":[{"href":"https:\/\/festivalesdeloscastillos.es\/2023\/wp-json\/wp\/v2\/media?parent=287"}],"curies":[{"name":"wp","href":"https:\/\/api.w.org\/{rel}","templated":true}]}}