{"id":825,"date":"2022-06-15T08:41:39","date_gmt":"2022-06-15T08:41:39","guid":{"rendered":"https:\/\/festivalesdeloscastillos.es\/?page_id=825"},"modified":"2022-07-12T07:43:57","modified_gmt":"2022-07-12T07:43:57","slug":"puerta-al-mediterraneo","status":"publish","type":"page","link":"https:\/\/festivalesdeloscastillos.es\/2022\/programacion\/puerta-al-mediterraneo\/","title":{"rendered":"Puerta al Mediterr\u00e1neo"},"content":{"rendered":"<p>[vc_row css_animation=\u00bb\u00bb row_type=\u00bbrow\u00bb use_row_as_full_screen_section=\u00bbno\u00bb type=\u00bbgrid\u00bb angled_section=\u00bbno\u00bb text_align=\u00bbleft\u00bb background_image_as_pattern=\u00bbwithout_pattern\u00bb z_index=\u00bb\u00bb css=\u00bb.vc_custom_1654935623368{padding-top: 30px !important;padding-right: 15% !important;padding-bottom: -25% !important;padding-left: 15% !important;background-image: url(https:\/\/festivalesdeloscastillos.es\/2022\/wp-content\/uploads\/2022\/06\/background-lines-mancha-degradado.png?id=619) !important;}\u00bb el_class=\u00bbno-bckg-img-ipad\u00bb][vc_column width=\u00bb1\/2&#8243;][vc_empty_space height=\u00bb100px\u00bb][vc_column_text]<\/p>\n<h3>Del 10 al 21 de agosto<\/h3>\n<p>[\/vc_column_text][vc_column_text]<\/p>\n<h1>Puerta al Mediterr\u00e1neo<\/h1>\n<p>[\/vc_column_text][vc_empty_space height=\u00bb40px\u00bb]\n\n\t<a href=\"#\" target=\"_self\" style=\"color: #10181d;font-family: Vidaloka;font-size: 24px;font-weight: 400;text-transform: none;font-style: normal\" class=\"qode-btn qode-btn-medium qode-btn-simple qode-btn-custom-hover-color button-with-line qode-btn-default-hover\" data-hover-color=\"rgba(16,24,29,0.75)\" >\n\t    <span class=\"qode-btn-text\">Venta de entradas y abonos:<\/span>\t<\/a>\n\n[vc_empty_space height=\u00bb10px\u00bb]<a  itemprop=\"url\" href=\"https:\/\/aragontickets.com\/es\/events\/festival-puerta-al-mediterraneo-2022-abonos\" target=\"_blank\" data-hover-background-color='#eae7da' data-hover-border-color='#eae7da' data-hover-color='#383838' class=\"qbutton  large center default\" style=\"color: #383838; border-color: #383838; margin: 10px 10px 10px 10px; background-color: rgba(0,0,0,0.01);\">ARAGON TICKETS<i class=\"qode_icon_font_awesome_5 fa5 fa fa-ticket qode_button_icon_element\" style=\"color: #383838;\" ><\/i><\/a>[vc_empty_space height=\u00bb10px\u00bb]<a  itemprop=\"url\" href=\"https:\/\/entradas.ibercaja.es\/eventos\/\" target=\"_blank\" data-hover-background-color='#eae7da' data-hover-border-color='#eae7da' data-hover-color='#383838' class=\"qbutton  large center default\" style=\"color: #383838; border-color: #383838; margin: 10px 10px 10px 10px; background-color: rgba(0,0,0,0.01);\">ENTRADAS IBERCAJA<i class=\"qode_icon_font_awesome_5 fa5 fa fa-ticket qode_button_icon_element\" style=\"color: #383838;\" ><\/i><\/a>[\/vc_column][vc_column width=\u00bb1\/2&#8243;][vc_single_image image=\u00bb1136&#8243; img_size=\u00bbfull\u00bb qode_css_animation=\u00bb\u00bb css=\u00bb.vc_custom_1656592384234{padding-top: 60px !important;}\u00bb][\/vc_column][\/vc_row][vc_row css_animation=\u00bb\u00bb row_type=\u00bbrow\u00bb use_row_as_full_screen_section=\u00bbno\u00bb type=\u00bbfull_width\u00bb angled_section=\u00bbno\u00bb text_align=\u00bbleft\u00bb background_image_as_pattern=\u00bbwithout_pattern\u00bb css=\u00bb.vc_custom_1656664296052{margin-top: -5% !important;padding-top: 4% !important;padding-right: 8% !important;padding-bottom: 20px !important;padding-left: 8% !important;background-image: url(https:\/\/festivalesdeloscastillos.es\/2022\/wp-content\/uploads\/2022\/06\/background-lines-mancha-degradado.png?id=619) !important;}\u00bb z_index=\u00bb\u00bb el_class=\u00bbno-bckg-img-ipad\u00bb][vc_column width=\u00bb1\/6&#8243;][\/vc_column][vc_column width=\u00bb2\/3&#8243;][vc_empty_space height=\u00bb20px\u00bb][vc_column_text css=\u00bb.vc_custom_1655305131410{padding-top: 5% !important;padding-bottom: 20px !important;}\u00bb]<\/p>\n<h3 style=\"text-align: left;\"><span style=\"color: #333333;\">Castillo de Mora de Rubielos<\/span><\/h3>\n<p>[\/vc_column_text][vc_row_inner row_type=\u00bbrow\u00bb type=\u00bbfull_width\u00bb text_align=\u00bbleft\u00bb css_animation=\u00bb\u00bb][vc_column_inner width=\u00bb1\/2&#8243;][vc_empty_space height=\u00bb20px\u00bb][vc_column_text]<\/p>\n<p class=\"p1\"><span style=\"color: #333333;\"><strong>Entradas:<\/strong> Anticipada 15 \u20ac\u00a0 |\u00a0 Taquilla 18 \u20ac<br \/>\n<\/span>Excepto Luis Piedrahita: Antic. 20 \u20ac \u00b7 Taquilla 25 \u20ac<br \/>\n<span class=\"s2\"><strong><br \/>\nAbonos:<\/strong><br \/>\n<\/span><strong>Mora 7 funciones:<\/strong> 75 \u20ac<br \/>\n<strong>Puerta al Mediterr\u00e1neo 13 funciones:<\/strong> 90 \u20ac<br \/>\n<span style=\"color: #333333;\"><strong><br \/>\nTaquilla Castillo:<\/strong> Desde 1 hora antes de cada funci\u00f3n<\/span><\/p>\n<p>[\/vc_column_text][\/vc_column_inner][vc_column_inner width=\u00bb1\/2&#8243;][vc_empty_space height=\u00bb20px\u00bb]<a  itemprop=\"url\" href=\"https:\/\/festivalesdeloscastillos.es\/2022\/wp-content\/uploads\/2022\/06\/MORA.pdf\" target=\"_blank\" data-hover-background-color='#eae7da' data-hover-border-color='#eae7da' data-hover-color='#383838' class=\"qbutton  large center default\" style=\"color: #383838; border-color: #383838; margin: 10px 10px 10px 10px; background-color: rgba(0,0,0,0.01);\">INFORMACI\u00d3N MORA<i class=\"qode_icon_font_awesome_5 fa5 fab fa-fort-awesome qode_button_icon_element\" style=\"color: #383838;\" ><\/i><\/a>[\/vc_column_inner][\/vc_row_inner][\/vc_column][vc_column width=\u00bb1\/6&#8243;][\/vc_column][\/vc_row][vc_row css_animation=\u00bbelement_from_left\u00bb row_type=\u00bbrow\u00bb use_row_as_full_screen_section=\u00bbno\u00bb type=\u00bbfull_width\u00bb angled_section=\u00bbno\u00bb text_align=\u00bbleft\u00bb background_image_as_pattern=\u00bbwithout_pattern\u00bb css=\u00bb.vc_custom_1655305552311{padding-top: 6% !important;padding-right: 14% !important;padding-bottom: 2% !important;padding-left: 14% !important;background-image: url(https:\/\/festivalesdeloscastillos.es\/2022\/wp-content\/uploads\/2018\/01\/background-lines.png?id=104) !important;}\u00bb z_index=\u00bb\u00bb][vc_column width=\u00bb1\/2&#8243;]<div class='image_hover ' style='' data-transition-delay=''><div class='images_holder'><img itemprop='image' class='active_image ' src='https:\/\/festivalesdeloscastillos.es\/2022\/wp-content\/uploads\/2022\/06\/ARTISTAS-DESTACADOS-CUADRADO-PUERTAMEDITERRANEO-MORARUBIELOS-_0000_Antonio_Najarro__3\u00a9JORGE-CUETO.jpg' alt='' style='' \/><img itemprop='image' class='hover_image' src='https:\/\/festivalesdeloscastillos.es\/2022\/wp-content\/uploads\/2022\/06\/ARTISTAS-DESTACADOS-CUADRADO-PUERTAMEDITERRANEO-MORARUBIELOS-_0001_Antonio_Najarro__1\u00a9JORGE-CUETO.jpg' alt='' style='' \/><\/div><\/div>[\/vc_column][vc_column width=\u00bb1\/2&#8243;][vc_column_text css=\u00bb.vc_custom_1655301815653{padding-bottom: 10px !important;}\u00bb]Mi\u00e9rcoles 10 de agosto | 23:00 h. Castillo de Mora[\/vc_column_text][vc_column_text]<\/p>\n<h3 style=\"text-align: left;\">C\u00cdA. ANTONIO NAJARRO: Alento<\/h3>\n<p>[\/vc_column_text][vc_empty_space height=\u00bb20px\u00bb][vc_row_inner row_type=\u00bbrow\u00bb use_as_box=\u00bbuse_row_as_box\u00bb type=\u00bbfull_width\u00bb text_align=\u00bbleft\u00bb css_animation=\u00bb\u00bb][vc_column_inner width=\u00bb1\/2&#8243;]<div class=\"custom_font_holder\" style=\"font-family: Roboto; font-size: 15px; line-height: 24px; font-style: normal; font-weight: 300; color: #3f3f3f; text-decoration: none; text-align: left;\"><strong>Modalidad:<\/strong> Danza espa\u00f1ola<br \/>\n<strong>Duraci\u00f3n:<\/strong> 75 min.<\/div>[\/vc_column_inner][vc_column_inner width=\u00bb1\/2&#8243;]<div class=\"custom_font_holder\" style=\"font-family: Roboto; font-size: 15px; line-height: 24px; font-style: normal; font-weight: 300; color: #3f3f3f; text-decoration: none; text-align: left;\"><strong>Autor:<\/strong> Antonio Najarro<br \/>\n<strong>Tipo de p\u00fablico:<\/strong> Todos p\u00fablicos.<\/div>[\/vc_column_inner][\/vc_row_inner][vc_empty_space height=\u00bb20px\u00bb][vc_column_text]<\/p>\n<p class=\"p1\"><span class=\"s1\">Antonio Najarro a\u00fana en Alento todos los estilos de la danza espa\u00f1ola, con un talento innovador, enfoque internacional y plural. Una ventana al mundo a trav\u00e9s de la m\u00fasica en directo de Fernando Egozcue, compuesta especialmente para el espect\u00e1culo, con reminiscencias de tango y jazz. Egozcue ha compuesto una partitura r\u00edtmica y al mismo tiempo muy mel\u00f3dica para Alento, una m\u00fasica llena de sensibilidad, totalmente descriptiva, sobrecogedora y con matices muy en la l\u00ednea de sus creaciones, donde se res-pira ra\u00edz y al mismo tiempo una b\u00fasqueda de nuevos sonidos y nuevas cadencias. Dos de los temas musicales son interpretados en directo por el propio Egozcue a la guitarra, al que se suman Laura Pedreira al piano, Mart\u00edn Bruhn a la percusi\u00f3n, Tomas Potir\u00f3n al viol\u00edn y Miguel Rodrig\u00e1\u00f1ez al contrabajo. Los dise\u00f1adores Oteyza (uno de los dise\u00f1ado-res espa\u00f1oles de moda masculina de mayor proyecci\u00f3n internacional actual), V\u00edctor Muro y el propio Najarro han sido los encargados de vestir cada una de las coreograf\u00edas de este ballet.\u00a0<\/span><\/p>\n<p class=\"p1\"><em><span class=\"s1\">Direcci\u00f3n: Antonio Najarro<br \/>\n<\/span><span class=\"s1\">Solistas: Tania Mart\u00edn, Carlos Romero Reparto: Lidia G\u00f3mez, Alba Exp\u00f3sito, Marina Bravo, Cristina Carnero, Alejandra de Castro, Celia \u00d1acle, Daniel ramos, Alejandro Lara, Pedro S\u00e1nchez, Mario Garc\u00eda, Jos\u00e9 Molina, Christian Escribano M\u00fasicos: Fernando Egozcue, Laura Pedreira, Tomas Potir\u00f3n, Miguel Rodrig\u00e1\u00f1ez, Mart\u00edn Bruhn <\/span><\/em><\/p>\n<p>[\/vc_column_text][\/vc_column][\/vc_row][vc_row css_animation=\u00bbelement_from_right\u00bb row_type=\u00bbrow\u00bb use_row_as_full_screen_section=\u00bbno\u00bb type=\u00bbfull_width\u00bb angled_section=\u00bbno\u00bb text_align=\u00bbleft\u00bb background_image_as_pattern=\u00bbwithout_pattern\u00bb css=\u00bb.vc_custom_1654876055861{padding-top: 2% !important;padding-right: 14% !important;padding-bottom: 2% !important;padding-left: 14% !important;background-image: url(https:\/\/festivalesdeloscastillos.es\/2022\/wp-content\/uploads\/2018\/01\/background-lines.png?id=104) !important;}\u00bb z_index=\u00bb\u00bb][vc_column width=\u00bb1\/2&#8243;][vc_column_text css=\u00bb.vc_custom_1655301938729{padding-bottom: 10px !important;}\u00bb]<\/p>\n<p style=\"text-align: right;\">Viernes 12 de agosto | 23:00 h. Castillo de Mora de Rubielos<\/p>\n<p>[\/vc_column_text][vc_column_text]<\/p>\n<h3 style=\"text-align: right;\">LUIS PIEDRAHITA: Stand-up comedy<\/h3>\n<p>[\/vc_column_text][vc_empty_space height=\u00bb20px\u00bb][vc_row_inner row_type=\u00bbrow\u00bb use_as_box=\u00bbuse_row_as_box\u00bb type=\u00bbfull_width\u00bb text_align=\u00bbleft\u00bb css_animation=\u00bb\u00bb][vc_column_inner width=\u00bb1\/2&#8243;]<div class=\"custom_font_holder\" style=\"font-family: Roboto; font-size: 15px; line-height: 24px; font-style: normal; font-weight: 300; color: #3f3f3f; text-decoration: none; text-align: left;\">\n<p style=\"text-align: right;\"><strong>Modalidad:<\/strong> Teatro-Humor<br \/>\n<strong>Duraci\u00f3n:<\/strong> 80 min.<\/p>\n<\/div>[\/vc_column_inner][vc_column_inner width=\u00bb1\/2&#8243;]<div class=\"custom_font_holder\" style=\"font-family: Roboto; font-size: 15px; line-height: 24px; font-style: normal; font-weight: 300; color: #3f3f3f; text-decoration: none; text-align: left;\">\n<p style=\"text-align: right;\"><strong>Autor:<\/strong> Luis Piedrahita<br \/>\n<strong>Tipo de p\u00fablico:<\/strong> A partir de 12 a\u00f1os<\/p>\n<\/div>[\/vc_column_inner][\/vc_row_inner][vc_empty_space height=\u00bb20px\u00bb][vc_column_text]<\/p>\n<p class=\"p1\" style=\"text-align: right;\"><span class=\"s1\">Se trata de una implacable recopilaci\u00f3n de los mejores mon\u00f3logos de humor de Luis Piedrahita, los m\u00e1s conocidos, exitosos y divertidos. Una ocasi\u00f3n \u00fanica para disfrutar en directo del ingenio de uno de los humoristas m\u00e1s reconocidos de este pa\u00eds. No queremos ocultar que de este espect\u00e1culo se ha dicho que es uno de los m\u00e1s divertidos, inteligentes y po\u00e9ticos de este siglo. Lo que s\u00ed queremos ocultar es que ha sido el propio Piedrahita el que lo ha dicho. Un espect\u00e1culo en vivo, fresco como el ox\u00edgeno y necesario como el ox\u00edgeno. Un espect\u00e1culo para todos los p\u00fablicos, incluido usted. <\/span><\/p>\n<p class=\"p1\" style=\"text-align: right;\"><em><span class=\"s1\">Direcci\u00f3n: Luis Piedrahita<br \/>\n<\/span><span class=\"s1\">Reparto: Luis Piedrahita <\/span><\/em><\/p>\n<p>[\/vc_column_text][\/vc_column][vc_column width=\u00bb1\/2&#8243;]<div class='image_hover ' style='' data-transition-delay=''><div class='images_holder'><img itemprop='image' class='' src='https:\/\/festivalesdeloscastillos.es\/2022\/wp-content\/uploads\/2022\/06\/ARTISTAS-DESTACADOS-CUADRADO-PUERTAMEDITERRANEO-MORARUBIELOS-LUIS-PIEDRAHITA.jpg' alt='' style='' \/><img itemprop='image' class='hover_image' src='' alt='' style='' \/><\/div><\/div>[\/vc_column][\/vc_row][vc_row css_animation=\u00bbelement_from_left\u00bb row_type=\u00bbrow\u00bb use_row_as_full_screen_section=\u00bbno\u00bb type=\u00bbfull_width\u00bb angled_section=\u00bbno\u00bb text_align=\u00bbleft\u00bb background_image_as_pattern=\u00bbwithout_pattern\u00bb css=\u00bb.vc_custom_1654876073186{padding-top: 2% !important;padding-right: 14% !important;padding-bottom: 2% !important;padding-left: 14% !important;background-image: url(https:\/\/festivalesdeloscastillos.es\/2022\/wp-content\/uploads\/2018\/01\/background-lines.png?id=104) !important;}\u00bb z_index=\u00bb\u00bb][vc_column width=\u00bb1\/2&#8243;]<div class='image_hover ' style='' data-transition-delay=''><div class='images_holder'><img itemprop='image' class='active_image ' src='https:\/\/festivalesdeloscastillos.es\/2022\/wp-content\/uploads\/2022\/06\/ARTISTAS-DESTACADOS-CUADRADO-PUERTAMEDITERRANEO-MORARUBIELOS-_0001_El-flautista-de-Hamelin.jpg' alt='' style='' \/><img itemprop='image' class='hover_image' src='https:\/\/festivalesdeloscastillos.es\/2022\/wp-content\/uploads\/2022\/06\/ARTISTAS-DESTACADOS-CUADRADO-PUERTAMEDITERRANEO-MORARUBIELOS-_0000_El-flautista-de-Hamelin.jpg' alt='' style='' \/><\/div><\/div>[\/vc_column][vc_column width=\u00bb1\/2&#8243;][vc_column_text css=\u00bb.vc_custom_1656488428578{padding-bottom: 10px !important;}\u00bb]<\/p>\n<p class=\"p1\">Domingo 17 de agosto | 23:00 h. Castillo de Mora de Rubielos<\/p>\n<p>[\/vc_column_text][vc_column_text]<\/p>\n<h3 style=\"text-align: left;\">NACHO VILAR PRODUCCIONES: El \ufb02autista de Hamelim<\/h3>\n<p>[\/vc_column_text][vc_empty_space height=\u00bb20px\u00bb][vc_row_inner row_type=\u00bbrow\u00bb use_as_box=\u00bbuse_row_as_box\u00bb type=\u00bbfull_width\u00bb text_align=\u00bbleft\u00bb css_animation=\u00bb\u00bb][vc_column_inner width=\u00bb1\/2&#8243;]<div class=\"custom_font_holder\" style=\"font-family: Roboto; font-size: 15px; line-height: 24px; font-style: normal; font-weight: 300; color: #3f3f3f; text-decoration: none; text-align: left;\"><strong>Modalidad:<\/strong> Teatro musical<br \/>\n<strong>Duraci\u00f3n:<\/strong> 90 min.<\/div>[\/vc_column_inner][vc_column_inner width=\u00bb1\/2&#8243;]<div class=\"custom_font_holder\" style=\"font-family: Roboto; font-size: 15px; line-height: 24px; font-style: normal; font-weight: 300; color: #3f3f3f; text-decoration: none; text-align: left;\"><strong>Autor:<\/strong> Versi\u00f3n de Juan Montoro Lara<br \/>\n<strong>Tipo de p\u00fablico:<\/strong> Todos p\u00fablicos. Familiar a partir de 3 a\u00f1os<\/div>[\/vc_column_inner][\/vc_row_inner][vc_empty_space height=\u00bb20px\u00bb][vc_column_text]<\/p>\n<p class=\"p1\"><span class=\"s1\">El \ufb02autista de Hamelin nos ha cautivado siempre por su misterio. Una leyenda de transmisi\u00f3n oral, un cuento popular (documentado por primera vez por los hermanos Grimm), un poema (Robert Browning, 1845) y quiz\u00e1, antes de nada, un hecho real; con dos \ufb01nales diametralmente distintos: los ni\u00f1os vuelven al pueblo con sus familias o no vuelven. Esa cueva abierta en la monta\u00f1a tambi\u00e9n est\u00e1 rodeada de enigma: \u00bfes la m\u00e1-xima oscuridad o es un para\u00edso para esos ni\u00f1os que ya no son felices en su pueblo? No hay una \u00fanica interpretaci\u00f3n para la historia del Flautista de Hamelin. Y esto nos en-canta. Nos estimula y dispara la sugesti\u00f3n nuestra intr\u00e9pida mente siempre con ganas de retos y de descubrimientos; y nuestro coraz\u00f3n tambi\u00e9n, siempre en busca sentimientos apasionantes y arrebatadores. El \ufb02autista de Hamelin naci\u00f3 bajo el signo del misterio, y lo sigue conservando.\u00a0<\/span><\/p>\n<p class=\"p1\"><em><span class=\"s1\">Direcci\u00f3n: Encarna Ill\u00e1n<br \/>\n<\/span><span class=\"s1\">Int\u00e9rpretes: Adri\u00e1n Qui\u00f1ones, Rosal\u00eda Bueno, Alain Lapinel, Paco Beltr\u00e1n, Sergio Alarc\u00f3n, Jacobo Espinosa, To\u00f1i Olmedo <\/span><\/em><\/p>\n<p>[\/vc_column_text][\/vc_column][\/vc_row][vc_row css_animation=\u00bbelement_from_right\u00bb row_type=\u00bbrow\u00bb use_row_as_full_screen_section=\u00bbno\u00bb type=\u00bbfull_width\u00bb angled_section=\u00bbno\u00bb text_align=\u00bbleft\u00bb background_image_as_pattern=\u00bbwithout_pattern\u00bb css=\u00bb.vc_custom_1654876055861{padding-top: 2% !important;padding-right: 14% !important;padding-bottom: 2% !important;padding-left: 14% !important;background-image: url(https:\/\/festivalesdeloscastillos.es\/2022\/wp-content\/uploads\/2018\/01\/background-lines.png?id=104) !important;}\u00bb z_index=\u00bb\u00bb][vc_column width=\u00bb1\/2&#8243;][vc_column_text css=\u00bb.vc_custom_1655302179078{padding-bottom: 10px !important;}\u00bb]<\/p>\n<p style=\"text-align: right;\">Viernes 19 de agosto | 23:00 h. Castillo de Mora de Rubielos<\/p>\n<p>[\/vc_column_text][vc_column_text]<\/p>\n<h3 style=\"text-align: right;\">LA JOVEN: Para acabar con Eddy Bellegueule<\/h3>\n<p>[\/vc_column_text][vc_empty_space height=\u00bb20px\u00bb][vc_row_inner row_type=\u00bbrow\u00bb use_as_box=\u00bbuse_row_as_box\u00bb type=\u00bbfull_width\u00bb text_align=\u00bbleft\u00bb css_animation=\u00bb\u00bb][vc_column_inner width=\u00bb1\/2&#8243;]<div class=\"custom_font_holder\" style=\"font-family: Roboto; font-size: 15px; line-height: 24px; font-style: normal; font-weight: 300; color: #3f3f3f; text-decoration: none; text-align: left;\">\n<p style=\"text-align: right;\"><strong>Modalidad:<\/strong> Teatro<br \/>\n<strong>Duraci\u00f3n:<\/strong> 90 min.<\/p>\n<\/div>[\/vc_column_inner][vc_column_inner width=\u00bb1\/2&#8243;]<div class=\"custom_font_holder\" style=\"font-family: Roboto; font-size: 15px; line-height: 24px; font-style: normal; font-weight: 300; color: #3f3f3f; text-decoration: none; text-align: left;\">\n<p style=\"text-align: right;\"><strong>Autor:<\/strong> \u00c9douard Louis<br \/>\n<strong>Adaptaci\u00f3n teatral:<\/strong> Pamela Carter<br \/>\n<strong>Tipo de p\u00fablico:<\/strong> A partir de 14 a\u00f1os<\/p>\n<\/div>[\/vc_column_inner][\/vc_row_inner][vc_empty_space height=\u00bb20px\u00bb][vc_column_text]<\/p>\n<p class=\"p1\" style=\"text-align: right;\"><span class=\"s1\">\u00c9douard Louis y Eddy Bellegueule son la misma persona y no lo son. Para acabar con Eddy Bellegueule es la historia de una transformaci\u00f3n, la del ni\u00f1o peculiar que tiene que sobrevivir en el entorno de violencia, machismo, pobreza y homofobia en el que tiene la mala suerte de nacer.<span class=\"Apple-converted-space\">\u00a0 <\/span>El ni\u00f1o sensible e inquieto que debe ocultar su verdadero yo para intentar ser acepta-do. El adolescente que se desvive por parecer un hombre de verdad para esquivar as\u00ed el destino de abusos y humillaciones al que parece condenado.<span class=\"Apple-converted-space\">\u00a0 <\/span>Pero es \u00c9douard quien, con una honestidad descarnada y luminosa, nos cuenta la historia de Eddy, de su sufrimiento y de su liberaci\u00f3n cuando por \ufb01n consigue huir de ese entorno opresor.\u00a0<\/span><span class=\"s1\">Porque el \ufb01nal de Eddy Bellegueule es el principio de \u00c9douard Louis, uno de los escrito-res m\u00e1s brillantes de su generaci\u00f3n. <\/span><span class=\"s1\">Un homenaje a Gerardo Vera <\/span><\/p>\n<p class=\"p1\" style=\"text-align: right;\"><span class=\"s1\">Direcci\u00f3n: Jos\u00e9 Luis Arellano<br \/>\n<\/span><span class=\"s1\">Reparto: Julio Monta\u00f1ana, Ra\u00fal Pulido <\/span><\/p>\n<p>[\/vc_column_text][\/vc_column][vc_column width=\u00bb1\/2&#8243;]<div class='image_hover ' style='' data-transition-delay=''><div class='images_holder'><img itemprop='image' class='active_image ' src='https:\/\/festivalesdeloscastillos.es\/2022\/wp-content\/uploads\/2022\/06\/ARTISTAS-DESTACADOS-CUADRADO-PUERTAMEDITERRANEO-MORARUBIELOS-_0000_PARA-ACABAR-CON-EDDY.jpg' alt='' style='' \/><img itemprop='image' class='hover_image' src='https:\/\/festivalesdeloscastillos.es\/2022\/wp-content\/uploads\/2022\/06\/ARTISTAS-DESTACADOS-CUADRADO-PUERTAMEDITERRANEO-MORARUBIELOS-_0001_FotosEscena_ParaacabarconEddyBellegueule.jpg' alt='' style='' \/><\/div><\/div>[\/vc_column][\/vc_row][vc_row css_animation=\u00bbelement_from_left\u00bb row_type=\u00bbrow\u00bb use_row_as_full_screen_section=\u00bbno\u00bb type=\u00bbfull_width\u00bb angled_section=\u00bbno\u00bb text_align=\u00bbleft\u00bb background_image_as_pattern=\u00bbwithout_pattern\u00bb css=\u00bb.vc_custom_1654876073186{padding-top: 2% !important;padding-right: 14% !important;padding-bottom: 2% !important;padding-left: 14% !important;background-image: url(https:\/\/festivalesdeloscastillos.es\/2022\/wp-content\/uploads\/2018\/01\/background-lines.png?id=104) !important;}\u00bb z_index=\u00bb\u00bb][vc_column width=\u00bb1\/2&#8243;]<div class='image_hover ' style='' data-transition-delay=''><div class='images_holder'><img itemprop='image' class='active_image ' src='https:\/\/festivalesdeloscastillos.es\/2022\/wp-content\/uploads\/2022\/06\/ARTISTAS-DESTACADOS-CUADRADO-PUERTAMEDITERRANEO-MORARUBIELOS-LaCUENTA_0001_LACUENTA_3.jpg' alt='' style='' \/><img itemprop='image' class='hover_image' src='https:\/\/festivalesdeloscastillos.es\/2022\/wp-content\/uploads\/2022\/06\/ARTISTAS-DESTACADOS-CUADRADO-PUERTAMEDITERRANEO-MORARUBIELOS-LaCUENTA_0000_LACUENTA_5.jpg' alt='' style='' \/><\/div><\/div>[\/vc_column][vc_column width=\u00bb1\/2&#8243;][vc_column_text css=\u00bb.vc_custom_1656488414044{padding-bottom: 10px !important;}\u00bb]Mi\u00e9rcoles 21 de agosto | 23:00 h. Castillo de Mora de Rubielos[\/vc_column_text][vc_column_text]<\/p>\n<h3 style=\"text-align: left;\">EL REL\u00d3 PRODUCCIONES: La cuenta<\/h3>\n<p>[\/vc_column_text][vc_empty_space height=\u00bb20px\u00bb][vc_row_inner row_type=\u00bbrow\u00bb use_as_box=\u00bbuse_row_as_box\u00bb type=\u00bbfull_width\u00bb text_align=\u00bbleft\u00bb css_animation=\u00bb\u00bb][vc_column_inner width=\u00bb1\/2&#8243;]<div class=\"custom_font_holder\" style=\"font-family: Roboto; font-size: 15px; line-height: 24px; font-style: normal; font-weight: 300; color: #3f3f3f; text-decoration: none; text-align: left;\"><strong>Modalidad:<\/strong> Teatro<br \/>\n<strong>Duraci\u00f3n:<\/strong> 90 min.<\/div>[\/vc_column_inner][vc_column_inner width=\u00bb1\/2&#8243;]<div class=\"custom_font_holder\" style=\"font-family: Roboto; font-size: 15px; line-height: 24px; font-style: normal; font-weight: 300; color: #3f3f3f; text-decoration: none; text-align: left;\"><strong>Adaptaci\u00f3n:<\/strong> Ram\u00f3n Paso<br \/>\n<strong>Tipo de p\u00fablico:<\/strong> A partir de 14 a\u00f1os<\/div>[\/vc_column_inner][\/vc_row_inner][vc_empty_space height=\u00bb20px\u00bb][vc_column_text]<\/p>\n<p class=\"p1\"><span class=\"s1\">Una historia de cuentas pendientes. <\/span><\/p>\n<p class=\"p1\"><span class=\"s1\">\u00bfQu\u00e9 es la amistad? Puede ser, tal vez, una partida de ping-pong eterna, un toma y daca interminable, donde la cosa, al \ufb01nal, va de ceder. La cuenta es la historia de todo lo que nos callamos y que, a veces, es la base de una amistad; y que, tambi\u00e9n, otras veces, es la base de la desaparici\u00f3n de la amistad. Todo comienza cuando tres viejos amigos quedan, despu\u00e9s de un tiempo de verse menos, con la excusa de ayudar a arreglar la piscina de uno de ellos. Entonces, uno de los amigos, Alejandro, decide invitar a cenar, pero, al d\u00eda siguiente, se arrepiente y les pide a Julio y Antonio el importe de la cuenta, su parte de la cuenta. A partir de ese leve incidente, en el que Antonio accede, pero Julio se niega, estalla una sucesi\u00f3n de cuentas pendientes que pone en duda la de\ufb01nici\u00f3n que cada uno tiene de s\u00ed mismo y de sus amigos. La sexualidad, las in\ufb01delidades, las nuevas experiencias, el pasado y el presente, todo se pone en juego en La cuenta.\u00a0<\/span><\/p>\n<p class=\"p1\"><em><span class=\"s1\">Direcci\u00f3n: Gabriel Olivares<br \/>\n<\/span><span class=\"s1\">Reparto: Antonio Hortelano, Ra\u00fal Pe\u00f1a, C\u00e9sar Camino <\/span><\/em><\/p>\n<p>[\/vc_column_text][\/vc_column][\/vc_row][vc_row css_animation=\u00bbelement_from_right\u00bb row_type=\u00bbrow\u00bb use_row_as_full_screen_section=\u00bbno\u00bb type=\u00bbfull_width\u00bb angled_section=\u00bbno\u00bb text_align=\u00bbcenter\u00bb background_image_as_pattern=\u00bbwithout_pattern\u00bb css=\u00bb.vc_custom_1656413229080{padding-top: 2% !important;padding-right: 14% !important;padding-bottom: 2% !important;padding-left: 14% !important;background-image: url(https:\/\/festivalesdeloscastillos.es\/2022\/wp-content\/uploads\/2018\/01\/background-lines.png?id=104) !important;}\u00bb z_index=\u00bb\u00bb][vc_column][vc_column_text]<\/p>\n<h1 style=\"text-align: center;\">Ventana local<\/h1>\n<p>[\/vc_column_text][\/vc_column][\/vc_row][vc_row css_animation=\u00bbelement_from_right\u00bb row_type=\u00bbrow\u00bb use_row_as_full_screen_section=\u00bbno\u00bb type=\u00bbfull_width\u00bb angled_section=\u00bbno\u00bb text_align=\u00bbleft\u00bb background_image_as_pattern=\u00bbwithout_pattern\u00bb css=\u00bb.vc_custom_1654876055861{padding-top: 2% !important;padding-right: 14% !important;padding-bottom: 2% !important;padding-left: 14% !important;background-image: url(https:\/\/festivalesdeloscastillos.es\/2022\/wp-content\/uploads\/2018\/01\/background-lines.png?id=104) !important;}\u00bb z_index=\u00bb\u00bb][vc_column width=\u00bb1\/2&#8243;][vc_empty_space height=\u00bb20px\u00bb][vc_column_text css=\u00bb.vc_custom_1656412221366{padding-bottom: 10px !important;}\u00bb]<\/p>\n<p style=\"text-align: right;\">Domingo 14 de agosto | 23:00 h. Castillo de Mora de Rubielos<\/p>\n<p>[\/vc_column_text][vc_column_text]<\/p>\n<h3 style=\"text-align: right;\"><strong>UNI\u00d3N MUSICAL SANTA CECILIA<\/strong><\/h3>\n<p>[\/vc_column_text][vc_empty_space height=\u00bb20px\u00bb][vc_column_text]<\/p>\n<p style=\"text-align: right;\">La radio de tu historia presenta, la historia de nuestra banda de m\u00fasica contada a trav\u00e9s de un recorrido musical donde recordaremos los temas m\u00e1s escuchados y exitosos en el mundo de la radio. Un paseo sonoro en el cual podremos rememorar a los artistas m\u00e1s importantes de las \u00faltimas cuatro d\u00e9cadas.<\/p>\n<p style=\"text-align: right;\">\u00a0 \u00a0 \u00a0 \u00a0 \u00a0 \u00a0Un espect\u00e1culo en el que la gran sonoridad de una banda sinf\u00f3nica se entrelaza con dos espectaculares voces para crear una noche m\u00e1gica y en\u00e9rgica llena de emociones y recuerdos.<\/p>\n<p style=\"text-align: right;\"><em><br \/>\n<strong>Cantantes:<\/strong> Eros P\u00e9rez y Luc\u00eda Cano<\/em><br \/>\n<em><strong>Direcci\u00f3n musical:<\/strong> Rafael L\u00f3pez Villam\u00f3n<\/em><\/p>\n<p>[\/vc_column_text][\/vc_column][vc_column width=\u00bb1\/2&#8243;]<div class='image_hover ' style='' data-transition-delay=''><div class='images_holder'><img itemprop='image' class='' src='https:\/\/festivalesdeloscastillos.es\/2022\/wp-content\/uploads\/2022\/06\/ARTISTAS-RUBIELOSDEMORA-PUERTA-AL-MEDITERRANEO-AsocMusicalVirgenCarmen.jpg' alt='' style='' \/><img itemprop='image' class='hover_image' src='' alt='' style='' \/><\/div><\/div>[\/vc_column][\/vc_row][vc_row css_animation=\u00bbelement_from_left\u00bb row_type=\u00bbrow\u00bb use_row_as_full_screen_section=\u00bbno\u00bb type=\u00bbfull_width\u00bb angled_section=\u00bbno\u00bb text_align=\u00bbleft\u00bb background_image_as_pattern=\u00bbwithout_pattern\u00bb css=\u00bb.vc_custom_1654876073186{padding-top: 2% !important;padding-right: 14% !important;padding-bottom: 2% !important;padding-left: 14% !important;background-image: url(https:\/\/festivalesdeloscastillos.es\/2022\/wp-content\/uploads\/2018\/01\/background-lines.png?id=104) !important;}\u00bb z_index=\u00bb\u00bb][vc_column width=\u00bb1\/2&#8243;]<div class='image_hover ' style='' data-transition-delay=''><div class='images_holder'><img itemprop='image' class='active_image ' src='https:\/\/festivalesdeloscastillos.es\/2022\/wp-content\/uploads\/2022\/06\/ARTISTAS-MORADERUBIELOS-PUERTA-AL-MEDITERRANEO-Festifalk2.jpg' alt='' style='' \/><img itemprop='image' class='hover_image' src='https:\/\/festivalesdeloscastillos.es\/2022\/wp-content\/uploads\/2022\/06\/ARTISTAS-MORADERUBIELOS-PUERTA-AL-MEDITERRANEO-Festifalk.jpg' alt='' style='' \/><\/div><\/div>[\/vc_column][vc_column width=\u00bb1\/2&#8243;][vc_column_text css=\u00bb.vc_custom_1656412295234{padding-bottom: 10px !important;}\u00bb]<\/p>\n<p class=\"p1\">Martes 16 de agosto | 20:00 h. Castillo de Mora de Rubielos<\/p>\n<p>[\/vc_column_text][vc_column_text]<\/p>\n<h3><strong>FESTIFALK:<\/strong> COMPA\u00d1\u00cdA DE DANZA INDEPENDIENTE, \u201cFUSI\u00d3N FOLKL\u00d3RICA DE M\u00c9XICO\u201d<\/h3>\n<p>[\/vc_column_text][vc_empty_space height=\u00bb20px\u00bb][vc_row_inner row_type=\u00bbrow\u00bb use_as_box=\u00bbuse_row_as_box\u00bb type=\u00bbfull_width\u00bb text_align=\u00bbleft\u00bb css_animation=\u00bb\u00bb][vc_column_inner]<div class=\"custom_font_holder\" style=\"font-family: Roboto; font-size: 15px; line-height: 24px; font-style: normal; font-weight: 300; color: #3f3f3f; text-decoration: none; text-align: left;\"><strong>A.C.Mtro. Armando Reyes Brett\u00f3n<\/strong><br \/>\nEspecialista en Danza Mexicana &#8211; Director General<\/p>\n<p><strong>Mtra. Mariana Mart\u00ednez Jim\u00e9nez<\/strong><br \/>\nEspecialista en Danza Mexicana &#8211; Directora Art\u00edstica<\/div>[\/vc_column_inner][\/vc_row_inner][vc_empty_space height=\u00bb20px\u00bb][vc_column_text]Nace el 9 de noviembre del 2009, en Tula de Allende, Municipio del Estado de Hidalgo, en los Estados Unidos Mexicanos (M\u00e9xico). Siendo su fundador el Mtro. Armando Reyes Brett\u00f3n, quien emprende este exitoso proyecto y desde entonces es el Director General. \u00c9l junto a un peque\u00f1o grupo de j\u00f3venes, amantes de sus tradiciones y del folklor mexicano, dan vida a esta Compa\u00f1\u00eda, llevando el sentimiento del pueblo mexicano desde su interior, hasta su entorno.<\/p>\n<p>Somos un organismo cultural independiente, descentralizado que tiene la firme convicci\u00f3n de trasmitir y fomentar la cultura mexicana a trav\u00e9s del Folklor de una forma no lucrativa, de ah\u00ed partir para ser un eslab\u00f3n m\u00e1s en la formaci\u00f3n de ni\u00f1os, j\u00f3venes y adultos, contribuyendo de una forma socio-cultural para la construcci\u00f3n de una sociedad m\u00e1s equitativa. Trabaja de la mano de varios sectores, de una forma directa e indirecta, en distintas etapas de su formaci\u00f3n, incrementando las relaciones interpersonales entre los integrantes de la compa\u00f1\u00eda, amigos y familia.<\/p>\n<p>Buscando que los ni\u00f1os, j\u00f3venes y adultos se integren a las actividades de una forma f\u00edsica e intelectual, para dar as\u00ed una opci\u00f3n a nuestra sociedad, donde por medio de la danza folkl\u00f3rica mexicana, se aleje de los vicios a los sectores m\u00e1s vulnerables (Alcoholismo, Tabaquismo, Drogadicci\u00f3n, Delincuencia Organizada etc.). Tiene como resultado hacer de nuestra cultura un estilo de vida.<\/p>\n<p>Con el paso del tiempo se van integrando j\u00f3venes y fortalecen el proyecto, con base en el respeto, trabajo en equipo y disciplina, han llegado a formar esta compa\u00f1\u00eda con un rostro propio y un coraz\u00f3n aut\u00e9ntico nace el \u201cARTISTA DE LA VIDA\u201d.<\/p>\n<p>En el 2015 se forma el Ballet Infantil Fusi\u00f3n Folkl\u00f3rica M\u00e9xico A.C. Bajo la direcci\u00f3n Art\u00edstica de la Lic. Mariana Mart\u00ednez Jim\u00e9nez, para formar y fomentar el amor por el Folklor Mexicano a las nuevas generaciones.[\/vc_column_text][\/vc_column][\/vc_row][vc_row css_animation=\u00bb\u00bb row_type=\u00bbrow\u00bb use_row_as_full_screen_section=\u00bbno\u00bb type=\u00bbfull_width\u00bb angled_section=\u00bbno\u00bb text_align=\u00bbleft\u00bb background_image_as_pattern=\u00bbwithout_pattern\u00bb css=\u00bb.vc_custom_1655305236002{padding-top: 4% !important;padding-right: 8% !important;padding-bottom: 20px !important;padding-left: 8% !important;background-image: url(https:\/\/festivalesdeloscastillos.es\/2022\/wp-content\/uploads\/2022\/06\/background-lines-mancha-degradado.png?id=619) !important;}\u00bb z_index=\u00bb\u00bb el_class=\u00bbno-bckg-img-ipad\u00bb][vc_column width=\u00bb1\/6&#8243;][\/vc_column][vc_column width=\u00bb2\/3&#8243;][vc_empty_space height=\u00bb40px\u00bb][vc_column_text css=\u00bb.vc_custom_1655305321075{padding-bottom: 18px !important;}\u00bb]<\/p>\n<h3 style=\"text-align: left;\"><span style=\"color: #333333;\">An\ufb01teatro de Rubielos de Mora<\/span><\/h3>\n<p>[\/vc_column_text][vc_empty_space height=\u00bb30px\u00bb][vc_row_inner row_type=\u00bbrow\u00bb type=\u00bbfull_width\u00bb text_align=\u00bbleft\u00bb css_animation=\u00bb\u00bb][vc_column_inner width=\u00bb1\/2&#8243;][vc_column_text]<\/p>\n<p class=\"p1\"><span style=\"color: #333333;\"><strong>Entradas:<\/strong> Anticipada 15 \u20ac\u00a0 |\u00a0 Taquilla 18 \u20ac<br \/>\n<\/span><strong><span class=\"s1\"><br \/>\nAbonos:<br \/>\n<\/span>Rubielos 6 funciones:<\/strong> 63\u20ac<br \/>\n<strong>Puerta al Mediterr\u00e1neo 13 funciones:<\/strong> 90 \u20ac<br \/>\n<span style=\"color: #333333;\"><strong><br \/>\nTaquilla Castillo:<\/strong> Desde 1 hora antes de cada funci\u00f3n<\/span><\/p>\n<p>[\/vc_column_text][\/vc_column_inner][vc_column_inner width=\u00bb1\/2&#8243;]<a  itemprop=\"url\" href=\"https:\/\/festivalesdeloscastillos.es\/2022\/wp-content\/uploads\/2022\/06\/RUBIELOS.pdf\" target=\"_blank\" data-hover-background-color='#eae7da' data-hover-border-color='#eae7da' data-hover-color='#383838' class=\"qbutton  large center default\" style=\"color: #383838; border-color: #383838; margin: 10px 10px 10px 10px; background-color: rgba(0,0,0,0.01);\">INFORMACI\u00d3N RUBIELOS<i class=\"qode_icon_font_awesome_5 fa5 fab fa-fort-awesome qode_button_icon_element\" style=\"color: #383838;\" ><\/i><\/a>[\/vc_column_inner][\/vc_row_inner][vc_empty_space height=\u00bb40px\u00bb][\/vc_column][vc_column width=\u00bb1\/6&#8243;][\/vc_column][\/vc_row][vc_row css_animation=\u00bbelement_from_right\u00bb row_type=\u00bbrow\u00bb use_row_as_full_screen_section=\u00bbno\u00bb type=\u00bbfull_width\u00bb angled_section=\u00bbno\u00bb text_align=\u00bbleft\u00bb background_image_as_pattern=\u00bbwithout_pattern\u00bb css=\u00bb.vc_custom_1655305497792{padding-top: 5% !important;padding-right: 14% !important;padding-bottom: 2% !important;padding-left: 14% !important;background-image: url(https:\/\/festivalesdeloscastillos.es\/2022\/wp-content\/uploads\/2018\/01\/background-lines.png?id=104) !important;}\u00bb z_index=\u00bb\u00bb][vc_column width=\u00bb1\/2&#8243;][vc_column_text css=\u00bb.vc_custom_1655302765260{padding-bottom: 10px !important;}\u00bb]<\/p>\n<p style=\"text-align: right;\">Jueves 11 de agosto | 23:00 h. An\ufb01teatro de Rubielos de Mora<\/p>\n<p>[\/vc_column_text][vc_column_text]<\/p>\n<h3 style=\"text-align: right;\">FACTORY PRODUCCIONES: Canc\u00fan<\/h3>\n<p>[\/vc_column_text][vc_empty_space height=\u00bb20px\u00bb][vc_row_inner row_type=\u00bbrow\u00bb use_as_box=\u00bbuse_row_as_box\u00bb type=\u00bbfull_width\u00bb text_align=\u00bbleft\u00bb css_animation=\u00bb\u00bb][vc_column_inner width=\u00bb1\/2&#8243;]<div class=\"custom_font_holder\" style=\"font-family: Roboto; font-size: 15px; line-height: 24px; font-style: normal; font-weight: 300; color: #3f3f3f; text-decoration: none; text-align: left;\">\n<p style=\"text-align: right;\"><strong>Modalidad:<\/strong> Teatro<br \/>\n<strong>Duraci\u00f3n:<\/strong> 90 min.<\/p>\n<\/div>[\/vc_column_inner][vc_column_inner width=\u00bb1\/2&#8243;]<div class=\"custom_font_holder\" style=\"font-family: Roboto; font-size: 15px; line-height: 24px; font-style: normal; font-weight: 300; color: #3f3f3f; text-decoration: none; text-align: left;\">\n<p style=\"text-align: right;\"><strong>Autor:<\/strong> Jordi Galcer\u00e1n<br \/>\n<strong>Tipo de p\u00fablico:<\/strong> Todos p\u00fablicos.<\/p>\n<\/div>[\/vc_column_inner][\/vc_row_inner][vc_empty_space height=\u00bb20px\u00bb][vc_column_text]<\/p>\n<p class=\"p1\" style=\"text-align: right;\"><span class=\"s1\">Canc\u00fan cuenta la historia de dos matrimonios amigos desde hace 20 a\u00f1os que se van juntos de vacaciones. Una noche despu\u00e9s de unas copas de m\u00e1s, Reme desvela el incidente que provoc\u00f3 la elecci\u00f3n de las parejas. A partir de este momento comienzan a a\ufb02orar una serie de secretos. Cuando llegas a los 50, con una vida organizada despu\u00e9s de compartir 20 o 30 a\u00f1os con la misma persona, te planteas qu\u00e9 hubiera ocurrido si hubieras elegido otra pareja. \u00bfCambiar\u00edas a tu marido por el de tu mejor amiga? Si pudieras cambiar, \u00bfqu\u00e9 cambiarias? \u00bfEl marido? \u00bfLa mujer? \u00bfLa amiga? Si tu vida no te gusta\u2026\u00a0<\/span><span class=\"s1\">\u00a1Date vacaciones y ven a Canc\u00fan! <\/span><\/p>\n<p class=\"p1\" style=\"text-align: right;\"><em><span class=\"s1\">Direcci\u00f3n: Mario Ronsano Reparto: Yolanda Blanco, Jaime Oca\u00f1a, Francisco Fraguas, Ana Garc\u00eda <\/span><\/em><\/p>\n<p>[\/vc_column_text][\/vc_column][vc_column width=\u00bb1\/2&#8243;]<div class='image_hover ' style='' data-transition-delay=''><div class='images_holder'><img itemprop='image' class='active_image ' src='https:\/\/festivalesdeloscastillos.es\/2022\/wp-content\/uploads\/2022\/06\/ARTISTAS-DESTACADOS-CUADRADO-PUERTAMEDITERRANEO-RUBIELOSdeMORA-_0000_cancun.jpg' alt='' style='' \/><img itemprop='image' class='hover_image' src='https:\/\/festivalesdeloscastillos.es\/2022\/wp-content\/uploads\/2022\/06\/ARTISTAS-DESTACADOS-CUADRADO-PUERTAMEDITERRANEO-RUBIELOSdeMORA-_0001_CANCUN.jpg' alt='' style='' \/><\/div><\/div>[\/vc_column][\/vc_row][vc_row css_animation=\u00bbelement_from_left\u00bb row_type=\u00bbrow\u00bb use_row_as_full_screen_section=\u00bbno\u00bb type=\u00bbfull_width\u00bb angled_section=\u00bbno\u00bb text_align=\u00bbleft\u00bb background_image_as_pattern=\u00bbwithout_pattern\u00bb css=\u00bb.vc_custom_1654876073186{padding-top: 2% !important;padding-right: 14% !important;padding-bottom: 2% !important;padding-left: 14% !important;background-image: url(https:\/\/festivalesdeloscastillos.es\/2022\/wp-content\/uploads\/2018\/01\/background-lines.png?id=104) !important;}\u00bb z_index=\u00bb\u00bb][vc_column width=\u00bb1\/2&#8243;]<div class='image_hover ' style='' data-transition-delay=''><div class='images_holder'><img itemprop='image' class='active_image ' src='https:\/\/festivalesdeloscastillos.es\/2022\/wp-content\/uploads\/2022\/06\/ARTISTAS-DESTACADOS-CUADRADO-PUERTAMEDITERRANEO-RUBIELOSDEMORA-_0001_berna-2.jpg' alt='' style='' \/><img itemprop='image' class='hover_image' src='https:\/\/festivalesdeloscastillos.es\/2022\/wp-content\/uploads\/2022\/06\/ARTISTAS-DESTACADOS-CUADRADO-PUERTAMEDITERRANEO-RUBIELOSDEMORA-_0000_berna.jpg' alt='' style='' \/><\/div><\/div>[\/vc_column][vc_column width=\u00bb1\/2&#8243;][vc_column_text css=\u00bb.vc_custom_1655302864037{padding-bottom: 10px !important;}\u00bb]S\u00e1bado 13 de agosto | 23:00 h. An\ufb01teatro de Rubielos de Mora[\/vc_column_text][vc_column_text]<\/p>\n<h3 style=\"text-align: left;\">C\u00cdA. MIGUEL \u00c1NGEL BERNA: Jota &amp; Berna<\/h3>\n<p>[\/vc_column_text][vc_empty_space height=\u00bb20px\u00bb][vc_row_inner row_type=\u00bbrow\u00bb use_as_box=\u00bbuse_row_as_box\u00bb type=\u00bbfull_width\u00bb text_align=\u00bbleft\u00bb css_animation=\u00bb\u00bb][vc_column_inner width=\u00bb1\/2&#8243;]<div class=\"custom_font_holder\" style=\"font-family: Roboto; font-size: 15px; line-height: 24px; font-style: normal; font-weight: 300; color: #3f3f3f; text-decoration: none; text-align: left;\"><strong>Modalidad:<\/strong> Danza<br \/>\n<strong>Duraci\u00f3n:<\/strong> 80 min.<\/div>[\/vc_column_inner][vc_column_inner width=\u00bb1\/2&#8243;]<div class=\"custom_font_holder\" style=\"font-family: Roboto; font-size: 15px; line-height: 24px; font-style: normal; font-weight: 300; color: #3f3f3f; text-decoration: none; text-align: left;\"><strong>Autor:<\/strong> Miguel \u00c1. Berna<br \/>\n<strong>Tipo de p\u00fablico:<\/strong> Todos p\u00fablicos.<\/div>[\/vc_column_inner][\/vc_row_inner][vc_empty_space height=\u00bb20px\u00bb][vc_column_text]<\/p>\n<p class=\"p1\"><span class=\"s1\">MIGUEL \u00c1NGEL BERNA ha reci\u00e9n celebrado sus \u201c40 a\u00f1os en danza\u201d con un ambicioso espect\u00e1culo en el Pabell\u00f3n Pr\u00edncipe Felipe. Fruto de este recorrido de su carrera, nace la idea de ofrecer al p\u00fablico un espect\u00e1culo que ver\u00e1 el artista protagonizar uno de los m\u00e1s grandes retos de su carrera. Durante 80 minutos, Miguel \u00c1ngel Berna, ser\u00e1 el protagonista \u00fanico de este espect\u00e1culo en el que interactuar\u00e1 con 4 m\u00fasicos, dos bailarines y una cantante. Con la colaboraci\u00f3n especial de una de las m\u00e1s importantes \ufb01guras de la danza, Cesc Gelabert, el artista se entregar\u00e1 de la manera m\u00e1s \u00edntima al p\u00fablico. Jotas de grandes autores cl\u00e1sicos como Liszt, T\u00e1rraga, Bret\u00f3n hasta nuevas reinterpretaciones musicales y coreogr\u00e1\ufb01cas de temas tradicionales, ser\u00e1n los temas que acompa\u00f1ar\u00e1n a Berna en el reto de no dejar el escenario durante m\u00e1s de una hora. Un encuentro \u00edntimo y profundo con el p\u00fablico, la ocasi\u00f3n \u00fanica para poder disfrutar y conocer m\u00e1s en profundidad el artista. <\/span><\/p>\n<p class=\"p1\"><em><span class=\"s1\">Direcci\u00f3n: Miguel \u00c1. Berna<br \/>\n<\/span><span class=\"s1\">Reparto: Miguel \u00c1. Berna M\u00fasicos: Alberto Artigas, Miguel \u00c1. Fraile, Josu\u00e9 Barr\u00e9s <\/span><\/em><\/p>\n<p>[\/vc_column_text][\/vc_column][\/vc_row][vc_row css_animation=\u00bbelement_from_right\u00bb row_type=\u00bbrow\u00bb use_row_as_full_screen_section=\u00bbno\u00bb type=\u00bbfull_width\u00bb angled_section=\u00bbno\u00bb text_align=\u00bbleft\u00bb background_image_as_pattern=\u00bbwithout_pattern\u00bb css=\u00bb.vc_custom_1654876055861{padding-top: 2% !important;padding-right: 14% !important;padding-bottom: 2% !important;padding-left: 14% !important;background-image: url(https:\/\/festivalesdeloscastillos.es\/2022\/wp-content\/uploads\/2018\/01\/background-lines.png?id=104) !important;}\u00bb z_index=\u00bb\u00bb][vc_column width=\u00bb1\/2&#8243;][vc_column_text css=\u00bb.vc_custom_1655302982128{padding-bottom: 10px !important;}\u00bb]<\/p>\n<p style=\"text-align: right;\">Lunes 15 de agosto | 23:00 h. An\ufb01teatro de Rubielos de Mora<\/p>\n<p>[\/vc_column_text][vc_column_text]<\/p>\n<h3 style=\"text-align: right;\">LA_COMPA\u00d1\u00cdA EXL\u00cdMITE: Los Remedios<\/h3>\n<p>[\/vc_column_text][vc_empty_space height=\u00bb20px\u00bb][vc_row_inner row_type=\u00bbrow\u00bb use_as_box=\u00bbuse_row_as_box\u00bb type=\u00bbfull_width\u00bb text_align=\u00bbleft\u00bb css_animation=\u00bb\u00bb][vc_column_inner width=\u00bb1\/2&#8243;]<div class=\"custom_font_holder\" style=\"font-family: Roboto; font-size: 15px; line-height: 24px; font-style: normal; font-weight: 300; color: #3f3f3f; text-decoration: none; text-align: left;\">\n<p style=\"text-align: right;\"><strong>Modalidad:<\/strong> Teatro<br \/>\n<strong>Duraci\u00f3n:<\/strong> 110 min.<\/p>\n<\/div>[\/vc_column_inner][vc_column_inner width=\u00bb1\/2&#8243;]<div class=\"custom_font_holder\" style=\"font-family: Roboto; font-size: 15px; line-height: 24px; font-style: normal; font-weight: 300; color: #3f3f3f; text-decoration: none; text-align: left;\">\n<p style=\"text-align: right;\"><strong>Autores:<\/strong> Fernando Delgado-Hierro, Pablo Chaves<br \/>\n<strong>Tipo de p\u00fablico:<\/strong> Todos p\u00fablicos. Familiar<\/p>\n<\/div>[\/vc_column_inner][\/vc_row_inner][vc_empty_space height=\u00bb20px\u00bb][vc_column_text]<\/p>\n<p class=\"p1\" style=\"text-align: right;\"><span class=\"s1\">Los Remedios es un barrio de Sevilla construido en los a\u00f1os 50. Los Remedios es una pieza en la que dos amigos de la infancia se juntan para tratar de entenderse a base de representarse; a ellos mismos, a las personas que marcaron su desarrollo, al contexto social que forj\u00f3 su identidad. Los Remedios es un viaje a lo que queda en el propio cuerpo: los gestos, los tonos, las posturas. Es una auto \ufb01cci\u00f3n autodestructiva hecha por dos personas desenraizadas que remueven la tierra buscando algo a lo que agarrarse. Es una genealog\u00eda teatral, que indaga en la necesidad de la representaci\u00f3n y en su capacidad transforma-dora. Es una pieza sobre la amistad como respuesta frente al desconcierto. PREMIO MAX 2021 Autor\u00eda Revelaci\u00f3n de Fernando Delgado-Hierro <\/span><\/p>\n<p class=\"p1\" style=\"text-align: right;\"><em><span class=\"s1\">Direcci\u00f3n: Juan Caecero<br \/>\n<\/span><span class=\"s1\">Int\u00e9rpretes: Fernando Delgado-Hierro, Pablo Chaves <\/span><\/em><\/p>\n<p>[\/vc_column_text][\/vc_column][vc_column width=\u00bb1\/2&#8243;]<div class='image_hover ' style='' data-transition-delay=''><div class='images_holder'><img itemprop='image' class='active_image ' src='https:\/\/festivalesdeloscastillos.es\/2022\/wp-content\/uploads\/2022\/06\/ARTISTAS-DESTACADOS-CUADRADO-PUERTAMEDITERRANEO-RUBIELOSMORA_0003_LOSREMEDIOS-LuzSoria.jpg' alt='' style='' \/><img itemprop='image' class='hover_image' src='https:\/\/festivalesdeloscastillos.es\/2022\/wp-content\/uploads\/2022\/06\/ARTISTAS-DESTACADOS-CUADRADO-PUERTAMEDITERRANEO-RUBIELOSMORA_0002_LOSREMEDIOS-LuzSoria.jpg' alt='' style='' \/><\/div><\/div>[\/vc_column][\/vc_row][vc_row css_animation=\u00bbelement_from_left\u00bb row_type=\u00bbrow\u00bb use_row_as_full_screen_section=\u00bbno\u00bb type=\u00bbfull_width\u00bb angled_section=\u00bbno\u00bb text_align=\u00bbleft\u00bb background_image_as_pattern=\u00bbwithout_pattern\u00bb css=\u00bb.vc_custom_1654876073186{padding-top: 2% !important;padding-right: 14% !important;padding-bottom: 2% !important;padding-left: 14% !important;background-image: url(https:\/\/festivalesdeloscastillos.es\/2022\/wp-content\/uploads\/2018\/01\/background-lines.png?id=104) !important;}\u00bb z_index=\u00bb\u00bb][vc_column width=\u00bb1\/2&#8243;]<div class='image_hover ' style='' data-transition-delay=''><div class='images_holder'><img itemprop='image' class='active_image ' src='https:\/\/festivalesdeloscastillos.es\/2022\/wp-content\/uploads\/2022\/06\/ARTISTAS-DESTACADOS-CUADRADO-PUERTAMEDITERRANEO-RUBIELOSMORA_0001_Gabino-LA-CUERVA-DE-LA-FELICIDAD.jpg' alt='' style='' \/><img itemprop='image' class='hover_image' src='https:\/\/festivalesdeloscastillos.es\/2022\/wp-content\/uploads\/2022\/06\/ARTISTAS-DESTACADOS-CUADRADO-PUERTAMEDITERRANEO-RUBIELOSMORA_0000_GABINO-Los-Cuatro.jpg' alt='' style='' \/><\/div><\/div>[\/vc_column][vc_column width=\u00bb1\/2&#8243;][vc_column_text css=\u00bb.vc_custom_1655303059638{padding-bottom: 10px !important;}\u00bb]Jueves 18 de agosto | 23:00 h. An\ufb01teatro de Rubielos de Mora[\/vc_column_text][vc_column_text]<\/p>\n<h3 style=\"text-align: left;\">DESCALZOS PRODUCCIONES: La curva de la felicidad<\/h3>\n<p>[\/vc_column_text][vc_empty_space height=\u00bb20px\u00bb][vc_row_inner row_type=\u00bbrow\u00bb use_as_box=\u00bbuse_row_as_box\u00bb type=\u00bbfull_width\u00bb text_align=\u00bbleft\u00bb css_animation=\u00bb\u00bb][vc_column_inner width=\u00bb1\/2&#8243;]<div class=\"custom_font_holder\" style=\"font-family: Roboto; font-size: 15px; line-height: 24px; font-style: normal; font-weight: 300; color: #3f3f3f; text-decoration: none; text-align: left;\"><strong>Modalidad:<\/strong> Teatro comedia<br \/>\n<strong>Duraci\u00f3n:<\/strong> 90 min.<\/div>[\/vc_column_inner][vc_column_inner width=\u00bb1\/2&#8243;]<div class=\"custom_font_holder\" style=\"font-family: Roboto; font-size: 15px; line-height: 24px; font-style: normal; font-weight: 300; color: #3f3f3f; text-decoration: none; text-align: left;\"><strong>Autores:<\/strong> Eduardo Gal\u00e1n, Pedro G\u00f3mez<br \/>\n<strong>Tipo de p\u00fablico:<\/strong> Todos p\u00fablicos<\/div>[\/vc_column_inner][\/vc_row_inner][vc_empty_space height=\u00bb20px\u00bb][vc_column_text]<\/p>\n<p class=\"p1\">\u00bfEs cierto que los hombres sufren una crisis a los 50? Todos los que han atravesado la crisis de los 50 saben que el hombre es el sexo d\u00e9bil de la pareja: inseguro, indeciso y fr\u00e1gil. Aunque sue\u00f1en con irse de mar-cha, les asusta vivir solos y volver solos a casa despu\u00e9s de unas noches locas que nunca son tan locas. En su delirio, llegan a imaginar que su madurez es poderoso im\u00e1n que atrae a las mujeres de 30 e incluso m\u00e1s j\u00f3venes. Quino, el protagonista, de 50 a\u00f1os, interpretado con humor y ternura por Ga-bino Diego, guionista de televisi\u00f3n, v\u00edc\udbc0\udc01ma del trabajo inestable y en plena crisis de los cincuenta, es abandonado por su mujer: \u201cpor gordo y por calvo\u201d, asegura que le dijo su mujer al irse. Hasta la fecha ha vivido en un piso amplio del centro de la ciudad, pero su mujer ha abandonado la vivienda familiar y espera que Quino la venda para recibir la mitad de su precio. La venta del piso le provoca una enorme angustia de car\u00e1cter estresante por-que, entre otras cosas, signi\ufb01ca la p\u00e9rdida de\ufb01nitiva de CARMEN&#8230; Y \u00e9l querr\u00eda volver con ella por inseguridad, costumbre y dependencia ps\u00edquica.<\/p>\n<p class=\"p1\"><em>Direcci\u00f3n: Josu Ormaetxe Int\u00e9rpretes: Gabino Diego, Antonio Vico, Josu Ormaetxe, Jes\u00fas Cisneros <\/em><\/p>\n<p>[\/vc_column_text][\/vc_column][\/vc_row][vc_row css_animation=\u00bbelement_from_right\u00bb row_type=\u00bbrow\u00bb use_row_as_full_screen_section=\u00bbno\u00bb type=\u00bbfull_width\u00bb angled_section=\u00bbno\u00bb text_align=\u00bbcenter\u00bb background_image_as_pattern=\u00bbwithout_pattern\u00bb css=\u00bb.vc_custom_1656413229080{padding-top: 2% !important;padding-right: 14% !important;padding-bottom: 2% !important;padding-left: 14% !important;background-image: url(https:\/\/festivalesdeloscastillos.es\/2022\/wp-content\/uploads\/2018\/01\/background-lines.png?id=104) !important;}\u00bb z_index=\u00bb\u00bb][vc_column][vc_column_text]<\/p>\n<h1 style=\"text-align: center;\">Ventana local<\/h1>\n<p>[\/vc_column_text][\/vc_column][\/vc_row][vc_row css_animation=\u00bbelement_from_right\u00bb row_type=\u00bbrow\u00bb use_row_as_full_screen_section=\u00bbno\u00bb type=\u00bbfull_width\u00bb angled_section=\u00bbno\u00bb text_align=\u00bbleft\u00bb background_image_as_pattern=\u00bbwithout_pattern\u00bb css=\u00bb.vc_custom_1654876055861{padding-top: 2% !important;padding-right: 14% !important;padding-bottom: 2% !important;padding-left: 14% !important;background-image: url(https:\/\/festivalesdeloscastillos.es\/2022\/wp-content\/uploads\/2018\/01\/background-lines.png?id=104) !important;}\u00bb z_index=\u00bb\u00bb][vc_column width=\u00bb1\/2&#8243;][vc_column_text css=\u00bb.vc_custom_1656413376304{padding-bottom: 10px !important;}\u00bb]<\/p>\n<p style=\"text-align: right;\">Martes 16 de agosto | 23:00 h. An\ufb01teatro de Rubielos de Mora<\/p>\n<p>[\/vc_column_text][vc_column_text]<\/p>\n<h3 style=\"text-align: right;\"><strong>BUREO TEATRO: LAS TRES HERIDAS<\/strong><\/h3>\n<p>[\/vc_column_text][vc_empty_space height=\u00bb20px\u00bb][vc_column_text]<\/p>\n<p style=\"text-align: right;\">El grupo de Teatro EL BUREO nos acerca a la vida de Miguel Hern\u00e1ndez, a trav\u00e9s de su poes\u00eda y de los acontecimientos, tanto personales como colectivos, que marcaron su vida. La vida el amor y la muerte son sus tres heridas que plasmo en sus poes\u00edas y dieron paso a la esperanza de su corta vida, pero larga de caminar. Una inmersi\u00f3n en su andar por la vida del poeta cabrero, con sus miedos, sus valent\u00edas, sus luces, sus sombras y sus anhelos que quedan patentes en sus poemas. Y todo ello desde las diferentes miradas de los personajes con los que convivi\u00f3 y am\u00f3 y que marcaron su dram\u00e1tica vida y tambi\u00e9n, desde las diferentes miradas que nos ofrecen los integrantes de la compa\u00f1\u00eda que representa la funci\u00f3n.<\/p>\n<p style=\"text-align: right;\"><em><strong><br \/>\nActores\/Actrices\/Rapsodas:<br \/>\n<\/strong>Isabel Arnao, M\u00aa \u00c1ngeles Badenas, Viola Barh, C\u00e9sar G. Escarl\u00edn, Jose Luis lLarraz, Mari Carmen Salvador<\/em><\/p>\n<p style=\"text-align: right;\"><em><strong>Musicos:<br \/>\n<\/strong>Josep Castillos (violin), David Montolio (voz), Joaquin Palac\u00edn (guitarra), Marga Pejenaute (violonchelo)<\/em><\/p>\n<p style=\"text-align: right;\"><em><strong>Dramaturgia y direcci\u00f3n:<br \/>\n<\/strong>Marcos Jim\u00e9nez<\/em><\/p>\n<p>[\/vc_column_text][\/vc_column][vc_column width=\u00bb1\/2&#8243;]<div class='image_hover ' style='' data-transition-delay=''><div class='images_holder'><img itemprop='image' class='' src='https:\/\/festivalesdeloscastillos.es\/2022\/wp-content\/uploads\/2022\/06\/ARTISTAS-RUBIELOSDEMORA-PUERTA-AL-MEDITERRANEO-BureoTeatro-3Heridas.jpg' alt='' style='' \/><img itemprop='image' class='hover_image' src='' alt='' style='' \/><\/div><\/div>[\/vc_column][\/vc_row][vc_row css_animation=\u00bbelement_from_left\u00bb row_type=\u00bbrow\u00bb use_row_as_full_screen_section=\u00bbno\u00bb type=\u00bbfull_width\u00bb angled_section=\u00bbno\u00bb text_align=\u00bbleft\u00bb background_image_as_pattern=\u00bbwithout_pattern\u00bb css=\u00bb.vc_custom_1654876073186{padding-top: 2% !important;padding-right: 14% !important;padding-bottom: 2% !important;padding-left: 14% !important;background-image: url(https:\/\/festivalesdeloscastillos.es\/2022\/wp-content\/uploads\/2018\/01\/background-lines.png?id=104) !important;}\u00bb z_index=\u00bb\u00bb][vc_column width=\u00bb1\/2&#8243;]<div class='image_hover ' style='' data-transition-delay=''><div class='images_holder'><img itemprop='image' class='active_image ' src='https:\/\/festivalesdeloscastillos.es\/2022\/wp-content\/uploads\/2022\/06\/ARTISTAS-MORADERUBIELOS-PUERTA-AL-MEDITERRANEO-UnionMusicalSantaCilia.jpg' alt='' style='' \/><img itemprop='image' class='hover_image' src='https:\/\/festivalesdeloscastillos.es\/2022\/wp-content\/uploads\/2022\/06\/ARTISTAS-RUBIELOSDEMORA-PUERTA-AL-MEDITERRANEO-AsocMusicalVirgenCarmen-Queen.jpg' alt='' style='' \/><\/div><\/div>[\/vc_column][vc_column width=\u00bb1\/2&#8243;][vc_column_text css=\u00bb.vc_custom_1656413600103{padding-bottom: 10px !important;}\u00bb]S\u00e1bado 20 de agosto | 23:00 h. An\ufb01teatro de Rubielos de Mora[\/vc_column_text][vc_column_text]<\/p>\n<h3 style=\"text-align: left;\"><strong>ASOCIACI\u00d3N MUSICAL VIRGEN DEL CARMEN (UNI\u00d3N MUSICAL PORTE\u00d1A): <\/strong><strong>I Want to be Queen<\/strong><\/h3>\n<p>[\/vc_column_text][vc_empty_space height=\u00bb20px\u00bb][vc_column_text]Noche m\u00e1gica, donde el Rock carism\u00e1tico de Queen y la M\u00fasica Sinf\u00f3nica se funden para crear un espect\u00e1culo \u00fanico. La A. M. Virgen del Carmen de Rubielos de Mora ha creado un tributo al m\u00edtico grupo ingl\u00e9s, donde su Banda de M\u00fasica, compuesta por m\u00e1s de 60 m\u00fasicos, acompa\u00f1ada de un Grupo de Rock y dos vocalistas femeninas, har\u00e1 las delicias del p\u00fablico asistente.<\/p>\n<p>Reviviremos algunas de las an\u00e9cdotas del grupo, y escucharemos los temas con los que este legendario grupo de Rock ha hecho historia.<\/p>\n<p><em><br \/>\n<strong>Direcci\u00f3n Musical y Arreglos:<\/strong> Jorge Vivas<\/em><br \/>\n<em><strong>Cantantes:<\/strong> Marta Folqu\u00e9s y Merche Navarro<\/em><br \/>\n<em><strong>Bater\u00eda:<\/strong> Fran Cebri\u00e1n<\/em><br \/>\n<em><strong>Bajo el\u00e9ctrico:<\/strong> Javier Castillo<\/em><br \/>\n<em><strong>Guitara:<\/strong> Pablo Mar\u00edn<\/em><br \/>\n<em><strong>Teclado:<\/strong> Adri\u00e1n Gonz\u00e1lez<\/em>[\/vc_column_text][\/vc_column][\/vc_row][vc_row css_animation=\u00bb\u00bb row_type=\u00bbrow\u00bb use_row_as_full_screen_section=\u00bbno\u00bb type=\u00bbfull_width\u00bb angled_section=\u00bbno\u00bb text_align=\u00bbleft\u00bb background_image_as_pattern=\u00bbwithout_pattern\u00bb css=\u00bb.vc_custom_1654939189125{padding-top: 100px !important;padding-right: 8% !important;padding-left: 8% !important;background-image: url(https:\/\/festivalesdeloscastillos.es\/2022\/wp-content\/uploads\/2018\/01\/background-lines.png?id=104) !important;}\u00bb z_index=\u00bb\u00bb el_class=\u00bbno-bckg-img-ipad\u00bb][vc_column][vc_column_text css=\u00bb.vc_custom_1654939040389{padding-bottom: 18px !important;}\u00bb]<\/p>\n<h3 style=\"text-align: center;\">\u00bfConoces el resto de Castillos?<\/h3>\n<p>[\/vc_column_text]<div class='qode_carousels_holder clearfix'><div class='qode_carousels' data-number-of-visible-items=''><ul class='slides'><li class='item'><div class=\"carousel_item_holder\"><a itemprop='url' href='https:\/\/festivalesdeloscastillos.es\/2022\/programacion\/castillo-de-grisel\/' target='_self'><span class='first_image_holder has_hover_image'><img itemprop=\"image\" src=\"https:\/\/festivalesdeloscastillos.es\/2022\/wp-content\/uploads\/2022\/06\/01-CASTILLO-DE-GRISEL.png\" alt=\"carousel image\" \/><\/span><span class='second_image_holder has_hover_image'><img itemprop=\"image\" src=\"https:\/\/festivalesdeloscastillos.es\/2022\/wp-content\/uploads\/2022\/06\/01-CASTILLO-DE-GRISEL.png\" alt=\"carousel image\" \/><\/span><\/a><\/div><\/li><li class='item'><div class=\"carousel_item_holder\"><a itemprop='url' href='https:\/\/festivalesdeloscastillos.es\/2022\/programacion\/castillo-de-illueca\/' target='_self'><span class='first_image_holder has_hover_image'><img itemprop=\"image\" src=\"https:\/\/festivalesdeloscastillos.es\/2022\/wp-content\/uploads\/2022\/06\/02-CASTILLO-DE-ILLUECA.png\" alt=\"carousel image\" \/><\/span><span class='second_image_holder has_hover_image'><img itemprop=\"image\" src=\"https:\/\/festivalesdeloscastillos.es\/2022\/wp-content\/uploads\/2022\/06\/02-CASTILLO-DE-ILLUECA.png\" alt=\"carousel image\" \/><\/span><\/a><\/div><\/li><li class='item'><div class=\"carousel_item_holder\"><a itemprop='url' href='https:\/\/festivalesdeloscastillos.es\/2022\/programacion\/castillo-de-alfajarin\/' target='_self'><span class='first_image_holder has_hover_image'><img itemprop=\"image\" src=\"https:\/\/festivalesdeloscastillos.es\/2022\/wp-content\/uploads\/2022\/06\/03-CASTILLO-DE-ALFAJARIN.png\" alt=\"carousel image\" \/><\/span><span class='second_image_holder has_hover_image'><img itemprop=\"image\" src=\"https:\/\/festivalesdeloscastillos.es\/2022\/wp-content\/uploads\/2022\/06\/03-CASTILLO-DE-ALFAJARIN.png\" alt=\"carousel image\" \/><\/span><\/a><\/div><\/li><li class='item'><div class=\"carousel_item_holder\"><a itemprop='url' href='https:\/\/festivalesdeloscastillos.es\/2022\/programacion\/castillo-de-mesones-isuela\/' target='_self'><span class='first_image_holder has_hover_image'><img itemprop=\"image\" src=\"https:\/\/festivalesdeloscastillos.es\/2022\/wp-content\/uploads\/2022\/06\/04-CASTILLO-DE-MESONES.png\" alt=\"carousel image\" \/><\/span><span class='second_image_holder has_hover_image'><img itemprop=\"image\" src=\"https:\/\/festivalesdeloscastillos.es\/2022\/wp-content\/uploads\/2022\/06\/04-CASTILLO-DE-MESONES.png\" alt=\"carousel image\" \/><\/span><\/a><\/div><\/li><li class='item'><div class=\"carousel_item_holder\"><a itemprop='url' href='https:\/\/festivalesdeloscastillos.es\/2022\/programacion\/castillo-de-jarque\/' target='_self'><span class='first_image_holder has_hover_image'><img itemprop=\"image\" src=\"https:\/\/festivalesdeloscastillos.es\/2022\/wp-content\/uploads\/2022\/06\/05-CASTILLO-DE-JARQUE.png\" alt=\"carousel image\" \/><\/span><span class='second_image_holder has_hover_image'><img itemprop=\"image\" src=\"https:\/\/festivalesdeloscastillos.es\/2022\/wp-content\/uploads\/2022\/06\/05-CASTILLO-DE-JARQUE.png\" alt=\"carousel image\" \/><\/span><\/a><\/div><\/li><li class='item'><div class=\"carousel_item_holder\"><a itemprop='url' href='https:\/\/festivalesdeloscastillos.es\/2022\/programacion\/castillo-de-valderrobres\/' target='_self'><span class='first_image_holder has_hover_image'><img itemprop=\"image\" src=\"https:\/\/festivalesdeloscastillos.es\/2022\/wp-content\/uploads\/2022\/06\/06-CASTILLO-DE-VALDERROBRES.png\" alt=\"carousel image\" \/><\/span><span class='second_image_holder has_hover_image'><img itemprop=\"image\" src=\"https:\/\/festivalesdeloscastillos.es\/2022\/wp-content\/uploads\/2022\/06\/06-CASTILLO-DE-VALDERROBRES.png\" alt=\"carousel image\" \/><\/span><\/a><\/div><\/li><li class='item'><div class=\"carousel_item_holder\"><a itemprop='url' href='https:\/\/festivalesdeloscastillos.es\/2022\/programacion\/castillo-de-san-agustin\/' target='_self'><span class='first_image_holder has_hover_image'><img itemprop=\"image\" src=\"https:\/\/festivalesdeloscastillos.es\/2022\/wp-content\/uploads\/2022\/06\/07-CASTILLO-DE-SAN-AGUSTIN.png\" alt=\"carousel image\" \/><\/span><span class='second_image_holder has_hover_image'><img itemprop=\"image\" src=\"https:\/\/festivalesdeloscastillos.es\/2022\/wp-content\/uploads\/2022\/06\/07-CASTILLO-DE-SAN-AGUSTIN.png\" alt=\"carousel image\" \/><\/span><\/a><\/div><\/li><li class='item'><div class=\"carousel_item_holder\"><a itemprop='url' href='https:\/\/festivalesdeloscastillos.es\/2022\/programacion\/castillo-de-sadaba\/' target='_self'><span class='first_image_holder has_hover_image'><img itemprop=\"image\" src=\"https:\/\/festivalesdeloscastillos.es\/2022\/wp-content\/uploads\/2022\/07\/08-CASTILLO-DE-SADABA.png\" alt=\"carousel image\" \/><\/span><span class='second_image_holder has_hover_image'><img itemprop=\"image\" src=\"https:\/\/festivalesdeloscastillos.es\/2022\/wp-content\/uploads\/2022\/07\/08-CASTILLO-DE-SADABA.png\" alt=\"carousel image\" \/><\/span><\/a><\/div><\/li><li class='item'><div class=\"carousel_item_holder\"><a itemprop='url' href='https:\/\/festivalesdeloscastillos.es\/2022\/programacion\/puerta-al-mediterraneo\/' target='_self'><span class='first_image_holder has_hover_image'><img itemprop=\"image\" src=\"https:\/\/festivalesdeloscastillos.es\/2022\/wp-content\/uploads\/2022\/06\/09-PUERTA-AL-MEDITERRANEO.png\" alt=\"carousel image\" \/><\/span><span class='second_image_holder has_hover_image'><img itemprop=\"image\" src=\"https:\/\/festivalesdeloscastillos.es\/2022\/wp-content\/uploads\/2022\/06\/09-PUERTA-AL-MEDITERRANEO.png\" alt=\"carousel image\" \/><\/span><\/a><\/div><\/li><li class='item'><div class=\"carousel_item_holder\"><a itemprop='url' href='https:\/\/festivalesdeloscastillos.es\/2022\/programacion\/castillo-albalate-del-arzobispo\/' target='_self'><span class='first_image_holder has_hover_image'><img itemprop=\"image\" src=\"https:\/\/festivalesdeloscastillos.es\/2022\/wp-content\/uploads\/2022\/06\/10-CASTILLO-DE-ALBALATE.png\" alt=\"carousel image\" \/><\/span><span class='second_image_holder has_hover_image'><img itemprop=\"image\" src=\"https:\/\/festivalesdeloscastillos.es\/2022\/wp-content\/uploads\/2022\/06\/10-CASTILLO-DE-ALBALATE.png\" alt=\"carousel image\" \/><\/span><\/a><\/div><\/li><li class='item'><div class=\"carousel_item_holder\"><a itemprop='url' href='https:\/\/festivalesdeloscastillos.es\/2022\/programacion\/castillo-de-monzon\/' target='_self'><span class='first_image_holder has_hover_image'><img itemprop=\"image\" src=\"https:\/\/festivalesdeloscastillos.es\/2022\/wp-content\/uploads\/2022\/07\/11-CASTILLO-DE-MONZON-1.png\" alt=\"carousel image\" \/><\/span><span class='second_image_holder has_hover_image'><img itemprop=\"image\" src=\"https:\/\/festivalesdeloscastillos.es\/2022\/wp-content\/uploads\/2022\/07\/11-CASTILLO-DE-MONZON-1.png\" alt=\"carousel image\" \/><\/span><\/a><\/div><\/li><li class='item'><div class=\"carousel_item_holder\"><a itemprop='url' href='https:\/\/festivalesdeloscastillos.es\/2022\/programacion\/castillo-de-fraga\/' target='_self'><span class='first_image_holder has_hover_image'><img itemprop=\"image\" src=\"https:\/\/festivalesdeloscastillos.es\/2022\/wp-content\/uploads\/2022\/06\/12-CASTILLO-DE-FRAGA.png\" alt=\"carousel image\" \/><\/span><span class='second_image_holder has_hover_image'><img itemprop=\"image\" src=\"https:\/\/festivalesdeloscastillos.es\/2022\/wp-content\/uploads\/2022\/06\/12-CASTILLO-DE-FRAGA.png\" alt=\"carousel image\" \/><\/span><\/a><\/div><\/li><\/ul><\/div><\/div>[\/vc_column][\/vc_row][vc_row css_animation=\u00bb\u00bb row_type=\u00bbrow\u00bb use_row_as_full_screen_section=\u00bbno\u00bb type=\u00bbgrid\u00bb angled_section=\u00bbno\u00bb text_align=\u00bbleft\u00bb background_image_as_pattern=\u00bbwithout_pattern\u00bb z_index=\u00bb\u00bb css=\u00bb.vc_custom_1654939748570{margin-top: -10% !important;padding-top: 120px !important;padding-bottom: 80px !important;background-color: #ededed !important;background-position: 0 0 !important;background-repeat: repeat !important;}\u00bb][vc_column width=\u00bb3\/5&#8243;][vc_empty_space height=\u00bb60px\u00bb][\/vc_column][vc_column width=\u00bb2\/5&#8243;][vc_empty_space height=\u00bb60px\u00bb][\/vc_column][\/vc_row]<\/p>\n","protected":false},"excerpt":{"rendered":"<p>[vc_row css_animation=\u00bb\u00bb row_type=\u00bbrow\u00bb use_row_as_full_screen_section=\u00bbno\u00bb type=\u00bbgrid\u00bb angled_section=\u00bbno\u00bb text_align=\u00bbleft\u00bb background_image_as_pattern=\u00bbwithout_pattern\u00bb z_index=\u00bb\u00bb css=\u00bb.vc_custom_1654935623368{padding-top: 30px !important;padding-right: 15% !important;padding-bottom: -25% !important;padding-left: 15% !important;background-image: url(https:\/\/festivalesdeloscastillos.es\/2022\/wp-content\/uploads\/2022\/06\/background-lines-mancha-degradado.png?id=619) !important;}\u00bb el_class=\u00bbno-bckg-img-ipad\u00bb][vc_column width=\u00bb1\/2&#8243;][vc_empty_space height=\u00bb100px\u00bb][vc_column_text] Del 10 al 21 de agosto [\/vc_column_text][vc_column_text] Puerta al Mediterr\u00e1neo [\/vc_column_text][vc_empty_space height=\u00bb40px\u00bb][vc_empty_space height=\u00bb10px\u00bb][vc_empty_space height=\u00bb10px\u00bb][\/vc_column][vc_column width=\u00bb1\/2&#8243;][vc_single_image image=\u00bb1136&#8243; img_size=\u00bbfull\u00bb qode_css_animation=\u00bb\u00bb css=\u00bb.vc_custom_1656592384234{padding-top: 60px !important;}\u00bb][\/vc_column][\/vc_row][vc_row css_animation=\u00bb\u00bb&#8230;<\/p>\n","protected":false},"author":1,"featured_media":0,"parent":233,"menu_order":9,"comment_status":"closed","ping_status":"closed","template":"full_width.php","meta":[],"yoast_head":"<!-- This site is optimized with the Yoast SEO plugin v19.6 - https:\/\/yoast.com\/wordpress\/plugins\/seo\/ -->\n<title>Puerta al Mediterr\u00e1neo - Festivales de los Castillos<\/title>\n<meta name=\"description\" content=\"Castillo de Puerta al Mediterr\u00e1neo: Festivales de los Castillos, festival m\u00fasica, arte, teatro y danza con una amplia tradici\u00f3n y artistas.\" \/>\n<meta name=\"robots\" content=\"index, follow, max-snippet:-1, max-image-preview:large, max-video-preview:-1\" \/>\n<link rel=\"canonical\" href=\"https:\/\/festivalesdeloscastillos.es\/2022\/programacion\/puerta-al-mediterraneo\/\" \/>\n<meta property=\"og:locale\" content=\"es_ES\" \/>\n<meta property=\"og:type\" content=\"article\" \/>\n<meta property=\"og:title\" content=\"Puerta al Mediterr\u00e1neo - Festivales de los Castillos\" \/>\n<meta property=\"og:description\" content=\"Castillo de Puerta al Mediterr\u00e1neo: Festivales de los Castillos, festival m\u00fasica, arte, teatro y danza con una amplia tradici\u00f3n y artistas.\" \/>\n<meta property=\"og:url\" content=\"https:\/\/festivalesdeloscastillos.es\/2022\/programacion\/puerta-al-mediterraneo\/\" \/>\n<meta property=\"og:site_name\" content=\"Festivales de los Castillos\" \/>\n<meta property=\"article:modified_time\" content=\"2022-07-12T07:43:57+00:00\" \/>\n<meta name=\"twitter:card\" content=\"summary_large_image\" \/>\n<meta name=\"twitter:label1\" content=\"Tiempo de lectura\" \/>\n\t<meta name=\"twitter:data1\" content=\"17 minutos\" \/>\n<script type=\"application\/ld+json\" class=\"yoast-schema-graph\">{\"@context\":\"https:\/\/schema.org\",\"@graph\":[{\"@type\":\"WebPage\",\"@id\":\"https:\/\/festivalesdeloscastillos.es\/2022\/programacion\/puerta-al-mediterraneo\/\",\"url\":\"https:\/\/festivalesdeloscastillos.es\/2022\/programacion\/puerta-al-mediterraneo\/\",\"name\":\"Puerta al Mediterr\u00e1neo - Festivales de los Castillos\",\"isPartOf\":{\"@id\":\"https:\/\/festivalesdeloscastillos.es\/2022\/#website\"},\"datePublished\":\"2022-06-15T08:41:39+00:00\",\"dateModified\":\"2022-07-12T07:43:57+00:00\",\"description\":\"Castillo de Puerta al Mediterr\u00e1neo: Festivales de los Castillos, festival m\u00fasica, arte, teatro y danza con una amplia tradici\u00f3n y artistas.\",\"breadcrumb\":{\"@id\":\"https:\/\/festivalesdeloscastillos.es\/2022\/programacion\/puerta-al-mediterraneo\/#breadcrumb\"},\"inLanguage\":\"es\",\"potentialAction\":[{\"@type\":\"ReadAction\",\"target\":[\"https:\/\/festivalesdeloscastillos.es\/2022\/programacion\/puerta-al-mediterraneo\/\"]}]},{\"@type\":\"BreadcrumbList\",\"@id\":\"https:\/\/festivalesdeloscastillos.es\/2022\/programacion\/puerta-al-mediterraneo\/#breadcrumb\",\"itemListElement\":[{\"@type\":\"ListItem\",\"position\":1,\"name\":\"Portada\",\"item\":\"https:\/\/festivalesdeloscastillos.es\/2022\/\"},{\"@type\":\"ListItem\",\"position\":2,\"name\":\"Programaci\u00f3n\",\"item\":\"https:\/\/festivalesdeloscastillos.es\/2022\/programacion\/\"},{\"@type\":\"ListItem\",\"position\":3,\"name\":\"Puerta al Mediterr\u00e1neo\"}]},{\"@type\":\"WebSite\",\"@id\":\"https:\/\/festivalesdeloscastillos.es\/2022\/#website\",\"url\":\"https:\/\/festivalesdeloscastillos.es\/2022\/\",\"name\":\"Festivales de los Castillos\",\"description\":\"Festivales de los Castillos: artes esc\u00e9nicas y la m\u00fasica\",\"potentialAction\":[{\"@type\":\"SearchAction\",\"target\":{\"@type\":\"EntryPoint\",\"urlTemplate\":\"https:\/\/festivalesdeloscastillos.es\/2022\/?s={search_term_string}\"},\"query-input\":\"required name=search_term_string\"}],\"inLanguage\":\"es\"}]}<\/script>\n<!-- \/ Yoast SEO plugin. -->","yoast_head_json":{"title":"Puerta al Mediterr\u00e1neo - Festivales de los Castillos","description":"Castillo de Puerta al Mediterr\u00e1neo: Festivales de los Castillos, festival m\u00fasica, arte, teatro y danza con una amplia tradici\u00f3n y artistas.","robots":{"index":"index","follow":"follow","max-snippet":"max-snippet:-1","max-image-preview":"max-image-preview:large","max-video-preview":"max-video-preview:-1"},"canonical":"https:\/\/festivalesdeloscastillos.es\/2022\/programacion\/puerta-al-mediterraneo\/","og_locale":"es_ES","og_type":"article","og_title":"Puerta al Mediterr\u00e1neo - Festivales de los Castillos","og_description":"Castillo de Puerta al Mediterr\u00e1neo: Festivales de los Castillos, festival m\u00fasica, arte, teatro y danza con una amplia tradici\u00f3n y artistas.","og_url":"https:\/\/festivalesdeloscastillos.es\/2022\/programacion\/puerta-al-mediterraneo\/","og_site_name":"Festivales de los Castillos","article_modified_time":"2022-07-12T07:43:57+00:00","twitter_card":"summary_large_image","twitter_misc":{"Tiempo de lectura":"17 minutos"},"schema":{"@context":"https:\/\/schema.org","@graph":[{"@type":"WebPage","@id":"https:\/\/festivalesdeloscastillos.es\/2022\/programacion\/puerta-al-mediterraneo\/","url":"https:\/\/festivalesdeloscastillos.es\/2022\/programacion\/puerta-al-mediterraneo\/","name":"Puerta al Mediterr\u00e1neo - Festivales de los Castillos","isPartOf":{"@id":"https:\/\/festivalesdeloscastillos.es\/2022\/#website"},"datePublished":"2022-06-15T08:41:39+00:00","dateModified":"2022-07-12T07:43:57+00:00","description":"Castillo de Puerta al Mediterr\u00e1neo: Festivales de los Castillos, festival m\u00fasica, arte, teatro y danza con una amplia tradici\u00f3n y artistas.","breadcrumb":{"@id":"https:\/\/festivalesdeloscastillos.es\/2022\/programacion\/puerta-al-mediterraneo\/#breadcrumb"},"inLanguage":"es","potentialAction":[{"@type":"ReadAction","target":["https:\/\/festivalesdeloscastillos.es\/2022\/programacion\/puerta-al-mediterraneo\/"]}]},{"@type":"BreadcrumbList","@id":"https:\/\/festivalesdeloscastillos.es\/2022\/programacion\/puerta-al-mediterraneo\/#breadcrumb","itemListElement":[{"@type":"ListItem","position":1,"name":"Portada","item":"https:\/\/festivalesdeloscastillos.es\/2022\/"},{"@type":"ListItem","position":2,"name":"Programaci\u00f3n","item":"https:\/\/festivalesdeloscastillos.es\/2022\/programacion\/"},{"@type":"ListItem","position":3,"name":"Puerta al Mediterr\u00e1neo"}]},{"@type":"WebSite","@id":"https:\/\/festivalesdeloscastillos.es\/2022\/#website","url":"https:\/\/festivalesdeloscastillos.es\/2022\/","name":"Festivales de los Castillos","description":"Festivales de los Castillos: artes esc\u00e9nicas y la m\u00fasica","potentialAction":[{"@type":"SearchAction","target":{"@type":"EntryPoint","urlTemplate":"https:\/\/festivalesdeloscastillos.es\/2022\/?s={search_term_string}"},"query-input":"required name=search_term_string"}],"inLanguage":"es"}]}},"_links":{"self":[{"href":"https:\/\/festivalesdeloscastillos.es\/2022\/wp-json\/wp\/v2\/pages\/825"}],"collection":[{"href":"https:\/\/festivalesdeloscastillos.es\/2022\/wp-json\/wp\/v2\/pages"}],"about":[{"href":"https:\/\/festivalesdeloscastillos.es\/2022\/wp-json\/wp\/v2\/types\/page"}],"author":[{"embeddable":true,"href":"https:\/\/festivalesdeloscastillos.es\/2022\/wp-json\/wp\/v2\/users\/1"}],"replies":[{"embeddable":true,"href":"https:\/\/festivalesdeloscastillos.es\/2022\/wp-json\/wp\/v2\/comments?post=825"}],"version-history":[{"count":37,"href":"https:\/\/festivalesdeloscastillos.es\/2022\/wp-json\/wp\/v2\/pages\/825\/revisions"}],"predecessor-version":[{"id":1225,"href":"https:\/\/festivalesdeloscastillos.es\/2022\/wp-json\/wp\/v2\/pages\/825\/revisions\/1225"}],"up":[{"embeddable":true,"href":"https:\/\/festivalesdeloscastillos.es\/2022\/wp-json\/wp\/v2\/pages\/233"}],"wp:attachment":[{"href":"https:\/\/festivalesdeloscastillos.es\/2022\/wp-json\/wp\/v2\/media?parent=825"}],"curies":[{"name":"wp","href":"https:\/\/api.w.org\/{rel}","templated":true}]}}