{"id":738,"date":"2022-06-13T11:15:40","date_gmt":"2022-06-13T11:15:40","guid":{"rendered":"https:\/\/festivalesdeloscastillos.es\/?page_id=738"},"modified":"2022-07-01T09:28:53","modified_gmt":"2022-07-01T09:28:53","slug":"castillo-de-sadaba","status":"publish","type":"page","link":"https:\/\/festivalesdeloscastillos.es\/2022\/programacion\/castillo-de-sadaba\/","title":{"rendered":"S\u00e1daba"},"content":{"rendered":"<p>[vc_row css_animation=\u00bb\u00bb row_type=\u00bbrow\u00bb use_row_as_full_screen_section=\u00bbno\u00bb type=\u00bbgrid\u00bb angled_section=\u00bbno\u00bb text_align=\u00bbleft\u00bb background_image_as_pattern=\u00bbwithout_pattern\u00bb z_index=\u00bb\u00bb css=\u00bb.vc_custom_1654935623368{padding-top: 30px !important;padding-right: 15% !important;padding-bottom: -25% !important;padding-left: 15% !important;background-image: url(https:\/\/festivalesdeloscastillos.es\/2022\/wp-content\/uploads\/2022\/06\/background-lines-mancha-degradado.png?id=619) !important;}\u00bb el_class=\u00bbno-bckg-img-ipad\u00bb][vc_column width=\u00bb1\/2&#8243;][vc_empty_space height=\u00bb100px\u00bb][vc_column_text]<\/p>\n<h3>11 al 14 agosto<\/h3>\n<p>[\/vc_column_text][vc_column_text]<\/p>\n<h1>S\u00e1daba<\/h1>\n<p>[\/vc_column_text][vc_empty_space height=\u00bb40px\u00bb][vc_column_text]<\/p>\n<div><strong>Entradas:<\/strong> Anticipada 10 \u20ac\u00a0 |\u00a0 Taquilla 12 \u20ac<br \/>\n<strong>Abonos 4 funciones:<\/strong> 30 \u20ac<br \/>\n<strong>Menores de 14 a\u00f1os:<\/strong> 50 % dto.<br \/>\n<strong>Taquilla Castillo:<\/strong> Desde 1 hora antes de cada funci\u00f3n<\/div>\n<p>[\/vc_column_text][vc_empty_space height=\u00bb40px\u00bb]\n\n\t<a href=\"#\" target=\"_self\" style=\"color: #10181d;font-family: Vidaloka;font-size: 24px;font-weight: 400;text-transform: none;font-style: normal\" class=\"qode-btn qode-btn-medium qode-btn-simple qode-btn-custom-hover-color button-with-line qode-btn-default-hover\" data-hover-color=\"rgba(16,24,29,0.75)\" >\n\t    <span class=\"qode-btn-text\">Informaci\u00f3n tur\u00edstica<\/span>\t<\/a>\n\n[vc_empty_space height=\u00bb10px\u00bb]<a  itemprop=\"url\" href=\"https:\/\/festivalesdeloscastillos.es\/2022\/wp-content\/uploads\/2022\/06\/SA\u0301DABA.pdf\" target=\"_blank\" data-hover-background-color='#eae7da' data-hover-border-color='#eae7da' data-hover-color='#383838' class=\"qbutton  large center default\" style=\"color: #383838; border-color: #383838; margin: 10px 10px 10px 10px; background-color: rgba(0,0,0,0.01);\">VER INFORMACI\u00d3N<i class=\"qode_icon_font_awesome_5 fa5 fab fa-fort-awesome qode_button_icon_element\" style=\"color: #383838;\" ><\/i><\/a>[vc_empty_space height=\u00bb20px\u00bb]\n\n\t<a href=\"#\" target=\"_self\" style=\"color: #10181d;font-family: Vidaloka;font-size: 24px;font-weight: 400;text-transform: none;font-style: normal\" class=\"qode-btn qode-btn-medium qode-btn-simple qode-btn-custom-hover-color button-with-line qode-btn-default-hover\" data-hover-color=\"rgba(16,24,29,0.75)\" >\n\t    <span class=\"qode-btn-text\">Venta de entradas y abonos:<\/span>\t<\/a>\n\n[vc_empty_space height=\u00bb10px\u00bb]<a  itemprop=\"url\" href=\"https:\/\/aragontickets.com\/es\" target=\"_blank\" data-hover-background-color='#eae7da' data-hover-border-color='#eae7da' data-hover-color='#383838' class=\"qbutton  large center default\" style=\"color: #383838; border-color: #383838; margin: 10px 10px 10px 10px; background-color: rgba(0,0,0,0.01);\">ARAGON TICKETS<i class=\"qode_icon_font_awesome_5 fa5 fab fa-fort-awesome qode_button_icon_element\" style=\"color: #383838;\" ><\/i><\/a>[vc_empty_space height=\u00bb10px\u00bb]<a  itemprop=\"url\" href=\"https:\/\/entradas.ibercaja.es\/eventos\/\" target=\"_blank\" data-hover-background-color='#eae7da' data-hover-border-color='#eae7da' data-hover-color='#383838' class=\"qbutton  large center default\" style=\"color: #383838; border-color: #383838; margin: 10px 10px 10px 10px; background-color: rgba(0,0,0,0.01);\">ENTRADAS IBERCAJA<i class=\"qode_icon_font_awesome_5 fa5 fab fa-fort-awesome qode_button_icon_element\" style=\"color: #383838;\" ><\/i><\/a>[vc_empty_space height=\u00bb10px\u00bb][\/vc_column][vc_column width=\u00bb1\/2&#8243;][vc_single_image image=\u00bb1176&#8243; img_size=\u00bbfull\u00bb qode_css_animation=\u00bb\u00bb css=\u00bb.vc_custom_1656667720224{padding-top: 60px !important;}\u00bb][\/vc_column][\/vc_row][vc_row css_animation=\u00bbelement_from_left\u00bb row_type=\u00bbrow\u00bb use_row_as_full_screen_section=\u00bbno\u00bb type=\u00bbfull_width\u00bb angled_section=\u00bbno\u00bb text_align=\u00bbleft\u00bb background_image_as_pattern=\u00bbwithout_pattern\u00bb css=\u00bb.vc_custom_1654935640850{padding-top: 4% !important;padding-right: 14% !important;padding-bottom: 2% !important;padding-left: 14% !important;background-image: url(https:\/\/festivalesdeloscastillos.es\/2022\/wp-content\/uploads\/2018\/01\/background-lines.png?id=104) !important;}\u00bb z_index=\u00bb\u00bb][vc_column width=\u00bb1\/2&#8243;]<div class='image_hover ' style='' data-transition-delay=''><div class='images_holder'><img itemprop='image' class='active_image ' src='https:\/\/festivalesdeloscastillos.es\/2022\/wp-content\/uploads\/2022\/06\/ARTISTAS-DESTACADOS-CUADRADO_0003_LAFITTE.jpg' alt='' style='' \/><img itemprop='image' class='hover_image' src='https:\/\/festivalesdeloscastillos.es\/2022\/wp-content\/uploads\/2022\/06\/ARTISTAS-DESTACADOS-CUADRADO-SADABA-lafitte2.jpg' alt='' style='' \/><\/div><\/div>[\/vc_column][vc_column width=\u00bb1\/2&#8243;][vc_column_text css=\u00bb.vc_custom_1655301030886{padding-bottom: 10px !important;}\u00bb]<em>Jueves 11 de agosto | 22:00 h. Castillo de S\u00e1daba <\/em>[\/vc_column_text][vc_column_text]<\/p>\n<h3 style=\"text-align: left;\">LAFITTE: Concierto<\/h3>\n<p>[\/vc_column_text][vc_empty_space height=\u00bb20px\u00bb][vc_row_inner row_type=\u00bbrow\u00bb use_as_box=\u00bbuse_row_as_box\u00bb type=\u00bbfull_width\u00bb text_align=\u00bbleft\u00bb css_animation=\u00bb\u00bb][vc_column_inner width=\u00bb1\/2&#8243;]<div class=\"custom_font_holder\" style=\"font-family: Roboto; font-size: 15px; line-height: 24px; font-style: normal; font-weight: 300; color: #3f3f3f; text-decoration: none; text-align: left;\"><strong>Modalidad:<\/strong> M\u00fasica<br \/>\n<strong>Duraci\u00f3n:<\/strong> 90 min.<\/div>[\/vc_column_inner][vc_column_inner width=\u00bb1\/2&#8243;]<div class=\"custom_font_holder\" style=\"font-family: Roboto; font-size: 15px; line-height: 24px; font-style: normal; font-weight: 300; color: #3f3f3f; text-decoration: none; text-align: left;\"><strong>Autor:<\/strong> \u00c1ngel La\ufb01ta<br \/>\n<strong>Tipo de p\u00fablico:<\/strong> Todos p\u00fablicos<\/div>[\/vc_column_inner][\/vc_row_inner][vc_empty_space height=\u00bb20px\u00bb][vc_column_text]<\/p>\n<p class=\"p1\"><span class=\"s1\">LAFITTE, es un proyecto musical personal de Angel La\ufb01ta, m\u00fasico de Castiliscar. Lleva en la m\u00fasica desde hace m\u00e1s de treinta a\u00f1os, tocando guitarras y bajo en varios grupos como EL Primer Cruce, Sinraz\u00f3n, D\u00edas mejores, Marla Sloan, Querido Wilson, Facundo o<span class=\"Apple-converted-space\">\u00a0 <\/span>El Silencio de los H\u00e9roes, siempre en la parte instrumental de las bandas, pero esta vez es el que compone e interpreta los temas. <\/span><span class=\"s1\">El pasado enero vi\u00f3 la luz su trabajo discogr\u00e1\ufb01co \u201ctechnicolor\u201d con gran aceptaci\u00f3n, grabado en los estudios Alis Records de Baeza (Ja\u00e9n) bajo la supervisi\u00f3n de Pachi Garc\u00eda Alis, m\u00fasico y productor.\u00a0<\/span><\/p>\n<p class=\"p1\"><span class=\"s1\">Las in\ufb02uencias en cuanto a estilo abarcan desde, U2, Lemonheads, Quique Gonz\u00e1lez, Los Rodr\u00edguez, Australian Blonde, 091, artistas sobre todo de los 80 y 90 \u2026 sobre todo m\u00fasica de guitarras el\u00e9ctricas y melod\u00edas. A lo largo de hora y media ofrecen un concierto de temas propios y versiones de otros grupos, con un sonido compacto. <\/span><\/p>\n<p class=\"p1\"><em><span class=\"s1\">M\u00fasicos: \u00c1ngel La\ufb01ta, Jorge Morgan, Antonio Sloan, Roberto \u201cFlopo\u201d, Lorenzo Cort\u00e9s <\/span><\/em><\/p>\n<p>[\/vc_column_text][\/vc_column][\/vc_row][vc_row css_animation=\u00bbelement_from_right\u00bb row_type=\u00bbrow\u00bb use_row_as_full_screen_section=\u00bbno\u00bb type=\u00bbfull_width\u00bb angled_section=\u00bbno\u00bb text_align=\u00bbleft\u00bb background_image_as_pattern=\u00bbwithout_pattern\u00bb css=\u00bb.vc_custom_1654876055861{padding-top: 2% !important;padding-right: 14% !important;padding-bottom: 2% !important;padding-left: 14% !important;background-image: url(https:\/\/festivalesdeloscastillos.es\/2022\/wp-content\/uploads\/2018\/01\/background-lines.png?id=104) !important;}\u00bb z_index=\u00bb\u00bb][vc_column width=\u00bb1\/2&#8243;][vc_column_text css=\u00bb.vc_custom_1655301122001{padding-bottom: 10px !important;}\u00bb]<\/p>\n<p style=\"text-align: right;\">Viernes 12 de agosto | 22:00 h. Castillo de S\u00e1daba<\/p>\n<p>[\/vc_column_text][vc_column_text]<\/p>\n<h3 style=\"text-align: right;\">MARTA DOMINGO: Con nombre de mujer<\/h3>\n<p>[\/vc_column_text][vc_empty_space height=\u00bb20px\u00bb][vc_row_inner row_type=\u00bbrow\u00bb use_as_box=\u00bbuse_row_as_box\u00bb type=\u00bbfull_width\u00bb text_align=\u00bbleft\u00bb css_animation=\u00bb\u00bb][vc_column_inner width=\u00bb1\/2&#8243;]<div class=\"custom_font_holder\" style=\"font-family: Roboto; font-size: 15px; line-height: 24px; font-style: normal; font-weight: 300; color: #3f3f3f; text-decoration: none; text-align: left;\">\n<p style=\"text-align: right;\"><strong>Modalidad:<\/strong> M\u00fasica<br \/>\n<strong>Duraci\u00f3n:<\/strong> 75 min.<\/p>\n<\/div>[\/vc_column_inner][vc_column_inner width=\u00bb1\/2&#8243;]<div class=\"custom_font_holder\" style=\"font-family: Roboto; font-size: 15px; line-height: 24px; font-style: normal; font-weight: 300; color: #3f3f3f; text-decoration: none; text-align: left;\">\n<p style=\"text-align: right;\"><strong>Autor:<\/strong> Varios<br \/>\n<strong>Tipo de p\u00fablico:<\/strong> Todos p\u00fablicos<\/p>\n<\/div>[\/vc_column_inner][\/vc_row_inner][vc_empty_space height=\u00bb20px\u00bb][vc_column_text]<\/p>\n<p class=\"p1\" style=\"text-align: right;\"><span class=\"s1\">Marta Domingo es cantante y actriz, zaragozana y a\ufb01ncada en Par\u00eds. Tras una larga andadura por los escenarios franceses y europeos, se nos revela ahora como cantautora con el proyecto m\u00e1s personal de su carrera. Sus composiciones originales re\ufb02ejan la in\ufb02uencia de la m\u00fasica tradicional latinoamericana y caribe\u00f1a, que durante a\u00f1os ha defendido con pasi\u00f3n en su pa\u00eds de acogida, as\u00ed como su a\ufb01nidad por la nueva trova cubana y los grandes exponentes de la canci\u00f3n realista francesa como Edith Piaf, Charles Aznavour, o Georges Brassens. Junto a Humberto R\u00edos, pianista cubano con un notable recorrido en el jazz, la zaragozana, blandiendo panderos, maracas, morteros y quijadas, nos ofrece temas propios as\u00ed como algunos cl\u00e1sicos del repertorio hisp\u00e1nico, sin olvidar las referencias a varios de los poetas que con mayor fervor cantaron a su tierra y al mundo rural: Miguel Hern\u00e1ndez, Federico Garc\u00eda Lorca, Antonio Machado, entre otros. El d\u00fao nos acerca, canci\u00f3n a canci\u00f3n, a ese lugar donde germinan al alim\u00f3n jotas aragonesas y rancheras mejicanas, valses peruanos, boleros, habaneras, y rumbas cubanas\u2026 a la ra\u00edz de los sentires sencillos, profundos y necesarios. <\/span><\/p>\n<p class=\"p1\" style=\"text-align: right;\"><em><span class=\"s1\">M\u00fasicos: Marta Domingo, Humberto R\u00edos <\/span><\/em><\/p>\n<p>[\/vc_column_text][\/vc_column][vc_column width=\u00bb1\/2&#8243;]<div class='image_hover ' style='' data-transition-delay=''><div class='images_holder'><img itemprop='image' class='active_image ' src='https:\/\/festivalesdeloscastillos.es\/2022\/wp-content\/uploads\/2022\/06\/ARTISTAS-DESTACADOS-CUADRADO_0002_MARTA-DOMINGO.jpg' alt='' style='' \/><img itemprop='image' class='hover_image' src='https:\/\/festivalesdeloscastillos.es\/2022\/wp-content\/uploads\/2022\/06\/ARTISTAS-DESTACADOS-CUADRADO-SADABA-MartaDomingo2.jpg' alt='' style='' \/><\/div><\/div>[\/vc_column][\/vc_row][vc_row css_animation=\u00bbelement_from_left\u00bb row_type=\u00bbrow\u00bb use_row_as_full_screen_section=\u00bbno\u00bb type=\u00bbfull_width\u00bb angled_section=\u00bbno\u00bb text_align=\u00bbleft\u00bb background_image_as_pattern=\u00bbwithout_pattern\u00bb css=\u00bb.vc_custom_1654876073186{padding-top: 2% !important;padding-right: 14% !important;padding-bottom: 2% !important;padding-left: 14% !important;background-image: url(https:\/\/festivalesdeloscastillos.es\/2022\/wp-content\/uploads\/2018\/01\/background-lines.png?id=104) !important;}\u00bb z_index=\u00bb\u00bb][vc_column width=\u00bb1\/2&#8243;]<div class='image_hover ' style='' data-transition-delay=''><div class='images_holder'><img itemprop='image' class='active_image ' src='https:\/\/festivalesdeloscastillos.es\/2022\/wp-content\/uploads\/2022\/06\/ARTISTAS-DESTACADOS-CUADRADO-BVOCAL2.jpg' alt='' style='' \/><img itemprop='image' class='hover_image' src='https:\/\/festivalesdeloscastillos.es\/2022\/wp-content\/uploads\/2022\/06\/ARTISTAS-DESTACADOS-CUADRADO_0002_BVOCAL-TAMARA-FESTIVALES-DE-LOS-CASTILLOS.jpg' alt='' style='' \/><\/div><\/div>[\/vc_column][vc_column width=\u00bb1\/2&#8243;][vc_column_text css=\u00bb.vc_custom_1655301244051{padding-bottom: 10px !important;}\u00bb]S\u00e1bado 13 de agosto | 22:00 h. Castillo de S\u00e1daba[\/vc_column_text][vc_column_text]<\/p>\n<h3 style=\"text-align: left;\">B VOCAL: Vocalocuras<\/h3>\n<p>[\/vc_column_text][vc_empty_space height=\u00bb20px\u00bb][vc_row_inner row_type=\u00bbrow\u00bb use_as_box=\u00bbuse_row_as_box\u00bb type=\u00bbfull_width\u00bb text_align=\u00bbleft\u00bb css_animation=\u00bb\u00bb][vc_column_inner width=\u00bb1\/2&#8243;]<div class=\"custom_font_holder\" style=\"font-family: Roboto; font-size: 15px; line-height: 24px; font-style: normal; font-weight: 300; color: #3f3f3f; text-decoration: none; text-align: left;\"><strong>Modalidad:<\/strong> M\u00fasica y humor a capella<br \/>\n<strong>Duraci\u00f3n:<\/strong> 90 min.<\/div>[\/vc_column_inner][vc_column_inner width=\u00bb1\/2&#8243;]<div class=\"custom_font_holder\" style=\"font-family: Roboto; font-size: 15px; line-height: 24px; font-style: normal; font-weight: 300; color: #3f3f3f; text-decoration: none; text-align: left;\"><strong>Autor:<\/strong> B vocal<br \/>\n<strong>Tipo de p\u00fablico:<\/strong> Todos p\u00fablicos<\/div>[\/vc_column_inner][\/vc_row_inner][vc_empty_space height=\u00bb20px\u00bb][vc_column_text]<\/p>\n<p class=\"p1\"><span class=\"s1\">Vocalocuras, el nuevo espect\u00e1culo de B vocal, presenta un recorrido genial y divertido por la m\u00fasica, la voz, el teatro, el humor, el musical&#8230; hilvanado por los diferentes estilos musicales que se van desgranando durante un show de continuo disfrute art\u00edstico. La contagiosa locura de B vocal ahonda en los clich\u00e9s y estilos musicales m\u00e1s variados y los convierte en escenas hilarantes y en momentos musicales inolvidables, todo ello recreado con teatralidad, una puesta en escena sorprendente y \u00fanica, que impacta por la destreza y versatilidad de cinco voces a cappella capaces de realizar las m\u00e1s incre\u00edbles locuras para transmitir esa sana locura a todo tipo de p\u00fablico. \u00bfTe atreves a disfrutar un cl\u00e1sico imponente del Rock como Bohemian Rhapsody como nunca cre\u00edste que la oir\u00edas? <\/span><\/p>\n<p class=\"p1\"><span class=\"s1\">\u00bfQuieres emocionarte con m\u00e1s de 20 temas inolvidables de la historia de la m\u00fasica presentados con gran ingenio e interpretados a cappella con maestr\u00eda? \u00bfEst\u00e1s dispuesto a re\u00edr sin parar durante 90 minutos desternillantes? Pues est\u00e1s de suerte: \u00a1Vocalocuras es tu espect\u00e1culo! <\/span><\/p>\n<p class=\"p1\"><em><span class=\"s1\">Direcci\u00f3n: B vocal M\u00fasicos: Alberto Marco, Ferm\u00edn Polo, Carlos Marco, Augusto Gonz\u00e1lez, Juan Luis Garc\u00eda\u00a0<\/span><\/em><\/p>\n<p>[\/vc_column_text][\/vc_column][\/vc_row][vc_row css_animation=\u00bbelement_from_right\u00bb row_type=\u00bbrow\u00bb use_row_as_full_screen_section=\u00bbno\u00bb type=\u00bbfull_width\u00bb angled_section=\u00bbno\u00bb text_align=\u00bbleft\u00bb background_image_as_pattern=\u00bbwithout_pattern\u00bb css=\u00bb.vc_custom_1654876055861{padding-top: 2% !important;padding-right: 14% !important;padding-bottom: 2% !important;padding-left: 14% !important;background-image: url(https:\/\/festivalesdeloscastillos.es\/2022\/wp-content\/uploads\/2018\/01\/background-lines.png?id=104) !important;}\u00bb z_index=\u00bb\u00bb][vc_column width=\u00bb1\/2&#8243;][vc_column_text css=\u00bb.vc_custom_1655301385092{padding-bottom: 10px !important;}\u00bb]<\/p>\n<p style=\"text-align: right;\">Domingo 14 de agosto | 22:00 h. Castillo de S\u00e1daba<\/p>\n<p>[\/vc_column_text][vc_column_text]<\/p>\n<h3 style=\"text-align: right;\">NO REPLY: El invierno m\u00e1s largo<\/h3>\n<p>[\/vc_column_text][vc_empty_space height=\u00bb20px\u00bb][vc_row_inner row_type=\u00bbrow\u00bb use_as_box=\u00bbuse_row_as_box\u00bb type=\u00bbfull_width\u00bb text_align=\u00bbleft\u00bb css_animation=\u00bb\u00bb][vc_column_inner width=\u00bb1\/2&#8243;]<div class=\"custom_font_holder\" style=\"font-family: Roboto; font-size: 15px; line-height: 24px; font-style: normal; font-weight: 300; color: #3f3f3f; text-decoration: none; text-align: left;\">\n<p style=\"text-align: right;\"><strong>Modalidad:<\/strong> M\u00fasica<br \/>\n<strong>Duraci\u00f3n:<\/strong> 80 min.<\/p>\n<\/div>[\/vc_column_inner][vc_column_inner width=\u00bb1\/2&#8243;]<div class=\"custom_font_holder\" style=\"font-family: Roboto; font-size: 15px; line-height: 24px; font-style: normal; font-weight: 300; color: #3f3f3f; text-decoration: none; text-align: left;\">\n<p style=\"text-align: right;\"><strong>Autor:<\/strong> Varios<br \/>\n<strong>Tipo de p\u00fablico:<\/strong> Todos p\u00fablicos s<\/p>\n<\/div>[\/vc_column_inner][\/vc_row_inner][vc_empty_space height=\u00bb20px\u00bb][vc_column_text]<\/p>\n<p class=\"p1\" style=\"text-align: right;\"><span class=\"s1\">No Reply comienza su andadura en el a\u00f1o 2002 y desde entonces ha dejado huella en todos los escenarios que ha pisado. Con unas in\ufb02uencias basadas grupos como Cherry Poppin\u2019 Daddies, Royal Crown Revue, Squirrel Nut Zippers, Louis Prima o Brian Setzer Orchestra, su carta de presentaci\u00f3n son los ritmos m\u00e1s bailables que ha dado la m\u00fasica negra en su mejor \u00e9poca. Desde el swing hasta el ska, pasando por el reagge o el dixieland, la banda basa sus conciertos en una \ufb01esta de estilos sazonada de elegancia musical en los que nadie pueda dejar de bailar. A lo largo de su carrera, la banda madrile\u00f1a ha recibido numerosos premios, ha tocado en las mejores salas de nuestro pa\u00eds y participado en innumerables festivales de gran reconocimiento, compartiendo escenario con grandes nombres de la m\u00fasica nacional e internacional. En el a\u00f1o 2006 el grupo lanz\u00f3 su primera demo, \u201cNot On the Sunny Si-de\u201d, que tuvo una gran aceptaci\u00f3n entre la prensa especializada, dos a\u00f1os despu\u00e9s sal\u00eda a la luz su primer trabajo \u201cDrunkology\u201d (2008), editado por Universal. <\/span><span class=\"s1\">Este a\u00f1o vuelven con un trabajo musical maduro y lleno de energ\u00eda, El invierno m\u00e1s largo, haciendo referencia a los 8 a\u00f1os en barbechos de la banda.\u00a0<\/span><\/p>\n<p class=\"p1\" style=\"text-align: right;\"><em><span class=\"s1\">Direcci\u00f3n: Alejandro aSerrano<br \/>\n<\/span><span class=\"s1\">M\u00fasicos: Alejandro Serrano, Ernesto Mill\u00e1n, David Carrasco, Iv\u00e1n del Castillo, Marcos crespo, Goiko Mart\u00ednez, Adri\u00e1n Bartol, Carlos Murillo, Rub\u00e9n Garc\u00eda <\/span><\/em><\/p>\n<p>[\/vc_column_text][\/vc_column][vc_column width=\u00bb1\/2&#8243;]<div class='image_hover ' style='' data-transition-delay=''><div class='images_holder'><img itemprop='image' class='active_image ' src='https:\/\/festivalesdeloscastillos.es\/2022\/wp-content\/uploads\/2022\/06\/ARTISTAS-DESTACADOS-CUADRADO_0001_NO-REPLY.jpg' alt='' style='' \/><img itemprop='image' class='hover_image' src='https:\/\/festivalesdeloscastillos.es\/2022\/wp-content\/uploads\/2022\/06\/ARTISTAS-DESTACADOS-CUADRADO-VALDERROBRES-NOREPLY2.jpg' alt='' style='' \/><\/div><\/div>[\/vc_column][\/vc_row][vc_row css_animation=\u00bb\u00bb row_type=\u00bbrow\u00bb use_row_as_full_screen_section=\u00bbno\u00bb type=\u00bbfull_width\u00bb angled_section=\u00bbno\u00bb text_align=\u00bbleft\u00bb background_image_as_pattern=\u00bbwithout_pattern\u00bb css=\u00bb.vc_custom_1654939189125{padding-top: 100px !important;padding-right: 8% !important;padding-left: 8% !important;background-image: url(https:\/\/festivalesdeloscastillos.es\/2022\/wp-content\/uploads\/2018\/01\/background-lines.png?id=104) !important;}\u00bb z_index=\u00bb\u00bb el_class=\u00bbno-bckg-img-ipad\u00bb][vc_column][vc_column_text css=\u00bb.vc_custom_1654939040389{padding-bottom: 18px !important;}\u00bb]<\/p>\n<h3 style=\"text-align: center;\">\u00bfConoces el resto de Castillos?<\/h3>\n<p>[\/vc_column_text]<div class='qode_carousels_holder clearfix'><div class='qode_carousels' data-number-of-visible-items=''><ul class='slides'><li class='item'><div class=\"carousel_item_holder\"><a itemprop='url' href='https:\/\/festivalesdeloscastillos.es\/2022\/programacion\/castillo-de-grisel\/' target='_self'><span class='first_image_holder has_hover_image'><img itemprop=\"image\" src=\"https:\/\/festivalesdeloscastillos.es\/2022\/wp-content\/uploads\/2022\/06\/01-CASTILLO-DE-GRISEL.png\" alt=\"carousel image\" \/><\/span><span class='second_image_holder has_hover_image'><img itemprop=\"image\" src=\"https:\/\/festivalesdeloscastillos.es\/2022\/wp-content\/uploads\/2022\/06\/01-CASTILLO-DE-GRISEL.png\" alt=\"carousel image\" \/><\/span><\/a><\/div><\/li><li class='item'><div class=\"carousel_item_holder\"><a itemprop='url' href='https:\/\/festivalesdeloscastillos.es\/2022\/programacion\/castillo-de-illueca\/' target='_self'><span class='first_image_holder has_hover_image'><img itemprop=\"image\" src=\"https:\/\/festivalesdeloscastillos.es\/2022\/wp-content\/uploads\/2022\/06\/02-CASTILLO-DE-ILLUECA.png\" alt=\"carousel image\" \/><\/span><span class='second_image_holder has_hover_image'><img itemprop=\"image\" src=\"https:\/\/festivalesdeloscastillos.es\/2022\/wp-content\/uploads\/2022\/06\/02-CASTILLO-DE-ILLUECA.png\" alt=\"carousel image\" \/><\/span><\/a><\/div><\/li><li class='item'><div class=\"carousel_item_holder\"><a itemprop='url' href='https:\/\/festivalesdeloscastillos.es\/2022\/programacion\/castillo-de-alfajarin\/' target='_self'><span class='first_image_holder has_hover_image'><img itemprop=\"image\" src=\"https:\/\/festivalesdeloscastillos.es\/2022\/wp-content\/uploads\/2022\/06\/03-CASTILLO-DE-ALFAJARIN.png\" alt=\"carousel image\" \/><\/span><span class='second_image_holder has_hover_image'><img itemprop=\"image\" src=\"https:\/\/festivalesdeloscastillos.es\/2022\/wp-content\/uploads\/2022\/06\/03-CASTILLO-DE-ALFAJARIN.png\" alt=\"carousel image\" \/><\/span><\/a><\/div><\/li><li class='item'><div class=\"carousel_item_holder\"><a itemprop='url' href='https:\/\/festivalesdeloscastillos.es\/2022\/programacion\/castillo-de-mesones-isuela\/' target='_self'><span class='first_image_holder has_hover_image'><img itemprop=\"image\" src=\"https:\/\/festivalesdeloscastillos.es\/2022\/wp-content\/uploads\/2022\/06\/04-CASTILLO-DE-MESONES.png\" alt=\"carousel image\" \/><\/span><span class='second_image_holder has_hover_image'><img itemprop=\"image\" src=\"https:\/\/festivalesdeloscastillos.es\/2022\/wp-content\/uploads\/2022\/06\/04-CASTILLO-DE-MESONES.png\" alt=\"carousel image\" \/><\/span><\/a><\/div><\/li><li class='item'><div class=\"carousel_item_holder\"><a itemprop='url' href='https:\/\/festivalesdeloscastillos.es\/2022\/programacion\/castillo-de-jarque\/' target='_self'><span class='first_image_holder has_hover_image'><img itemprop=\"image\" src=\"https:\/\/festivalesdeloscastillos.es\/2022\/wp-content\/uploads\/2022\/06\/05-CASTILLO-DE-JARQUE.png\" alt=\"carousel image\" \/><\/span><span class='second_image_holder has_hover_image'><img itemprop=\"image\" src=\"https:\/\/festivalesdeloscastillos.es\/2022\/wp-content\/uploads\/2022\/06\/05-CASTILLO-DE-JARQUE.png\" alt=\"carousel image\" \/><\/span><\/a><\/div><\/li><li class='item'><div class=\"carousel_item_holder\"><a itemprop='url' href='https:\/\/festivalesdeloscastillos.es\/2022\/programacion\/castillo-de-valderrobres\/' target='_self'><span class='first_image_holder has_hover_image'><img itemprop=\"image\" src=\"https:\/\/festivalesdeloscastillos.es\/2022\/wp-content\/uploads\/2022\/06\/06-CASTILLO-DE-VALDERROBRES.png\" alt=\"carousel image\" \/><\/span><span class='second_image_holder has_hover_image'><img itemprop=\"image\" src=\"https:\/\/festivalesdeloscastillos.es\/2022\/wp-content\/uploads\/2022\/06\/06-CASTILLO-DE-VALDERROBRES.png\" alt=\"carousel image\" \/><\/span><\/a><\/div><\/li><li class='item'><div class=\"carousel_item_holder\"><a itemprop='url' href='https:\/\/festivalesdeloscastillos.es\/2022\/programacion\/castillo-de-san-agustin\/' target='_self'><span class='first_image_holder has_hover_image'><img itemprop=\"image\" src=\"https:\/\/festivalesdeloscastillos.es\/2022\/wp-content\/uploads\/2022\/06\/07-CASTILLO-DE-SAN-AGUSTIN.png\" alt=\"carousel image\" \/><\/span><span class='second_image_holder has_hover_image'><img itemprop=\"image\" src=\"https:\/\/festivalesdeloscastillos.es\/2022\/wp-content\/uploads\/2022\/06\/07-CASTILLO-DE-SAN-AGUSTIN.png\" alt=\"carousel image\" \/><\/span><\/a><\/div><\/li><li class='item'><div class=\"carousel_item_holder\"><a itemprop='url' href='https:\/\/festivalesdeloscastillos.es\/2022\/programacion\/castillo-de-sadaba\/' target='_self'><span class='first_image_holder has_hover_image'><img itemprop=\"image\" src=\"https:\/\/festivalesdeloscastillos.es\/2022\/wp-content\/uploads\/2022\/07\/08-CASTILLO-DE-SADABA.png\" alt=\"carousel image\" \/><\/span><span class='second_image_holder has_hover_image'><img itemprop=\"image\" src=\"https:\/\/festivalesdeloscastillos.es\/2022\/wp-content\/uploads\/2022\/07\/08-CASTILLO-DE-SADABA.png\" alt=\"carousel image\" \/><\/span><\/a><\/div><\/li><li class='item'><div class=\"carousel_item_holder\"><a itemprop='url' href='https:\/\/festivalesdeloscastillos.es\/2022\/programacion\/puerta-al-mediterraneo\/' target='_self'><span class='first_image_holder has_hover_image'><img itemprop=\"image\" src=\"https:\/\/festivalesdeloscastillos.es\/2022\/wp-content\/uploads\/2022\/06\/09-PUERTA-AL-MEDITERRANEO.png\" alt=\"carousel image\" \/><\/span><span class='second_image_holder has_hover_image'><img itemprop=\"image\" src=\"https:\/\/festivalesdeloscastillos.es\/2022\/wp-content\/uploads\/2022\/06\/09-PUERTA-AL-MEDITERRANEO.png\" alt=\"carousel image\" \/><\/span><\/a><\/div><\/li><li class='item'><div class=\"carousel_item_holder\"><a itemprop='url' href='https:\/\/festivalesdeloscastillos.es\/2022\/programacion\/castillo-albalate-del-arzobispo\/' target='_self'><span class='first_image_holder has_hover_image'><img itemprop=\"image\" src=\"https:\/\/festivalesdeloscastillos.es\/2022\/wp-content\/uploads\/2022\/06\/10-CASTILLO-DE-ALBALATE.png\" alt=\"carousel image\" \/><\/span><span class='second_image_holder has_hover_image'><img itemprop=\"image\" src=\"https:\/\/festivalesdeloscastillos.es\/2022\/wp-content\/uploads\/2022\/06\/10-CASTILLO-DE-ALBALATE.png\" alt=\"carousel image\" \/><\/span><\/a><\/div><\/li><li class='item'><div class=\"carousel_item_holder\"><a itemprop='url' href='https:\/\/festivalesdeloscastillos.es\/2022\/programacion\/castillo-de-monzon\/' target='_self'><span class='first_image_holder has_hover_image'><img itemprop=\"image\" src=\"https:\/\/festivalesdeloscastillos.es\/2022\/wp-content\/uploads\/2022\/07\/11-CASTILLO-DE-MONZON-1.png\" alt=\"carousel image\" \/><\/span><span class='second_image_holder has_hover_image'><img itemprop=\"image\" src=\"https:\/\/festivalesdeloscastillos.es\/2022\/wp-content\/uploads\/2022\/07\/11-CASTILLO-DE-MONZON-1.png\" alt=\"carousel image\" \/><\/span><\/a><\/div><\/li><li class='item'><div class=\"carousel_item_holder\"><a itemprop='url' href='https:\/\/festivalesdeloscastillos.es\/2022\/programacion\/castillo-de-fraga\/' target='_self'><span class='first_image_holder has_hover_image'><img itemprop=\"image\" src=\"https:\/\/festivalesdeloscastillos.es\/2022\/wp-content\/uploads\/2022\/06\/12-CASTILLO-DE-FRAGA.png\" alt=\"carousel image\" \/><\/span><span class='second_image_holder has_hover_image'><img itemprop=\"image\" src=\"https:\/\/festivalesdeloscastillos.es\/2022\/wp-content\/uploads\/2022\/06\/12-CASTILLO-DE-FRAGA.png\" alt=\"carousel image\" \/><\/span><\/a><\/div><\/li><\/ul><\/div><\/div>[\/vc_column][\/vc_row][vc_row css_animation=\u00bb\u00bb row_type=\u00bbrow\u00bb use_row_as_full_screen_section=\u00bbno\u00bb type=\u00bbgrid\u00bb angled_section=\u00bbno\u00bb text_align=\u00bbleft\u00bb background_image_as_pattern=\u00bbwithout_pattern\u00bb z_index=\u00bb\u00bb css=\u00bb.vc_custom_1654939748570{margin-top: -10% !important;padding-top: 120px !important;padding-bottom: 80px !important;background-color: #ededed !important;background-position: 0 0 !important;background-repeat: repeat !important;}\u00bb][vc_column width=\u00bb3\/5&#8243;][vc_empty_space height=\u00bb60px\u00bb][\/vc_column][vc_column width=\u00bb2\/5&#8243;][vc_empty_space height=\u00bb60px\u00bb][\/vc_column][\/vc_row]<\/p>\n","protected":false},"excerpt":{"rendered":"<p>[vc_row css_animation=\u00bb\u00bb row_type=\u00bbrow\u00bb use_row_as_full_screen_section=\u00bbno\u00bb type=\u00bbgrid\u00bb angled_section=\u00bbno\u00bb text_align=\u00bbleft\u00bb background_image_as_pattern=\u00bbwithout_pattern\u00bb z_index=\u00bb\u00bb css=\u00bb.vc_custom_1654935623368{padding-top: 30px !important;padding-right: 15% !important;padding-bottom: -25% !important;padding-left: 15% !important;background-image: url(https:\/\/festivalesdeloscastillos.es\/2022\/wp-content\/uploads\/2022\/06\/background-lines-mancha-degradado.png?id=619) !important;}\u00bb el_class=\u00bbno-bckg-img-ipad\u00bb][vc_column width=\u00bb1\/2&#8243;][vc_empty_space height=\u00bb100px\u00bb][vc_column_text] 11 al 14 agosto [\/vc_column_text][vc_column_text] S\u00e1daba [\/vc_column_text][vc_empty_space height=\u00bb40px\u00bb][vc_column_text] Entradas: Anticipada 10 \u20ac\u00a0 |\u00a0 Taquilla 12 \u20ac Abonos 4 funciones: 30 \u20ac Menores&#8230;<\/p>\n","protected":false},"author":1,"featured_media":0,"parent":233,"menu_order":8,"comment_status":"closed","ping_status":"closed","template":"full_width.php","meta":[],"yoast_head":"<!-- This site is optimized with the Yoast SEO plugin v19.6 - https:\/\/yoast.com\/wordpress\/plugins\/seo\/ -->\n<title>S\u00e1daba - Festivales de los Castillos<\/title>\n<meta name=\"description\" content=\"Castillo de S\u00e1daba: Festivales de los Castillos, festival de m\u00fasica, arte, teatro y danza con una amplia tradici\u00f3n y artistas.\" \/>\n<meta name=\"robots\" content=\"index, follow, max-snippet:-1, max-image-preview:large, max-video-preview:-1\" \/>\n<link rel=\"canonical\" href=\"https:\/\/festivalesdeloscastillos.es\/2022\/programacion\/castillo-de-sadaba\/\" \/>\n<meta property=\"og:locale\" content=\"es_ES\" \/>\n<meta property=\"og:type\" content=\"article\" \/>\n<meta property=\"og:title\" content=\"S\u00e1daba - Festivales de los Castillos\" \/>\n<meta property=\"og:description\" content=\"Castillo de S\u00e1daba: Festivales de los Castillos, festival de m\u00fasica, arte, teatro y danza con una amplia tradici\u00f3n y artistas.\" \/>\n<meta property=\"og:url\" content=\"https:\/\/festivalesdeloscastillos.es\/2022\/programacion\/castillo-de-sadaba\/\" \/>\n<meta property=\"og:site_name\" content=\"Festivales de los Castillos\" \/>\n<meta property=\"article:modified_time\" content=\"2022-07-01T09:28:53+00:00\" \/>\n<meta name=\"twitter:card\" content=\"summary_large_image\" \/>\n<meta name=\"twitter:label1\" content=\"Tiempo de lectura\" \/>\n\t<meta name=\"twitter:data1\" content=\"6 minutos\" \/>\n<script type=\"application\/ld+json\" class=\"yoast-schema-graph\">{\"@context\":\"https:\/\/schema.org\",\"@graph\":[{\"@type\":\"WebPage\",\"@id\":\"https:\/\/festivalesdeloscastillos.es\/2022\/programacion\/castillo-de-sadaba\/\",\"url\":\"https:\/\/festivalesdeloscastillos.es\/2022\/programacion\/castillo-de-sadaba\/\",\"name\":\"S\u00e1daba - Festivales de los Castillos\",\"isPartOf\":{\"@id\":\"https:\/\/festivalesdeloscastillos.es\/2022\/#website\"},\"datePublished\":\"2022-06-13T11:15:40+00:00\",\"dateModified\":\"2022-07-01T09:28:53+00:00\",\"description\":\"Castillo de S\u00e1daba: Festivales de los Castillos, festival de m\u00fasica, arte, teatro y danza con una amplia tradici\u00f3n y artistas.\",\"breadcrumb\":{\"@id\":\"https:\/\/festivalesdeloscastillos.es\/2022\/programacion\/castillo-de-sadaba\/#breadcrumb\"},\"inLanguage\":\"es\",\"potentialAction\":[{\"@type\":\"ReadAction\",\"target\":[\"https:\/\/festivalesdeloscastillos.es\/2022\/programacion\/castillo-de-sadaba\/\"]}]},{\"@type\":\"BreadcrumbList\",\"@id\":\"https:\/\/festivalesdeloscastillos.es\/2022\/programacion\/castillo-de-sadaba\/#breadcrumb\",\"itemListElement\":[{\"@type\":\"ListItem\",\"position\":1,\"name\":\"Portada\",\"item\":\"https:\/\/festivalesdeloscastillos.es\/2022\/\"},{\"@type\":\"ListItem\",\"position\":2,\"name\":\"Programaci\u00f3n\",\"item\":\"https:\/\/festivalesdeloscastillos.es\/2022\/programacion\/\"},{\"@type\":\"ListItem\",\"position\":3,\"name\":\"S\u00e1daba\"}]},{\"@type\":\"WebSite\",\"@id\":\"https:\/\/festivalesdeloscastillos.es\/2022\/#website\",\"url\":\"https:\/\/festivalesdeloscastillos.es\/2022\/\",\"name\":\"Festivales de los Castillos\",\"description\":\"Festivales de los Castillos: artes esc\u00e9nicas y la m\u00fasica\",\"potentialAction\":[{\"@type\":\"SearchAction\",\"target\":{\"@type\":\"EntryPoint\",\"urlTemplate\":\"https:\/\/festivalesdeloscastillos.es\/2022\/?s={search_term_string}\"},\"query-input\":\"required name=search_term_string\"}],\"inLanguage\":\"es\"}]}<\/script>\n<!-- \/ Yoast SEO plugin. -->","yoast_head_json":{"title":"S\u00e1daba - Festivales de los Castillos","description":"Castillo de S\u00e1daba: Festivales de los Castillos, festival de m\u00fasica, arte, teatro y danza con una amplia tradici\u00f3n y artistas.","robots":{"index":"index","follow":"follow","max-snippet":"max-snippet:-1","max-image-preview":"max-image-preview:large","max-video-preview":"max-video-preview:-1"},"canonical":"https:\/\/festivalesdeloscastillos.es\/2022\/programacion\/castillo-de-sadaba\/","og_locale":"es_ES","og_type":"article","og_title":"S\u00e1daba - Festivales de los Castillos","og_description":"Castillo de S\u00e1daba: Festivales de los Castillos, festival de m\u00fasica, arte, teatro y danza con una amplia tradici\u00f3n y artistas.","og_url":"https:\/\/festivalesdeloscastillos.es\/2022\/programacion\/castillo-de-sadaba\/","og_site_name":"Festivales de los Castillos","article_modified_time":"2022-07-01T09:28:53+00:00","twitter_card":"summary_large_image","twitter_misc":{"Tiempo de lectura":"6 minutos"},"schema":{"@context":"https:\/\/schema.org","@graph":[{"@type":"WebPage","@id":"https:\/\/festivalesdeloscastillos.es\/2022\/programacion\/castillo-de-sadaba\/","url":"https:\/\/festivalesdeloscastillos.es\/2022\/programacion\/castillo-de-sadaba\/","name":"S\u00e1daba - Festivales de los Castillos","isPartOf":{"@id":"https:\/\/festivalesdeloscastillos.es\/2022\/#website"},"datePublished":"2022-06-13T11:15:40+00:00","dateModified":"2022-07-01T09:28:53+00:00","description":"Castillo de S\u00e1daba: Festivales de los Castillos, festival de m\u00fasica, arte, teatro y danza con una amplia tradici\u00f3n y artistas.","breadcrumb":{"@id":"https:\/\/festivalesdeloscastillos.es\/2022\/programacion\/castillo-de-sadaba\/#breadcrumb"},"inLanguage":"es","potentialAction":[{"@type":"ReadAction","target":["https:\/\/festivalesdeloscastillos.es\/2022\/programacion\/castillo-de-sadaba\/"]}]},{"@type":"BreadcrumbList","@id":"https:\/\/festivalesdeloscastillos.es\/2022\/programacion\/castillo-de-sadaba\/#breadcrumb","itemListElement":[{"@type":"ListItem","position":1,"name":"Portada","item":"https:\/\/festivalesdeloscastillos.es\/2022\/"},{"@type":"ListItem","position":2,"name":"Programaci\u00f3n","item":"https:\/\/festivalesdeloscastillos.es\/2022\/programacion\/"},{"@type":"ListItem","position":3,"name":"S\u00e1daba"}]},{"@type":"WebSite","@id":"https:\/\/festivalesdeloscastillos.es\/2022\/#website","url":"https:\/\/festivalesdeloscastillos.es\/2022\/","name":"Festivales de los Castillos","description":"Festivales de los Castillos: artes esc\u00e9nicas y la m\u00fasica","potentialAction":[{"@type":"SearchAction","target":{"@type":"EntryPoint","urlTemplate":"https:\/\/festivalesdeloscastillos.es\/2022\/?s={search_term_string}"},"query-input":"required name=search_term_string"}],"inLanguage":"es"}]}},"_links":{"self":[{"href":"https:\/\/festivalesdeloscastillos.es\/2022\/wp-json\/wp\/v2\/pages\/738"}],"collection":[{"href":"https:\/\/festivalesdeloscastillos.es\/2022\/wp-json\/wp\/v2\/pages"}],"about":[{"href":"https:\/\/festivalesdeloscastillos.es\/2022\/wp-json\/wp\/v2\/types\/page"}],"author":[{"embeddable":true,"href":"https:\/\/festivalesdeloscastillos.es\/2022\/wp-json\/wp\/v2\/users\/1"}],"replies":[{"embeddable":true,"href":"https:\/\/festivalesdeloscastillos.es\/2022\/wp-json\/wp\/v2\/comments?post=738"}],"version-history":[{"count":10,"href":"https:\/\/festivalesdeloscastillos.es\/2022\/wp-json\/wp\/v2\/pages\/738\/revisions"}],"predecessor-version":[{"id":1180,"href":"https:\/\/festivalesdeloscastillos.es\/2022\/wp-json\/wp\/v2\/pages\/738\/revisions\/1180"}],"up":[{"embeddable":true,"href":"https:\/\/festivalesdeloscastillos.es\/2022\/wp-json\/wp\/v2\/pages\/233"}],"wp:attachment":[{"href":"https:\/\/festivalesdeloscastillos.es\/2022\/wp-json\/wp\/v2\/media?parent=738"}],"curies":[{"name":"wp","href":"https:\/\/api.w.org\/{rel}","templated":true}]}}