{"id":732,"date":"2022-06-13T11:14:13","date_gmt":"2022-06-13T11:14:13","guid":{"rendered":"https:\/\/festivalesdeloscastillos.es\/?page_id=732"},"modified":"2022-07-27T09:57:09","modified_gmt":"2022-07-27T09:57:09","slug":"castillo-de-jarque","status":"publish","type":"page","link":"https:\/\/festivalesdeloscastillos.es\/2022\/programacion\/castillo-de-jarque\/","title":{"rendered":"Jarque de Moncayo"},"content":{"rendered":"<p>[vc_row css_animation=\u00bb\u00bb row_type=\u00bbrow\u00bb use_row_as_full_screen_section=\u00bbno\u00bb type=\u00bbgrid\u00bb angled_section=\u00bbno\u00bb text_align=\u00bbleft\u00bb background_image_as_pattern=\u00bbwithout_pattern\u00bb z_index=\u00bb\u00bb css=\u00bb.vc_custom_1654935623368{padding-top: 30px !important;padding-right: 15% !important;padding-bottom: -25% !important;padding-left: 15% !important;background-image: url(https:\/\/festivalesdeloscastillos.es\/2022\/wp-content\/uploads\/2022\/06\/background-lines-mancha-degradado.png?id=619) !important;}\u00bb el_class=\u00bbno-bckg-img-ipad\u00bb][vc_column width=\u00bb1\/2&#8243;][vc_empty_space height=\u00bb100px\u00bb][vc_column_text]<\/p>\n<h3>29 al 31 julio<\/h3>\n<p>[\/vc_column_text][vc_column_text]<\/p>\n<h1>Jarque de Moncayo<\/h1>\n<p>[\/vc_column_text][vc_empty_space height=\u00bb40px\u00bb][vc_column_text]<\/p>\n<p class=\"p1\"><span style=\"color: #333333;\"><strong>Entradas (1 funci\u00f3n):<\/strong>\u00a05\u20ac<br \/>\n<\/span><\/p>\n<p><strong>Abono (3 funciones):<\/strong> 10\u20ac<\/p>\n<p>Menores de 12 a\u00f1os: GRATIS<\/p>\n<p>Reserva en el 690 627 133 antes del 29 de julio de 2022[\/vc_column_text][vc_empty_space height=\u00bb40px\u00bb]\n\n\t<a href=\"#\" target=\"_self\" style=\"color: #10181d;font-family: Vidaloka;font-size: 24px;font-weight: 400;text-transform: none;font-style: normal\" class=\"qode-btn qode-btn-medium qode-btn-simple qode-btn-custom-hover-color button-with-line qode-btn-default-hover\" data-hover-color=\"rgba(16,24,29,0.75)\" >\n\t    <span class=\"qode-btn-text\">Informaci\u00f3n tur\u00edstica<\/span>\t<\/a>\n\n[vc_empty_space height=\u00bb10px\u00bb]<a  itemprop=\"url\" href=\"https:\/\/festivalesdeloscastillos.es\/2022\/wp-content\/uploads\/2022\/06\/JARQUE.pdf\" target=\"_blank\" data-hover-background-color='#eae7da' data-hover-border-color='#eae7da' data-hover-color='#383838' class=\"qbutton  large center default\" style=\"color: #383838; border-color: #383838; margin: 10px 10px 10px 10px; background-color: rgba(0,0,0,0.01);\">VER INFORMACI\u00d3N<i class=\"qode_icon_font_awesome_5 fa5 fab fa-fort-awesome qode_button_icon_element\" style=\"color: #383838;\" ><\/i><\/a>[vc_empty_space height=\u00bb20px\u00bb][vc_empty_space height=\u00bb10px\u00bb][\/vc_column][vc_column width=\u00bb1\/2&#8243;][vc_single_image image=\u00bb1132&#8243; img_size=\u00bbfull\u00bb qode_css_animation=\u00bb\u00bb css=\u00bb.vc_custom_1656592065496{padding-top: 60px !important;}\u00bb][\/vc_column][\/vc_row][vc_row css_animation=\u00bbelement_from_left\u00bb row_type=\u00bbrow\u00bb use_row_as_full_screen_section=\u00bbno\u00bb type=\u00bbfull_width\u00bb angled_section=\u00bbno\u00bb text_align=\u00bbleft\u00bb background_image_as_pattern=\u00bbwithout_pattern\u00bb css=\u00bb.vc_custom_1654935640850{padding-top: 4% !important;padding-right: 14% !important;padding-bottom: 2% !important;padding-left: 14% !important;background-image: url(https:\/\/festivalesdeloscastillos.es\/2022\/wp-content\/uploads\/2018\/01\/background-lines.png?id=104) !important;}\u00bb z_index=\u00bb\u00bb][vc_column width=\u00bb1\/2&#8243;]<div class='image_hover ' style='' data-transition-delay=''><div class='images_holder'><img itemprop='image' class='active_image ' src='https:\/\/festivalesdeloscastillos.es\/2022\/wp-content\/uploads\/2022\/06\/ARTISTAS-DESTACADOS-CUADRADO_0010_EL-MANTEL-DE-NOA.jpg' alt='' style='' \/><img itemprop='image' class='hover_image' src='https:\/\/festivalesdeloscastillos.es\/2022\/wp-content\/uploads\/2022\/06\/ARTISTAS-DESTACADOS-CUADRADO-JARQUE-noa2.jpg' alt='' style='' \/><\/div><\/div>[\/vc_column][vc_column width=\u00bb1\/2&#8243;][vc_column_text css=\u00bb.vc_custom_1655294370228{padding-bottom: 10px !important;}\u00bb]<em>Viernes 29 de julio | 22:30 h. Castillo de Jarque <\/em>[\/vc_column_text][vc_column_text]<\/p>\n<h3 style=\"text-align: left;\">EL MANTEL DE NOA: Islas errantes<\/h3>\n<p>[\/vc_column_text][vc_empty_space height=\u00bb20px\u00bb][vc_row_inner row_type=\u00bbrow\u00bb use_as_box=\u00bbuse_row_as_box\u00bb type=\u00bbfull_width\u00bb text_align=\u00bbleft\u00bb css_animation=\u00bb\u00bb][vc_column_inner width=\u00bb1\/2&#8243;]<div class=\"custom_font_holder\" style=\"font-family: Roboto; font-size: 15px; line-height: 24px; font-style: normal; font-weight: 300; color: #3f3f3f; text-decoration: none; text-align: left;\"><strong>Modalidad:<\/strong> M\u00fasicas del mundo<br \/>\n<strong>Duraci\u00f3n:<\/strong> 90 min.<\/div>[\/vc_column_inner][vc_column_inner width=\u00bb1\/2&#8243;]<div class=\"custom_font_holder\" style=\"font-family: Roboto; font-size: 15px; line-height: 24px; font-style: normal; font-weight: 300; color: #3f3f3f; text-decoration: none; text-align: left;\"><strong>Autor:<\/strong> El mantel de Noa<br \/>\n<strong>Tipo de p\u00fablico:<\/strong> Todos p\u00fablicos<\/div>[\/vc_column_inner][\/vc_row_inner][vc_empty_space height=\u00bb20px\u00bb][vc_column_text]<\/p>\n<p class=\"p1\"><span class=\"s1\">Viaje por las m\u00fasicas encantadas del mundo. El grupo El Mantel de Noa, con seis a\u00f1os de vida, ha realizado multitud de presentaciones por los escenarios y festivales de la geograf\u00eda espa\u00f1ola, cosechando un incre\u00edble \u00e9xito por parte del p\u00fablico que asiste a sus conciertos. Una especial sensibilidad, maestr\u00eda en el conocimiento de unos instrumentos inusuales en escena y una mirada distinta a la m\u00fasica antig\u00fca y del mundo. El viaje se impregna de aromas y m\u00fasicas de norte a sur y de este a oeste, con los ritmos y texturas que los instrumentos aportan en escena. <\/span><\/p>\n<p class=\"p1\"><span class=\"s1\">Pilar y Miguel \u00c1ngel son dos m\u00fasicos consolidados en la escena aragonesa y del pa\u00eds con m\u00e1s de 30 a\u00f1os en los escenarios. Despu\u00e9s de la grabaci\u00f3n de Hilos de aire en el a\u00f1o 2015, presentan su \u00faltimo trabajo Islas errantes con especial atenci\u00f3n a los sonidos del arpa c\u00e9ltica y del duduk (clarinete armenio), creando unas atm\u00f3sferas irrepetibles. <\/span><\/p>\n<p class=\"p1\"><em><span class=\"s1\">M\u00fasicos: Miguel \u00c1. Fraile, M\u00aa Pilar Golzalvo <\/span><\/em><\/p>\n<p>[\/vc_column_text][\/vc_column][\/vc_row][vc_row css_animation=\u00bbelement_from_right\u00bb row_type=\u00bbrow\u00bb use_row_as_full_screen_section=\u00bbno\u00bb type=\u00bbfull_width\u00bb angled_section=\u00bbno\u00bb text_align=\u00bbleft\u00bb background_image_as_pattern=\u00bbwithout_pattern\u00bb css=\u00bb.vc_custom_1654876055861{padding-top: 2% !important;padding-right: 14% !important;padding-bottom: 2% !important;padding-left: 14% !important;background-image: url(https:\/\/festivalesdeloscastillos.es\/2022\/wp-content\/uploads\/2018\/01\/background-lines.png?id=104) !important;}\u00bb z_index=\u00bb\u00bb][vc_column width=\u00bb1\/2&#8243;][vc_column_text css=\u00bb.vc_custom_1658483316600{padding-bottom: 10px !important;}\u00bb]<\/p>\n<p style=\"text-align: right;\"><em>S\u00e1bado 30 de julio | 11:00 h. Castillo de Jarque<\/em><\/p>\n<p>[\/vc_column_text][vc_column_text]<\/p>\n<h3 style=\"text-align: right;\">TEATRO LOS NAVEGANTES: Visita teatralizada<\/h3>\n<p>[\/vc_column_text][vc_empty_space height=\u00bb20px\u00bb][vc_row_inner row_type=\u00bbrow\u00bb use_as_box=\u00bbuse_row_as_box\u00bb type=\u00bbfull_width\u00bb text_align=\u00bbleft\u00bb css_animation=\u00bb\u00bb][vc_column_inner width=\u00bb1\/2&#8243;]<div class=\"custom_font_holder\" style=\"font-family: Roboto; font-size: 15px; line-height: 24px; font-style: normal; font-weight: 300; color: #3f3f3f; text-decoration: none; text-align: left;\">\n<p style=\"text-align: right;\"><strong>Modalidad:<\/strong> Teatro<br \/>\n<strong>Duraci\u00f3n:<\/strong> 80 min.<\/p>\n<\/div>[\/vc_column_inner][vc_column_inner width=\u00bb1\/2&#8243;]<div class=\"custom_font_holder\" style=\"font-family: Roboto; font-size: 15px; line-height: 24px; font-style: normal; font-weight: 300; color: #3f3f3f; text-decoration: none; text-align: left;\">\n<p style=\"text-align: right;\"><strong>Autores:<\/strong> Jes\u00fas Pescador<br \/>\n<strong>Tipo de p\u00fablico:<\/strong> Todos p\u00fablicos<\/p>\n<\/div>[\/vc_column_inner][\/vc_row_inner][vc_empty_space height=\u00bb20px\u00bb][vc_column_text]<\/p>\n<p class=\"p1\" style=\"text-align: right;\"><span class=\"s1\">Todos, paseando por los viejos cascos hist\u00f3ricos, castillos y monumentos art\u00edsticos que pueblan los rincones de nuestra geograf\u00eda, nos ha asaltado el viejo deseo, el sue\u00f1o in-memorial: si las piedras hablaran&#8230; Todos, paseando por esos lugares, hemos entrecerrado los ojos&#8230; <\/span><\/p>\n<p class=\"p1\" style=\"text-align: right;\"><span class=\"s1\">Nuestras visitas teatralizadas cumplen ese viejo sue\u00f1o. Desde los rincones, las escalinatas, los balcones, aparecen los protagonistas de la historia para revivirla con sus pasiones, sus deseos y sue\u00f1os, sus grandezas y sus miserias. Tragedias y comedias, las tragedias y las comedias de la vida y de la historia. <\/span><\/p>\n<p class=\"p1\" style=\"text-align: right;\"><em><span class=\"s1\">Direcci\u00f3n: Jes\u00fas Pescador Reparto:<span class=\"Apple-converted-space\">\u00a0 <\/span>Jes\u00fas Pescador<br \/>\nInscripci\u00f3n previa en O\ufb01cina de Turismo <\/span><\/em><\/p>\n<p>[\/vc_column_text][\/vc_column][vc_column width=\u00bb1\/2&#8243;]<div class='image_hover ' style='' data-transition-delay=''><div class='images_holder'><img itemprop='image' class='active_image ' src='https:\/\/festivalesdeloscastillos.es\/2022\/wp-content\/uploads\/2022\/06\/ARTISTAS-DESTACADOS-ILLUECA-FESTIVALESCASTILLOS_0001_NAVENGANTES5.jpg' alt='' style='' \/><img itemprop='image' class='hover_image' src='https:\/\/festivalesdeloscastillos.es\/2022\/wp-content\/uploads\/2022\/06\/ARTISTAS-DESTACADOS-ILLUECA-FESTIVALESCASTILLOS_0000_NAVENGANTES3.jpg' alt='' style='' \/><\/div><\/div>[\/vc_column][\/vc_row][vc_row css_animation=\u00bbelement_from_left\u00bb row_type=\u00bbrow\u00bb use_row_as_full_screen_section=\u00bbno\u00bb type=\u00bbfull_width\u00bb angled_section=\u00bbno\u00bb text_align=\u00bbleft\u00bb background_image_as_pattern=\u00bbwithout_pattern\u00bb css=\u00bb.vc_custom_1654876073186{padding-top: 2% !important;padding-right: 14% !important;padding-bottom: 2% !important;padding-left: 14% !important;background-image: url(https:\/\/festivalesdeloscastillos.es\/2022\/wp-content\/uploads\/2018\/01\/background-lines.png?id=104) !important;}\u00bb z_index=\u00bb\u00bb][vc_column width=\u00bb1\/2&#8243;][vc_single_image image=\u00bb553&#8243; img_size=\u00bbfull\u00bb qode_css_animation=\u00bb\u00bb][\/vc_column][vc_column width=\u00bb1\/2&#8243;][vc_column_text css=\u00bb.vc_custom_1655299579212{padding-bottom: 10px !important;}\u00bb]<em>S\u00e1bado 30 de julio | 22:30 h. Castillo de Jarque <\/em>[\/vc_column_text][vc_column_text]<\/p>\n<h3 style=\"text-align: left;\">FULANITO DE TAL: De todos lados<\/h3>\n<p>[\/vc_column_text][vc_empty_space height=\u00bb20px\u00bb][vc_row_inner row_type=\u00bbrow\u00bb use_as_box=\u00bbuse_row_as_box\u00bb type=\u00bbfull_width\u00bb text_align=\u00bbleft\u00bb css_animation=\u00bb\u00bb][vc_column_inner width=\u00bb1\/2&#8243;]<div class=\"custom_font_holder\" style=\"font-family: Roboto; font-size: 15px; line-height: 24px; font-style: normal; font-weight: 300; color: #3f3f3f; text-decoration: none; text-align: left;\"><strong>Modalidad:<\/strong> M\u00fasica<br \/>\n<strong>Duraci\u00f3n:<\/strong> 90 min.<\/div>[\/vc_column_inner][vc_column_inner width=\u00bb1\/2&#8243;]<div class=\"custom_font_holder\" style=\"font-family: Roboto; font-size: 15px; line-height: 24px; font-style: normal; font-weight: 300; color: #3f3f3f; text-decoration: none; text-align: left;\"><strong>Autor:<\/strong> Roberto Pino<br \/>\n<strong>Tipo de p\u00fablico:<\/strong> Todos p\u00fablicos<\/div>[\/vc_column_inner][\/vc_row_inner][vc_empty_space height=\u00bb20px\u00bb][vc_column_text]<\/p>\n<p class=\"p1\"><span class=\"s1\">FulanitoDeTal (Roberto Del Pino integrante del grupo cubano a capella Vocal Tempo), recorre los escenarios acompa\u00f1ado de su voz, guitarra y una maleta llena de canciones sinceras para hacernos disfrutar de un aut\u00e9ntico viaje sonoro. <\/span><\/p>\n<p class=\"p1\"><span class=\"s1\">Canciones de aqu\u00ed, de all\u00e1, de todos lados, para trazar el compromiso con la realidad que habita, la realidad de los que un d\u00eda se marchan y van metiendo sus vidas en otras casas, casas distintas. <\/span><span class=\"s1\">La trova m\u00e1s tradicional, pop, jazz, rock en un en\u00e9rgico show lleno vitalidad y transparencia. <\/span><\/p>\n<p class=\"p1\"><em><span class=\"s1\">M\u00fasicos: Roberto Pino, Alonso Mart\u00ednez, Pepe P\u00e9rez, Alexey Rodr\u00edguez <\/span><\/em><\/p>\n<p>[\/vc_column_text][\/vc_column][\/vc_row][vc_row css_animation=\u00bbelement_from_right\u00bb row_type=\u00bbrow\u00bb use_row_as_full_screen_section=\u00bbno\u00bb type=\u00bbfull_width\u00bb angled_section=\u00bbno\u00bb text_align=\u00bbleft\u00bb background_image_as_pattern=\u00bbwithout_pattern\u00bb css=\u00bb.vc_custom_1654876055861{padding-top: 2% !important;padding-right: 14% !important;padding-bottom: 2% !important;padding-left: 14% !important;background-image: url(https:\/\/festivalesdeloscastillos.es\/2022\/wp-content\/uploads\/2018\/01\/background-lines.png?id=104) !important;}\u00bb z_index=\u00bb\u00bb][vc_column width=\u00bb1\/2&#8243;][vc_column_text css=\u00bb.vc_custom_1655369058186{padding-bottom: 10px !important;}\u00bb]<\/p>\n<p style=\"text-align: right;\"><em>Domingo 31 de julio | 22:30 h. Castillo de Jarque<\/em><\/p>\n<p>[\/vc_column_text][vc_column_text]<\/p>\n<h3 style=\"text-align: right;\">NACHO DEL R\u00cdO Y BEATRIZ BERNAD: Jotas y variantes<\/h3>\n<p>[\/vc_column_text][vc_empty_space height=\u00bb20px\u00bb][vc_row_inner row_type=\u00bbrow\u00bb use_as_box=\u00bbuse_row_as_box\u00bb type=\u00bbfull_width\u00bb text_align=\u00bbleft\u00bb css_animation=\u00bb\u00bb][vc_column_inner width=\u00bb1\/2&#8243;]<div class=\"custom_font_holder\" style=\"font-family: Roboto; font-size: 15px; line-height: 24px; font-style: normal; font-weight: 300; color: #3f3f3f; text-decoration: none; text-align: left;\">\n<p style=\"text-align: right;\"><strong>Modalidad:<\/strong> M\u00fasica<br \/>\n<strong>Duraci\u00f3n:<\/strong> 70 min.<\/p>\n<\/div>[\/vc_column_inner][vc_column_inner width=\u00bb1\/2&#8243;]<div class=\"custom_font_holder\" style=\"font-family: Roboto; font-size: 15px; line-height: 24px; font-style: normal; font-weight: 300; color: #3f3f3f; text-decoration: none; text-align: left;\">\n<p style=\"text-align: right;\"><strong>Autores:<\/strong> Varios<br \/>\n<strong>Tipo de p\u00fablico:<\/strong> Todos p\u00fablicos<\/p>\n<\/div>[\/vc_column_inner][\/vc_row_inner][vc_empty_space height=\u00bb20px\u00bb][vc_column_text]<\/p>\n<p class=\"p1\" style=\"text-align: right;\"><span class=\"s1\">Dos de las mejores voces que ha dado la jota en todos los tiempos unieron sus caminos desde bien j\u00f3venes propiciados por su maestro, el gran Jes\u00fas Gracia, del que se cumple este a\u00f1o el centenario de su nacimiento.<span class=\"Apple-converted-space\">\u00a0 <\/span>En este concierto cantar\u00e1n una selecci\u00f3n de jotas y cantares con selecci\u00f3n y arreglos del maestro Gambino, quien hace que los acompa\u00f1amientos suenen a algo m\u00e1s que guitarras y bandurrias.\u00a0<\/span><\/p>\n<p class=\"p1\" style=\"text-align: right;\"><span class=\"s1\">Jotas y variantes lleva al p\u00fablico por un recorrido jotero de siempre que lo combina con nuevas letras y tonadas.\u00a0<\/span><\/p>\n<p class=\"p1\" style=\"text-align: right;\"><em><span class=\"s1\">Cantantes: Nacho del R\u00edo, Beatriz Bernad M\u00fasicos: Alberto Gambino, Nieves Coscoyuela, Bel\u00e9n Estage, Sergio Aso\u00a0<\/span><\/em><\/p>\n<p>[\/vc_column_text][\/vc_column][vc_column width=\u00bb1\/2&#8243;]<div class='image_hover ' style='' data-transition-delay=''><div class='images_holder'><img itemprop='image' class='' src='https:\/\/festivalesdeloscastillos.es\/2022\/wp-content\/uploads\/2022\/06\/ARTISTAS-DESTACADOS-CUADRADO_0016_Jotasyvariantes.jpg' alt='' style='' \/><img itemprop='image' class='hover_image' src='' alt='' style='' \/><\/div><\/div>[\/vc_column][\/vc_row][vc_row css_animation=\u00bb\u00bb row_type=\u00bbrow\u00bb use_row_as_full_screen_section=\u00bbno\u00bb type=\u00bbfull_width\u00bb angled_section=\u00bbno\u00bb text_align=\u00bbleft\u00bb background_image_as_pattern=\u00bbwithout_pattern\u00bb css=\u00bb.vc_custom_1654939189125{padding-top: 100px !important;padding-right: 8% !important;padding-left: 8% !important;background-image: url(https:\/\/festivalesdeloscastillos.es\/2022\/wp-content\/uploads\/2018\/01\/background-lines.png?id=104) !important;}\u00bb z_index=\u00bb\u00bb el_class=\u00bbno-bckg-img-ipad\u00bb][vc_column][vc_column_text css=\u00bb.vc_custom_1654939040389{padding-bottom: 18px !important;}\u00bb]<\/p>\n<h3 style=\"text-align: center;\">\u00bfConoces el resto de Castillos?<\/h3>\n<p>[\/vc_column_text]<div class='qode_carousels_holder clearfix'><div class='qode_carousels' data-number-of-visible-items=''><ul class='slides'><li class='item'><div class=\"carousel_item_holder\"><a itemprop='url' href='https:\/\/festivalesdeloscastillos.es\/2022\/programacion\/castillo-de-grisel\/' target='_self'><span class='first_image_holder has_hover_image'><img itemprop=\"image\" src=\"https:\/\/festivalesdeloscastillos.es\/2022\/wp-content\/uploads\/2022\/06\/01-CASTILLO-DE-GRISEL.png\" alt=\"carousel image\" \/><\/span><span class='second_image_holder has_hover_image'><img itemprop=\"image\" src=\"https:\/\/festivalesdeloscastillos.es\/2022\/wp-content\/uploads\/2022\/06\/01-CASTILLO-DE-GRISEL.png\" alt=\"carousel image\" \/><\/span><\/a><\/div><\/li><li class='item'><div class=\"carousel_item_holder\"><a itemprop='url' href='https:\/\/festivalesdeloscastillos.es\/2022\/programacion\/castillo-de-illueca\/' target='_self'><span class='first_image_holder has_hover_image'><img itemprop=\"image\" src=\"https:\/\/festivalesdeloscastillos.es\/2022\/wp-content\/uploads\/2022\/06\/02-CASTILLO-DE-ILLUECA.png\" alt=\"carousel image\" \/><\/span><span class='second_image_holder has_hover_image'><img itemprop=\"image\" src=\"https:\/\/festivalesdeloscastillos.es\/2022\/wp-content\/uploads\/2022\/06\/02-CASTILLO-DE-ILLUECA.png\" alt=\"carousel image\" \/><\/span><\/a><\/div><\/li><li class='item'><div class=\"carousel_item_holder\"><a itemprop='url' href='https:\/\/festivalesdeloscastillos.es\/2022\/programacion\/castillo-de-alfajarin\/' target='_self'><span class='first_image_holder has_hover_image'><img itemprop=\"image\" src=\"https:\/\/festivalesdeloscastillos.es\/2022\/wp-content\/uploads\/2022\/06\/03-CASTILLO-DE-ALFAJARIN.png\" alt=\"carousel image\" \/><\/span><span class='second_image_holder has_hover_image'><img itemprop=\"image\" src=\"https:\/\/festivalesdeloscastillos.es\/2022\/wp-content\/uploads\/2022\/06\/03-CASTILLO-DE-ALFAJARIN.png\" alt=\"carousel image\" \/><\/span><\/a><\/div><\/li><li class='item'><div class=\"carousel_item_holder\"><a itemprop='url' href='https:\/\/festivalesdeloscastillos.es\/2022\/programacion\/castillo-de-mesones-isuela\/' target='_self'><span class='first_image_holder has_hover_image'><img itemprop=\"image\" src=\"https:\/\/festivalesdeloscastillos.es\/2022\/wp-content\/uploads\/2022\/06\/04-CASTILLO-DE-MESONES.png\" alt=\"carousel image\" \/><\/span><span class='second_image_holder has_hover_image'><img itemprop=\"image\" src=\"https:\/\/festivalesdeloscastillos.es\/2022\/wp-content\/uploads\/2022\/06\/04-CASTILLO-DE-MESONES.png\" alt=\"carousel image\" \/><\/span><\/a><\/div><\/li><li class='item'><div class=\"carousel_item_holder\"><a itemprop='url' href='https:\/\/festivalesdeloscastillos.es\/2022\/programacion\/castillo-de-jarque\/' target='_self'><span class='first_image_holder has_hover_image'><img itemprop=\"image\" src=\"https:\/\/festivalesdeloscastillos.es\/2022\/wp-content\/uploads\/2022\/06\/05-CASTILLO-DE-JARQUE.png\" alt=\"carousel image\" \/><\/span><span class='second_image_holder has_hover_image'><img itemprop=\"image\" src=\"https:\/\/festivalesdeloscastillos.es\/2022\/wp-content\/uploads\/2022\/06\/05-CASTILLO-DE-JARQUE.png\" alt=\"carousel image\" \/><\/span><\/a><\/div><\/li><li class='item'><div class=\"carousel_item_holder\"><a itemprop='url' href='https:\/\/festivalesdeloscastillos.es\/2022\/programacion\/castillo-de-valderrobres\/' target='_self'><span class='first_image_holder has_hover_image'><img itemprop=\"image\" src=\"https:\/\/festivalesdeloscastillos.es\/2022\/wp-content\/uploads\/2022\/06\/06-CASTILLO-DE-VALDERROBRES.png\" alt=\"carousel image\" \/><\/span><span class='second_image_holder has_hover_image'><img itemprop=\"image\" src=\"https:\/\/festivalesdeloscastillos.es\/2022\/wp-content\/uploads\/2022\/06\/06-CASTILLO-DE-VALDERROBRES.png\" alt=\"carousel image\" \/><\/span><\/a><\/div><\/li><li class='item'><div class=\"carousel_item_holder\"><a itemprop='url' href='https:\/\/festivalesdeloscastillos.es\/2022\/programacion\/castillo-de-san-agustin\/' target='_self'><span class='first_image_holder has_hover_image'><img itemprop=\"image\" src=\"https:\/\/festivalesdeloscastillos.es\/2022\/wp-content\/uploads\/2022\/06\/07-CASTILLO-DE-SAN-AGUSTIN.png\" alt=\"carousel image\" \/><\/span><span class='second_image_holder has_hover_image'><img itemprop=\"image\" src=\"https:\/\/festivalesdeloscastillos.es\/2022\/wp-content\/uploads\/2022\/06\/07-CASTILLO-DE-SAN-AGUSTIN.png\" alt=\"carousel image\" \/><\/span><\/a><\/div><\/li><li class='item'><div class=\"carousel_item_holder\"><a itemprop='url' href='https:\/\/festivalesdeloscastillos.es\/2022\/programacion\/castillo-de-sadaba\/' target='_self'><span class='first_image_holder has_hover_image'><img itemprop=\"image\" src=\"https:\/\/festivalesdeloscastillos.es\/2022\/wp-content\/uploads\/2022\/07\/08-CASTILLO-DE-SADABA.png\" alt=\"carousel image\" \/><\/span><span class='second_image_holder has_hover_image'><img itemprop=\"image\" src=\"https:\/\/festivalesdeloscastillos.es\/2022\/wp-content\/uploads\/2022\/07\/08-CASTILLO-DE-SADABA.png\" alt=\"carousel image\" \/><\/span><\/a><\/div><\/li><li class='item'><div class=\"carousel_item_holder\"><a itemprop='url' href='https:\/\/festivalesdeloscastillos.es\/2022\/programacion\/puerta-al-mediterraneo\/' target='_self'><span class='first_image_holder has_hover_image'><img itemprop=\"image\" src=\"https:\/\/festivalesdeloscastillos.es\/2022\/wp-content\/uploads\/2022\/06\/09-PUERTA-AL-MEDITERRANEO.png\" alt=\"carousel image\" \/><\/span><span class='second_image_holder has_hover_image'><img itemprop=\"image\" src=\"https:\/\/festivalesdeloscastillos.es\/2022\/wp-content\/uploads\/2022\/06\/09-PUERTA-AL-MEDITERRANEO.png\" alt=\"carousel image\" \/><\/span><\/a><\/div><\/li><li class='item'><div class=\"carousel_item_holder\"><a itemprop='url' href='https:\/\/festivalesdeloscastillos.es\/2022\/programacion\/castillo-albalate-del-arzobispo\/' target='_self'><span class='first_image_holder has_hover_image'><img itemprop=\"image\" src=\"https:\/\/festivalesdeloscastillos.es\/2022\/wp-content\/uploads\/2022\/06\/10-CASTILLO-DE-ALBALATE.png\" alt=\"carousel image\" \/><\/span><span class='second_image_holder has_hover_image'><img itemprop=\"image\" src=\"https:\/\/festivalesdeloscastillos.es\/2022\/wp-content\/uploads\/2022\/06\/10-CASTILLO-DE-ALBALATE.png\" alt=\"carousel image\" \/><\/span><\/a><\/div><\/li><li class='item'><div class=\"carousel_item_holder\"><a itemprop='url' href='https:\/\/festivalesdeloscastillos.es\/2022\/programacion\/castillo-de-monzon\/' target='_self'><span class='first_image_holder has_hover_image'><img itemprop=\"image\" src=\"https:\/\/festivalesdeloscastillos.es\/2022\/wp-content\/uploads\/2022\/07\/11-CASTILLO-DE-MONZON-1.png\" alt=\"carousel image\" \/><\/span><span class='second_image_holder has_hover_image'><img itemprop=\"image\" src=\"https:\/\/festivalesdeloscastillos.es\/2022\/wp-content\/uploads\/2022\/07\/11-CASTILLO-DE-MONZON-1.png\" alt=\"carousel image\" \/><\/span><\/a><\/div><\/li><li class='item'><div class=\"carousel_item_holder\"><a itemprop='url' href='https:\/\/festivalesdeloscastillos.es\/2022\/programacion\/castillo-de-fraga\/' target='_self'><span class='first_image_holder has_hover_image'><img itemprop=\"image\" src=\"https:\/\/festivalesdeloscastillos.es\/2022\/wp-content\/uploads\/2022\/06\/12-CASTILLO-DE-FRAGA.png\" alt=\"carousel image\" \/><\/span><span class='second_image_holder has_hover_image'><img itemprop=\"image\" src=\"https:\/\/festivalesdeloscastillos.es\/2022\/wp-content\/uploads\/2022\/06\/12-CASTILLO-DE-FRAGA.png\" alt=\"carousel image\" \/><\/span><\/a><\/div><\/li><\/ul><\/div><\/div>[\/vc_column][\/vc_row][vc_row css_animation=\u00bb\u00bb row_type=\u00bbrow\u00bb use_row_as_full_screen_section=\u00bbno\u00bb type=\u00bbgrid\u00bb angled_section=\u00bbno\u00bb text_align=\u00bbleft\u00bb background_image_as_pattern=\u00bbwithout_pattern\u00bb z_index=\u00bb\u00bb css=\u00bb.vc_custom_1654939748570{margin-top: -10% !important;padding-top: 120px !important;padding-bottom: 80px !important;background-color: #ededed !important;background-position: 0 0 !important;background-repeat: repeat !important;}\u00bb][vc_column width=\u00bb3\/5&#8243;][vc_empty_space height=\u00bb60px\u00bb][\/vc_column][vc_column width=\u00bb2\/5&#8243;][vc_empty_space height=\u00bb60px\u00bb][\/vc_column][\/vc_row]<\/p>\n","protected":false},"excerpt":{"rendered":"<p>[vc_row css_animation=\u00bb\u00bb row_type=\u00bbrow\u00bb use_row_as_full_screen_section=\u00bbno\u00bb type=\u00bbgrid\u00bb angled_section=\u00bbno\u00bb text_align=\u00bbleft\u00bb background_image_as_pattern=\u00bbwithout_pattern\u00bb z_index=\u00bb\u00bb css=\u00bb.vc_custom_1654935623368{padding-top: 30px !important;padding-right: 15% !important;padding-bottom: -25% !important;padding-left: 15% !important;background-image: url(https:\/\/festivalesdeloscastillos.es\/2022\/wp-content\/uploads\/2022\/06\/background-lines-mancha-degradado.png?id=619) !important;}\u00bb el_class=\u00bbno-bckg-img-ipad\u00bb][vc_column width=\u00bb1\/2&#8243;][vc_empty_space height=\u00bb100px\u00bb][vc_column_text] 29 al 31 julio [\/vc_column_text][vc_column_text] Jarque de Moncayo [\/vc_column_text][vc_empty_space height=\u00bb40px\u00bb][vc_column_text] Entradas (1 funci\u00f3n):\u00a05\u20ac Abono (3 funciones): 10\u20ac Menores de 12 a\u00f1os: GRATIS&#8230;<\/p>\n","protected":false},"author":1,"featured_media":0,"parent":233,"menu_order":5,"comment_status":"closed","ping_status":"closed","template":"full_width.php","meta":[],"yoast_head":"<!-- This site is optimized with the Yoast SEO plugin v19.6 - https:\/\/yoast.com\/wordpress\/plugins\/seo\/ -->\n<title>Jarque de Moncayo - Festivales de los Castillos<\/title>\n<meta name=\"description\" content=\"Castillo Jarque de Moncayo: Festivales de los Castillos, festival de m\u00fasica, arte, teatro y danza con una amplia tradici\u00f3n y artistas.\" \/>\n<meta name=\"robots\" content=\"index, follow, max-snippet:-1, max-image-preview:large, max-video-preview:-1\" \/>\n<link rel=\"canonical\" href=\"https:\/\/festivalesdeloscastillos.es\/2022\/programacion\/castillo-de-jarque\/\" \/>\n<meta property=\"og:locale\" content=\"es_ES\" \/>\n<meta property=\"og:type\" content=\"article\" \/>\n<meta property=\"og:title\" content=\"Jarque de Moncayo - Festivales de los Castillos\" \/>\n<meta property=\"og:description\" content=\"Castillo Jarque de Moncayo: Festivales de los Castillos, festival de m\u00fasica, arte, teatro y danza con una amplia tradici\u00f3n y artistas.\" \/>\n<meta property=\"og:url\" content=\"https:\/\/festivalesdeloscastillos.es\/2022\/programacion\/castillo-de-jarque\/\" \/>\n<meta property=\"og:site_name\" content=\"Festivales de los Castillos\" \/>\n<meta property=\"article:modified_time\" content=\"2022-07-27T09:57:09+00:00\" \/>\n<meta name=\"twitter:card\" content=\"summary_large_image\" \/>\n<meta name=\"twitter:label1\" content=\"Tiempo de lectura\" \/>\n\t<meta name=\"twitter:data1\" content=\"5 minutos\" \/>\n<script type=\"application\/ld+json\" class=\"yoast-schema-graph\">{\"@context\":\"https:\/\/schema.org\",\"@graph\":[{\"@type\":\"WebPage\",\"@id\":\"https:\/\/festivalesdeloscastillos.es\/2022\/programacion\/castillo-de-jarque\/\",\"url\":\"https:\/\/festivalesdeloscastillos.es\/2022\/programacion\/castillo-de-jarque\/\",\"name\":\"Jarque de Moncayo - Festivales de los Castillos\",\"isPartOf\":{\"@id\":\"https:\/\/festivalesdeloscastillos.es\/2022\/#website\"},\"datePublished\":\"2022-06-13T11:14:13+00:00\",\"dateModified\":\"2022-07-27T09:57:09+00:00\",\"description\":\"Castillo Jarque de Moncayo: Festivales de los Castillos, festival de m\u00fasica, arte, teatro y danza con una amplia tradici\u00f3n y artistas.\",\"breadcrumb\":{\"@id\":\"https:\/\/festivalesdeloscastillos.es\/2022\/programacion\/castillo-de-jarque\/#breadcrumb\"},\"inLanguage\":\"es\",\"potentialAction\":[{\"@type\":\"ReadAction\",\"target\":[\"https:\/\/festivalesdeloscastillos.es\/2022\/programacion\/castillo-de-jarque\/\"]}]},{\"@type\":\"BreadcrumbList\",\"@id\":\"https:\/\/festivalesdeloscastillos.es\/2022\/programacion\/castillo-de-jarque\/#breadcrumb\",\"itemListElement\":[{\"@type\":\"ListItem\",\"position\":1,\"name\":\"Portada\",\"item\":\"https:\/\/festivalesdeloscastillos.es\/2022\/\"},{\"@type\":\"ListItem\",\"position\":2,\"name\":\"Programaci\u00f3n\",\"item\":\"https:\/\/festivalesdeloscastillos.es\/2022\/programacion\/\"},{\"@type\":\"ListItem\",\"position\":3,\"name\":\"Jarque de Moncayo\"}]},{\"@type\":\"WebSite\",\"@id\":\"https:\/\/festivalesdeloscastillos.es\/2022\/#website\",\"url\":\"https:\/\/festivalesdeloscastillos.es\/2022\/\",\"name\":\"Festivales de los Castillos\",\"description\":\"Festivales de los Castillos: artes esc\u00e9nicas y la m\u00fasica\",\"potentialAction\":[{\"@type\":\"SearchAction\",\"target\":{\"@type\":\"EntryPoint\",\"urlTemplate\":\"https:\/\/festivalesdeloscastillos.es\/2022\/?s={search_term_string}\"},\"query-input\":\"required name=search_term_string\"}],\"inLanguage\":\"es\"}]}<\/script>\n<!-- \/ Yoast SEO plugin. -->","yoast_head_json":{"title":"Jarque de Moncayo - Festivales de los Castillos","description":"Castillo Jarque de Moncayo: Festivales de los Castillos, festival de m\u00fasica, arte, teatro y danza con una amplia tradici\u00f3n y artistas.","robots":{"index":"index","follow":"follow","max-snippet":"max-snippet:-1","max-image-preview":"max-image-preview:large","max-video-preview":"max-video-preview:-1"},"canonical":"https:\/\/festivalesdeloscastillos.es\/2022\/programacion\/castillo-de-jarque\/","og_locale":"es_ES","og_type":"article","og_title":"Jarque de Moncayo - Festivales de los Castillos","og_description":"Castillo Jarque de Moncayo: Festivales de los Castillos, festival de m\u00fasica, arte, teatro y danza con una amplia tradici\u00f3n y artistas.","og_url":"https:\/\/festivalesdeloscastillos.es\/2022\/programacion\/castillo-de-jarque\/","og_site_name":"Festivales de los Castillos","article_modified_time":"2022-07-27T09:57:09+00:00","twitter_card":"summary_large_image","twitter_misc":{"Tiempo de lectura":"5 minutos"},"schema":{"@context":"https:\/\/schema.org","@graph":[{"@type":"WebPage","@id":"https:\/\/festivalesdeloscastillos.es\/2022\/programacion\/castillo-de-jarque\/","url":"https:\/\/festivalesdeloscastillos.es\/2022\/programacion\/castillo-de-jarque\/","name":"Jarque de Moncayo - Festivales de los Castillos","isPartOf":{"@id":"https:\/\/festivalesdeloscastillos.es\/2022\/#website"},"datePublished":"2022-06-13T11:14:13+00:00","dateModified":"2022-07-27T09:57:09+00:00","description":"Castillo Jarque de Moncayo: Festivales de los Castillos, festival de m\u00fasica, arte, teatro y danza con una amplia tradici\u00f3n y artistas.","breadcrumb":{"@id":"https:\/\/festivalesdeloscastillos.es\/2022\/programacion\/castillo-de-jarque\/#breadcrumb"},"inLanguage":"es","potentialAction":[{"@type":"ReadAction","target":["https:\/\/festivalesdeloscastillos.es\/2022\/programacion\/castillo-de-jarque\/"]}]},{"@type":"BreadcrumbList","@id":"https:\/\/festivalesdeloscastillos.es\/2022\/programacion\/castillo-de-jarque\/#breadcrumb","itemListElement":[{"@type":"ListItem","position":1,"name":"Portada","item":"https:\/\/festivalesdeloscastillos.es\/2022\/"},{"@type":"ListItem","position":2,"name":"Programaci\u00f3n","item":"https:\/\/festivalesdeloscastillos.es\/2022\/programacion\/"},{"@type":"ListItem","position":3,"name":"Jarque de Moncayo"}]},{"@type":"WebSite","@id":"https:\/\/festivalesdeloscastillos.es\/2022\/#website","url":"https:\/\/festivalesdeloscastillos.es\/2022\/","name":"Festivales de los Castillos","description":"Festivales de los Castillos: artes esc\u00e9nicas y la m\u00fasica","potentialAction":[{"@type":"SearchAction","target":{"@type":"EntryPoint","urlTemplate":"https:\/\/festivalesdeloscastillos.es\/2022\/?s={search_term_string}"},"query-input":"required name=search_term_string"}],"inLanguage":"es"}]}},"_links":{"self":[{"href":"https:\/\/festivalesdeloscastillos.es\/2022\/wp-json\/wp\/v2\/pages\/732"}],"collection":[{"href":"https:\/\/festivalesdeloscastillos.es\/2022\/wp-json\/wp\/v2\/pages"}],"about":[{"href":"https:\/\/festivalesdeloscastillos.es\/2022\/wp-json\/wp\/v2\/types\/page"}],"author":[{"embeddable":true,"href":"https:\/\/festivalesdeloscastillos.es\/2022\/wp-json\/wp\/v2\/users\/1"}],"replies":[{"embeddable":true,"href":"https:\/\/festivalesdeloscastillos.es\/2022\/wp-json\/wp\/v2\/comments?post=732"}],"version-history":[{"count":13,"href":"https:\/\/festivalesdeloscastillos.es\/2022\/wp-json\/wp\/v2\/pages\/732\/revisions"}],"predecessor-version":[{"id":1232,"href":"https:\/\/festivalesdeloscastillos.es\/2022\/wp-json\/wp\/v2\/pages\/732\/revisions\/1232"}],"up":[{"embeddable":true,"href":"https:\/\/festivalesdeloscastillos.es\/2022\/wp-json\/wp\/v2\/pages\/233"}],"wp:attachment":[{"href":"https:\/\/festivalesdeloscastillos.es\/2022\/wp-json\/wp\/v2\/media?parent=732"}],"curies":[{"name":"wp","href":"https:\/\/api.w.org\/{rel}","templated":true}]}}