{"id":725,"date":"2022-06-13T11:11:58","date_gmt":"2022-06-13T11:11:58","guid":{"rendered":"https:\/\/festivalesdeloscastillos.es\/?page_id=725"},"modified":"2022-08-22T08:10:34","modified_gmt":"2022-08-22T08:10:34","slug":"castillo-de-fraga","status":"publish","type":"page","link":"https:\/\/festivalesdeloscastillos.es\/2022\/programacion\/castillo-de-fraga\/","title":{"rendered":"Fraga"},"content":{"rendered":"<p>[vc_row css_animation=\u00bb\u00bb row_type=\u00bbrow\u00bb use_row_as_full_screen_section=\u00bbno\u00bb type=\u00bbgrid\u00bb angled_section=\u00bbno\u00bb text_align=\u00bbleft\u00bb background_image_as_pattern=\u00bbwithout_pattern\u00bb z_index=\u00bb\u00bb css=\u00bb.vc_custom_1654935623368{padding-top: 30px !important;padding-right: 15% !important;padding-bottom: -25% !important;padding-left: 15% !important;background-image: url(https:\/\/festivalesdeloscastillos.es\/2022\/wp-content\/uploads\/2022\/06\/background-lines-mancha-degradado.png?id=619) !important;}\u00bb el_class=\u00bbno-bckg-img-ipad\u00bb][vc_column width=\u00bb1\/2&#8243;][vc_empty_space height=\u00bb100px\u00bb][vc_column_text]<\/p>\n<h3>1 al 4 septiembre<\/h3>\n<p>[\/vc_column_text][vc_column_text]<\/p>\n<h1>Fraga<\/h1>\n<p>[\/vc_column_text][vc_empty_space height=\u00bb40px\u00bb][vc_column_text]<\/p>\n<p class=\"p1\"><span style=\"color: #333333;\"><strong>Entradas:<\/strong> Gratuito<\/span><\/p>\n<p>[\/vc_column_text][vc_empty_space height=\u00bb40px\u00bb]\n\n\t<a href=\"#\" target=\"_self\" style=\"color: #10181d;font-family: Vidaloka;font-size: 24px;font-weight: 400;text-transform: none;font-style: normal\" class=\"qode-btn qode-btn-medium qode-btn-simple qode-btn-custom-hover-color button-with-line qode-btn-default-hover\" data-hover-color=\"rgba(16,24,29,0.75)\" >\n\t    <span class=\"qode-btn-text\">Informaci\u00f3n tur\u00edstica<\/span>\t<\/a>\n\n[vc_empty_space height=\u00bb10px\u00bb]<a  itemprop=\"url\" href=\"https:\/\/festivalesdeloscastillos.es\/2022\/wp-content\/uploads\/2022\/06\/FRAGA.pdf\" target=\"_blank\" data-hover-background-color='#eae7da' data-hover-border-color='#eae7da' data-hover-color='#383838' class=\"qbutton  large center default\" style=\"color: #383838; border-color: #383838; margin: 10px 10px 10px 10px; background-color: rgba(0,0,0,0.01);\">VER INFORMACI\u00d3N<i class=\"qode_icon_font_awesome_5 fa5 fab fa-fort-awesome qode_button_icon_element\" style=\"color: #383838;\" ><\/i><\/a>[vc_empty_space height=\u00bb20px\u00bb][vc_empty_space height=\u00bb20px\u00bb][vc_empty_space height=\u00bb10px\u00bb][\/vc_column][vc_column width=\u00bb1\/2&#8243;][vc_single_image image=\u00bb1138&#8243; img_size=\u00bbfull\u00bb qode_css_animation=\u00bb\u00bb css=\u00bb.vc_custom_1656592662290{padding-top: 60px !important;}\u00bb][\/vc_column][\/vc_row][vc_row css_animation=\u00bbelement_from_left\u00bb row_type=\u00bbrow\u00bb use_row_as_full_screen_section=\u00bbno\u00bb type=\u00bbfull_width\u00bb angled_section=\u00bbno\u00bb text_align=\u00bbleft\u00bb background_image_as_pattern=\u00bbwithout_pattern\u00bb css=\u00bb.vc_custom_1654935640850{padding-top: 4% !important;padding-right: 14% !important;padding-bottom: 2% !important;padding-left: 14% !important;background-image: url(https:\/\/festivalesdeloscastillos.es\/2022\/wp-content\/uploads\/2018\/01\/background-lines.png?id=104) !important;}\u00bb z_index=\u00bb\u00bb][vc_column width=\u00bb1\/2&#8243;]<div class='image_hover ' style='' data-transition-delay=''><div class='images_holder'><img itemprop='image' class='active_image ' src='https:\/\/festivalesdeloscastillos.es\/2022\/wp-content\/uploads\/2022\/06\/ARTISTAS-CUADRADO-ESTIVALES-CASTILLOS-_0006_LE-PLATO\u0301-DE-TEATRO3.jpg' alt='' style='' \/><img itemprop='image' class='hover_image' src='https:\/\/festivalesdeloscastillos.es\/2022\/wp-content\/uploads\/2022\/06\/ARTISTAS-CUADRADO-ESTIVALES-CASTILLOS-_0005_LE-PLATO\u0301-DE-TEATRO.jpg' alt='' style='' \/><\/div><\/div>[\/vc_column][vc_column width=\u00bb1\/2&#8243;][vc_column_text css=\u00bb.vc_custom_1658336227659{padding-bottom: 10px !important;}\u00bb]<em>Jueves 1 de septiembre| 22:30 h. Lo Castell\u00a0<\/em>[\/vc_column_text][vc_column_text]<\/p>\n<h3 style=\"text-align: left;\">LE PLAT\u00d3 D\\\u2019 TEATRO: La noche y las estrellas<\/h3>\n<p>[\/vc_column_text][vc_empty_space height=\u00bb20px\u00bb][vc_row_inner row_type=\u00bbrow\u00bb use_as_box=\u00bbuse_row_as_box\u00bb type=\u00bbfull_width\u00bb text_align=\u00bbleft\u00bb css_animation=\u00bb\u00bb][vc_column_inner width=\u00bb1\/2&#8243;]<div class=\"custom_font_holder\" style=\"font-family: Roboto; font-size: 15px; line-height: 24px; font-style: normal; font-weight: 300; color: #3f3f3f; text-decoration: none; text-align: left;\"><strong>Modalidad:<\/strong> Teatro<br \/>\n<strong>Duraci\u00f3n:<\/strong> 80 min.<\/div>[\/vc_column_inner][vc_column_inner width=\u00bb1\/2&#8243;]<div class=\"custom_font_holder\" style=\"font-family: Roboto; font-size: 15px; line-height: 24px; font-style: normal; font-weight: 300; color: #3f3f3f; text-decoration: none; text-align: left;\"><strong>Autor:<\/strong> Rafael Campos<br \/>\n<strong>Tipo de p\u00fablico:<\/strong> Todos p\u00fablicos<\/div>[\/vc_column_inner][\/vc_row_inner][vc_empty_space height=\u00bb20px\u00bb][vc_column_text]<\/p>\n<p class=\"p1\"><span class=\"s1\">El d\u00fao de artistas se une en este espect\u00e1culo para dar conocer la identidad de su tierra haciendo un recorrido por sus m\u00fasicas populares, dances y jotas desde un punto de vista joven y contempor\u00e1neo, tratando de trasmitir al p\u00fablico las sensaciones de las \ufb01estas y tradiciones alto aragonesas. En forma de m\u00fasica y danza combinan lo detallado con lo improvisado, formando as\u00ed un t\u00e1ndem de car\u00e1cter festivo, pero con gui\u00f1os al pasado, a la dureza del campo y a sus diferentes mundos art\u00edsticos. \u201c\u2026Una deliciosa conversaci\u00f3n coreogra\ufb01ada en las que las palabras fueron sentimientos desatados en la comunicaci\u00f3n corporal de Pablo P\u00e9rez Alonso y en el delicioso ritmo y musicalidad exquisita de Alejandro Esperanza [\u2026] una fusi\u00f3n entre tradici\u00f3n y vanguardia que emocion\u00f3\u2026Todo un homenaje musical a las \ufb01estas que no han sido y la m\u00fasica y el arte acallados por un maldito virus\u201d \u2026..Carlos Naval. <\/span><\/p>\n<p class=\"p1\"><em><span class=\"s1\">Direcci\u00f3n: Rafael Campos Reparto: Blanca S\u00e1nchez, Claudia Siba, Carmen Mar\u00edn, Marissa Nolla <\/span><\/em><\/p>\n<p>[\/vc_column_text][\/vc_column][\/vc_row][vc_row css_animation=\u00bbelement_from_left\u00bb row_type=\u00bbrow\u00bb use_row_as_full_screen_section=\u00bbno\u00bb type=\u00bbfull_width\u00bb angled_section=\u00bbno\u00bb text_align=\u00bbleft\u00bb background_image_as_pattern=\u00bbwithout_pattern\u00bb css=\u00bb.vc_custom_1656066800020{padding-top: 2% !important;padding-right: 14% !important;padding-bottom: 2% !important;padding-left: 14% !important;background-image: url(https:\/\/festivalesdeloscastillos.es\/2022\/wp-content\/uploads\/2018\/01\/background-lines.png?id=104) !important;}\u00bb z_index=\u00bb\u00bb][vc_column width=\u00bb1\/2&#8243;][vc_column_text css=\u00bb.vc_custom_1656067336569{padding-bottom: 10px !important;}\u00bb]<\/p>\n<p style=\"text-align: right;\">Viernes 2 de septiembre | 22:30 h. Castillo. Exterior<\/p>\n<p>[\/vc_column_text][vc_column_text]<\/p>\n<h3 style=\"text-align: right;\">Decarneyhueso: El o\ufb01cio del mar<\/h3>\n<p>[\/vc_column_text][vc_empty_space height=\u00bb20px\u00bb][vc_row_inner row_type=\u00bbrow\u00bb use_as_box=\u00bbuse_row_as_box\u00bb type=\u00bbfull_width\u00bb text_align=\u00bbleft\u00bb css_animation=\u00bb\u00bb][vc_column_inner width=\u00bb1\/2&#8243;]<div class=\"custom_font_holder\" style=\"font-family: Roboto; font-size: 15px; line-height: 24px; font-style: normal; font-weight: 300; color: #3f3f3f; text-decoration: none; text-align: left;\">\n<p style=\"text-align: right;\"><strong>Modalidad:<\/strong> M\u00fasicas del mundo<br \/>\n<strong>Duraci\u00f3n:<\/strong> 80 min.<\/p>\n<\/div>[\/vc_column_inner][vc_column_inner width=\u00bb1\/2&#8243;]<div class=\"custom_font_holder\" style=\"font-family: Roboto; font-size: 15px; line-height: 24px; font-style: normal; font-weight: 300; color: #3f3f3f; text-decoration: none; text-align: left;\">\n<p style=\"text-align: right;\"><strong>Autor:<\/strong> Varios<br \/>\n<strong>Tipo de p\u00fablico:<\/strong> Todos p\u00fablicos<\/p>\n<\/div>[\/vc_column_inner][\/vc_row_inner][vc_empty_space height=\u00bb20px\u00bb][vc_column_text]<strong>Decarneyhueso<\/strong> llega a los Festivales de los Castillos de Fraga el viernes 2 de septiembre a las 22h30, banda liderada por el actor aragon\u00e9s Jorge Us\u00f3n.<br \/>\nM\u00fasica urbana con ra\u00edz en el folclore latinoame\u00adricano y mediterr\u00e1neo. Canci\u00f3n de autor con ecos de la canci\u00f3n popular. Transcriben el viaje y el paisaje intercalando poemas e historias durante los conciertos. Fusionan g\u00e9neros como la cumbia, la chacarera, el land\u00f3, el candombe, el bolero, el son, la samba, las alegr\u00edas o la rumba y a\u00f1aden pinceladas de hip-hop y electr\u00f3nica.<\/p>\n<p>Presentar\u00e1n su segundo \u00e1lbum <em><strong>El Oficio del Mar<\/strong><\/em>, grabado en su propio estudio, con un espec\u00adt\u00e1culo pensado a su medida. Han contado con la colaboraci\u00f3n de Ara Malikian y Pepe Rivero en tres de los siete temas que conforman el trabajo. En la producci\u00f3n musical repite con ellos Sebas\u00adti\u00e1n Merl\u00edn (Jorge Drexler, Rozal\u00e9n, Las Migas, Colectivo Panamera &#8230; ) esta vez en colaboraci\u00f3n con la propia banda.<\/p>\n<p>Su anterior disco <strong>Puse Mi Patria en el Vuelo<\/strong> arranc\u00f3 la gira en 2018 en el Festival Internacional de las Culturas Pirineos Sur y termin\u00f3 un a\u00f1o despu\u00e9s en el Teatro Espa\u00f1ol de Madrid con un lleno absoluto. Son habituales en las noches de la Sala Galileo Galilei de Madrid y han colaborado con artistas como Ara Malikian, Pepe Rivero, Mr. Kilombo, Peteco Carabajal, Carmen Par\u00eds, Blanca Portillo, Nam San (Habana Abierta), Joaqu\u00edn Reyes, Ernesto Sevilla, Fernando Egozcue o Carolina Yuste entre otros.<\/p>\n<p>FICHA ARTISTICA:<br \/>\nJORGE US\u00d3N: VOZ;\u00a0ARI\u00c1N SU\u00c1REZ: BAJO Y VOZ;\u00a0JES\u00daS GARRIDO: GUITARRAS, BOUZOUKI, CHARANGO, TECLADOS, Y VOZ;\u00a0FERNANDO FAVIER: BATER\u00cdA Y PERCUSI\u00d3N Y\u00a0BRUNO DUQUE: VIENTOS[\/vc_column_text][\/vc_column][vc_column width=\u00bb1\/2&#8243;]<div class='image_hover ' style='' data-transition-delay=''><div class='images_holder'><img itemprop='image' class='active_image ' src='https:\/\/festivalesdeloscastillos.es\/2022\/wp-content\/uploads\/2022\/06\/ARTISTAS-DESTACADOS-CUADRADO_0013_DECARNEYHUESO.jpg' alt='' style='' \/><img itemprop='image' class='hover_image' src='https:\/\/festivalesdeloscastillos.es\/2022\/wp-content\/uploads\/2022\/06\/ARTISTAS-DESTACADOS-CUADRADO-FRAGA_0002_Decarneyhueso.jpg' alt='' style='' \/><\/div><\/div>[\/vc_column][\/vc_row][vc_row css_animation=\u00bbelement_from_right\u00bb row_type=\u00bbrow\u00bb use_row_as_full_screen_section=\u00bbno\u00bb type=\u00bbfull_width\u00bb angled_section=\u00bbno\u00bb text_align=\u00bbleft\u00bb background_image_as_pattern=\u00bbwithout_pattern\u00bb css=\u00bb.vc_custom_1654876055861{padding-top: 2% !important;padding-right: 14% !important;padding-bottom: 2% !important;padding-left: 14% !important;background-image: url(https:\/\/festivalesdeloscastillos.es\/2022\/wp-content\/uploads\/2018\/01\/background-lines.png?id=104) !important;}\u00bb z_index=\u00bb\u00bb][vc_column width=\u00bb1\/2&#8243;]<div class='image_hover ' style='' data-transition-delay=''><div class='images_holder'><img itemprop='image' class='active_image ' src='https:\/\/festivalesdeloscastillos.es\/2022\/wp-content\/uploads\/2022\/08\/Dreamtime1-1.png' alt='' style='' \/><img itemprop='image' class='hover_image' src='https:\/\/festivalesdeloscastillos.es\/2022\/wp-content\/uploads\/2022\/08\/Dreamtime2.png' alt='' style='' \/><\/div><\/div>[\/vc_column][vc_column width=\u00bb1\/2&#8243;][vc_column_text css=\u00bb.vc_custom_1656067326725{padding-bottom: 10px !important;}\u00bb]<\/p>\n<p style=\"text-align: left;\">S\u00e1bado 3 de septiembre | 20:00 h. Castillo. Exterior<\/p>\n<p>[\/vc_column_text][vc_column_text]<\/p>\n<h3 style=\"text-align: left;\">LUIS TABUENCA: Dreamtime<\/h3>\n<p>[\/vc_column_text][vc_empty_space height=\u00bb20px\u00bb][vc_row_inner row_type=\u00bbrow\u00bb use_as_box=\u00bbuse_row_as_box\u00bb type=\u00bbfull_width\u00bb text_align=\u00bbleft\u00bb css_animation=\u00bb\u00bb][vc_column_inner width=\u00bb1\/2&#8243;]<div class=\"custom_font_holder\" style=\"font-family: Roboto; font-size: 15px; line-height: 24px; font-style: normal; font-weight: 300; color: #3f3f3f; text-decoration: none; text-align: left;\">\n<p style=\"text-align: left;\"><strong>Modalidad:<\/strong> \u00d3pera-performance<br \/>\n<strong>Duraci\u00f3n:<\/strong>\u00a060 min.<\/p>\n<\/div>[\/vc_column_inner][vc_column_inner width=\u00bb1\/2&#8243;]<div class=\"custom_font_holder\" style=\"font-family: Roboto; font-size: 15px; line-height: 24px; font-style: normal; font-weight: 300; color: #3f3f3f; text-decoration: none; text-align: left;\">\n<p style=\"text-align: left;\"><strong>Autor:<\/strong> Luis Tabuenca<br \/>\n<strong>Tipo de p\u00fablico:<\/strong> Todos p\u00fablicos<\/p>\n<\/div>[\/vc_column_inner][\/vc_row_inner][vc_empty_space height=\u00bb20px\u00bb][vc_column_text]<\/p>\n<p class=\"p1\" style=\"text-align: left;\"><span class=\"s1\">DREAMTIME, es una \u00f3pera-performance de nueva creaci\u00f3n para dos sopranos, percusi\u00f3n, danza, m\u00fasica electr\u00f3nica y video. Su libreto, escrito por el poeta angolano\/portugu\u00e9s Gon\u00e7alo Tavar\u00e9s, est\u00e1 basado en una selecci\u00f3n de sue\u00f1os realizados a trav\u00e9s de una convocatoria dirigida a artistas de diferentes disciplinas. <\/span><span class=\"s1\">La obra est\u00e1 concebida como una \u201chipnopera\u201d, un trabajo esc\u00e9nico transdisciplinar basado en los sue\u00f1os de una serie de personas. Es la segunda entrega de la trilog\u00eda Espejos de Luis Tabuenca. DREAMTIME tiene como \ufb01n explorar nuevas dramaturgias m\u00fasico-esc\u00e9nicas que rede\ufb01nan nuestra forma de contar y de contarnos. <\/span><span class=\"s1\">El proceso de creaci\u00f3n se est\u00e1 desarrollando en residencia art\u00edstica en la F\u00e1brica de Creaci\u00f3n Fabra i Coats de Barcelona.<\/span><\/p>\n<p>DREAMTIME es una coproducci\u00f3n de \u00d2pera de Butxaca i Nova Creaci\u00f3 de Barcelona, Producciones Volav\u00e9runt y F\u00e0brica de Creaci\u00f3 Fabra i Coats, con el apoyo de las becas \u2018Premis Barcelona 2020\u2019 y la campa\u00f1a de matchfunding Fabra i Coats-GOTEO.<\/p>\n<p class=\"p1\" style=\"text-align: left;\"><em><span class=\"s1\">Direcci\u00f3n: Luis Tabuenca<br \/>\n<\/span><span class=\"s1\">Int\u00e9rpretes: Adriana Aranda, Elia Genis, Noriko Koshida, Montse Sol\u00e1, Luis Tabuenca <\/span><\/em><\/p>\n<p>[\/vc_column_text][\/vc_column][\/vc_row][vc_row css_animation=\u00bbelement_from_left\u00bb row_type=\u00bbrow\u00bb use_row_as_full_screen_section=\u00bbno\u00bb type=\u00bbfull_width\u00bb angled_section=\u00bbno\u00bb text_align=\u00bbleft\u00bb background_image_as_pattern=\u00bbwithout_pattern\u00bb css=\u00bb.vc_custom_1654935640850{padding-top: 4% !important;padding-right: 14% !important;padding-bottom: 2% !important;padding-left: 14% !important;background-image: url(https:\/\/festivalesdeloscastillos.es\/2022\/wp-content\/uploads\/2018\/01\/background-lines.png?id=104) !important;}\u00bb z_index=\u00bb\u00bb][vc_column width=\u00bb1\/2&#8243;][vc_column_text css=\u00bb.vc_custom_1656067284827{padding-bottom: 10px !important;}\u00bb]<\/p>\n<p style=\"text-align: right;\">S\u00e1bado 3 de septiembre | 22:30 h. Castillo. Exterior<\/p>\n<p>[\/vc_column_text][vc_column_text]<\/p>\n<h3 style=\"text-align: right;\">B VOCAL: Vocalocuras<\/h3>\n<p>[\/vc_column_text][vc_empty_space height=\u00bb20px\u00bb][vc_row_inner row_type=\u00bbrow\u00bb use_as_box=\u00bbuse_row_as_box\u00bb type=\u00bbfull_width\u00bb text_align=\u00bbleft\u00bb css_animation=\u00bb\u00bb][vc_column_inner width=\u00bb1\/2&#8243;]<div class=\"custom_font_holder\" style=\"font-family: Roboto; font-size: 15px; line-height: 24px; font-style: normal; font-weight: 300; color: #3f3f3f; text-decoration: none; text-align: left;\">\n<p style=\"text-align: right;\"><strong>Modalidad:<\/strong> M\u00fasica y humor a capella<br \/>\n<strong>Duraci\u00f3n:<\/strong> 90 min.<\/p>\n<\/div>[\/vc_column_inner][vc_column_inner width=\u00bb1\/2&#8243;]<div class=\"custom_font_holder\" style=\"font-family: Roboto; font-size: 15px; line-height: 24px; font-style: normal; font-weight: 300; color: #3f3f3f; text-decoration: none; text-align: left;\">\n<p style=\"text-align: right;\"><strong>Autor:<\/strong> B vocal<br \/>\n<strong>Tipo de p\u00fablico:<\/strong> Todos p\u00fablicos<\/p>\n<\/div>[\/vc_column_inner][\/vc_row_inner][vc_empty_space height=\u00bb20px\u00bb][vc_column_text]<\/p>\n<p class=\"p1\" style=\"text-align: right;\"><span class=\"s1\">\u00bf\u2018A cappella\u2019 o \u2018a pelo\u2019? Quiz\u00e1 estos dos conceptos sean la misma cosa o quiz\u00e1 no. En cualquier caso no cabe duda de que lo esencial, la voz, es el \u00fanico elemento protagonista en este espect\u00e1culo del grupo que mejor transmite todas las emociones que provoca la m\u00fasica hecha sin instrumentos: b vocal. Tras m\u00e1s de dos d\u00e9cadas llevando su m\u00fasica por todo el mundo, con m\u00e1s de 40 giras realizadas en Asia y recibiendo premios y reconocimientos a su trayectoria en Estados Unidos, Espa\u00f1a, Austria y Rusia, el grupo a cappella espa\u00f1ol m\u00e1s internacional nos trae un espect\u00e1culo que profundiza en las ra\u00edces de la voz como herramienta para llegar al coraz\u00f3n del ser humano. Una propuesta art\u00edstica diferente, para todos los p\u00fablicos, en la que la m\u00fasica, la armo-n\u00eda, el humor, el virtuosismo y la espectacularidad de la puesta en escena captan la atenci\u00f3n del espectador de principio a \ufb01n. Por m\u00e1s que quieras permanecer indiferente, ser\u00e1 muy dif\u00edcil que te resistas a un espect\u00e1culo tan impactante y abierto, tan natural como la vida misma, en el que b vocal desviste por completo la m\u00fasica de arti\ufb01cios, para presentarla en su estado m\u00e1s puro. b vocal presenta un espect\u00e1culo puro, Al Natural, sin instrumentos a\u00f1adidos. Un show muy recomendable para tu salud. <\/span><\/p>\n<p class=\"p1\" style=\"text-align: right;\"><em><span class=\"s1\">Direcci\u00f3n: B vocal<br \/>\n<\/span><span class=\"s1\">M\u00fasicos: Alberto Marco, Ferm\u00edn Polo, Carlos Marco, Augusto Gonz\u00e1lez, Juan Luis Garc\u00eda\u00a0<\/span><\/em><\/p>\n<p>[\/vc_column_text][\/vc_column][vc_column width=\u00bb1\/2&#8243;]<div class='image_hover ' style='' data-transition-delay=''><div class='images_holder'><img itemprop='image' class='active_image ' src='https:\/\/festivalesdeloscastillos.es\/2022\/wp-content\/uploads\/2022\/06\/ARTISTAS-DESTACADOS-CUADRADO-BVOCAL2.jpg' alt='' style='' \/><img itemprop='image' class='hover_image' src='https:\/\/festivalesdeloscastillos.es\/2022\/wp-content\/uploads\/2022\/06\/ARTISTAS-DESTACADOS-CUADRADO_0002_BVOCAL-TAMARA-FESTIVALES-DE-LOS-CASTILLOS.jpg' alt='' style='' \/><\/div><\/div>[\/vc_column][\/vc_row][vc_row css_animation=\u00bbelement_from_right\u00bb row_type=\u00bbrow\u00bb use_row_as_full_screen_section=\u00bbno\u00bb type=\u00bbfull_width\u00bb angled_section=\u00bbno\u00bb text_align=\u00bbleft\u00bb background_image_as_pattern=\u00bbwithout_pattern\u00bb css=\u00bb.vc_custom_1654876055861{padding-top: 2% !important;padding-right: 14% !important;padding-bottom: 2% !important;padding-left: 14% !important;background-image: url(https:\/\/festivalesdeloscastillos.es\/2022\/wp-content\/uploads\/2018\/01\/background-lines.png?id=104) !important;}\u00bb z_index=\u00bb\u00bb][vc_column width=\u00bb1\/2&#8243;]<div class='image_hover ' style='' data-transition-delay=''><div class='images_holder'><img itemprop='image' class='active_image ' src='https:\/\/festivalesdeloscastillos.es\/2022\/wp-content\/uploads\/2022\/06\/ARTISTAS-CUADRADO-ESTIVALES-CASTILLOS-_0000_Ariadna-Insomnia.jpg' alt='' style='' \/><img itemprop='image' class='hover_image' src='https:\/\/festivalesdeloscastillos.es\/2022\/wp-content\/uploads\/2022\/06\/ARTISTAS-CUADRADO-ESTIVALES-CASTILLOS-_0001_Insomnia4.jpg' alt='' style='' \/><\/div><\/div>[\/vc_column][vc_column width=\u00bb1\/2&#8243;][vc_column_text css=\u00bb.vc_custom_1656067243201{padding-bottom: 10px !important;}\u00bb]<\/p>\n<p style=\"text-align: left;\">Domingo 4 de septiembre | 20:00 h. Castillo. Exterior<\/p>\n<p>[\/vc_column_text][vc_column_text]<\/p>\n<h3 style=\"text-align: left;\">LOS D\u00cdAS DE PEN\u00c9LOPE: Insomnia<\/h3>\n<p>[\/vc_column_text][vc_empty_space height=\u00bb20px\u00bb][vc_row_inner row_type=\u00bbrow\u00bb use_as_box=\u00bbuse_row_as_box\u00bb type=\u00bbfull_width\u00bb text_align=\u00bbleft\u00bb css_animation=\u00bb\u00bb][vc_column_inner width=\u00bb1\/2&#8243;]<div class=\"custom_font_holder\" style=\"font-family: Roboto; font-size: 15px; line-height: 24px; font-style: normal; font-weight: 300; color: #3f3f3f; text-decoration: none; text-align: left;\">\n<p style=\"text-align: left;\"><strong>Modalidad:<\/strong> Danza<br \/>\n<strong>Duraci\u00f3n:<\/strong> 20 min.<\/p>\n<\/div>[\/vc_column_inner][vc_column_inner width=\u00bb1\/2&#8243;]<div class=\"custom_font_holder\" style=\"font-family: Roboto; font-size: 15px; line-height: 24px; font-style: normal; font-weight: 300; color: #3f3f3f; text-decoration: none; text-align: left;\">\n<p style=\"text-align: left;\"><strong>Autora:<\/strong> Ingrid Magriny\u00e0<br \/>\n<strong>Tipo de p\u00fablico:<\/strong> Todos p\u00fablicos<\/p>\n<\/div>[\/vc_column_inner][\/vc_row_inner][vc_empty_space height=\u00bb20px\u00bb][vc_column_text]<\/p>\n<p class=\"p1\" style=\"text-align: left;\"><span class=\"s1\">Algunos maestros del Barroco dijeron que el baile, la danza, deb\u00eda ser un re\ufb02ejo de los movimientos de los cuerpos celestes. En el escenario dos cuerpos se mueven, se circundan, se abrazan y mueven el espacio. <\/span><\/p>\n<p class=\"p1\" style=\"text-align: left;\"><span class=\"s1\">Las Variaciones Goldberg nos transportan a la vetusta vocaci\u00f3n doble del Barroco de arte y ciencia, o n\u00facleo del quadrivium medieval, en compa\u00f1\u00eda de la astronom\u00eda, la aritm\u00e9tica y la geometr\u00eda, de la mano de J. S. Bach. Dos bailarinas se abrazan en este universo, en una espiral insomne, a la notaci\u00f3n de la m\u00fasica, a sus armon\u00edas, a su tempo.\u00a0<\/span><\/p>\n<p class=\"p1\" style=\"text-align: left;\"><em><span class=\"s1\">Coreograf\u00eda: Ingrid Magriny\u00e0<br \/>\n<\/span><span class=\"s1\">Int\u00e9rpretes: Ariadna Lluss\u00e0, Ingrid Magriny\u00e0\u00a0<\/span><\/em><\/p>\n<p>[\/vc_column_text][\/vc_column][\/vc_row][vc_row css_animation=\u00bbelement_from_left\u00bb row_type=\u00bbrow\u00bb use_row_as_full_screen_section=\u00bbno\u00bb type=\u00bbfull_width\u00bb angled_section=\u00bbno\u00bb text_align=\u00bbleft\u00bb background_image_as_pattern=\u00bbwithout_pattern\u00bb css=\u00bb.vc_custom_1654935640850{padding-top: 4% !important;padding-right: 14% !important;padding-bottom: 2% !important;padding-left: 14% !important;background-image: url(https:\/\/festivalesdeloscastillos.es\/2022\/wp-content\/uploads\/2018\/01\/background-lines.png?id=104) !important;}\u00bb z_index=\u00bb\u00bb][vc_column width=\u00bb1\/2&#8243;][vc_column_text css=\u00bb.vc_custom_1656067198257{padding-bottom: 10px !important;}\u00bb]<\/p>\n<p style=\"text-align: right;\">Domingo 4 de septiembre | 20:30 h. Castillo. Exterior<\/p>\n<p>[\/vc_column_text][vc_column_text]<\/p>\n<h3 style=\"text-align: right;\">TEATRO IMAGINARIO: Amor en veinte poemas<\/h3>\n<p>[\/vc_column_text][vc_empty_space height=\u00bb20px\u00bb][vc_row_inner row_type=\u00bbrow\u00bb use_as_box=\u00bbuse_row_as_box\u00bb type=\u00bbfull_width\u00bb text_align=\u00bbleft\u00bb css_animation=\u00bb\u00bb][vc_column_inner width=\u00bb1\/2&#8243;]<div class=\"custom_font_holder\" style=\"font-family: Roboto; font-size: 15px; line-height: 24px; font-style: normal; font-weight: 300; color: #3f3f3f; text-decoration: none; text-align: left;\">\n<p style=\"text-align: right;\"><strong>Modalidad:<\/strong> Teatro, m\u00fasica y danza<br \/>\n<strong>Duraci\u00f3n:<\/strong> 90 min.<\/p>\n<\/div>[\/vc_column_inner][vc_column_inner width=\u00bb1\/2&#8243;]<div class=\"custom_font_holder\" style=\"font-family: Roboto; font-size: 15px; line-height: 24px; font-style: normal; font-weight: 300; color: #3f3f3f; text-decoration: none; text-align: left;\">\n<p style=\"text-align: right;\"><strong>Autor:<\/strong> Alfonso Desentre<br \/>\n<strong>Tipo de p\u00fablico:<\/strong> Todos p\u00fablicos<\/p>\n<\/div>[\/vc_column_inner][\/vc_row_inner][vc_empty_space height=\u00bb20px\u00bb][vc_column_text]<\/p>\n<p class=\"p1\" style=\"text-align: right;\"><span class=\"s1\">Un paseo por la mejor poes\u00eda amorosa en castellano, que a\u00fana la belleza de la<span class=\"Apple-converted-space\">\u00a0 <\/span>palabra con la m\u00fasica de cuerda en directo y la danza a\u00e9rea. Un<span class=\"Apple-converted-space\">\u00a0 <\/span>delicioso<span class=\"Apple-converted-space\">\u00a0 <\/span>y emotivo placer para los<span class=\"Apple-converted-space\">\u00a0 <\/span>sentidos, que nos habla del amor, el dolor o el deseo,<span class=\"Apple-converted-space\">\u00a0 <\/span>de mujeres y hombres a otros hombres y mujeres, amor diverso y atemporal. <\/span><span class=\"s1\">Amor en tiempos de distancia y de crispaci\u00f3n. Poes\u00eda para todos.\u00a0<\/span><\/p>\n<p class=\"p1\" style=\"text-align: right;\"><em><span class=\"s1\">Direcci\u00f3n: Alfonso Desentre Int\u00e9rpretes: M\u00aa Jos\u00e9 Pardo, Antonio Mozota, Elva Trull\u00e9n, Alfonso Desentre.<\/span><\/em><\/p>\n<p>[\/vc_column_text][\/vc_column][vc_column width=\u00bb1\/2&#8243;]<div class='image_hover ' style='' data-transition-delay=''><div class='images_holder'><img itemprop='image' class='active_image ' src='https:\/\/festivalesdeloscastillos.es\/2022\/wp-content\/uploads\/2022\/06\/ARTISTAS-DESTACADOS-CUADRADO-FRAGA_0003_20POEMAS2-FRAGA.jpg' alt='' style='' \/><img itemprop='image' class='hover_image' src='https:\/\/festivalesdeloscastillos.es\/2022\/wp-content\/uploads\/2022\/06\/ARTISTAS-DESTACADOS-CUADRADO-FRAGA_0004_20POEMAS-FRAGA.jpg' alt='' style='' \/><\/div><\/div>[\/vc_column][\/vc_row][vc_row css_animation=\u00bb\u00bb row_type=\u00bbrow\u00bb use_row_as_full_screen_section=\u00bbno\u00bb type=\u00bbfull_width\u00bb angled_section=\u00bbno\u00bb text_align=\u00bbleft\u00bb background_image_as_pattern=\u00bbwithout_pattern\u00bb css=\u00bb.vc_custom_1654939189125{padding-top: 100px !important;padding-right: 8% !important;padding-left: 8% !important;background-image: url(https:\/\/festivalesdeloscastillos.es\/2022\/wp-content\/uploads\/2018\/01\/background-lines.png?id=104) !important;}\u00bb z_index=\u00bb\u00bb el_class=\u00bbno-bckg-img-ipad\u00bb][vc_column][vc_column_text css=\u00bb.vc_custom_1654939040389{padding-bottom: 18px !important;}\u00bb]<\/p>\n<h3 style=\"text-align: center;\">\u00bfConoces el resto de Castillos?<\/h3>\n<p>[\/vc_column_text]<div class='qode_carousels_holder clearfix'><div class='qode_carousels' data-number-of-visible-items=''><ul class='slides'><li class='item'><div class=\"carousel_item_holder\"><a itemprop='url' href='https:\/\/festivalesdeloscastillos.es\/2022\/programacion\/castillo-de-grisel\/' target='_self'><span class='first_image_holder has_hover_image'><img itemprop=\"image\" src=\"https:\/\/festivalesdeloscastillos.es\/2022\/wp-content\/uploads\/2022\/06\/01-CASTILLO-DE-GRISEL.png\" alt=\"carousel image\" \/><\/span><span class='second_image_holder has_hover_image'><img itemprop=\"image\" src=\"https:\/\/festivalesdeloscastillos.es\/2022\/wp-content\/uploads\/2022\/06\/01-CASTILLO-DE-GRISEL.png\" alt=\"carousel image\" \/><\/span><\/a><\/div><\/li><li class='item'><div class=\"carousel_item_holder\"><a itemprop='url' href='https:\/\/festivalesdeloscastillos.es\/2022\/programacion\/castillo-de-illueca\/' target='_self'><span class='first_image_holder has_hover_image'><img itemprop=\"image\" src=\"https:\/\/festivalesdeloscastillos.es\/2022\/wp-content\/uploads\/2022\/06\/02-CASTILLO-DE-ILLUECA.png\" alt=\"carousel image\" \/><\/span><span class='second_image_holder has_hover_image'><img itemprop=\"image\" src=\"https:\/\/festivalesdeloscastillos.es\/2022\/wp-content\/uploads\/2022\/06\/02-CASTILLO-DE-ILLUECA.png\" alt=\"carousel image\" \/><\/span><\/a><\/div><\/li><li class='item'><div class=\"carousel_item_holder\"><a itemprop='url' href='https:\/\/festivalesdeloscastillos.es\/2022\/programacion\/castillo-de-alfajarin\/' target='_self'><span class='first_image_holder has_hover_image'><img itemprop=\"image\" src=\"https:\/\/festivalesdeloscastillos.es\/2022\/wp-content\/uploads\/2022\/06\/03-CASTILLO-DE-ALFAJARIN.png\" alt=\"carousel image\" \/><\/span><span class='second_image_holder has_hover_image'><img itemprop=\"image\" src=\"https:\/\/festivalesdeloscastillos.es\/2022\/wp-content\/uploads\/2022\/06\/03-CASTILLO-DE-ALFAJARIN.png\" alt=\"carousel image\" \/><\/span><\/a><\/div><\/li><li class='item'><div class=\"carousel_item_holder\"><a itemprop='url' href='https:\/\/festivalesdeloscastillos.es\/2022\/programacion\/castillo-de-mesones-isuela\/' target='_self'><span class='first_image_holder has_hover_image'><img itemprop=\"image\" src=\"https:\/\/festivalesdeloscastillos.es\/2022\/wp-content\/uploads\/2022\/06\/04-CASTILLO-DE-MESONES.png\" alt=\"carousel image\" \/><\/span><span class='second_image_holder has_hover_image'><img itemprop=\"image\" src=\"https:\/\/festivalesdeloscastillos.es\/2022\/wp-content\/uploads\/2022\/06\/04-CASTILLO-DE-MESONES.png\" alt=\"carousel image\" \/><\/span><\/a><\/div><\/li><li class='item'><div class=\"carousel_item_holder\"><a itemprop='url' href='https:\/\/festivalesdeloscastillos.es\/2022\/programacion\/castillo-de-jarque\/' target='_self'><span class='first_image_holder has_hover_image'><img itemprop=\"image\" src=\"https:\/\/festivalesdeloscastillos.es\/2022\/wp-content\/uploads\/2022\/06\/05-CASTILLO-DE-JARQUE.png\" alt=\"carousel image\" \/><\/span><span class='second_image_holder has_hover_image'><img itemprop=\"image\" src=\"https:\/\/festivalesdeloscastillos.es\/2022\/wp-content\/uploads\/2022\/06\/05-CASTILLO-DE-JARQUE.png\" alt=\"carousel image\" \/><\/span><\/a><\/div><\/li><li class='item'><div class=\"carousel_item_holder\"><a itemprop='url' href='https:\/\/festivalesdeloscastillos.es\/2022\/programacion\/castillo-de-valderrobres\/' target='_self'><span class='first_image_holder has_hover_image'><img itemprop=\"image\" src=\"https:\/\/festivalesdeloscastillos.es\/2022\/wp-content\/uploads\/2022\/06\/06-CASTILLO-DE-VALDERROBRES.png\" alt=\"carousel image\" \/><\/span><span class='second_image_holder has_hover_image'><img itemprop=\"image\" src=\"https:\/\/festivalesdeloscastillos.es\/2022\/wp-content\/uploads\/2022\/06\/06-CASTILLO-DE-VALDERROBRES.png\" alt=\"carousel image\" \/><\/span><\/a><\/div><\/li><li class='item'><div class=\"carousel_item_holder\"><a itemprop='url' href='https:\/\/festivalesdeloscastillos.es\/2022\/programacion\/castillo-de-san-agustin\/' target='_self'><span class='first_image_holder has_hover_image'><img itemprop=\"image\" src=\"https:\/\/festivalesdeloscastillos.es\/2022\/wp-content\/uploads\/2022\/06\/07-CASTILLO-DE-SAN-AGUSTIN.png\" alt=\"carousel image\" \/><\/span><span class='second_image_holder has_hover_image'><img itemprop=\"image\" src=\"https:\/\/festivalesdeloscastillos.es\/2022\/wp-content\/uploads\/2022\/06\/07-CASTILLO-DE-SAN-AGUSTIN.png\" alt=\"carousel image\" \/><\/span><\/a><\/div><\/li><li class='item'><div class=\"carousel_item_holder\"><a itemprop='url' href='https:\/\/festivalesdeloscastillos.es\/2022\/programacion\/castillo-de-sadaba\/' target='_self'><span class='first_image_holder has_hover_image'><img itemprop=\"image\" src=\"https:\/\/festivalesdeloscastillos.es\/2022\/wp-content\/uploads\/2022\/07\/08-CASTILLO-DE-SADABA.png\" alt=\"carousel image\" \/><\/span><span class='second_image_holder has_hover_image'><img itemprop=\"image\" src=\"https:\/\/festivalesdeloscastillos.es\/2022\/wp-content\/uploads\/2022\/07\/08-CASTILLO-DE-SADABA.png\" alt=\"carousel image\" \/><\/span><\/a><\/div><\/li><li class='item'><div class=\"carousel_item_holder\"><a itemprop='url' href='https:\/\/festivalesdeloscastillos.es\/2022\/programacion\/puerta-al-mediterraneo\/' target='_self'><span class='first_image_holder has_hover_image'><img itemprop=\"image\" src=\"https:\/\/festivalesdeloscastillos.es\/2022\/wp-content\/uploads\/2022\/06\/09-PUERTA-AL-MEDITERRANEO.png\" alt=\"carousel image\" \/><\/span><span class='second_image_holder has_hover_image'><img itemprop=\"image\" src=\"https:\/\/festivalesdeloscastillos.es\/2022\/wp-content\/uploads\/2022\/06\/09-PUERTA-AL-MEDITERRANEO.png\" alt=\"carousel image\" \/><\/span><\/a><\/div><\/li><li class='item'><div class=\"carousel_item_holder\"><a itemprop='url' href='https:\/\/festivalesdeloscastillos.es\/2022\/programacion\/castillo-albalate-del-arzobispo\/' target='_self'><span class='first_image_holder has_hover_image'><img itemprop=\"image\" src=\"https:\/\/festivalesdeloscastillos.es\/2022\/wp-content\/uploads\/2022\/06\/10-CASTILLO-DE-ALBALATE.png\" alt=\"carousel image\" \/><\/span><span class='second_image_holder has_hover_image'><img itemprop=\"image\" src=\"https:\/\/festivalesdeloscastillos.es\/2022\/wp-content\/uploads\/2022\/06\/10-CASTILLO-DE-ALBALATE.png\" alt=\"carousel image\" \/><\/span><\/a><\/div><\/li><li class='item'><div class=\"carousel_item_holder\"><a itemprop='url' href='https:\/\/festivalesdeloscastillos.es\/2022\/programacion\/castillo-de-monzon\/' target='_self'><span class='first_image_holder has_hover_image'><img itemprop=\"image\" src=\"https:\/\/festivalesdeloscastillos.es\/2022\/wp-content\/uploads\/2022\/07\/11-CASTILLO-DE-MONZON-1.png\" alt=\"carousel image\" \/><\/span><span class='second_image_holder has_hover_image'><img itemprop=\"image\" src=\"https:\/\/festivalesdeloscastillos.es\/2022\/wp-content\/uploads\/2022\/07\/11-CASTILLO-DE-MONZON-1.png\" alt=\"carousel image\" \/><\/span><\/a><\/div><\/li><li class='item'><div class=\"carousel_item_holder\"><a itemprop='url' href='https:\/\/festivalesdeloscastillos.es\/2022\/programacion\/castillo-de-fraga\/' target='_self'><span class='first_image_holder has_hover_image'><img itemprop=\"image\" src=\"https:\/\/festivalesdeloscastillos.es\/2022\/wp-content\/uploads\/2022\/06\/12-CASTILLO-DE-FRAGA.png\" alt=\"carousel image\" \/><\/span><span class='second_image_holder has_hover_image'><img itemprop=\"image\" src=\"https:\/\/festivalesdeloscastillos.es\/2022\/wp-content\/uploads\/2022\/06\/12-CASTILLO-DE-FRAGA.png\" alt=\"carousel image\" \/><\/span><\/a><\/div><\/li><\/ul><\/div><\/div>[\/vc_column][\/vc_row][vc_row css_animation=\u00bb\u00bb row_type=\u00bbrow\u00bb use_row_as_full_screen_section=\u00bbno\u00bb type=\u00bbgrid\u00bb angled_section=\u00bbno\u00bb text_align=\u00bbleft\u00bb background_image_as_pattern=\u00bbwithout_pattern\u00bb z_index=\u00bb\u00bb css=\u00bb.vc_custom_1654939748570{margin-top: -10% !important;padding-top: 120px !important;padding-bottom: 80px !important;background-color: #ededed !important;background-position: 0 0 !important;background-repeat: repeat !important;}\u00bb][vc_column width=\u00bb3\/5&#8243;][vc_empty_space height=\u00bb60px\u00bb][\/vc_column][vc_column width=\u00bb2\/5&#8243;][vc_empty_space height=\u00bb60px\u00bb][\/vc_column][\/vc_row]<\/p>\n","protected":false},"excerpt":{"rendered":"<p>[vc_row css_animation=\u00bb\u00bb row_type=\u00bbrow\u00bb use_row_as_full_screen_section=\u00bbno\u00bb type=\u00bbgrid\u00bb angled_section=\u00bbno\u00bb text_align=\u00bbleft\u00bb background_image_as_pattern=\u00bbwithout_pattern\u00bb z_index=\u00bb\u00bb css=\u00bb.vc_custom_1654935623368{padding-top: 30px !important;padding-right: 15% !important;padding-bottom: -25% !important;padding-left: 15% !important;background-image: url(https:\/\/festivalesdeloscastillos.es\/2022\/wp-content\/uploads\/2022\/06\/background-lines-mancha-degradado.png?id=619) !important;}\u00bb el_class=\u00bbno-bckg-img-ipad\u00bb][vc_column width=\u00bb1\/2&#8243;][vc_empty_space height=\u00bb100px\u00bb][vc_column_text] 1 al 4 septiembre [\/vc_column_text][vc_column_text] Fraga [\/vc_column_text][vc_empty_space height=\u00bb40px\u00bb][vc_column_text] Entradas: Gratuito [\/vc_column_text][vc_empty_space height=\u00bb40px\u00bb][vc_empty_space height=\u00bb10px\u00bb][vc_empty_space height=\u00bb20px\u00bb][vc_empty_space height=\u00bb20px\u00bb][vc_empty_space height=\u00bb10px\u00bb][\/vc_column][vc_column width=\u00bb1\/2&#8243;][vc_single_image image=\u00bb1138&#8243; img_size=\u00bbfull\u00bb qode_css_animation=\u00bb\u00bb css=\u00bb.vc_custom_1656592662290{padding-top: 60px&#8230;<\/p>\n","protected":false},"author":1,"featured_media":0,"parent":233,"menu_order":12,"comment_status":"closed","ping_status":"closed","template":"full_width.php","meta":[],"yoast_head":"<!-- This site is optimized with the Yoast SEO plugin v19.6 - https:\/\/yoast.com\/wordpress\/plugins\/seo\/ -->\n<title>Fraga - Festivales de los Castillos<\/title>\n<meta name=\"description\" content=\"Castillo de Fraga: Festivales de los Castillos, festival de m\u00fasica, arte, teatro y danza con una amplia tradici\u00f3n y artistas.\" \/>\n<meta name=\"robots\" content=\"index, follow, max-snippet:-1, max-image-preview:large, max-video-preview:-1\" \/>\n<link rel=\"canonical\" href=\"https:\/\/festivalesdeloscastillos.es\/2022\/programacion\/castillo-de-fraga\/\" \/>\n<meta property=\"og:locale\" content=\"es_ES\" \/>\n<meta property=\"og:type\" content=\"article\" \/>\n<meta property=\"og:title\" content=\"Fraga - Festivales de los Castillos\" \/>\n<meta property=\"og:description\" content=\"Castillo de Fraga: Festivales de los Castillos, festival de m\u00fasica, arte, teatro y danza con una amplia tradici\u00f3n y artistas.\" \/>\n<meta property=\"og:url\" content=\"https:\/\/festivalesdeloscastillos.es\/2022\/programacion\/castillo-de-fraga\/\" \/>\n<meta property=\"og:site_name\" content=\"Festivales de los Castillos\" \/>\n<meta property=\"article:modified_time\" content=\"2022-08-22T08:10:34+00:00\" \/>\n<meta name=\"twitter:card\" content=\"summary_large_image\" \/>\n<meta name=\"twitter:label1\" content=\"Tiempo de lectura\" \/>\n\t<meta name=\"twitter:data1\" content=\"7 minutos\" \/>\n<script type=\"application\/ld+json\" class=\"yoast-schema-graph\">{\"@context\":\"https:\/\/schema.org\",\"@graph\":[{\"@type\":\"WebPage\",\"@id\":\"https:\/\/festivalesdeloscastillos.es\/2022\/programacion\/castillo-de-fraga\/\",\"url\":\"https:\/\/festivalesdeloscastillos.es\/2022\/programacion\/castillo-de-fraga\/\",\"name\":\"Fraga - Festivales de los Castillos\",\"isPartOf\":{\"@id\":\"https:\/\/festivalesdeloscastillos.es\/2022\/#website\"},\"datePublished\":\"2022-06-13T11:11:58+00:00\",\"dateModified\":\"2022-08-22T08:10:34+00:00\",\"description\":\"Castillo de Fraga: Festivales de los Castillos, festival de m\u00fasica, arte, teatro y danza con una amplia tradici\u00f3n y artistas.\",\"breadcrumb\":{\"@id\":\"https:\/\/festivalesdeloscastillos.es\/2022\/programacion\/castillo-de-fraga\/#breadcrumb\"},\"inLanguage\":\"es\",\"potentialAction\":[{\"@type\":\"ReadAction\",\"target\":[\"https:\/\/festivalesdeloscastillos.es\/2022\/programacion\/castillo-de-fraga\/\"]}]},{\"@type\":\"BreadcrumbList\",\"@id\":\"https:\/\/festivalesdeloscastillos.es\/2022\/programacion\/castillo-de-fraga\/#breadcrumb\",\"itemListElement\":[{\"@type\":\"ListItem\",\"position\":1,\"name\":\"Portada\",\"item\":\"https:\/\/festivalesdeloscastillos.es\/2022\/\"},{\"@type\":\"ListItem\",\"position\":2,\"name\":\"Programaci\u00f3n\",\"item\":\"https:\/\/festivalesdeloscastillos.es\/2022\/programacion\/\"},{\"@type\":\"ListItem\",\"position\":3,\"name\":\"Fraga\"}]},{\"@type\":\"WebSite\",\"@id\":\"https:\/\/festivalesdeloscastillos.es\/2022\/#website\",\"url\":\"https:\/\/festivalesdeloscastillos.es\/2022\/\",\"name\":\"Festivales de los Castillos\",\"description\":\"Festivales de los Castillos: artes esc\u00e9nicas y la m\u00fasica\",\"potentialAction\":[{\"@type\":\"SearchAction\",\"target\":{\"@type\":\"EntryPoint\",\"urlTemplate\":\"https:\/\/festivalesdeloscastillos.es\/2022\/?s={search_term_string}\"},\"query-input\":\"required name=search_term_string\"}],\"inLanguage\":\"es\"}]}<\/script>\n<!-- \/ Yoast SEO plugin. -->","yoast_head_json":{"title":"Fraga - Festivales de los Castillos","description":"Castillo de Fraga: Festivales de los Castillos, festival de m\u00fasica, arte, teatro y danza con una amplia tradici\u00f3n y artistas.","robots":{"index":"index","follow":"follow","max-snippet":"max-snippet:-1","max-image-preview":"max-image-preview:large","max-video-preview":"max-video-preview:-1"},"canonical":"https:\/\/festivalesdeloscastillos.es\/2022\/programacion\/castillo-de-fraga\/","og_locale":"es_ES","og_type":"article","og_title":"Fraga - Festivales de los Castillos","og_description":"Castillo de Fraga: Festivales de los Castillos, festival de m\u00fasica, arte, teatro y danza con una amplia tradici\u00f3n y artistas.","og_url":"https:\/\/festivalesdeloscastillos.es\/2022\/programacion\/castillo-de-fraga\/","og_site_name":"Festivales de los Castillos","article_modified_time":"2022-08-22T08:10:34+00:00","twitter_card":"summary_large_image","twitter_misc":{"Tiempo de lectura":"7 minutos"},"schema":{"@context":"https:\/\/schema.org","@graph":[{"@type":"WebPage","@id":"https:\/\/festivalesdeloscastillos.es\/2022\/programacion\/castillo-de-fraga\/","url":"https:\/\/festivalesdeloscastillos.es\/2022\/programacion\/castillo-de-fraga\/","name":"Fraga - Festivales de los Castillos","isPartOf":{"@id":"https:\/\/festivalesdeloscastillos.es\/2022\/#website"},"datePublished":"2022-06-13T11:11:58+00:00","dateModified":"2022-08-22T08:10:34+00:00","description":"Castillo de Fraga: Festivales de los Castillos, festival de m\u00fasica, arte, teatro y danza con una amplia tradici\u00f3n y artistas.","breadcrumb":{"@id":"https:\/\/festivalesdeloscastillos.es\/2022\/programacion\/castillo-de-fraga\/#breadcrumb"},"inLanguage":"es","potentialAction":[{"@type":"ReadAction","target":["https:\/\/festivalesdeloscastillos.es\/2022\/programacion\/castillo-de-fraga\/"]}]},{"@type":"BreadcrumbList","@id":"https:\/\/festivalesdeloscastillos.es\/2022\/programacion\/castillo-de-fraga\/#breadcrumb","itemListElement":[{"@type":"ListItem","position":1,"name":"Portada","item":"https:\/\/festivalesdeloscastillos.es\/2022\/"},{"@type":"ListItem","position":2,"name":"Programaci\u00f3n","item":"https:\/\/festivalesdeloscastillos.es\/2022\/programacion\/"},{"@type":"ListItem","position":3,"name":"Fraga"}]},{"@type":"WebSite","@id":"https:\/\/festivalesdeloscastillos.es\/2022\/#website","url":"https:\/\/festivalesdeloscastillos.es\/2022\/","name":"Festivales de los Castillos","description":"Festivales de los Castillos: artes esc\u00e9nicas y la m\u00fasica","potentialAction":[{"@type":"SearchAction","target":{"@type":"EntryPoint","urlTemplate":"https:\/\/festivalesdeloscastillos.es\/2022\/?s={search_term_string}"},"query-input":"required name=search_term_string"}],"inLanguage":"es"}]}},"_links":{"self":[{"href":"https:\/\/festivalesdeloscastillos.es\/2022\/wp-json\/wp\/v2\/pages\/725"}],"collection":[{"href":"https:\/\/festivalesdeloscastillos.es\/2022\/wp-json\/wp\/v2\/pages"}],"about":[{"href":"https:\/\/festivalesdeloscastillos.es\/2022\/wp-json\/wp\/v2\/types\/page"}],"author":[{"embeddable":true,"href":"https:\/\/festivalesdeloscastillos.es\/2022\/wp-json\/wp\/v2\/users\/1"}],"replies":[{"embeddable":true,"href":"https:\/\/festivalesdeloscastillos.es\/2022\/wp-json\/wp\/v2\/comments?post=725"}],"version-history":[{"count":18,"href":"https:\/\/festivalesdeloscastillos.es\/2022\/wp-json\/wp\/v2\/pages\/725\/revisions"}],"predecessor-version":[{"id":1253,"href":"https:\/\/festivalesdeloscastillos.es\/2022\/wp-json\/wp\/v2\/pages\/725\/revisions\/1253"}],"up":[{"embeddable":true,"href":"https:\/\/festivalesdeloscastillos.es\/2022\/wp-json\/wp\/v2\/pages\/233"}],"wp:attachment":[{"href":"https:\/\/festivalesdeloscastillos.es\/2022\/wp-json\/wp\/v2\/media?parent=725"}],"curies":[{"name":"wp","href":"https:\/\/api.w.org\/{rel}","templated":true}]}}