{"id":724,"date":"2022-06-13T11:11:46","date_gmt":"2022-06-13T11:11:46","guid":{"rendered":"https:\/\/festivalesdeloscastillos.es\/?page_id=724"},"modified":"2022-07-09T08:53:41","modified_gmt":"2022-07-09T08:53:41","slug":"castillo-de-alfajarin","status":"publish","type":"page","link":"https:\/\/festivalesdeloscastillos.es\/2022\/programacion\/castillo-de-alfajarin\/","title":{"rendered":"Alfajar\u00edn"},"content":{"rendered":"<p>[vc_row css_animation=\u00bb\u00bb row_type=\u00bbrow\u00bb use_row_as_full_screen_section=\u00bbno\u00bb type=\u00bbgrid\u00bb angled_section=\u00bbno\u00bb text_align=\u00bbleft\u00bb background_image_as_pattern=\u00bbwithout_pattern\u00bb z_index=\u00bb\u00bb css=\u00bb.vc_custom_1654935623368{padding-top: 30px !important;padding-right: 15% !important;padding-bottom: -25% !important;padding-left: 15% !important;background-image: url(https:\/\/festivalesdeloscastillos.es\/2022\/wp-content\/uploads\/2022\/06\/background-lines-mancha-degradado.png?id=619) !important;}\u00bb el_class=\u00bbno-bckg-img-ipad\u00bb][vc_column width=\u00bb1\/2&#8243;][vc_empty_space height=\u00bb100px\u00bb][vc_column_text]<\/p>\n<h3>15 y 16 de julio<\/h3>\n<p>[\/vc_column_text][vc_column_text]<\/p>\n<h1>Alfajar\u00edn<\/h1>\n<p>[\/vc_column_text][vc_empty_space height=\u00bb40px\u00bb][vc_column_text]<\/p>\n<p class=\"p1\"><span style=\"color: #333333;\"><strong>Entradas:<\/strong> Anticipada 10 \u20ac\u00a0 |\u00a0 Taquilla 12 \u20ac<br \/>\n<\/span><strong>Anticipadas:<\/strong> Oficinas del Ayuntamiento<br \/>\n<strong>Menores de 14 a\u00f1os:<\/strong> 50 % dto.<br \/>\n<span style=\"color: #333333;\"><strong>Taquilla Castillo:<\/strong> Desde 1 hora antes de cada funci\u00f3n<\/span><\/p>\n<p>[\/vc_column_text][vc_empty_space height=\u00bb40px\u00bb]\n\n\t<a href=\"#\" target=\"_self\" style=\"color: #10181d;font-family: Vidaloka;font-size: 24px;font-weight: 400;text-transform: none;font-style: normal\" class=\"qode-btn qode-btn-medium qode-btn-simple qode-btn-custom-hover-color button-with-line qode-btn-default-hover\" data-hover-color=\"rgba(16,24,29,0.75)\" >\n\t    <span class=\"qode-btn-text\">Informaci\u00f3n tur\u00edstica<\/span>\t<\/a>\n\n[vc_empty_space height=\u00bb10px\u00bb]<a  itemprop=\"url\" href=\"https:\/\/festivalesdeloscastillos.es\/2022\/wp-content\/uploads\/2022\/06\/ALFAJARI\u0301N.pdf\" target=\"_blank\" data-hover-background-color='#eae7da' data-hover-border-color='#eae7da' data-hover-color='#383838' class=\"qbutton  large center default\" style=\"color: #383838; border-color: #383838; margin: 10px 10px 10px 10px; background-color: rgba(0,0,0,0.01);\">VER INFORMACI\u00d3N<i class=\"qode_icon_font_awesome_5 fa5 fab fa-fort-awesome qode_button_icon_element\" style=\"color: #383838;\" ><\/i><\/a>[vc_empty_space height=\u00bb20px\u00bb]\n\n\t<a href=\"#\" target=\"_self\" style=\"color: #10181d;font-family: Vidaloka;font-size: 24px;font-weight: 400;text-transform: none;font-style: normal\" class=\"qode-btn qode-btn-medium qode-btn-simple qode-btn-custom-hover-color button-with-line qode-btn-default-hover\" data-hover-color=\"rgba(16,24,29,0.75)\" >\n\t    <span class=\"qode-btn-text\">Venta de entradas y abonos:<\/span>\t<\/a>\n\n[vc_empty_space height=\u00bb10px\u00bb]<a  itemprop=\"url\" href=\"https:\/\/aragontickets.com\/es\/search\/#festivalesdeloscastillos\" target=\"_blank\" data-hover-background-color='#eae7da' data-hover-border-color='#eae7da' data-hover-color='#383838' class=\"qbutton  large center default\" style=\"color: #383838; border-color: #383838; margin: 10px 10px 10px 10px; background-color: rgba(0,0,0,0.01);\">ARAGON TICKETS<i class=\"qode_icon_font_awesome_5 fa5 fa fa-ticket qode_button_icon_element\" style=\"color: #383838;\" ><\/i><\/a>[vc_empty_space height=\u00bb10px\u00bb]<a  itemprop=\"url\" href=\"https:\/\/entradas.ibercaja.es\/eventos\/\" target=\"_blank\" data-hover-background-color='#eae7da' data-hover-border-color='#eae7da' data-hover-color='#383838' class=\"qbutton  large center default\" style=\"color: #383838; border-color: #383838; margin: 10px 10px 10px 10px; background-color: rgba(0,0,0,0.01);\">ENTRADAS IBERCAJA<i class=\"qode_icon_font_awesome_5 fa5 fa fa-ticket qode_button_icon_element\" style=\"color: #383838;\" ><\/i><\/a>[\/vc_column][vc_column width=\u00bb1\/2&#8243;][vc_single_image image=\u00bb1130&#8243; img_size=\u00bbfull\u00bb qode_css_animation=\u00bb\u00bb css=\u00bb.vc_custom_1656591941589{padding-top: 60px !important;}\u00bb][\/vc_column][\/vc_row][vc_row css_animation=\u00bbelement_from_left\u00bb row_type=\u00bbrow\u00bb use_row_as_full_screen_section=\u00bbno\u00bb type=\u00bbfull_width\u00bb angled_section=\u00bbno\u00bb text_align=\u00bbleft\u00bb background_image_as_pattern=\u00bbwithout_pattern\u00bb css=\u00bb.vc_custom_1654935640850{padding-top: 4% !important;padding-right: 14% !important;padding-bottom: 2% !important;padding-left: 14% !important;background-image: url(https:\/\/festivalesdeloscastillos.es\/2022\/wp-content\/uploads\/2018\/01\/background-lines.png?id=104) !important;}\u00bb z_index=\u00bb\u00bb][vc_column width=\u00bb1\/2&#8243;]<div class='image_hover ' style='' data-transition-delay=''><div class='images_holder'><img itemprop='image' class='active_image ' src='https:\/\/festivalesdeloscastillos.es\/2022\/wp-content\/uploads\/2022\/06\/ARTISTAS-DESTACADOS-CUADRADO_0015_CRISTINA-SUEY.jpg' alt='' style='' \/><img itemprop='image' class='hover_image' src='https:\/\/festivalesdeloscastillos.es\/2022\/wp-content\/uploads\/2022\/06\/ARTISTAS-DESTACADOS-CUADRADO-ALFAJARIN_0001_CRISTINA-SUEY.jpg' alt='' style='' \/><\/div><\/div>[\/vc_column][vc_column width=\u00bb1\/2&#8243;][vc_column_text css=\u00bb.vc_custom_1657356774363{padding-bottom: 10px !important;}\u00bb]<em>Viernes 15 de julio | 21:00 h. Castillo de Alfajar\u00edn <\/em>[\/vc_column_text][vc_column_text]<\/p>\n<h3 style=\"text-align: left;\">CRISTINA SUEY: Cello on the Dance\ufb02oor<\/h3>\n<p>[\/vc_column_text][vc_empty_space height=\u00bb20px\u00bb][vc_row_inner row_type=\u00bbrow\u00bb use_as_box=\u00bbuse_row_as_box\u00bb type=\u00bbfull_width\u00bb text_align=\u00bbleft\u00bb css_animation=\u00bb\u00bb][vc_column_inner width=\u00bb1\/2&#8243;]<div class=\"custom_font_holder\" style=\"font-family: Roboto; font-size: 15px; line-height: 24px; font-style: normal; font-weight: 300; color: #3f3f3f; text-decoration: none; text-align: left;\"><strong>Modalidad:<\/strong> M\u00fasica<br \/>\n<strong>Duraci\u00f3n:<\/strong> 65 min.<\/div>[\/vc_column_inner][vc_column_inner width=\u00bb1\/2&#8243;]<div class=\"custom_font_holder\" style=\"font-family: Roboto; font-size: 15px; line-height: 24px; font-style: normal; font-weight: 300; color: #3f3f3f; text-decoration: none; text-align: left;\"><strong>Autor:<\/strong> Cristina Suey<br \/>\n<strong>Tipo de p\u00fablico:<\/strong> Todos p\u00fablicos<\/div>[\/vc_column_inner][\/vc_row_inner][vc_empty_space height=\u00bb20px\u00bb][vc_column_text]<\/p>\n<p class=\"p1\"><span class=\"s1\">Nacida en Valencia. Estudia violonchelo en el Conservatorio superior de M\u00fasica de Arag\u00f3n y comienza su carrera profesional en el Joven orquesta de la Generalitat Valenciana. <\/span><\/p>\n<p class=\"p1\"><span class=\"s1\">Fue integrante del Cuarteto artis Iter con el que gan\u00f3 numerosos concursos. Desde 2016 forma parte de la banda de Ara Malikian con el que ha recorrido el mundo y ha colaborado con diferentes artistas de la talla de Alejandro Sanz, M\u00f3nica Naranjo o Beatriz Luengo.\u00a0<\/span><\/p>\n<p class=\"p1\"><span class=\"s1\">Cristina Suey presenta su proyecto en solitario en el que une violonchelo y electr\u00f3nica \u201cTrauma\u201d, una pieza instrumental de pura energ\u00eda que bebe de artistas como \u201cSystem Of A Down\u201d o \u201cApocalyptica\u201d, como <\/span><\/p>\n<p class=\"p1\"><em><span class=\"s1\">M\u00fasica: Cristina Suey <\/span><\/em><\/p>\n<p>[\/vc_column_text][\/vc_column][\/vc_row][vc_row css_animation=\u00bbelement_from_right\u00bb row_type=\u00bbrow\u00bb use_row_as_full_screen_section=\u00bbno\u00bb type=\u00bbfull_width\u00bb angled_section=\u00bbno\u00bb text_align=\u00bbleft\u00bb background_image_as_pattern=\u00bbwithout_pattern\u00bb css=\u00bb.vc_custom_1654876055861{padding-top: 2% !important;padding-right: 14% !important;padding-bottom: 2% !important;padding-left: 14% !important;background-image: url(https:\/\/festivalesdeloscastillos.es\/2022\/wp-content\/uploads\/2018\/01\/background-lines.png?id=104) !important;}\u00bb z_index=\u00bb\u00bb][vc_column width=\u00bb1\/2&#8243;][vc_column_text css=\u00bb.vc_custom_1657356796153{padding-bottom: 10px !important;}\u00bb]<\/p>\n<p style=\"text-align: right;\"><em>S\u00e1bado 16 de julio | 21:00 h. Castillo de Alfajar\u00edn <\/em><\/p>\n<p>[\/vc_column_text][vc_column_text]<\/p>\n<h3 style=\"text-align: right;\">FET\u00c9N FET\u00c9N: El m\u00e1gico planeta de los instrumentos ins\u00f3litos<\/h3>\n<p>[\/vc_column_text][vc_empty_space height=\u00bb20px\u00bb][vc_row_inner row_type=\u00bbrow\u00bb use_as_box=\u00bbuse_row_as_box\u00bb type=\u00bbfull_width\u00bb text_align=\u00bbleft\u00bb css_animation=\u00bb\u00bb][vc_column_inner width=\u00bb1\/2&#8243;]<div class=\"custom_font_holder\" style=\"font-family: Roboto; font-size: 15px; line-height: 24px; font-style: normal; font-weight: 300; color: #3f3f3f; text-decoration: none; text-align: left;\">\n<p style=\"text-align: right;\"><strong>Modalidad:<\/strong> M\u00fasicas del mundo<br \/>\n<strong>Duraci\u00f3n:<\/strong> 75 min.<\/p>\n<\/div>[\/vc_column_inner][vc_column_inner width=\u00bb1\/2&#8243;]<div class=\"custom_font_holder\" style=\"font-family: Roboto; font-size: 15px; line-height: 24px; font-style: normal; font-weight: 300; color: #3f3f3f; text-decoration: none; text-align: left;\">\n<p style=\"text-align: right;\"><strong>Autores:<\/strong> Jorge Arribas, Diego Galaz<br \/>\n<strong>Tipo de p\u00fablico:<\/strong> Todos p\u00fablicos<\/p>\n<\/div>[\/vc_column_inner][\/vc_row_inner][vc_empty_space height=\u00bb20px\u00bb][vc_column_text]<\/p>\n<p class=\"p1\" style=\"text-align: right;\"><span class=\"s1\">Fet\u00e9n Fet\u00e9n, compuesto por Jorge Arribas y Diego Galaz, se ponen en ruta para presentar un espect\u00e1culo que nos har\u00e1 bailar y disfrutar, ofreciendo una lectura contempor\u00e1nea de la m\u00fasica tradicional, con la utilizaci\u00f3n de instrumentos convencionales y otros ins\u00f3litos como el serrucho, el viol\u00edn trompeta o la \ufb02auta silla de camping.<span class=\"Apple-converted-space\">\u00a0 <\/span>Un repertorio que divierte y emociona a ni\u00f1os y mayores. Han editado 4 discos: Fet\u00e9n Fet\u00e9n (2011), Bailables (2014) Cantables (2016, Sony Records) con la colaboraci\u00f3n de Julieta Venegas, Pedro Guerra, Jorge Drexler, Fito Cabrales, Vicentico, Natalia Lafourcade, Rozal\u00e9n, Kevin Johansen. En 2018 presentaron Melod\u00edas de ultramar, que cuenta con la colaboraci\u00f3n de Javier Ruibal y Carmen Par\u00eds. Han participado en la gira 20 aniversario de Fito &amp; Fitipaldis que \ufb01naliz\u00f3 en el Royal Albert Hall, siendo teloneros en el Palau Sant Jordi de Barcelona. <\/span><\/p>\n<p class=\"p1\" style=\"text-align: right;\"><em><span class=\"s1\">Direcci\u00f3n: Jorge Arribas, Diego Galaz<br \/>\n<\/span><span class=\"s1\">M\u00fasicos: Jorge Arribas, Diego Galaz <\/span><\/em><\/p>\n<p>[\/vc_column_text][\/vc_column][vc_column width=\u00bb1\/2&#8243;]<div class='image_hover ' style='' data-transition-delay=''><div class='images_holder'><img itemprop='image' class='active_image ' src='https:\/\/festivalesdeloscastillos.es\/2022\/wp-content\/uploads\/2022\/06\/ARTISTAS-DESTACADOS-CUADRADO_0014_FETEN-FETEN.jpg' alt='' style='' \/><img itemprop='image' class='hover_image' src='https:\/\/festivalesdeloscastillos.es\/2022\/wp-content\/uploads\/2022\/06\/ARTISTAS-DESTACADOS-CUADRADO-ALFAJARIN_0000_FETEN-FETEN.jpg' alt='' style='' \/><\/div><\/div>[\/vc_column][\/vc_row][vc_row css_animation=\u00bb\u00bb row_type=\u00bbrow\u00bb use_row_as_full_screen_section=\u00bbno\u00bb type=\u00bbfull_width\u00bb angled_section=\u00bbno\u00bb text_align=\u00bbleft\u00bb background_image_as_pattern=\u00bbwithout_pattern\u00bb css=\u00bb.vc_custom_1654939189125{padding-top: 100px !important;padding-right: 8% !important;padding-left: 8% !important;background-image: url(https:\/\/festivalesdeloscastillos.es\/2022\/wp-content\/uploads\/2018\/01\/background-lines.png?id=104) !important;}\u00bb z_index=\u00bb\u00bb el_class=\u00bbno-bckg-img-ipad\u00bb][vc_column][vc_column_text css=\u00bb.vc_custom_1654939040389{padding-bottom: 18px !important;}\u00bb]<\/p>\n<h3 style=\"text-align: center;\">\u00bfConoces el resto de Castillos?<\/h3>\n<p>[\/vc_column_text]<div class='qode_carousels_holder clearfix'><div class='qode_carousels' data-number-of-visible-items=''><ul class='slides'><li class='item'><div class=\"carousel_item_holder\"><a itemprop='url' href='https:\/\/festivalesdeloscastillos.es\/2022\/programacion\/castillo-de-grisel\/' target='_self'><span class='first_image_holder has_hover_image'><img itemprop=\"image\" src=\"https:\/\/festivalesdeloscastillos.es\/2022\/wp-content\/uploads\/2022\/06\/01-CASTILLO-DE-GRISEL.png\" alt=\"carousel image\" \/><\/span><span class='second_image_holder has_hover_image'><img itemprop=\"image\" src=\"https:\/\/festivalesdeloscastillos.es\/2022\/wp-content\/uploads\/2022\/06\/01-CASTILLO-DE-GRISEL.png\" alt=\"carousel image\" \/><\/span><\/a><\/div><\/li><li class='item'><div class=\"carousel_item_holder\"><a itemprop='url' href='https:\/\/festivalesdeloscastillos.es\/2022\/programacion\/castillo-de-illueca\/' target='_self'><span class='first_image_holder has_hover_image'><img itemprop=\"image\" src=\"https:\/\/festivalesdeloscastillos.es\/2022\/wp-content\/uploads\/2022\/06\/02-CASTILLO-DE-ILLUECA.png\" alt=\"carousel image\" \/><\/span><span class='second_image_holder has_hover_image'><img itemprop=\"image\" src=\"https:\/\/festivalesdeloscastillos.es\/2022\/wp-content\/uploads\/2022\/06\/02-CASTILLO-DE-ILLUECA.png\" alt=\"carousel image\" \/><\/span><\/a><\/div><\/li><li class='item'><div class=\"carousel_item_holder\"><a itemprop='url' href='https:\/\/festivalesdeloscastillos.es\/2022\/programacion\/castillo-de-alfajarin\/' target='_self'><span class='first_image_holder has_hover_image'><img itemprop=\"image\" src=\"https:\/\/festivalesdeloscastillos.es\/2022\/wp-content\/uploads\/2022\/06\/03-CASTILLO-DE-ALFAJARIN.png\" alt=\"carousel image\" \/><\/span><span class='second_image_holder has_hover_image'><img itemprop=\"image\" src=\"https:\/\/festivalesdeloscastillos.es\/2022\/wp-content\/uploads\/2022\/06\/03-CASTILLO-DE-ALFAJARIN.png\" alt=\"carousel image\" \/><\/span><\/a><\/div><\/li><li class='item'><div class=\"carousel_item_holder\"><a itemprop='url' href='https:\/\/festivalesdeloscastillos.es\/2022\/programacion\/castillo-de-mesones-isuela\/' target='_self'><span class='first_image_holder has_hover_image'><img itemprop=\"image\" src=\"https:\/\/festivalesdeloscastillos.es\/2022\/wp-content\/uploads\/2022\/06\/04-CASTILLO-DE-MESONES.png\" alt=\"carousel image\" \/><\/span><span class='second_image_holder has_hover_image'><img itemprop=\"image\" src=\"https:\/\/festivalesdeloscastillos.es\/2022\/wp-content\/uploads\/2022\/06\/04-CASTILLO-DE-MESONES.png\" alt=\"carousel image\" \/><\/span><\/a><\/div><\/li><li class='item'><div class=\"carousel_item_holder\"><a itemprop='url' href='https:\/\/festivalesdeloscastillos.es\/2022\/programacion\/castillo-de-jarque\/' target='_self'><span class='first_image_holder has_hover_image'><img itemprop=\"image\" src=\"https:\/\/festivalesdeloscastillos.es\/2022\/wp-content\/uploads\/2022\/06\/05-CASTILLO-DE-JARQUE.png\" alt=\"carousel image\" \/><\/span><span class='second_image_holder has_hover_image'><img itemprop=\"image\" src=\"https:\/\/festivalesdeloscastillos.es\/2022\/wp-content\/uploads\/2022\/06\/05-CASTILLO-DE-JARQUE.png\" alt=\"carousel image\" \/><\/span><\/a><\/div><\/li><li class='item'><div class=\"carousel_item_holder\"><a itemprop='url' href='https:\/\/festivalesdeloscastillos.es\/2022\/programacion\/castillo-de-valderrobres\/' target='_self'><span class='first_image_holder has_hover_image'><img itemprop=\"image\" src=\"https:\/\/festivalesdeloscastillos.es\/2022\/wp-content\/uploads\/2022\/06\/06-CASTILLO-DE-VALDERROBRES.png\" alt=\"carousel image\" \/><\/span><span class='second_image_holder has_hover_image'><img itemprop=\"image\" src=\"https:\/\/festivalesdeloscastillos.es\/2022\/wp-content\/uploads\/2022\/06\/06-CASTILLO-DE-VALDERROBRES.png\" alt=\"carousel image\" \/><\/span><\/a><\/div><\/li><li class='item'><div class=\"carousel_item_holder\"><a itemprop='url' href='https:\/\/festivalesdeloscastillos.es\/2022\/programacion\/castillo-de-san-agustin\/' target='_self'><span class='first_image_holder has_hover_image'><img itemprop=\"image\" src=\"https:\/\/festivalesdeloscastillos.es\/2022\/wp-content\/uploads\/2022\/06\/07-CASTILLO-DE-SAN-AGUSTIN.png\" alt=\"carousel image\" \/><\/span><span class='second_image_holder has_hover_image'><img itemprop=\"image\" src=\"https:\/\/festivalesdeloscastillos.es\/2022\/wp-content\/uploads\/2022\/06\/07-CASTILLO-DE-SAN-AGUSTIN.png\" alt=\"carousel image\" \/><\/span><\/a><\/div><\/li><li class='item'><div class=\"carousel_item_holder\"><a itemprop='url' href='https:\/\/festivalesdeloscastillos.es\/2022\/programacion\/castillo-de-sadaba\/' target='_self'><span class='first_image_holder has_hover_image'><img itemprop=\"image\" src=\"https:\/\/festivalesdeloscastillos.es\/2022\/wp-content\/uploads\/2022\/07\/08-CASTILLO-DE-SADABA.png\" alt=\"carousel image\" \/><\/span><span class='second_image_holder has_hover_image'><img itemprop=\"image\" src=\"https:\/\/festivalesdeloscastillos.es\/2022\/wp-content\/uploads\/2022\/07\/08-CASTILLO-DE-SADABA.png\" alt=\"carousel image\" \/><\/span><\/a><\/div><\/li><li class='item'><div class=\"carousel_item_holder\"><a itemprop='url' href='https:\/\/festivalesdeloscastillos.es\/2022\/programacion\/puerta-al-mediterraneo\/' target='_self'><span class='first_image_holder has_hover_image'><img itemprop=\"image\" src=\"https:\/\/festivalesdeloscastillos.es\/2022\/wp-content\/uploads\/2022\/06\/09-PUERTA-AL-MEDITERRANEO.png\" alt=\"carousel image\" \/><\/span><span class='second_image_holder has_hover_image'><img itemprop=\"image\" src=\"https:\/\/festivalesdeloscastillos.es\/2022\/wp-content\/uploads\/2022\/06\/09-PUERTA-AL-MEDITERRANEO.png\" alt=\"carousel image\" \/><\/span><\/a><\/div><\/li><li class='item'><div class=\"carousel_item_holder\"><a itemprop='url' href='https:\/\/festivalesdeloscastillos.es\/2022\/programacion\/castillo-albalate-del-arzobispo\/' target='_self'><span class='first_image_holder has_hover_image'><img itemprop=\"image\" src=\"https:\/\/festivalesdeloscastillos.es\/2022\/wp-content\/uploads\/2022\/06\/10-CASTILLO-DE-ALBALATE.png\" alt=\"carousel image\" \/><\/span><span class='second_image_holder has_hover_image'><img itemprop=\"image\" src=\"https:\/\/festivalesdeloscastillos.es\/2022\/wp-content\/uploads\/2022\/06\/10-CASTILLO-DE-ALBALATE.png\" alt=\"carousel image\" \/><\/span><\/a><\/div><\/li><li class='item'><div class=\"carousel_item_holder\"><a itemprop='url' href='https:\/\/festivalesdeloscastillos.es\/2022\/programacion\/castillo-de-monzon\/' target='_self'><span class='first_image_holder has_hover_image'><img itemprop=\"image\" src=\"https:\/\/festivalesdeloscastillos.es\/2022\/wp-content\/uploads\/2022\/07\/11-CASTILLO-DE-MONZON-1.png\" alt=\"carousel image\" \/><\/span><span class='second_image_holder has_hover_image'><img itemprop=\"image\" src=\"https:\/\/festivalesdeloscastillos.es\/2022\/wp-content\/uploads\/2022\/07\/11-CASTILLO-DE-MONZON-1.png\" alt=\"carousel image\" \/><\/span><\/a><\/div><\/li><li class='item'><div class=\"carousel_item_holder\"><a itemprop='url' href='https:\/\/festivalesdeloscastillos.es\/2022\/programacion\/castillo-de-fraga\/' target='_self'><span class='first_image_holder has_hover_image'><img itemprop=\"image\" src=\"https:\/\/festivalesdeloscastillos.es\/2022\/wp-content\/uploads\/2022\/06\/12-CASTILLO-DE-FRAGA.png\" alt=\"carousel image\" \/><\/span><span class='second_image_holder has_hover_image'><img itemprop=\"image\" src=\"https:\/\/festivalesdeloscastillos.es\/2022\/wp-content\/uploads\/2022\/06\/12-CASTILLO-DE-FRAGA.png\" alt=\"carousel image\" \/><\/span><\/a><\/div><\/li><\/ul><\/div><\/div>[\/vc_column][\/vc_row][vc_row css_animation=\u00bb\u00bb row_type=\u00bbrow\u00bb use_row_as_full_screen_section=\u00bbno\u00bb type=\u00bbgrid\u00bb angled_section=\u00bbno\u00bb text_align=\u00bbleft\u00bb background_image_as_pattern=\u00bbwithout_pattern\u00bb z_index=\u00bb\u00bb css=\u00bb.vc_custom_1654939748570{margin-top: -10% !important;padding-top: 120px !important;padding-bottom: 80px !important;background-color: #ededed !important;background-position: 0 0 !important;background-repeat: repeat !important;}\u00bb][vc_column width=\u00bb3\/5&#8243;][vc_empty_space height=\u00bb60px\u00bb][\/vc_column][vc_column width=\u00bb2\/5&#8243;][vc_empty_space height=\u00bb60px\u00bb][\/vc_column][\/vc_row]<\/p>\n","protected":false},"excerpt":{"rendered":"<p>[vc_row css_animation=\u00bb\u00bb row_type=\u00bbrow\u00bb use_row_as_full_screen_section=\u00bbno\u00bb type=\u00bbgrid\u00bb angled_section=\u00bbno\u00bb text_align=\u00bbleft\u00bb background_image_as_pattern=\u00bbwithout_pattern\u00bb z_index=\u00bb\u00bb css=\u00bb.vc_custom_1654935623368{padding-top: 30px !important;padding-right: 15% !important;padding-bottom: -25% !important;padding-left: 15% !important;background-image: url(https:\/\/festivalesdeloscastillos.es\/2022\/wp-content\/uploads\/2022\/06\/background-lines-mancha-degradado.png?id=619) !important;}\u00bb el_class=\u00bbno-bckg-img-ipad\u00bb][vc_column width=\u00bb1\/2&#8243;][vc_empty_space height=\u00bb100px\u00bb][vc_column_text] 15 y 16 de julio [\/vc_column_text][vc_column_text] Alfajar\u00edn [\/vc_column_text][vc_empty_space height=\u00bb40px\u00bb][vc_column_text] Entradas: Anticipada 10 \u20ac\u00a0 |\u00a0 Taquilla 12 \u20ac Anticipadas: Oficinas del Ayuntamiento Menores&#8230;<\/p>\n","protected":false},"author":1,"featured_media":0,"parent":233,"menu_order":3,"comment_status":"closed","ping_status":"closed","template":"full_width.php","meta":[],"yoast_head":"<!-- This site is optimized with the Yoast SEO plugin v19.6 - https:\/\/yoast.com\/wordpress\/plugins\/seo\/ -->\n<title>Alfajar\u00edn - Festivales de los Castillos<\/title>\n<meta name=\"description\" content=\"Castillo de Alfajarin: Festivales de los Castillos, festival de m\u00fasica, arte, teatro y danza con una amplia tradici\u00f3n y artistas.\" \/>\n<meta name=\"robots\" content=\"index, follow, max-snippet:-1, max-image-preview:large, max-video-preview:-1\" \/>\n<link rel=\"canonical\" href=\"https:\/\/festivalesdeloscastillos.es\/2022\/programacion\/castillo-de-alfajarin\/\" \/>\n<meta property=\"og:locale\" content=\"es_ES\" \/>\n<meta property=\"og:type\" content=\"article\" \/>\n<meta property=\"og:title\" content=\"Alfajar\u00edn - Festivales de los Castillos\" \/>\n<meta property=\"og:description\" content=\"Castillo de Alfajarin: Festivales de los Castillos, festival de m\u00fasica, arte, teatro y danza con una amplia tradici\u00f3n y artistas.\" \/>\n<meta property=\"og:url\" content=\"https:\/\/festivalesdeloscastillos.es\/2022\/programacion\/castillo-de-alfajarin\/\" \/>\n<meta property=\"og:site_name\" content=\"Festivales de los Castillos\" \/>\n<meta property=\"article:modified_time\" content=\"2022-07-09T08:53:41+00:00\" \/>\n<meta name=\"twitter:card\" content=\"summary_large_image\" \/>\n<meta name=\"twitter:label1\" content=\"Tiempo de lectura\" \/>\n\t<meta name=\"twitter:data1\" content=\"4 minutos\" \/>\n<script type=\"application\/ld+json\" class=\"yoast-schema-graph\">{\"@context\":\"https:\/\/schema.org\",\"@graph\":[{\"@type\":\"WebPage\",\"@id\":\"https:\/\/festivalesdeloscastillos.es\/2022\/programacion\/castillo-de-alfajarin\/\",\"url\":\"https:\/\/festivalesdeloscastillos.es\/2022\/programacion\/castillo-de-alfajarin\/\",\"name\":\"Alfajar\u00edn - Festivales de los Castillos\",\"isPartOf\":{\"@id\":\"https:\/\/festivalesdeloscastillos.es\/2022\/#website\"},\"datePublished\":\"2022-06-13T11:11:46+00:00\",\"dateModified\":\"2022-07-09T08:53:41+00:00\",\"description\":\"Castillo de Alfajarin: Festivales de los Castillos, festival de m\u00fasica, arte, teatro y danza con una amplia tradici\u00f3n y artistas.\",\"breadcrumb\":{\"@id\":\"https:\/\/festivalesdeloscastillos.es\/2022\/programacion\/castillo-de-alfajarin\/#breadcrumb\"},\"inLanguage\":\"es\",\"potentialAction\":[{\"@type\":\"ReadAction\",\"target\":[\"https:\/\/festivalesdeloscastillos.es\/2022\/programacion\/castillo-de-alfajarin\/\"]}]},{\"@type\":\"BreadcrumbList\",\"@id\":\"https:\/\/festivalesdeloscastillos.es\/2022\/programacion\/castillo-de-alfajarin\/#breadcrumb\",\"itemListElement\":[{\"@type\":\"ListItem\",\"position\":1,\"name\":\"Portada\",\"item\":\"https:\/\/festivalesdeloscastillos.es\/2022\/\"},{\"@type\":\"ListItem\",\"position\":2,\"name\":\"Programaci\u00f3n\",\"item\":\"https:\/\/festivalesdeloscastillos.es\/2022\/programacion\/\"},{\"@type\":\"ListItem\",\"position\":3,\"name\":\"Alfajar\u00edn\"}]},{\"@type\":\"WebSite\",\"@id\":\"https:\/\/festivalesdeloscastillos.es\/2022\/#website\",\"url\":\"https:\/\/festivalesdeloscastillos.es\/2022\/\",\"name\":\"Festivales de los Castillos\",\"description\":\"Festivales de los Castillos: artes esc\u00e9nicas y la m\u00fasica\",\"potentialAction\":[{\"@type\":\"SearchAction\",\"target\":{\"@type\":\"EntryPoint\",\"urlTemplate\":\"https:\/\/festivalesdeloscastillos.es\/2022\/?s={search_term_string}\"},\"query-input\":\"required name=search_term_string\"}],\"inLanguage\":\"es\"}]}<\/script>\n<!-- \/ Yoast SEO plugin. -->","yoast_head_json":{"title":"Alfajar\u00edn - Festivales de los Castillos","description":"Castillo de Alfajarin: Festivales de los Castillos, festival de m\u00fasica, arte, teatro y danza con una amplia tradici\u00f3n y artistas.","robots":{"index":"index","follow":"follow","max-snippet":"max-snippet:-1","max-image-preview":"max-image-preview:large","max-video-preview":"max-video-preview:-1"},"canonical":"https:\/\/festivalesdeloscastillos.es\/2022\/programacion\/castillo-de-alfajarin\/","og_locale":"es_ES","og_type":"article","og_title":"Alfajar\u00edn - Festivales de los Castillos","og_description":"Castillo de Alfajarin: Festivales de los Castillos, festival de m\u00fasica, arte, teatro y danza con una amplia tradici\u00f3n y artistas.","og_url":"https:\/\/festivalesdeloscastillos.es\/2022\/programacion\/castillo-de-alfajarin\/","og_site_name":"Festivales de los Castillos","article_modified_time":"2022-07-09T08:53:41+00:00","twitter_card":"summary_large_image","twitter_misc":{"Tiempo de lectura":"4 minutos"},"schema":{"@context":"https:\/\/schema.org","@graph":[{"@type":"WebPage","@id":"https:\/\/festivalesdeloscastillos.es\/2022\/programacion\/castillo-de-alfajarin\/","url":"https:\/\/festivalesdeloscastillos.es\/2022\/programacion\/castillo-de-alfajarin\/","name":"Alfajar\u00edn - Festivales de los Castillos","isPartOf":{"@id":"https:\/\/festivalesdeloscastillos.es\/2022\/#website"},"datePublished":"2022-06-13T11:11:46+00:00","dateModified":"2022-07-09T08:53:41+00:00","description":"Castillo de Alfajarin: Festivales de los Castillos, festival de m\u00fasica, arte, teatro y danza con una amplia tradici\u00f3n y artistas.","breadcrumb":{"@id":"https:\/\/festivalesdeloscastillos.es\/2022\/programacion\/castillo-de-alfajarin\/#breadcrumb"},"inLanguage":"es","potentialAction":[{"@type":"ReadAction","target":["https:\/\/festivalesdeloscastillos.es\/2022\/programacion\/castillo-de-alfajarin\/"]}]},{"@type":"BreadcrumbList","@id":"https:\/\/festivalesdeloscastillos.es\/2022\/programacion\/castillo-de-alfajarin\/#breadcrumb","itemListElement":[{"@type":"ListItem","position":1,"name":"Portada","item":"https:\/\/festivalesdeloscastillos.es\/2022\/"},{"@type":"ListItem","position":2,"name":"Programaci\u00f3n","item":"https:\/\/festivalesdeloscastillos.es\/2022\/programacion\/"},{"@type":"ListItem","position":3,"name":"Alfajar\u00edn"}]},{"@type":"WebSite","@id":"https:\/\/festivalesdeloscastillos.es\/2022\/#website","url":"https:\/\/festivalesdeloscastillos.es\/2022\/","name":"Festivales de los Castillos","description":"Festivales de los Castillos: artes esc\u00e9nicas y la m\u00fasica","potentialAction":[{"@type":"SearchAction","target":{"@type":"EntryPoint","urlTemplate":"https:\/\/festivalesdeloscastillos.es\/2022\/?s={search_term_string}"},"query-input":"required name=search_term_string"}],"inLanguage":"es"}]}},"_links":{"self":[{"href":"https:\/\/festivalesdeloscastillos.es\/2022\/wp-json\/wp\/v2\/pages\/724"}],"collection":[{"href":"https:\/\/festivalesdeloscastillos.es\/2022\/wp-json\/wp\/v2\/pages"}],"about":[{"href":"https:\/\/festivalesdeloscastillos.es\/2022\/wp-json\/wp\/v2\/types\/page"}],"author":[{"embeddable":true,"href":"https:\/\/festivalesdeloscastillos.es\/2022\/wp-json\/wp\/v2\/users\/1"}],"replies":[{"embeddable":true,"href":"https:\/\/festivalesdeloscastillos.es\/2022\/wp-json\/wp\/v2\/comments?post=724"}],"version-history":[{"count":13,"href":"https:\/\/festivalesdeloscastillos.es\/2022\/wp-json\/wp\/v2\/pages\/724\/revisions"}],"predecessor-version":[{"id":1222,"href":"https:\/\/festivalesdeloscastillos.es\/2022\/wp-json\/wp\/v2\/pages\/724\/revisions\/1222"}],"up":[{"embeddable":true,"href":"https:\/\/festivalesdeloscastillos.es\/2022\/wp-json\/wp\/v2\/pages\/233"}],"wp:attachment":[{"href":"https:\/\/festivalesdeloscastillos.es\/2022\/wp-json\/wp\/v2\/media?parent=724"}],"curies":[{"name":"wp","href":"https:\/\/api.w.org\/{rel}","templated":true}]}}